{"id":817,"date":"2022-06-10T08:30:20","date_gmt":"2022-06-10T06:30:20","guid":{"rendered":"https:\/\/www.martinsbrunn.it\/?post_type=portfolio&#038;p=817"},"modified":"2025-01-17T08:52:35","modified_gmt":"2025-01-17T07:52:35","slug":"chi-siamo","status":"publish","type":"portfolio","link":"https:\/\/www.martinsbrunn.it\/it\/fondazione-s-elisabetta\/chi-siamo\/","title":{"rendered":"Chi siamo"},"content":{"rendered":"<div id='full_slider_1'  class='avia-fullwidth-slider main_color avia-shadow   avia-builder-el-0  el_before_av_hr  avia-builder-el-first   container_wrap fullsize'  ><div  class='avia-slideshow av-kya7s39r-42a00e73789d64384a8a6b9105868de4 avia-slideshow-featured_large av_slideshow_full avia-fade-slider av-slideshow-ui av-control-default av-slideshow-autoplay av-loop-endless av-loop-manual-endless av-default-height-applied   avia-slideshow-1' data-slideshow-options=\"{&quot;animation&quot;:&quot;fade&quot;,&quot;autoplay&quot;:true,&quot;loop_autoplay&quot;:&quot;endless&quot;,&quot;interval&quot;:6,&quot;loop_manual&quot;:&quot;manual-endless&quot;,&quot;autoplay_stopper&quot;:false,&quot;noNavigation&quot;:false,&quot;bg_slider&quot;:false,&quot;transitionSpeed&quot;:2000,&quot;keep_padding&quot;:false,&quot;hoverpause&quot;:false,&quot;show_slide_delay&quot;:0}\"  itemprop=\"image\" itemscope=\"itemscope\" itemtype=\"https:\/\/schema.org\/ImageObject\" ><ul class='avia-slideshow-inner ' style='padding-bottom: 42%;'><li  class='avia-slideshow-slide av-kya7s39r-42a00e73789d64384a8a6b9105868de4__0  av-single-slide slide-1 slide-odd'><a href=\"#ueber-uns\"  data-rel='slideshow-1' class='avia-slide-wrap '   ><img decoding=\"async\" fetchpriority=\"high\" class=\"wp-image-445 avia-img-lazy-loading-not-445\"  src=\"https:\/\/www.martinsbrunn.it\/wp-content\/uploads\/2021\/11\/martinsbrunn_slider-ueber-uns.jpg\" width=\"1500\" height=\"630\" title='martinsbrunn_slider-ueber-uns' alt=''  itemprop=\"thumbnailUrl\"  style='min-height:300px; min-width:715px; ' srcset=\"https:\/\/www.martinsbrunn.it\/wp-content\/uploads\/2021\/11\/martinsbrunn_slider-ueber-uns.jpg 1500w, https:\/\/www.martinsbrunn.it\/wp-content\/uploads\/2021\/11\/martinsbrunn_slider-ueber-uns-300x126.jpg 300w, https:\/\/www.martinsbrunn.it\/wp-content\/uploads\/2021\/11\/martinsbrunn_slider-ueber-uns-1030x433.jpg 1030w, https:\/\/www.martinsbrunn.it\/wp-content\/uploads\/2021\/11\/martinsbrunn_slider-ueber-uns-768x323.jpg 768w, https:\/\/www.martinsbrunn.it\/wp-content\/uploads\/2021\/11\/martinsbrunn_slider-ueber-uns-705x296.jpg 705w\" sizes=\"(max-width: 1500px) 100vw, 1500px\" \/><\/a><\/li><\/ul><\/div><\/div><div id='after_full_slider_1'  class='main_color av_default_container_wrap container_wrap fullsize'  ><div class='container av-section-cont-open' ><div class='template-page content  av-content-full alpha units'><div class='post-entry post-entry-type-page post-entry-817'><div class='entry-content-wrapper clearfix'>\n\n<style type=\"text\/css\" data-created_by=\"avia_inline_auto\" id=\"style-css-av-9lemi-bab5a240e79e1c3daa208b9af9257e90\">\n#top .hr.hr-invisible.av-9lemi-bab5a240e79e1c3daa208b9af9257e90{\nmargin-top:0px;\nheight:1px;\n}\n<\/style>\n<div  id=\"ueber-uns\"  class='hr av-9lemi-bab5a240e79e1c3daa208b9af9257e90 hr-invisible  avia-builder-el-1  el_after_av_slideshow_full  el_before_av_heading  avia-builder-el-first '><span class='hr-inner '><span class=\"hr-inner-style\"><\/span><\/span><\/div>\n\n<style type=\"text\/css\" data-created_by=\"avia_inline_auto\" id=\"style-css-av-kya6og1w-e9218cc194fa3646c84392aa02141f7a\">\n#top .av-special-heading.av-kya6og1w-e9218cc194fa3646c84392aa02141f7a{\npadding-bottom:20px;\n}\nbody .av-special-heading.av-kya6og1w-e9218cc194fa3646c84392aa02141f7a .av-special-heading-tag .heading-char{\nfont-size:25px;\n}\n.av-special-heading.av-kya6og1w-e9218cc194fa3646c84392aa02141f7a .av-subheading{\nfont-size:24px;\n}\n<\/style>\n<div  class='av-special-heading av-kya6og1w-e9218cc194fa3646c84392aa02141f7a av-special-heading-h1 blockquote modern-quote modern-centered  avia-builder-el-2  el_after_av_hr  el_before_av_textblock '><h1 class='av-special-heading-tag '  itemprop=\"headline\"  >Chi siamo<\/h1><div class='av-subheading av-subheading_below'><p>Lo staff di Martinsbrunn si presenta<\/p>\n<\/div><div class=\"special-heading-border\"><div class=\"special-heading-inner-border\"><\/div><\/div><\/div>\n\n<style type=\"text\/css\" data-created_by=\"avia_inline_auto\" id=\"style-css-av-kya6oz6p-f08e6507bf555117f25bf2483295d17e\">\n#top .av_textblock_section.av-kya6oz6p-f08e6507bf555117f25bf2483295d17e .avia_textblock{\nfont-size:20px;\n}\n<\/style>\n<section  class='av_textblock_section av-kya6oz6p-f08e6507bf555117f25bf2483295d17e '   itemscope=\"itemscope\" itemtype=\"https:\/\/schema.org\/CreativeWork\" ><div class='avia_textblock'  itemprop=\"text\" ><p>Martinsbrunn \u00e8 una struttura con una lunga tradizione e storia. Oggi, la Residenza per Anziani, il Reparto per le Cure palliative e la ParkClinic sono gestiti dalla Fondazione S. Elisabetta.<\/p>\n<blockquote>\n<p>Prestiamo assistenza a persone che hanno bisogno di aiuto e supporto. Il nostro impegno \u00e8 di contribuire al mantenimento e al ripristino della loro salute.<\/p>\n<\/blockquote>\n<\/div><\/section>\n<\/div><\/div><\/div><!-- close content main div --><\/div><\/div><div id='av-layout-grid-1'  class='av-layout-grid-container av-16xg0i-49c9da2d02b2ebe340cadb01f4ce1426 entry-content-wrapper alternate_color av-flex-cells av-break-at-tablet  avia-builder-el-4  el_after_av_textblock  el_before_av_heading  grid-row-not-first  container_wrap fullsize'  >\n<div class='flex_cell av-10wpjm-035e8ee7fd52f4839f19d68bfd68f4f9 av-gridrow-cell av_one_fourth no_margin  avia-builder-el-5  el_before_av_cell_one_fourth  avia-builder-el-first '  ><div class='flex_cell_inner'><section  class='avia-team-member av-k0sii-8c4a0c4fdf723d0b113330d20f3b9fcd  avia-builder-el-6  avia-builder-el-no-sibling '  itemscope=\"itemscope\" itemtype=\"https:\/\/schema.org\/Person\" ><div class=\"team-img-container\"><img decoding=\"async\" fetchpriority=\"high\" class='wp-image-2301 avia-img-lazy-loading-not-2301 avia_image avia_image_team' src=\"https:\/\/www.martinsbrunn.it\/wp-content\/uploads\/2022\/06\/4E4A1304_1000px-300x300.jpeg\" alt='Alexander D\u2019Andrea'  itemprop=\"image\"   height=\"300\" width=\"300\" srcset=\"https:\/\/www.martinsbrunn.it\/wp-content\/uploads\/2022\/06\/4E4A1304_1000px-300x300.jpeg 300w, https:\/\/www.martinsbrunn.it\/wp-content\/uploads\/2022\/06\/4E4A1304_1000px-80x80.jpeg 80w, https:\/\/www.martinsbrunn.it\/wp-content\/uploads\/2022\/06\/4E4A1304_1000px-768x768.jpeg 768w, https:\/\/www.martinsbrunn.it\/wp-content\/uploads\/2022\/06\/4E4A1304_1000px-36x36.jpeg 36w, https:\/\/www.martinsbrunn.it\/wp-content\/uploads\/2022\/06\/4E4A1304_1000px-180x180.jpeg 180w, https:\/\/www.martinsbrunn.it\/wp-content\/uploads\/2022\/06\/4E4A1304_1000px-705x705.jpeg 705w, https:\/\/www.martinsbrunn.it\/wp-content\/uploads\/2022\/06\/4E4A1304_1000px.jpeg 800w\" sizes=\"(max-width: 300px) 100vw, 300px\" \/><div class=\"team-social\"><div class=\"team-social-inner\"><span class='hidden av_member_url_markup '  itemprop=\"email\" >mailto:alexander.dandrea@martinsbrunn.it<\/span><a href='mailto:alexander.dandrea@martinsbrunn.it' class='avia-team-icon av-kyabfe4q-1c9c33fad9d359f5ff4848d573740fed avia-iconfont avia-font-entypo-fontello' rel='v:url' data-avia-tooltip=\"Email\"  data-av_icon='\ue805' data-av_iconfont='entypo-fontello' ><\/a><span class='hidden av_member_url_markup '  itemprop=\"url\" >tel:00390473205780<\/span><a href='tel:00390473205780' class='avia-team-icon av-kyabhr53-f08e2274c020621c24ecad1ccc78df78 avia-iconfont avia-font-entypo-fontello' rel='v:url' data-avia-tooltip=\"Telefon\"  data-av_icon='\ue854' data-av_iconfont='entypo-fontello' ><\/a><\/div><\/div><\/div><h3 class='team-member-name '  itemprop=\"name\" >Alexander D\u2019Andrea<\/h3><div class='team-member-job-title '  itemprop=\"jobTitle\" >responsabile amministrativo<\/div><span class='hidden team-member-affiliation'  itemprop=\"affiliation\" >Martinsbrunn ParkClinic<\/span><\/section>\n<\/div><\/div><div class='flex_cell av-tq9j6-1ede0d4006476871fbd4fa5f8d25d510 av-gridrow-cell av_one_fourth no_margin  avia-builder-el-7  el_after_av_cell_one_fourth  el_before_av_cell_one_fourth '  ><div class='flex_cell_inner'><section  class='avia-team-member av-uohsa-db894986f948f08ea02d0563f748d27d  avia-builder-el-8  avia-builder-el-no-sibling '  itemscope=\"itemscope\" itemtype=\"https:\/\/schema.org\/Person\" ><div class=\"team-img-container\"><img decoding=\"async\" fetchpriority=\"high\" class='wp-image-2686 avia-img-lazy-loading-not-2686 avia_image avia_image_team' src=\"https:\/\/www.martinsbrunn.it\/wp-content\/uploads\/2022\/06\/Erika-Gufler-300x300.png\" alt='Erika Gufler'  itemprop=\"image\"   height=\"300\" width=\"300\" srcset=\"https:\/\/www.martinsbrunn.it\/wp-content\/uploads\/2022\/06\/Erika-Gufler-300x300.png 300w, https:\/\/www.martinsbrunn.it\/wp-content\/uploads\/2022\/06\/Erika-Gufler-80x80.png 80w, https:\/\/www.martinsbrunn.it\/wp-content\/uploads\/2022\/06\/Erika-Gufler-36x36.png 36w, https:\/\/www.martinsbrunn.it\/wp-content\/uploads\/2022\/06\/Erika-Gufler-180x180.png 180w, https:\/\/www.martinsbrunn.it\/wp-content\/uploads\/2022\/06\/Erika-Gufler.png 687w\" sizes=\"(max-width: 300px) 100vw, 300px\" \/><div class=\"team-social\"><div class=\"team-social-inner\"><span class='hidden av_member_url_markup '  itemprop=\"email\" >mailto:edith.unterfrauner@martinsbrunn.it<\/span><a href='mailto:edith.unterfrauner@martinsbrunn.it' class='avia-team-icon av-kyabj48w-8353d3ac5db91319693c4ba2899a3f3b avia-iconfont avia-font-entypo-fontello' rel='v:url' data-avia-tooltip=\"Email\"  data-av_icon='\ue805' data-av_iconfont='entypo-fontello' ><\/a><span class='hidden av_member_url_markup '  itemprop=\"url\" >tel:\/\/00390473205781<\/span><a href='tel:\/\/00390473205781' class='avia-team-icon av-kyabj48w-d3f313b379ee958a469765d1d937da03 avia-iconfont avia-font-entypo-fontello' rel='v:url' data-avia-tooltip=\"Telefon\"  data-av_icon='\ue805' data-av_iconfont='entypo-fontello' ><\/a><\/div><\/div><\/div><h3 class='team-member-name '  itemprop=\"name\" >Erika Gufler<\/h3><div class='team-member-job-title '  itemprop=\"jobTitle\" >responsabile tecnica dell\u2019assistenza<\/div><span class='hidden team-member-affiliation'  itemprop=\"affiliation\" >Martinsbrunn ParkClinic<\/span><\/section>\n<\/div><\/div><div class='flex_cell av-1sa96-ae7c0716319c1205d03f33c133adf4cd av-gridrow-cell av_one_fourth no_margin  avia-builder-el-9  el_after_av_cell_one_fourth  el_before_av_cell_one_fourth '  ><div class='flex_cell_inner'><section  class='avia-team-member av-kya82jvc-b28f7dd4e3ce151112092cb2852636b5  avia-builder-el-10  avia-builder-el-no-sibling '  itemscope=\"itemscope\" itemtype=\"https:\/\/schema.org\/Person\" ><div class=\"team-img-container\"><img decoding=\"async\" fetchpriority=\"high\" class='wp-image-2684 avia-img-lazy-loading-not-2684 avia_image avia_image_team' src=\"https:\/\/www.martinsbrunn.it\/wp-content\/uploads\/2022\/06\/Christoph-Parigger-300x300.png\" alt='Christoph Parigger'  itemprop=\"image\"   height=\"300\" width=\"300\" srcset=\"https:\/\/www.martinsbrunn.it\/wp-content\/uploads\/2022\/06\/Christoph-Parigger-300x300.png 300w, https:\/\/www.martinsbrunn.it\/wp-content\/uploads\/2022\/06\/Christoph-Parigger-80x80.png 80w, https:\/\/www.martinsbrunn.it\/wp-content\/uploads\/2022\/06\/Christoph-Parigger-36x36.png 36w, https:\/\/www.martinsbrunn.it\/wp-content\/uploads\/2022\/06\/Christoph-Parigger-180x180.png 180w, https:\/\/www.martinsbrunn.it\/wp-content\/uploads\/2022\/06\/Christoph-Parigger.png 687w\" sizes=\"(max-width: 300px) 100vw, 300px\" \/><\/div><h3 class='team-member-name '  itemprop=\"name\" >Christoph Parigger<\/h3><div class='team-member-job-title '  itemprop=\"jobTitle\" >responsabile amministrativo<\/div><span class='hidden team-member-affiliation'  itemprop=\"affiliation\" >Martinsbrunn ParkClinic<\/span><\/section>\n<\/div><\/div><div class='flex_cell av-7qwc2-f4ff9c6703f9cd9eca0fe6aadcc11c2b av-gridrow-cell av_one_fourth no_margin  avia-builder-el-11  el_after_av_cell_one_fourth  avia-builder-el-last '  ><div class='flex_cell_inner'><section  class='avia-team-member av-kya84ffj-cd50ff09f953a4549c549640af6bce96  avia-builder-el-12  avia-builder-el-no-sibling '  itemscope=\"itemscope\" itemtype=\"https:\/\/schema.org\/Person\" ><div class=\"team-img-container\"><img decoding=\"async\" fetchpriority=\"high\" class='wp-image-2272 avia-img-lazy-loading-not-2272 avia_image avia_image_team' src=\"https:\/\/www.martinsbrunn.it\/wp-content\/uploads\/2022\/06\/4E4A1341_3-300x300.jpg\" alt='Dr. Reza Dadvar'  itemprop=\"image\"   height=\"300\" width=\"300\" srcset=\"https:\/\/www.martinsbrunn.it\/wp-content\/uploads\/2022\/06\/4E4A1341_3-300x300.jpg 300w, https:\/\/www.martinsbrunn.it\/wp-content\/uploads\/2022\/06\/4E4A1341_3-80x80.jpg 80w, https:\/\/www.martinsbrunn.it\/wp-content\/uploads\/2022\/06\/4E4A1341_3-768x768.jpg 768w, https:\/\/www.martinsbrunn.it\/wp-content\/uploads\/2022\/06\/4E4A1341_3-36x36.jpg 36w, https:\/\/www.martinsbrunn.it\/wp-content\/uploads\/2022\/06\/4E4A1341_3-180x180.jpg 180w, https:\/\/www.martinsbrunn.it\/wp-content\/uploads\/2022\/06\/4E4A1341_3-705x705.jpg 705w, https:\/\/www.martinsbrunn.it\/wp-content\/uploads\/2022\/06\/4E4A1341_3.jpg 800w\" sizes=\"(max-width: 300px) 100vw, 300px\" \/><\/div><h3 class='team-member-name '  itemprop=\"name\" >Dr. Reza Dadvar<\/h3><div class='team-member-job-title '  itemprop=\"jobTitle\" >direttore sanitario<\/div><span class='hidden team-member-affiliation'  itemprop=\"affiliation\" >Martinsbrunn ParkClinic<\/span><\/section>\n<\/div><\/div>\n<\/div><div id='after_grid_row_1'  class='main_color av_default_container_wrap container_wrap fullsize'  ><div class='container av-section-cont-open' ><div class='template-page content  av-content-full alpha units'><div class='post-entry post-entry-type-page post-entry-817'><div class='entry-content-wrapper clearfix'>\n\n<style type=\"text\/css\" data-created_by=\"avia_inline_auto\" id=\"style-css-av-kyabnkut-dfc4f8b67596ff19b9bc4a7f29df7f04\">\n#top .av-special-heading.av-kyabnkut-dfc4f8b67596ff19b9bc4a7f29df7f04{\npadding-bottom:20px;\n}\nbody .av-special-heading.av-kyabnkut-dfc4f8b67596ff19b9bc4a7f29df7f04 .av-special-heading-tag .heading-char{\nfont-size:25px;\n}\n.av-special-heading.av-kyabnkut-dfc4f8b67596ff19b9bc4a7f29df7f04 .av-subheading{\nfont-size:24px;\n}\n<\/style>\n<div  id=\"die-geschichte\"  class='av-special-heading av-kyabnkut-dfc4f8b67596ff19b9bc4a7f29df7f04 av-special-heading-h1 blockquote modern-quote modern-centered  avia-builder-el-13  el_after_av_layout_row  el_before_av_textblock  avia-builder-el-first '><h1 class='av-special-heading-tag '  itemprop=\"headline\"  >La storia<\/h1><div class='av-subheading av-subheading_below'><p>della clinica privata Martinsbrunn<\/p>\n<\/div><div class=\"special-heading-border\"><div class=\"special-heading-inner-border\"><\/div><\/div><\/div>\n\n<style type=\"text\/css\" data-created_by=\"avia_inline_auto\" id=\"style-css-av-kybrktey-91f06c603e84c5b094a801f79fddb6fb\">\n#top .av_textblock_section.av-kybrktey-91f06c603e84c5b094a801f79fddb6fb .avia_textblock{\nfont-size:20px;\n}\n<\/style>\n<section  class='av_textblock_section av-kybrktey-91f06c603e84c5b094a801f79fddb6fb '   itemscope=\"itemscope\" itemtype=\"https:\/\/schema.org\/CreativeWork\" ><div class='avia_textblock'  itemprop=\"text\" ><p>Con l\u2019assunzione della gestione della struttura da parte della Fondazione, il <strong>futuro di questa istituzione altoatesina con lunga tradizione<\/strong> orientata ai valori e principi della congregazione \u00e8 garantito.<\/p>\n<\/div><\/section>\n<\/div><\/div><\/div><!-- close content main div --><\/div><\/div><div id='av-layout-grid-2'  class='av-layout-grid-container av-egxaq-bb2d7d338bb1a9af35984d3cfd88c5d8 entry-content-wrapper main_color av-flex-cells  avia-builder-el-15  el_after_av_textblock  el_before_av_masonry_gallery  grid-row-not-first  container_wrap fullsize'  >\n<div class='flex_cell av-6q2pu-5dbb5d75be5acdbb4be6e9af71ee1b73 av-gridrow-cell av_one_full no_margin  avia-builder-el-16  avia-builder-el-no-sibling '  ><div class='flex_cell_inner'>\n<style type=\"text\/css\" data-created_by=\"avia_inline_auto\" id=\"style-css-av-kyabwo4v-6271f9e85f802481843747074676c071\">\n.avia-timeline-container.av-kyabwo4v-6271f9e85f802481843747074676c071 .av-milestone-content{\nfont-size:14px;\n}\n<\/style>\n<div  id=\"avia-timeline-1\"  class='avia-timeline-container av-kyabwo4v-6271f9e85f802481843747074676c071 av-slideshow-ui  avia-builder-el-17  avia-builder-el-no-sibling  avia-slideshow-carousel' avia-data-slides='5'><ul class='avia-timeline avia-timeline-horizontal av-milestone-placement-top avia-timeline- avia_animate_when_almost_visible avia-timeline-animate'>\n<li  class='av-milestone av-kyabp2p6-d5ee660b01e0c286f178b8500ae216fe av-animated-generic fade-in av-milestone-odd'><h2 class='av-milestone-date ' id='milestone-1891' ><strong>1891<span class='av-milestone-indicator'><\/span><\/strong><\/h2><div class=\"av-milestone-icon-wrap\"><span class='av-milestone-icon milestone_icon avia-font-entypo-fontello'><span class='av-milestone-icon-inner milestone_inner'><i class='milestone-char avia-iconfont avia-font-entypo-fontello' data-av_icon='\ue809' data-av_iconfont='entypo-fontello' ><\/i><\/span><\/span><\/div><article class='av-milestone-content-wrap'><div class='av-milestone-contentbox'><header class=\"entry-content-header\" aria-label=\"Milestone: Dott. Norbert v. Kaan\"><h4 class='av-milestone-title '>Dott. Norbert v. Kaan<\/h4><\/header><div class='av-milestone-content'><p>Il neurologo Dott. Norbert v. Kaan acquisisce la Villa Martinsbrunn (ex pensione Maurer) a Quarazze e la trasforma nel sanatorio Martinsbrunn per offrire a \u201cpersone bisognose di riposo e malate un ambiente favorevole per il recupero e un piacevole soggiorno\u201d<\/p>\n<\/div><\/div><footer class='av-milestone-article-footer entry-footer'><\/footer><\/article><\/li>\n<li  class='av-milestone av-kyabrhig-a4aeb2637c6ec604562b02c9cae361cf av-animated-generic fade-in av-milestone-even'><h2 class='av-milestone-date ' id='milestone-1897' ><strong>1897<span class='av-milestone-indicator'><\/span><\/strong><\/h2><div class=\"av-milestone-icon-wrap\"><span class='av-milestone-icon milestone_icon avia-font-entypo-fontello'><span class='av-milestone-icon-inner milestone_inner'><i class='milestone-char avia-iconfont avia-font-entypo-fontello' data-av_icon='\ue806' data-av_iconfont='entypo-fontello' ><\/i><\/span><\/span><\/div><article class='av-milestone-content-wrap'><div class='av-milestone-contentbox'><header class=\"entry-content-header\" aria-label=\"Milestone: Congregazione delle Suore della Croce di Hall nel Tirolo\"><h4 class='av-milestone-title '>Congregazione delle Suore della Croce di Hall nel Tirolo<\/h4><\/header><div class='av-milestone-content'><p>La gestione del sanatorio viene affidata alla congregazione delle Suore della Croce di Hall nel Tirolo<\/p>\n<\/div><\/div><footer class='av-milestone-article-footer entry-footer'><\/footer><\/article><\/li>\n<li  class='av-milestone av-kyabs2km-45e96e9142e8ca37bc13a496a4a67e63 av-animated-generic fade-in av-milestone-odd'><h2 class='av-milestone-date ' id='milestone-1898' ><strong>1898<span class='av-milestone-indicator'><\/span><\/strong><\/h2><div class=\"av-milestone-icon-wrap\"><span class='av-milestone-icon milestone_icon avia-font-entypo-fontello'><span class='av-milestone-icon-inner milestone_inner'><i class='milestone-char avia-iconfont avia-font-entypo-fontello' data-av_icon='\ue808' data-av_iconfont='entypo-fontello' ><\/i><\/span><\/span><\/div><article class='av-milestone-content-wrap'><div class='av-milestone-contentbox'><header class=\"entry-content-header\" aria-label=\"Milestone: Sanatorio\"><h4 class='av-milestone-title '>Sanatorio<\/h4><\/header><div class='av-milestone-content'><p>Inaugurazione dell\u2019ampliamento del sanatorio<\/p>\n<\/div><\/div><footer class='av-milestone-article-footer entry-footer'><\/footer><\/article><\/li>\n<li  class='av-milestone av-kyabs2km-8b37ce6bf7c4dab9a0cfde3a54729c29 av-animated-generic fade-in av-milestone-even'><h2 class='av-milestone-date ' id='milestone-1917' ><strong>1917<span class='av-milestone-indicator'><\/span><\/strong><\/h2><div class=\"av-milestone-icon-wrap\"><span class='av-milestone-icon milestone_icon avia-font-entypo-fontello'><span class='av-milestone-icon-inner milestone_inner'><i class='milestone-char avia-iconfont avia-font-entypo-fontello' data-av_icon='\ue813' data-av_iconfont='entypo-fontello' ><\/i><\/span><\/span><\/div><article class='av-milestone-content-wrap'><div class='av-milestone-contentbox'><header class=\"entry-content-header\" aria-label=\"Milestone: Prima guerra mondiale\"><h4 class='av-milestone-title '>Prima guerra mondiale<\/h4><\/header><div class='av-milestone-content'><p>Dopo anni di carenza di ospiti a causa della prima guerra mondiale e della chiamata alle armi del dott. v. Kaan, il sanatorio viene chiuso<\/p>\n<\/div><\/div><footer class='av-milestone-article-footer entry-footer'><\/footer><\/article><\/li>\n<li  class='av-milestone av-kyabs2km-61d94455f1fc009263fc674f0af4ce6e av-animated-generic fade-in av-milestone-odd'><h2 class='av-milestone-date ' id='milestone-1920' ><strong>1920<span class='av-milestone-indicator'><\/span><\/strong><\/h2><div class=\"av-milestone-icon-wrap\"><span class='av-milestone-icon milestone_icon avia-font-entypo-fontello'><span class='av-milestone-icon-inner milestone_inner'><i class='milestone-char avia-iconfont avia-font-entypo-fontello' data-av_icon='\ue808' data-av_iconfont='entypo-fontello' ><\/i><\/span><\/span><\/div><article class='av-milestone-content-wrap'><div class='av-milestone-contentbox'><header class=\"entry-content-header\" aria-label=\"Milestone: Riapertura\"><h4 class='av-milestone-title '>Riapertura<\/h4><\/header><div class='av-milestone-content'><p>Martinsbrunn riapre<\/p>\n<\/div><\/div><footer class='av-milestone-article-footer entry-footer'><\/footer><\/article><\/li>\n<li  class='av-milestone av-kyabs2km-70857ee3d4aca3421f13a924572a4ac5 av-animated-generic fade-in av-milestone-even'><h2 class='av-milestone-date ' id='milestone-1934' ><strong>1934<span class='av-milestone-indicator'><\/span><\/strong><\/h2><div class=\"av-milestone-icon-wrap\"><span class='av-milestone-icon milestone_icon avia-font-entypo-fontello'><span class='av-milestone-icon-inner milestone_inner'><i class='milestone-char avia-iconfont avia-font-entypo-fontello' data-av_icon='\ue806' data-av_iconfont='entypo-fontello' ><\/i><\/span><\/span><\/div><article class='av-milestone-content-wrap'><div class='av-milestone-contentbox'><header class=\"entry-content-header\" aria-label=\"Milestone: Suore della Misericordia\"><h4 class='av-milestone-title '>Suore della Misericordia<\/h4><\/header><div class='av-milestone-content'><p>Il dott. v. Kaan trasferisce la gestione operativa del sanatorio Martinsbrunn alle Suore della Misericordia<\/p>\n<\/div><\/div><footer class='av-milestone-article-footer entry-footer'><\/footer><\/article><\/li>\n<li  class='av-milestone av-kyabs2km-76a5fe54598854b0b440d68aaa300a81 av-animated-generic fade-in av-milestone-odd'><h2 class='av-milestone-date ' id='milestone-1941' ><strong>1941<span class='av-milestone-indicator'><\/span><\/strong><\/h2><div class=\"av-milestone-icon-wrap\"><span class='av-milestone-icon milestone_icon avia-font-entypo-fontello'><span class='av-milestone-icon-inner milestone_inner'><i class='milestone-char avia-iconfont avia-font-entypo-fontello' data-av_icon='\ue806' data-av_iconfont='entypo-fontello' ><\/i><\/span><\/span><\/div><article class='av-milestone-content-wrap'><div class='av-milestone-contentbox'><header class=\"entry-content-header\" aria-label=\"Milestone: Figlie della carit\u00e0 di S. Vincenzo\"><h4 class='av-milestone-title '>Figlie della carit\u00e0 di S. Vincenzo<\/h4><\/header><div class='av-milestone-content'><p>Il sanatorio diventa propriet\u00e0 della Casa Provinciale delle Figlie della carit\u00e0 di S. Vincenzo de\u2019 Paoli a Bolzano<\/p>\n<\/div><\/div><footer class='av-milestone-article-footer entry-footer'><\/footer><\/article><\/li>\n<li  class='av-milestone av-kyabs2km-0f673b53047016888016253b8ed8b3fc av-animated-generic fade-in av-milestone-even'><h2 class='av-milestone-date ' id='milestone-1943' ><strong>1943<span class='av-milestone-indicator'><\/span><\/strong><\/h2><div class=\"av-milestone-icon-wrap\"><span class='av-milestone-icon milestone_icon avia-font-entypo-fontello'><span class='av-milestone-icon-inner milestone_inner'><i class='milestone-char avia-iconfont avia-font-entypo-fontello' data-av_icon='\ue8b9' data-av_iconfont='entypo-fontello' ><\/i><\/span><\/span><\/div><article class='av-milestone-content-wrap'><div class='av-milestone-contentbox'><header class=\"entry-content-header\" aria-label=\"Milestone: Filiale dell\u2019ospedale di Merano\"><h4 class='av-milestone-title '>Filiale dell\u2019ospedale di Merano<\/h4><\/header><div class='av-milestone-content'><p>Martinsbrunn diventa filiale dell\u2019ospedale di Merano. Il sanatorio si trasforma in ospedale per medici esterni per medicina generale e chirurgia<\/p>\n<\/div><\/div><footer class='av-milestone-article-footer entry-footer'><\/footer><\/article><\/li>\n<li  class='av-milestone av-kyabs2km-77c5c32afd2ce5daaa13ff0124aaa6f7 av-animated-generic fade-in av-milestone-odd'><h2 class='av-milestone-date ' id='milestone-1983' ><strong>1983<span class='av-milestone-indicator'><\/span><\/strong><\/h2><div class=\"av-milestone-icon-wrap\"><span class='av-milestone-icon milestone_icon avia-font-entypo-fontello'><span class='av-milestone-icon-inner milestone_inner'><i class='milestone-char avia-iconfont avia-font-entypo-fontello' data-av_icon='\ue813' data-av_iconfont='entypo-fontello' ><\/i><\/span><\/span><\/div><article class='av-milestone-content-wrap'><div class='av-milestone-contentbox'><header class=\"entry-content-header\" aria-label=\"Milestone: Reparto chirurgico\"><h4 class='av-milestone-title '>Reparto chirurgico<\/h4><\/header><div class='av-milestone-content'><p>Chiusura del reparto chirurgico<\/p>\n<\/div><\/div><footer class='av-milestone-article-footer entry-footer'><\/footer><\/article><\/li>\n<li  class='av-milestone av-kyabs2km-975496297dfca8f7307668e95b019c14 av-animated-generic fade-in av-milestone-even'><h2 class='av-milestone-date ' id='milestone-2002' ><strong>2002<span class='av-milestone-indicator'><\/span><\/strong><\/h2><div class=\"av-milestone-icon-wrap\"><span class='av-milestone-icon milestone_icon avia-font-entypo-fontello'><span class='av-milestone-icon-inner milestone_inner'><i class='milestone-char avia-iconfont avia-font-entypo-fontello' data-av_icon='\ue808' data-av_iconfont='entypo-fontello' ><\/i><\/span><\/span><\/div><article class='av-milestone-content-wrap'><div class='av-milestone-contentbox'><header class=\"entry-content-header\" aria-label=\"Milestone: Reparto di riabilitazione\"><h4 class='av-milestone-title '>Reparto di riabilitazione<\/h4><\/header><div class='av-milestone-content'><p>Inaugurazione del reparto di riabilitazione<\/p>\n<\/div><\/div><footer class='av-milestone-article-footer entry-footer'><\/footer><\/article><\/li>\n<li  class='av-milestone av-kyabs2km-167a900109bb9338d28a6ad6182cf5e1 av-animated-generic fade-in av-milestone-odd'><h2 class='av-milestone-date ' id='milestone-2003' ><strong>2003<span class='av-milestone-indicator'><\/span><\/strong><\/h2><div class=\"av-milestone-icon-wrap\"><span class='av-milestone-icon milestone_icon avia-font-entypo-fontello'><span class='av-milestone-icon-inner milestone_inner'><i class='milestone-char avia-iconfont avia-font-entypo-fontello' data-av_icon='\ue808' data-av_iconfont='entypo-fontello' ><\/i><\/span><\/span><\/div><article class='av-milestone-content-wrap'><div class='av-milestone-contentbox'><header class=\"entry-content-header\" aria-label=\"Milestone: Reparto per cure palliative\"><h4 class='av-milestone-title '>Reparto per cure palliative<\/h4><\/header><div class='av-milestone-content'><p>Inaugurazione del reparto per cure palliative<\/p>\n<\/div><\/div><footer class='av-milestone-article-footer entry-footer'><\/footer><\/article><\/li>\n<li  class='av-milestone av-kyabs2km-19e7f2d2c59858901f7997048b18e7e3 av-animated-generic fade-in av-milestone-even'><h2 class='av-milestone-date ' id='milestone-2015' ><strong>2015<span class='av-milestone-indicator'><\/span><\/strong><\/h2><div class=\"av-milestone-icon-wrap\"><span class='av-milestone-icon milestone_icon avia-font-entypo-fontello'><span class='av-milestone-icon-inner milestone_inner'><i class='milestone-char avia-iconfont avia-font-entypo-fontello' data-av_icon='\ue856' data-av_iconfont='entypo-fontello' ><\/i><\/span><\/span><\/div><article class='av-milestone-content-wrap'><div class='av-milestone-contentbox'><header class=\"entry-content-header\" aria-label=\"Milestone: Ampliamento e risanamento\"><h4 class='av-milestone-title '>Ampliamento e risanamento<\/h4><\/header><div class='av-milestone-content'><p>Inizio dell\u2019ampliamento e risanamento della clinica privata<\/p>\n<\/div><\/div><footer class='av-milestone-article-footer entry-footer'><\/footer><\/article><\/li>\n<li  class='av-milestone av-kyabs2km-1363ff0be755402b2002e185c577aabb av-animated-generic fade-in av-milestone-odd'><h2 class='av-milestone-date ' id='milestone-2017' ><strong>2017<span class='av-milestone-indicator'><\/span><\/strong><\/h2><div class=\"av-milestone-icon-wrap\"><span class='av-milestone-icon milestone_icon avia-font-entypo-fontello'><span class='av-milestone-icon-inner milestone_inner'><i class='milestone-char avia-iconfont avia-font-entypo-fontello' data-av_icon='\ue806' data-av_iconfont='entypo-fontello' ><\/i><\/span><\/span><\/div><article class='av-milestone-content-wrap'><div class='av-milestone-contentbox'><header class=\"entry-content-header\" aria-label=\"Milestone: Trasferimento della gestione\"><h4 class='av-milestone-title '>Trasferimento della gestione<\/h4><\/header><div class='av-milestone-content'><p>Trasferimento della gestione di Martinsbrunn alle Suore della Misericordia della Fondazione S. Elisabetta<\/p>\n<\/div><\/div><footer class='av-milestone-article-footer entry-footer'><\/footer><\/article><\/li>\n<\/ul><div class='avia-slideshow-arrows avia-slideshow-controls av-timeline-nav ' ><a href='#prev' class='prev-slide prev-slide av-timeline-nav-prev av-nav-btn avia-svg-icon avia-font-svg_entypo-fontello' data-av_svg_icon='left-open-big' data-av_iconset='svg_entypo-fontello' tabindex='-1' title=\"Prec\"><svg version=\"1.1\" xmlns=\"http:\/\/www.w3.org\/2000\/svg\" width=\"15\" height=\"32\" viewBox=\"0 0 15 32\" preserveAspectRatio=\"xMidYMid meet\" aria-labelledby='av-svg-title-1' aria-describedby='av-svg-desc-1' role=\"graphics-symbol\" aria-hidden=\"true\">\n<title id='av-svg-title-1'>Prec<\/title>\n<desc id='av-svg-desc-1'>Prec<\/desc>\n<path d=\"M14.464 27.84q0.832 0.832 0 1.536-0.832 0.832-1.536 0l-12.544-12.608q-0.768-0.768 0-1.6l12.544-12.608q0.704-0.832 1.536 0 0.832 0.704 0 1.536l-11.456 11.904z\"><\/path>\n<\/svg><span class='avia_hidden_link_text'>Prec<\/span><\/a><a href='#next' class='next-slide next-slide av-timeline-nav-next av-nav-btn avia-svg-icon avia-font-svg_entypo-fontello' data-av_svg_icon='right-open-big' data-av_iconset='svg_entypo-fontello' tabindex='-1' title=\"Succ\"><svg version=\"1.1\" xmlns=\"http:\/\/www.w3.org\/2000\/svg\" width=\"15\" height=\"32\" viewBox=\"0 0 15 32\" preserveAspectRatio=\"xMidYMid meet\" aria-labelledby='av-svg-title-2' aria-describedby='av-svg-desc-2' role=\"graphics-symbol\" aria-hidden=\"true\">\n<title id='av-svg-title-2'>Succ<\/title>\n<desc id='av-svg-desc-2'>Succ<\/desc>\n<path d=\"M0.416 27.84l11.456-11.84-11.456-11.904q-0.832-0.832 0-1.536 0.832-0.832 1.536 0l12.544 12.608q0.768 0.832 0 1.6l-12.544 12.608q-0.704 0.832-1.536 0-0.832-0.704 0-1.536z\"><\/path>\n<\/svg><span class='avia_hidden_link_text'>Succ<\/span><\/a><\/div><\/div>\n<\/div><\/div>\n<\/div>\n\n<style type=\"text\/css\" data-created_by=\"avia_inline_auto\" id=\"style-css-av-9p776-69a7c668ba38126979d2022cd096fdcd\">\n#top .av-masonry.av-9p776-69a7c668ba38126979d2022cd096fdcd{\nbackground-color:#ffffff;\n}\n<\/style>\n<div id='av-masonry-1' class='av-masonry av-9p776-69a7c668ba38126979d2022cd096fdcd noHover av-fixed-size av-large-gap av-hover-overlay-grayscale av-masonry-animation-active av-masonry-col-4 av-caption-always av-caption-style- av-masonry-gallery ' data-post_id=\"817\"><div class=\"av-masonry-container isotope av-js-disabled\"><div class='av-masonry-entry isotope-item av-masonry-item-no-image '><\/div><a href=\"https:\/\/www.martinsbrunn.it\/wp-content\/uploads\/2021\/11\/martinsbrunn_Historie.jpg\" data-srcset=\"https:\/\/www.martinsbrunn.it\/wp-content\/uploads\/2021\/11\/martinsbrunn_Historie.jpg 952w, https:\/\/www.martinsbrunn.it\/wp-content\/uploads\/2021\/11\/martinsbrunn_Historie-300x216.jpg 300w, https:\/\/www.martinsbrunn.it\/wp-content\/uploads\/2021\/11\/martinsbrunn_Historie-768x554.jpg 768w, https:\/\/www.martinsbrunn.it\/wp-content\/uploads\/2021\/11\/martinsbrunn_Historie-705x509.jpg 705w\" data-sizes=\"(max-width: 952px) 100vw, 952px\"  aria-label=\"immagine martinsbrunn_Historie\"  id='av-masonry-1-item-574' data-av-masonry-item='574' class='av-masonry-entry isotope-item post-574 attachment type-attachment status-inherit hentry  av-masonry-item-with-image' title=\"martinsbrunn_Historie\" alt=\"\"    itemprop=\"thumbnailUrl\" ><div class='av-inner-masonry-sizer'><\/div><figure class='av-inner-masonry main_color'><div class=\"av-masonry-outerimage-container\"><div class='av-masonry-image-container' style=\"background-image: url(https:\/\/www.martinsbrunn.it\/wp-content\/uploads\/2021\/11\/martinsbrunn_Historie-705x509.jpg);\"  title=\"martinsbrunn_Historie\" ><\/div><\/div><\/figure><\/a><!--end av-masonry entry--><a href=\"https:\/\/www.martinsbrunn.it\/wp-content\/uploads\/2021\/11\/martinsbrunn_Historie-3.jpg\" data-srcset=\"https:\/\/www.martinsbrunn.it\/wp-content\/uploads\/2021\/11\/martinsbrunn_Historie-3.jpg 916w, https:\/\/www.martinsbrunn.it\/wp-content\/uploads\/2021\/11\/martinsbrunn_Historie-3-300x225.jpg 300w, https:\/\/www.martinsbrunn.it\/wp-content\/uploads\/2021\/11\/martinsbrunn_Historie-3-768x576.jpg 768w, https:\/\/www.martinsbrunn.it\/wp-content\/uploads\/2021\/11\/martinsbrunn_Historie-3-705x529.jpg 705w\" data-sizes=\"(max-width: 916px) 100vw, 916px\"  aria-label=\"immagine martinsbrunn_Historie-(3)\"  id='av-masonry-1-item-578' data-av-masonry-item='578' class='av-masonry-entry isotope-item post-578 attachment type-attachment status-inherit hentry  av-masonry-item-with-image' title=\"martinsbrunn_Historie-(3)\" alt=\"\"    itemprop=\"thumbnailUrl\" ><div class='av-inner-masonry-sizer'><\/div><figure class='av-inner-masonry main_color'><div class=\"av-masonry-outerimage-container\"><div class='av-masonry-image-container' style=\"background-image: url(https:\/\/www.martinsbrunn.it\/wp-content\/uploads\/2021\/11\/martinsbrunn_Historie-3-705x529.jpg);\"  title=\"martinsbrunn_Historie-(3)\" ><\/div><\/div><\/figure><\/a><!--end av-masonry entry--><a href=\"https:\/\/www.martinsbrunn.it\/wp-content\/uploads\/2021\/11\/martinsbrunn_Martinsbrunn-von-oben-Meraner-Ku\u0308nstlerinnen-11.-06.-2013-002.jpg\" data-srcset=\"https:\/\/www.martinsbrunn.it\/wp-content\/uploads\/2021\/11\/martinsbrunn_Martinsbrunn-von-oben-Meraner-Ku\u0308nstlerinnen-11.-06.-2013-002.jpg 1030w, https:\/\/www.martinsbrunn.it\/wp-content\/uploads\/2021\/11\/martinsbrunn_Martinsbrunn-von-oben-Meraner-Ku\u0308nstlerinnen-11.-06.-2013-002-300x200.jpg 300w, https:\/\/www.martinsbrunn.it\/wp-content\/uploads\/2021\/11\/martinsbrunn_Martinsbrunn-von-oben-Meraner-Ku\u0308nstlerinnen-11.-06.-2013-002-768x512.jpg 768w, https:\/\/www.martinsbrunn.it\/wp-content\/uploads\/2021\/11\/martinsbrunn_Martinsbrunn-von-oben-Meraner-Ku\u0308nstlerinnen-11.-06.-2013-002-705x470.jpg 705w\" data-sizes=\"(max-width: 1030px) 100vw, 1030px\"  aria-label=\"immagine martinsbrunn_Martinsbrunn-von-oben-&#038;-Meraner-Ku\u0308nstlerinnen-11.-06.-2013-002\"  id='av-masonry-1-item-576' data-av-masonry-item='576' class='av-masonry-entry isotope-item post-576 attachment type-attachment status-inherit hentry  av-masonry-item-with-image' title=\"martinsbrunn_Martinsbrunn-von-oben-&#038;-Meraner-Ku\u0308nstlerinnen-11.-06.-2013-002\" alt=\"\"    itemprop=\"thumbnailUrl\" ><div class='av-inner-masonry-sizer'><\/div><figure class='av-inner-masonry main_color'><div class=\"av-masonry-outerimage-container\"><div class='av-masonry-image-container' style=\"background-image: url(https:\/\/www.martinsbrunn.it\/wp-content\/uploads\/2021\/11\/martinsbrunn_Martinsbrunn-von-oben-Meraner-Ku\u0308nstlerinnen-11.-06.-2013-002-705x470.jpg);\"  title=\"martinsbrunn_Martinsbrunn-von-oben-&#038;-Meraner-Ku\u0308nstlerinnen-11.-06.-2013-002\" ><\/div><\/div><\/figure><\/a><!--end av-masonry entry--><a href=\"https:\/\/www.martinsbrunn.it\/wp-content\/uploads\/2021\/11\/martinsbrunn_Martinsbrunn-3.jpg\" data-srcset=\"https:\/\/www.martinsbrunn.it\/wp-content\/uploads\/2021\/11\/martinsbrunn_Martinsbrunn-3.jpg 1030w, https:\/\/www.martinsbrunn.it\/wp-content\/uploads\/2021\/11\/martinsbrunn_Martinsbrunn-3-300x200.jpg 300w, https:\/\/www.martinsbrunn.it\/wp-content\/uploads\/2021\/11\/martinsbrunn_Martinsbrunn-3-768x512.jpg 768w, https:\/\/www.martinsbrunn.it\/wp-content\/uploads\/2021\/11\/martinsbrunn_Martinsbrunn-3-705x470.jpg 705w\" data-sizes=\"(max-width: 1030px) 100vw, 1030px\"  aria-label=\"immagine martinsbrunn_Martinsbrunn-(3)\"  id='av-masonry-1-item-572' data-av-masonry-item='572' class='av-masonry-entry isotope-item post-572 attachment type-attachment status-inherit hentry  av-masonry-item-with-image' title=\"martinsbrunn_Martinsbrunn-(3)\" alt=\"\"    itemprop=\"thumbnailUrl\" ><div class='av-inner-masonry-sizer'><\/div><figure class='av-inner-masonry main_color'><div class=\"av-masonry-outerimage-container\"><div class='av-masonry-image-container' style=\"background-image: url(https:\/\/www.martinsbrunn.it\/wp-content\/uploads\/2021\/11\/martinsbrunn_Martinsbrunn-3-705x470.jpg);\"  title=\"martinsbrunn_Martinsbrunn-(3)\" ><\/div><\/div><\/figure><\/a><!--end av-masonry entry--><\/div><\/div>\n\n<style type=\"text\/css\" data-created_by=\"avia_inline_auto\" id=\"style-css-av-kyab8tu3-bf393a3c3e11f2f7f146fb00733bfc1d\">\n#top .av-special-heading.av-kyab8tu3-bf393a3c3e11f2f7f146fb00733bfc1d{\npadding-bottom:20px;\n}\nbody .av-special-heading.av-kyab8tu3-bf393a3c3e11f2f7f146fb00733bfc1d .av-special-heading-tag .heading-char{\nfont-size:25px;\n}\n.av-special-heading.av-kyab8tu3-bf393a3c3e11f2f7f146fb00733bfc1d .av-subheading{\nfont-size:24px;\n}\n<\/style>\n<div  id=\"stiftung-st-elisabeth\"  class='av-special-heading av-kyab8tu3-bf393a3c3e11f2f7f146fb00733bfc1d av-special-heading-h1 blockquote modern-quote modern-centered  avia-builder-el-19  el_after_av_masonry_gallery  el_before_av_textblock  avia-builder-el-first '><h1 class='av-special-heading-tag '  itemprop=\"headline\"  >La Fondazione S. Elisabetta<\/h1><div class='av-subheading av-subheading_below'><p>Cura e assistenza di persone bisognose, formazione per adulti<\/p>\n<\/div><div class=\"special-heading-border\"><div class=\"special-heading-inner-border\"><\/div><\/div><\/div>\n\n<style type=\"text\/css\" data-created_by=\"avia_inline_auto\" id=\"style-css-av-kyab70tg-5c522c8fb44fefea092bb62de04b66df\">\n#top .av_textblock_section.av-kyab70tg-5c522c8fb44fefea092bb62de04b66df .avia_textblock{\nfont-size:20px;\n}\n<\/style>\n<section  class='av_textblock_section av-kyab70tg-5c522c8fb44fefea092bb62de04b66df '   itemscope=\"itemscope\" itemtype=\"https:\/\/schema.org\/CreativeWork\" ><div class='avia_textblock'  itemprop=\"text\" ><p>La Fondazione S. Elisabetta \u00e8 un\u2019organizzazione caritatevole di diritto privato con sede a Bolzano. La fondazione senza scopo di lucro \u00e8 stata fondata nel 2009 dalla Caritas della Diocesi Bolzano Bressanone e dalla \u201cStiftung Liebenau\u201c con sede a Baden-W\u00fcrttemberg (Germania) con missione diocesana. Ispirata ai valori cristiani, la Fondazione S. Elisabetta si dedica soprattutto alla cura e all\u2019assistenza di persone bisognose e alla formazione per adulti.<\/p>\n<p>Il nome della Fondazione trae origine da <a href=\"https:\/\/it.wikipedia.org\/wiki\/Elisabetta_d%27Ungheria\" target=\"_blank\" rel=\"noopener\">Santa Elisabetta di Turingia<\/a>, che nel XIII secolo cur\u00f2 persone indigenti. Il suo esempio di genuina carit\u00e0 \u00e8 il suo modello di comportamento. Il particolare carattere delle istituzioni ha le sue fondamenta nei valori cristiani e consiste nel relazionarsi in modo attento e rispettoso con le persone che si affidano a esse, indipendentemente dalla loro origine e religione. L\u2019assistenza e la cura garantita alle persone, orientate al concetto dell\u2019intangibile dignit\u00e0 della persona, sono indirizzate in particolar modo ad anziani, malati e disabili, ma anche a persone che sono altrimenti svantaggiate o bisognose d\u2019aiuto.<\/p>\n<blockquote>\n<p>La Fondazione S. Elisabetta realizza e gestisce strutture sociali come case per anziani, case di cura e alloggi, dove le persone possono vivere nel modo pi\u00f9 autonomo possibile, in un ambiente socialmente stimolante e che garantiscono un accompagnamento adeguato. La Fondazione S. Elisabetta offre formazione e aggiornamento nel senso pi\u00f9 ampio, con particolare riguardo alle tematiche sociali e dell\u2019assistenza<\/p>\n<\/blockquote>\n<\/div><\/section>\n\n<style type=\"text\/css\" data-created_by=\"avia_inline_auto\" id=\"style-css-av-kyd46yzu-5d6df3c2d8816f6112f0c61a2aad3ead\">\n#top .av-masonry.av-kyd46yzu-5d6df3c2d8816f6112f0c61a2aad3ead{\nbackground-color:#ffffff;\n}\n<\/style>\n<div id='av-masonry-2' class='av-masonry av-kyd46yzu-5d6df3c2d8816f6112f0c61a2aad3ead noHover av-fixed-size av-large-gap av-hover-overlay-active av-masonry-animation-active av-masonry-col-3 av-caption-on-hover av-caption-style-overlay av-masonry-gallery av-orientation-landscape-large ' data-post_id=\"817\"><div class=\"av-masonry-container isotope av-js-disabled\"><div class='av-masonry-entry isotope-item av-masonry-item-no-image '><\/div><a href=\"https:\/\/www.martinsbrunn.it\/wp-content\/uploads\/2021\/11\/martinsbrunn_jesuheim.jpg\" data-srcset=\"https:\/\/www.martinsbrunn.it\/wp-content\/uploads\/2021\/11\/martinsbrunn_jesuheim.jpg 944w, https:\/\/www.martinsbrunn.it\/wp-content\/uploads\/2021\/11\/martinsbrunn_jesuheim-300x129.jpg 300w, https:\/\/www.martinsbrunn.it\/wp-content\/uploads\/2021\/11\/martinsbrunn_jesuheim-768x330.jpg 768w, https:\/\/www.martinsbrunn.it\/wp-content\/uploads\/2021\/11\/martinsbrunn_jesuheim-705x303.jpg 705w\" data-sizes=\"(max-width: 944px) 100vw, 944px\"  aria-label=\"immagine martinsbrunn_jesuheim\"  id='av-masonry-2-item-798' data-av-masonry-item='798' class='av-masonry-entry isotope-item post-798 attachment type-attachment status-inherit hentry  av-masonry-item-with-image' title=\"martinsbrunn_jesuheim\" alt=\"\"    itemprop=\"thumbnailUrl\" ><div class='av-inner-masonry-sizer'><\/div><figure class='av-inner-masonry main_color'><div class=\"av-masonry-outerimage-container\"><div class='av-masonry-image-container' style=\"background-image: url(https:\/\/www.martinsbrunn.it\/wp-content\/uploads\/2021\/11\/martinsbrunn_jesuheim-705x303.jpg);\"  title=\"martinsbrunn_jesuheim\" ><\/div><\/div><figcaption class='av-inner-masonry-content site-background'><div class='av-inner-masonry-content-pos'><div class='av-inner-masonry-content-pos-content'><div class='avia-arrow'><\/div><h3 class='av-masonry-entry-title entry-title '  itemprop=\"headline\" >martinsbrunn_jesuheim<\/h3><\/div><\/div><\/figcaption><\/figure><\/a><!--end av-masonry entry--><a href=\"https:\/\/www.martinsbrunn.it\/wp-content\/uploads\/2021\/11\/martinsbrunn_lichtenburg-1030x687.jpg\" data-srcset=\"https:\/\/www.martinsbrunn.it\/wp-content\/uploads\/2021\/11\/martinsbrunn_lichtenburg-1030x687.jpg 1030w, https:\/\/www.martinsbrunn.it\/wp-content\/uploads\/2021\/11\/martinsbrunn_lichtenburg-300x200.jpg 300w, https:\/\/www.martinsbrunn.it\/wp-content\/uploads\/2021\/11\/martinsbrunn_lichtenburg-768x512.jpg 768w, https:\/\/www.martinsbrunn.it\/wp-content\/uploads\/2021\/11\/martinsbrunn_lichtenburg-1536x1024.jpg 1536w, https:\/\/www.martinsbrunn.it\/wp-content\/uploads\/2021\/11\/martinsbrunn_lichtenburg-2048x1366.jpg 2048w, https:\/\/www.martinsbrunn.it\/wp-content\/uploads\/2021\/11\/martinsbrunn_lichtenburg-1500x1000.jpg 1500w, https:\/\/www.martinsbrunn.it\/wp-content\/uploads\/2021\/11\/martinsbrunn_lichtenburg-705x470.jpg 705w\" data-sizes=\"(max-width: 1030px) 100vw, 1030px\"  aria-label=\"immagine martinsbrunn_lichtenburg\"  id='av-masonry-2-item-800' data-av-masonry-item='800' class='av-masonry-entry isotope-item post-800 attachment type-attachment status-inherit hentry  av-masonry-item-with-image' title=\"martinsbrunn_lichtenburg\" alt=\"\"    itemprop=\"thumbnailUrl\" ><div class='av-inner-masonry-sizer'><\/div><figure class='av-inner-masonry main_color'><div class=\"av-masonry-outerimage-container\"><div class='av-masonry-image-container' style=\"background-image: url(https:\/\/www.martinsbrunn.it\/wp-content\/uploads\/2021\/11\/martinsbrunn_lichtenburg-705x470.jpg);\"  title=\"martinsbrunn_lichtenburg\" ><\/div><\/div><figcaption class='av-inner-masonry-content site-background'><div class='av-inner-masonry-content-pos'><div class='av-inner-masonry-content-pos-content'><div class='avia-arrow'><\/div><h3 class='av-masonry-entry-title entry-title '  itemprop=\"headline\" >martinsbrunn_lichtenburg<\/h3><\/div><\/div><\/figcaption><\/figure><\/a><!--end av-masonry entry--><a href=\"https:\/\/www.martinsbrunn.it\/wp-content\/uploads\/2021\/11\/martinsbrunn_grieserhof-1030x639.jpg\" data-srcset=\"https:\/\/www.martinsbrunn.it\/wp-content\/uploads\/2021\/11\/martinsbrunn_grieserhof-1030x639.jpg 1030w, https:\/\/www.martinsbrunn.it\/wp-content\/uploads\/2021\/11\/martinsbrunn_grieserhof-300x186.jpg 300w, https:\/\/www.martinsbrunn.it\/wp-content\/uploads\/2021\/11\/martinsbrunn_grieserhof-768x477.jpg 768w, https:\/\/www.martinsbrunn.it\/wp-content\/uploads\/2021\/11\/martinsbrunn_grieserhof-705x438.jpg 705w, https:\/\/www.martinsbrunn.it\/wp-content\/uploads\/2021\/11\/martinsbrunn_grieserhof.jpg 1107w\" data-sizes=\"(max-width: 1030px) 100vw, 1030px\"  aria-label=\"immagine martinsbrunn_grieserhof\"  id='av-masonry-2-item-802' data-av-masonry-item='802' class='av-masonry-entry isotope-item post-802 attachment type-attachment status-inherit hentry  av-masonry-item-with-image' title=\"martinsbrunn_grieserhof\" alt=\"\"    itemprop=\"thumbnailUrl\" ><div class='av-inner-masonry-sizer'><\/div><figure class='av-inner-masonry main_color'><div class=\"av-masonry-outerimage-container\"><div class='av-masonry-image-container' style=\"background-image: url(https:\/\/www.martinsbrunn.it\/wp-content\/uploads\/2021\/11\/martinsbrunn_grieserhof-705x438.jpg);\"  title=\"martinsbrunn_grieserhof\" ><\/div><\/div><figcaption class='av-inner-masonry-content site-background'><div class='av-inner-masonry-content-pos'><div class='av-inner-masonry-content-pos-content'><div class='avia-arrow'><\/div><h3 class='av-masonry-entry-title entry-title '  itemprop=\"headline\" >martinsbrunn_grieserhof<\/h3><\/div><\/div><\/figcaption><\/figure><\/a><!--end av-masonry entry--><\/div><\/div>\n\n<style type=\"text\/css\" data-created_by=\"avia_inline_auto\" id=\"style-css-av-kybt1pe8-d3f405a252ed9392ab541ec36323c9e1\">\n#top .av-masonry.av-kybt1pe8-d3f405a252ed9392ab541ec36323c9e1{\nbackground-color:#ffffff;\n}\n<\/style>\n<div id='av-masonry-3' class='av-masonry av-kybt1pe8-d3f405a252ed9392ab541ec36323c9e1 noHover av-fixed-size av-large-gap av-hover-overlay-active av-masonry-animation-active av-masonry-col-4 av-caption-always av-caption-style- av-masonry-gallery ' data-post_id=\"817\"><div class=\"av-masonry-container isotope av-js-disabled\"><div class='av-masonry-entry isotope-item av-masonry-item-no-image '><\/div><a href=\"https:\/\/www.martinsbrunn.it\/wp-content\/uploads\/2021\/11\/martinsbrunn_cafe-kaan-pircher_tobias_sse-9021-1030x515.jpg\" data-srcset=\"https:\/\/www.martinsbrunn.it\/wp-content\/uploads\/2021\/11\/martinsbrunn_cafe-kaan-pircher_tobias_sse-9021-1030x515.jpg 1030w, https:\/\/www.martinsbrunn.it\/wp-content\/uploads\/2021\/11\/martinsbrunn_cafe-kaan-pircher_tobias_sse-9021-300x150.jpg 300w, https:\/\/www.martinsbrunn.it\/wp-content\/uploads\/2021\/11\/martinsbrunn_cafe-kaan-pircher_tobias_sse-9021-768x384.jpg 768w, https:\/\/www.martinsbrunn.it\/wp-content\/uploads\/2021\/11\/martinsbrunn_cafe-kaan-pircher_tobias_sse-9021-705x353.jpg 705w, https:\/\/www.martinsbrunn.it\/wp-content\/uploads\/2021\/11\/martinsbrunn_cafe-kaan-pircher_tobias_sse-9021.jpg 1374w\" data-sizes=\"(max-width: 1030px) 100vw, 1030px\"  aria-label=\"immagine martinsbrunn_cafe-kaan-pircher_tobias_sse-9021\"  id='av-masonry-3-item-490' data-av-masonry-item='490' class='av-masonry-entry isotope-item post-490 attachment type-attachment status-inherit hentry  av-masonry-item-with-image' title=\"martinsbrunn_cafe-kaan-pircher_tobias_sse-9021\" alt=\"\"    itemprop=\"thumbnailUrl\" ><div class='av-inner-masonry-sizer'><\/div><figure class='av-inner-masonry main_color'><div class=\"av-masonry-outerimage-container\"><div class='av-masonry-image-container' style=\"background-image: url(https:\/\/www.martinsbrunn.it\/wp-content\/uploads\/2021\/11\/martinsbrunn_cafe-kaan-pircher_tobias_sse-9021-705x353.jpg);\"  title=\"martinsbrunn_cafe-kaan-pircher_tobias_sse-9021\" ><\/div><\/div><\/figure><\/a><!--end av-masonry entry--><a href=\"https:\/\/www.martinsbrunn.it\/wp-content\/uploads\/2021\/11\/martinsbrunn_cafe-kaan-foto_4_.jpg\" data-srcset=\"https:\/\/www.martinsbrunn.it\/wp-content\/uploads\/2021\/11\/martinsbrunn_cafe-kaan-foto_4_.jpg 1030w, https:\/\/www.martinsbrunn.it\/wp-content\/uploads\/2021\/11\/martinsbrunn_cafe-kaan-foto_4_-300x200.jpg 300w, https:\/\/www.martinsbrunn.it\/wp-content\/uploads\/2021\/11\/martinsbrunn_cafe-kaan-foto_4_-768x512.jpg 768w, https:\/\/www.martinsbrunn.it\/wp-content\/uploads\/2021\/11\/martinsbrunn_cafe-kaan-foto_4_-705x470.jpg 705w\" data-sizes=\"(max-width: 1030px) 100vw, 1030px\"  aria-label=\"immagine martinsbrunn_cafe-kaan-foto_4_\"  id='av-masonry-3-item-488' data-av-masonry-item='488' class='av-masonry-entry isotope-item post-488 attachment type-attachment status-inherit hentry  av-masonry-item-with-image' title=\"martinsbrunn_cafe-kaan-foto_4_\" alt=\"\"    itemprop=\"thumbnailUrl\" ><div class='av-inner-masonry-sizer'><\/div><figure class='av-inner-masonry main_color'><div class=\"av-masonry-outerimage-container\"><div class='av-masonry-image-container' style=\"background-image: url(https:\/\/www.martinsbrunn.it\/wp-content\/uploads\/2021\/11\/martinsbrunn_cafe-kaan-foto_4_-705x470.jpg);\"  title=\"martinsbrunn_cafe-kaan-foto_4_\" ><\/div><\/div><\/figure><\/a><!--end av-masonry entry--><a href=\"https:\/\/www.martinsbrunn.it\/wp-content\/uploads\/2021\/11\/martinsbrunn_cafe-kaan-photo-2019-07-22-14-13-13-1030x500.jpg\" data-srcset=\"https:\/\/www.martinsbrunn.it\/wp-content\/uploads\/2021\/11\/martinsbrunn_cafe-kaan-photo-2019-07-22-14-13-13-1030x500.jpg 1030w, https:\/\/www.martinsbrunn.it\/wp-content\/uploads\/2021\/11\/martinsbrunn_cafe-kaan-photo-2019-07-22-14-13-13-300x146.jpg 300w, https:\/\/www.martinsbrunn.it\/wp-content\/uploads\/2021\/11\/martinsbrunn_cafe-kaan-photo-2019-07-22-14-13-13-768x373.jpg 768w, https:\/\/www.martinsbrunn.it\/wp-content\/uploads\/2021\/11\/martinsbrunn_cafe-kaan-photo-2019-07-22-14-13-13-705x342.jpg 705w, https:\/\/www.martinsbrunn.it\/wp-content\/uploads\/2021\/11\/martinsbrunn_cafe-kaan-photo-2019-07-22-14-13-13.jpg 1415w\" data-sizes=\"(max-width: 1030px) 100vw, 1030px\"  aria-label=\"immagine martinsbrunn_cafe-kaan-photo-2019-07-22-14-13-13\"  id='av-masonry-3-item-484' data-av-masonry-item='484' class='av-masonry-entry isotope-item post-484 attachment type-attachment status-inherit hentry  av-masonry-item-with-image' title=\"martinsbrunn_cafe-kaan-photo-2019-07-22-14-13-13\" alt=\"\"    itemprop=\"thumbnailUrl\" ><div class='av-inner-masonry-sizer'><\/div><figure class='av-inner-masonry main_color'><div class=\"av-masonry-outerimage-container\"><div class='av-masonry-image-container' style=\"background-image: url(https:\/\/www.martinsbrunn.it\/wp-content\/uploads\/2021\/11\/martinsbrunn_cafe-kaan-photo-2019-07-22-14-13-13-705x342.jpg);\"  title=\"martinsbrunn_cafe-kaan-photo-2019-07-22-14-13-13\" ><\/div><\/div><\/figure><\/a><!--end av-masonry entry--><a href=\"https:\/\/www.martinsbrunn.it\/wp-content\/uploads\/2021\/11\/martinsbrunn_cafe-kaan-foto_1_.jpg\" data-srcset=\"https:\/\/www.martinsbrunn.it\/wp-content\/uploads\/2021\/11\/martinsbrunn_cafe-kaan-foto_1_.jpg 1030w, https:\/\/www.martinsbrunn.it\/wp-content\/uploads\/2021\/11\/martinsbrunn_cafe-kaan-foto_1_-300x200.jpg 300w, https:\/\/www.martinsbrunn.it\/wp-content\/uploads\/2021\/11\/martinsbrunn_cafe-kaan-foto_1_-768x513.jpg 768w, https:\/\/www.martinsbrunn.it\/wp-content\/uploads\/2021\/11\/martinsbrunn_cafe-kaan-foto_1_-705x471.jpg 705w\" data-sizes=\"(max-width: 1030px) 100vw, 1030px\"  aria-label=\"immagine martinsbrunn_cafe-kaan-foto_1_\"  id='av-masonry-3-item-486' data-av-masonry-item='486' class='av-masonry-entry isotope-item post-486 attachment type-attachment status-inherit hentry  av-masonry-item-with-image' title=\"martinsbrunn_cafe-kaan-foto_1_\" alt=\"\"    itemprop=\"thumbnailUrl\" ><div class='av-inner-masonry-sizer'><\/div><figure class='av-inner-masonry main_color'><div class=\"av-masonry-outerimage-container\"><div class='av-masonry-image-container' style=\"background-image: url(https:\/\/www.martinsbrunn.it\/wp-content\/uploads\/2021\/11\/martinsbrunn_cafe-kaan-foto_1_-705x471.jpg);\"  title=\"martinsbrunn_cafe-kaan-foto_1_\" ><\/div><\/div><\/figure><\/a><!--end av-masonry entry--><\/div><\/div>\n\n<style type=\"text\/css\" data-created_by=\"avia_inline_auto\" id=\"style-css-av-1ay19e-87694e495a8d16b466c8bcaf639a2207\">\n#top .av-special-heading.av-1ay19e-87694e495a8d16b466c8bcaf639a2207{\npadding-bottom:20px;\n}\nbody .av-special-heading.av-1ay19e-87694e495a8d16b466c8bcaf639a2207 .av-special-heading-tag .heading-char{\nfont-size:25px;\n}\n.av-special-heading.av-1ay19e-87694e495a8d16b466c8bcaf639a2207 .av-subheading{\nfont-size:24px;\n}\n<\/style>\n<div  id=\"cafe-bistro-kaan\"  class='av-special-heading av-1ay19e-87694e495a8d16b466c8bcaf639a2207 av-special-heading-h1 blockquote modern-quote modern-centered  avia-builder-el-23  el_after_av_masonry_gallery  el_before_av_one_half  avia-builder-el-first '><h1 class='av-special-heading-tag '  itemprop=\"headline\"  >Caff\u00e8 Bistro Kaan<\/h1><div class='av-subheading av-subheading_below'><p>Dove incontrarsi a Quarazze<\/p>\n<\/div><div class=\"special-heading-border\"><div class=\"special-heading-inner-border\"><\/div><\/div><\/div>\n<div class='flex_column_table av-14hs5e-99945bb3222af51f1646d5d5c50ef9b1 sc-av_one_half av-equal-height-column-flextable'><div  class='flex_column av-14hs5e-99945bb3222af51f1646d5d5c50ef9b1 av_one_half  avia-builder-el-24  el_after_av_heading  el_before_av_one_half  first flex_column_table_cell av-equal-height-column av-align-top  '     ><style type=\"text\/css\" data-created_by=\"avia_inline_auto\" id=\"style-css-av-kybs7ykd-a48eecf044b11d97b326a75092e1349b\">\n#top .avia-icon-list-container.av-kybs7ykd-a48eecf044b11d97b326a75092e1349b .iconlist_icon{\nbackground-color:#809a22;\n}\n.avia-icon-list-container.av-kybs7ykd-a48eecf044b11d97b326a75092e1349b .iconlist_content{\ncolor:#333333;\n}\n<\/style>\n<div  class='avia-icon-list-container av-kybs7ykd-a48eecf044b11d97b326a75092e1349b  avia-builder-el-25  avia-builder-el-no-sibling '><ul class='avia-icon-list avia_animate_when_almost_visible avia-icon-list-left av-iconlist-big av-kybs7ykd-a48eecf044b11d97b326a75092e1349b avia-iconlist-animate'>\n<li><div class='iconlist_icon av-kybs7tpg-c126e4ebb71fe3aa608bd54cc0b31a78 avia-font-entypo-fontello avia-iconfont avia-font-entypo-fontello'><span class='av-icon-char' data-av_icon='\ue81e' data-av_iconfont='entypo-fontello' aria-hidden=\"true\"><\/span><\/div><article class=\"article-icon-entry \"  itemscope=\"itemscope\" itemtype=\"https:\/\/schema.org\/CreativeWork\" ><div class=\"iconlist_content_wrap\"><header class=\"entry-content-header\" aria-label=\"Icona: Informazioni\"><h4 class='av_iconlist_title iconlist_title  '  itemprop=\"headline\" >Informazioni<\/h4><\/header><div class='iconlist_content av_inherit_color'  itemprop=\"text\" ><p>T <a href=\"tel:\/\/00390473205770\">0473 205770<\/a><\/p>\n<\/div><\/div><footer class=\"entry-footer\"><\/footer><\/article><div class=\"iconlist-timeline\"><\/div><\/li>\n<li><div class='iconlist_icon av-kybs4un1-21b0588c465e280048f022425a37070c avia-font-entypo-fontello avia-iconfont avia-font-entypo-fontello'><span class='av-icon-char' data-av_icon='\ue862' data-av_iconfont='entypo-fontello' aria-hidden=\"true\"><\/span><\/div><article class=\"article-icon-entry \"  itemscope=\"itemscope\" itemtype=\"https:\/\/schema.org\/CreativeWork\" ><div class=\"iconlist_content_wrap\"><header class=\"entry-content-header\" aria-label=\"Icona: Orari di apertura\"><h4 class='av_iconlist_title iconlist_title  '  itemprop=\"headline\" >Orari di apertura<\/h4><\/header><div class='iconlist_content av_inherit_color'  itemprop=\"text\" ><p><strong>Lu \u2013 Ve<\/strong> dalle ore 07.15 \u2013 17.00<br \/>\n<strong>Sa<\/strong> dalle ore 13.30 \u2013 17.00<br \/>\n<strong>Do<\/strong> chiuso<\/p>\n<\/div><\/div><footer class=\"entry-footer\"><\/footer><\/article><div class=\"iconlist-timeline\"><\/div><\/li>\n<\/ul><\/div><\/div>\n<div class='av-flex-placeholder'><\/div><div  class='flex_column av-f6loi-73eb4def15e4121ebcb6177add714a7a av_one_half  avia-builder-el-26  el_after_av_one_half  el_before_av_heading  flex_column_table_cell av-equal-height-column av-align-top  '     ><section  class='av_textblock_section av-8haya-9003f09a93a2c9766d3fc90b1d9b821c '   itemscope=\"itemscope\" itemtype=\"https:\/\/schema.org\/CreativeWork\" ><div class='avia_textblock'  itemprop=\"text\" ><p>Il nuovo Caff\u00e8 Bistro Kaan si presenta confortevole e accogliente. Il luogo ideale per gustare un cappuccino o un bicchiere di succo appena spremuto.<\/p>\n<p>Sale ampie e luminose, due accoglienti salotti e la terrazza con vista sul bellissimo parco, invitano a soffermarsi.<\/p>\n<p>Sessanta posti a sedere all\u2019interno e altrettanti sulla terrazza offrono un gradevole spazio per una pausa caff\u00e8.<\/p>\n<\/div><\/section><\/div><\/div><!--close column table wrapper. Autoclose: 1 -->\n\n<style type=\"text\/css\" data-created_by=\"avia_inline_auto\" id=\"style-css-av-kycto7t6-5ca68994ec91a1d65df2fc0c345bd4ce\">\n#top .av-special-heading.av-kycto7t6-5ca68994ec91a1d65df2fc0c345bd4ce{\npadding-bottom:30px;\n}\nbody .av-special-heading.av-kycto7t6-5ca68994ec91a1d65df2fc0c345bd4ce .av-special-heading-tag .heading-char{\nfont-size:25px;\n}\n.av-special-heading.av-kycto7t6-5ca68994ec91a1d65df2fc0c345bd4ce .av-subheading{\nfont-size:24px;\n}\n<\/style>\n<div  id=\"martinskapelle\"  class='av-special-heading av-kycto7t6-5ca68994ec91a1d65df2fc0c345bd4ce av-special-heading-h1 blockquote modern-quote modern-centered  avia-builder-el-28  el_after_av_one_half  el_before_av_video '><h1 class='av-special-heading-tag '  itemprop=\"headline\"  >Capella di San Martino<\/h1><div class='av-subheading av-subheading_below'><p>Le icone della Capella di San Martino<\/p>\n<\/div><div class=\"special-heading-border\"><div class=\"special-heading-inner-border\"><\/div><\/div><\/div>\n<div  class='avia-video av-7tt9u-5157e0a9282212072ac8a182c0b1a054 avia-video-16-9 av-html5-fullscreen-btn av-no-preview-image avia-video-load-always av-lazyload-immediate av-lazyload-video-embed'  itemprop=\"video\" itemtype=\"https:\/\/schema.org\/VideoObject\"  data-original_url='https:\/\/vimeo.com\/298111155'><script type='text\/html' class='av-video-tmpl'><div class='avia-iframe-wrap'><iframe loading=\"lazy\" title=\"Die Ikonen in der Martinskapelle Martinsbrunn\" src=\"https:\/\/player.vimeo.com\/video\/298111155?h=8e983f9c7a&amp;dnt=1&amp;app_id=122963&autoplay=0&loop=0&controls=0&muted=0\" width=\"640\" height=\"360\" frameborder=\"0\" allow=\"autoplay; fullscreen; picture-in-picture\" allowfullscreen><\/iframe><\/div><\/script><div class='av-click-to-play-overlay'><div class=\"avia_playpause_icon\"><\/div><\/div><\/div>\n","protected":false},"excerpt":{"rendered":"","protected":false},"author":1,"featured_media":276,"comment_status":"closed","ping_status":"closed","template":"","meta":{"footnotes":""},"tags":[],"portfolio_entries":[21],"class_list":["post-817","portfolio","type-portfolio","status-publish","has-post-thumbnail","hentry","portfolio_entries-ueber-uns-it"],"yoast_head":"<!-- This site is optimized with the Yoast SEO Premium plugin v27.5 (Yoast SEO v27.5) - https:\/\/yoast.com\/product\/yoast-seo-premium-wordpress\/ -->\n<title>Chi siamo - Martinsbrunn ParkClinic<\/title>\n<meta name=\"description\" content=\"Chi siamo: lo staff di Martinsbrunn si presenta. Martinsbrunn \u00e8 una struttura con una lunga tradizione e storia. Oggi, la Residenza per ...\" \/>\n<meta name=\"robots\" content=\"index, follow, max-snippet:-1, max-image-preview:large, max-video-preview:-1\" \/>\n<link rel=\"canonical\" href=\"https:\/\/www.martinsbrunn.it\/it\/fondazione-s-elisabetta\/chi-siamo\/\" \/>\n<meta property=\"og:locale\" content=\"it_IT\" \/>\n<meta property=\"og:type\" content=\"article\" \/>\n<meta property=\"og:title\" content=\"Chi siamo\" \/>\n<meta property=\"og:description\" content=\"Chi siamo: lo staff di Martinsbrunn si presenta. Martinsbrunn \u00e8 una struttura con una lunga tradizione e storia. Oggi, la Residenza per ...\" \/>\n<meta property=\"og:url\" content=\"https:\/\/www.martinsbrunn.it\/it\/fondazione-s-elisabetta\/chi-siamo\/\" \/>\n<meta property=\"og:site_name\" content=\"Martinsbrunn ParkClinic\" \/>\n<meta property=\"article:publisher\" content=\"https:\/\/www.facebook.com\/martinsbrunn.parkclinic\" \/>\n<meta property=\"article:modified_time\" content=\"2025-01-17T07:52:35+00:00\" \/>\n<meta property=\"og:image\" content=\"https:\/\/www.martinsbrunn.it\/wp-content\/uploads\/2021\/11\/martinsbrunn_titel-ueber-uns.jpg\" \/>\n\t<meta property=\"og:image:width\" content=\"1030\" \/>\n\t<meta property=\"og:image:height\" content=\"687\" \/>\n\t<meta property=\"og:image:type\" content=\"image\/jpeg\" \/>\n<meta name=\"twitter:card\" content=\"summary_large_image\" \/>\n<script type=\"application\/ld+json\" class=\"yoast-schema-graph\">{\"@context\":\"https:\\\/\\\/schema.org\",\"@graph\":[{\"@type\":\"WebPage\",\"@id\":\"https:\\\/\\\/www.martinsbrunn.it\\\/it\\\/fondazione-s-elisabetta\\\/chi-siamo\\\/\",\"url\":\"https:\\\/\\\/www.martinsbrunn.it\\\/it\\\/fondazione-s-elisabetta\\\/chi-siamo\\\/\",\"name\":\"Chi siamo - Martinsbrunn ParkClinic\",\"isPartOf\":{\"@id\":\"https:\\\/\\\/www.martinsbrunn.it\\\/it\\\/#website\"},\"primaryImageOfPage\":{\"@id\":\"https:\\\/\\\/www.martinsbrunn.it\\\/it\\\/fondazione-s-elisabetta\\\/chi-siamo\\\/#primaryimage\"},\"image\":{\"@id\":\"https:\\\/\\\/www.martinsbrunn.it\\\/it\\\/fondazione-s-elisabetta\\\/chi-siamo\\\/#primaryimage\"},\"thumbnailUrl\":\"https:\\\/\\\/www.martinsbrunn.it\\\/wp-content\\\/uploads\\\/2021\\\/11\\\/martinsbrunn_titel-ueber-uns.jpg\",\"datePublished\":\"2022-06-10T06:30:20+00:00\",\"dateModified\":\"2025-01-17T07:52:35+00:00\",\"description\":\"Chi siamo: lo staff di Martinsbrunn si presenta. Martinsbrunn \u00e8 una struttura con una lunga tradizione e storia. Oggi, la Residenza per ...\",\"breadcrumb\":{\"@id\":\"https:\\\/\\\/www.martinsbrunn.it\\\/it\\\/fondazione-s-elisabetta\\\/chi-siamo\\\/#breadcrumb\"},\"inLanguage\":\"it-IT\",\"potentialAction\":[{\"@type\":\"ReadAction\",\"target\":[\"https:\\\/\\\/www.martinsbrunn.it\\\/it\\\/fondazione-s-elisabetta\\\/chi-siamo\\\/\"]}]},{\"@type\":\"ImageObject\",\"inLanguage\":\"it-IT\",\"@id\":\"https:\\\/\\\/www.martinsbrunn.it\\\/it\\\/fondazione-s-elisabetta\\\/chi-siamo\\\/#primaryimage\",\"url\":\"https:\\\/\\\/www.martinsbrunn.it\\\/wp-content\\\/uploads\\\/2021\\\/11\\\/martinsbrunn_titel-ueber-uns.jpg\",\"contentUrl\":\"https:\\\/\\\/www.martinsbrunn.it\\\/wp-content\\\/uploads\\\/2021\\\/11\\\/martinsbrunn_titel-ueber-uns.jpg\",\"width\":1030,\"height\":687,\"caption\":\"Chi siamo\"},{\"@type\":\"BreadcrumbList\",\"@id\":\"https:\\\/\\\/www.martinsbrunn.it\\\/it\\\/fondazione-s-elisabetta\\\/chi-siamo\\\/#breadcrumb\",\"itemListElement\":[{\"@type\":\"ListItem\",\"position\":1,\"name\":\"Startseite\",\"item\":\"https:\\\/\\\/www.martinsbrunn.it\\\/it\\\/parkclinic\\\/\"},{\"@type\":\"ListItem\",\"position\":2,\"name\":\"Chi siamo\"}]},{\"@type\":\"WebSite\",\"@id\":\"https:\\\/\\\/www.martinsbrunn.it\\\/it\\\/#website\",\"url\":\"https:\\\/\\\/www.martinsbrunn.it\\\/it\\\/\",\"name\":\"Martinsbrunn ParkClinic\",\"description\":\"ParkClinic | Palliative Care | Residenza per anziani\",\"publisher\":{\"@id\":\"https:\\\/\\\/www.martinsbrunn.it\\\/it\\\/#organization\"},\"potentialAction\":[{\"@type\":\"SearchAction\",\"target\":{\"@type\":\"EntryPoint\",\"urlTemplate\":\"https:\\\/\\\/www.martinsbrunn.it\\\/it\\\/?s={search_term_string}\"},\"query-input\":{\"@type\":\"PropertyValueSpecification\",\"valueRequired\":true,\"valueName\":\"search_term_string\"}}],\"inLanguage\":\"it-IT\"},{\"@type\":\"Organization\",\"@id\":\"https:\\\/\\\/www.martinsbrunn.it\\\/it\\\/#organization\",\"name\":\"Martinsbrunn ParkClinic\",\"url\":\"https:\\\/\\\/www.martinsbrunn.it\\\/it\\\/\",\"logo\":{\"@type\":\"ImageObject\",\"inLanguage\":\"it-IT\",\"@id\":\"https:\\\/\\\/www.martinsbrunn.it\\\/it\\\/#\\\/schema\\\/logo\\\/image\\\/\",\"url\":\"https:\\\/\\\/www.martinsbrunn.it\\\/wp-content\\\/uploads\\\/2022\\\/06\\\/martinsbrunn_logo-credits.png\",\"contentUrl\":\"https:\\\/\\\/www.martinsbrunn.it\\\/wp-content\\\/uploads\\\/2022\\\/06\\\/martinsbrunn_logo-credits.png\",\"width\":1030,\"height\":687,\"caption\":\"Martinsbrunn ParkClinic\"},\"image\":{\"@id\":\"https:\\\/\\\/www.martinsbrunn.it\\\/it\\\/#\\\/schema\\\/logo\\\/image\\\/\"},\"sameAs\":[\"https:\\\/\\\/www.facebook.com\\\/martinsbrunn.parkclinic\",\"https:\\\/\\\/www.instagram.com\\\/martinsbrunn.parkclinic\\\/\"]}]}<\/script>\n<!-- \/ Yoast SEO Premium plugin. -->","yoast_head_json":{"title":"Chi siamo - Martinsbrunn ParkClinic","description":"Chi siamo: lo staff di Martinsbrunn si presenta. Martinsbrunn \u00e8 una struttura con una lunga tradizione e storia. Oggi, la Residenza per ...","robots":{"index":"index","follow":"follow","max-snippet":"max-snippet:-1","max-image-preview":"max-image-preview:large","max-video-preview":"max-video-preview:-1"},"canonical":"https:\/\/www.martinsbrunn.it\/it\/fondazione-s-elisabetta\/chi-siamo\/","og_locale":"it_IT","og_type":"article","og_title":"Chi siamo","og_description":"Chi siamo: lo staff di Martinsbrunn si presenta. Martinsbrunn \u00e8 una struttura con una lunga tradizione e storia. Oggi, la Residenza per ...","og_url":"https:\/\/www.martinsbrunn.it\/it\/fondazione-s-elisabetta\/chi-siamo\/","og_site_name":"Martinsbrunn ParkClinic","article_publisher":"https:\/\/www.facebook.com\/martinsbrunn.parkclinic","article_modified_time":"2025-01-17T07:52:35+00:00","og_image":[{"width":1030,"height":687,"url":"https:\/\/www.martinsbrunn.it\/wp-content\/uploads\/2021\/11\/martinsbrunn_titel-ueber-uns.jpg","type":"image\/jpeg"}],"twitter_card":"summary_large_image","schema":{"@context":"https:\/\/schema.org","@graph":[{"@type":"WebPage","@id":"https:\/\/www.martinsbrunn.it\/it\/fondazione-s-elisabetta\/chi-siamo\/","url":"https:\/\/www.martinsbrunn.it\/it\/fondazione-s-elisabetta\/chi-siamo\/","name":"Chi siamo - Martinsbrunn ParkClinic","isPartOf":{"@id":"https:\/\/www.martinsbrunn.it\/it\/#website"},"primaryImageOfPage":{"@id":"https:\/\/www.martinsbrunn.it\/it\/fondazione-s-elisabetta\/chi-siamo\/#primaryimage"},"image":{"@id":"https:\/\/www.martinsbrunn.it\/it\/fondazione-s-elisabetta\/chi-siamo\/#primaryimage"},"thumbnailUrl":"https:\/\/www.martinsbrunn.it\/wp-content\/uploads\/2021\/11\/martinsbrunn_titel-ueber-uns.jpg","datePublished":"2022-06-10T06:30:20+00:00","dateModified":"2025-01-17T07:52:35+00:00","description":"Chi siamo: lo staff di Martinsbrunn si presenta. Martinsbrunn \u00e8 una struttura con una lunga tradizione e storia. Oggi, la Residenza per ...","breadcrumb":{"@id":"https:\/\/www.martinsbrunn.it\/it\/fondazione-s-elisabetta\/chi-siamo\/#breadcrumb"},"inLanguage":"it-IT","potentialAction":[{"@type":"ReadAction","target":["https:\/\/www.martinsbrunn.it\/it\/fondazione-s-elisabetta\/chi-siamo\/"]}]},{"@type":"ImageObject","inLanguage":"it-IT","@id":"https:\/\/www.martinsbrunn.it\/it\/fondazione-s-elisabetta\/chi-siamo\/#primaryimage","url":"https:\/\/www.martinsbrunn.it\/wp-content\/uploads\/2021\/11\/martinsbrunn_titel-ueber-uns.jpg","contentUrl":"https:\/\/www.martinsbrunn.it\/wp-content\/uploads\/2021\/11\/martinsbrunn_titel-ueber-uns.jpg","width":1030,"height":687,"caption":"Chi siamo"},{"@type":"BreadcrumbList","@id":"https:\/\/www.martinsbrunn.it\/it\/fondazione-s-elisabetta\/chi-siamo\/#breadcrumb","itemListElement":[{"@type":"ListItem","position":1,"name":"Startseite","item":"https:\/\/www.martinsbrunn.it\/it\/parkclinic\/"},{"@type":"ListItem","position":2,"name":"Chi siamo"}]},{"@type":"WebSite","@id":"https:\/\/www.martinsbrunn.it\/it\/#website","url":"https:\/\/www.martinsbrunn.it\/it\/","name":"Martinsbrunn ParkClinic","description":"ParkClinic | Palliative Care | Residenza per anziani","publisher":{"@id":"https:\/\/www.martinsbrunn.it\/it\/#organization"},"potentialAction":[{"@type":"SearchAction","target":{"@type":"EntryPoint","urlTemplate":"https:\/\/www.martinsbrunn.it\/it\/?s={search_term_string}"},"query-input":{"@type":"PropertyValueSpecification","valueRequired":true,"valueName":"search_term_string"}}],"inLanguage":"it-IT"},{"@type":"Organization","@id":"https:\/\/www.martinsbrunn.it\/it\/#organization","name":"Martinsbrunn ParkClinic","url":"https:\/\/www.martinsbrunn.it\/it\/","logo":{"@type":"ImageObject","inLanguage":"it-IT","@id":"https:\/\/www.martinsbrunn.it\/it\/#\/schema\/logo\/image\/","url":"https:\/\/www.martinsbrunn.it\/wp-content\/uploads\/2022\/06\/martinsbrunn_logo-credits.png","contentUrl":"https:\/\/www.martinsbrunn.it\/wp-content\/uploads\/2022\/06\/martinsbrunn_logo-credits.png","width":1030,"height":687,"caption":"Martinsbrunn ParkClinic"},"image":{"@id":"https:\/\/www.martinsbrunn.it\/it\/#\/schema\/logo\/image\/"},"sameAs":["https:\/\/www.facebook.com\/martinsbrunn.parkclinic","https:\/\/www.instagram.com\/martinsbrunn.parkclinic\/"]}]}},"_links":{"self":[{"href":"https:\/\/www.martinsbrunn.it\/it\/wp-json\/wp\/v2\/portfolio\/817","targetHints":{"allow":["GET"]}}],"collection":[{"href":"https:\/\/www.martinsbrunn.it\/it\/wp-json\/wp\/v2\/portfolio"}],"about":[{"href":"https:\/\/www.martinsbrunn.it\/it\/wp-json\/wp\/v2\/types\/portfolio"}],"author":[{"embeddable":true,"href":"https:\/\/www.martinsbrunn.it\/it\/wp-json\/wp\/v2\/users\/1"}],"replies":[{"embeddable":true,"href":"https:\/\/www.martinsbrunn.it\/it\/wp-json\/wp\/v2\/comments?post=817"}],"version-history":[{"count":0,"href":"https:\/\/www.martinsbrunn.it\/it\/wp-json\/wp\/v2\/portfolio\/817\/revisions"}],"wp:featuredmedia":[{"embeddable":true,"href":"https:\/\/www.martinsbrunn.it\/it\/wp-json\/wp\/v2\/media\/276"}],"wp:attachment":[{"href":"https:\/\/www.martinsbrunn.it\/it\/wp-json\/wp\/v2\/media?parent=817"}],"wp:term":[{"taxonomy":"post_tag","embeddable":true,"href":"https:\/\/www.martinsbrunn.it\/it\/wp-json\/wp\/v2\/tags?post=817"},{"taxonomy":"portfolio_entries","embeddable":true,"href":"https:\/\/www.martinsbrunn.it\/it\/wp-json\/wp\/v2\/portfolio_entries?post=817"}],"curies":[{"name":"wp","href":"https:\/\/api.w.org\/{rel}","templated":true}]}}