{"id":939,"date":"2022-06-10T09:00:35","date_gmt":"2022-06-10T07:00:35","guid":{"rendered":"https:\/\/www.martinsbrunn.it\/?page_id=939"},"modified":"2026-04-29T09:17:09","modified_gmt":"2026-04-29T07:17:09","slug":"parkclinic","status":"publish","type":"page","link":"https:\/\/www.martinsbrunn.it\/it\/","title":{"rendered":"ParkClinic"},"content":{"rendered":"<div id='full_slider_1'  class='avia-fullwidth-slider main_color avia-shadow   avia-builder-el-0  el_before_av_heading  avia-builder-el-first   container_wrap fullsize'  ><div  class='avia-slideshow av-lv6eu2oa-26700f89c18c4bd2b31aa50cc1d1fa42 avia-slideshow-featured_large av_slideshow_full avia-fade-slider av-slideshow-ui av-control-default av-slideshow-autoplay av-loop-endless av-loop-manual-endless av-default-height-applied   avia-slideshow-1' data-slideshow-options=\"{&quot;animation&quot;:&quot;fade&quot;,&quot;autoplay&quot;:true,&quot;loop_autoplay&quot;:&quot;endless&quot;,&quot;interval&quot;:6,&quot;loop_manual&quot;:&quot;manual-endless&quot;,&quot;autoplay_stopper&quot;:false,&quot;noNavigation&quot;:false,&quot;bg_slider&quot;:false,&quot;transitionSpeed&quot;:2000,&quot;keep_padding&quot;:false,&quot;hoverpause&quot;:false,&quot;show_slide_delay&quot;:0}\"  itemprop=\"image\" itemscope=\"itemscope\" itemtype=\"https:\/\/schema.org\/ImageObject\" ><ul class='avia-slideshow-inner ' style='padding-bottom: 42.056074766355%;'><li  class='avia-slideshow-slide av-lv6eu2oa-26700f89c18c4bd2b31aa50cc1d1fa42__0  slide-1 slide-odd'><a href=\"#untersuchungen\"  data-rel='slideshow-1' class='avia-slide-wrap '   ><img decoding=\"async\" fetchpriority=\"high\" class=\"wp-image-58 avia-img-lazy-loading-not-58\"  src=\"https:\/\/www.martinsbrunn.it\/wp-content\/uploads\/2021\/11\/martinsbrunn_home-slider.jpg\" width=\"1498\" height=\"630\" title='martinsbrunn_home-slider' alt=''  itemprop=\"thumbnailUrl\"  style='min-height:300px; min-width:714px; ' srcset=\"https:\/\/www.martinsbrunn.it\/wp-content\/uploads\/2021\/11\/martinsbrunn_home-slider.jpg 1500w, https:\/\/www.martinsbrunn.it\/wp-content\/uploads\/2021\/11\/martinsbrunn_home-slider-300x126.jpg 300w, https:\/\/www.martinsbrunn.it\/wp-content\/uploads\/2021\/11\/martinsbrunn_home-slider-1030x433.jpg 1030w, https:\/\/www.martinsbrunn.it\/wp-content\/uploads\/2021\/11\/martinsbrunn_home-slider-768x323.jpg 768w, https:\/\/www.martinsbrunn.it\/wp-content\/uploads\/2021\/11\/martinsbrunn_home-slider-705x297.jpg 705w\" sizes=\"(max-width: 1498px) 100vw, 1498px\" \/><\/a><\/li><li  class='avia-slideshow-slide av-lv6eu2oa-26700f89c18c4bd2b31aa50cc1d1fa42__1  slide-2 slide-even'><a href=\"#untersuchungen\"  data-rel='slideshow-1' class='avia-slide-wrap '   ><img decoding=\"async\" fetchpriority=\"high\" class=\"wp-image-384 avia-img-lazy-loading-not-384\"  src=\"https:\/\/www.martinsbrunn.it\/wp-content\/uploads\/2021\/11\/martinsbrunn_home-slider-innere-medizin.jpg\" width=\"1500\" height=\"630\" title='martinsbrunn_home-slider-innere-medizin' alt=''  itemprop=\"thumbnailUrl\"  style='min-height:300px; min-width:715px; ' srcset=\"https:\/\/www.martinsbrunn.it\/wp-content\/uploads\/2021\/11\/martinsbrunn_home-slider-innere-medizin.jpg 1500w, https:\/\/www.martinsbrunn.it\/wp-content\/uploads\/2021\/11\/martinsbrunn_home-slider-innere-medizin-300x126.jpg 300w, https:\/\/www.martinsbrunn.it\/wp-content\/uploads\/2021\/11\/martinsbrunn_home-slider-innere-medizin-1030x433.jpg 1030w, https:\/\/www.martinsbrunn.it\/wp-content\/uploads\/2021\/11\/martinsbrunn_home-slider-innere-medizin-768x323.jpg 768w, https:\/\/www.martinsbrunn.it\/wp-content\/uploads\/2021\/11\/martinsbrunn_home-slider-innere-medizin-705x296.jpg 705w\" sizes=\"(max-width: 1500px) 100vw, 1500px\" \/><\/a><\/li><li  class='avia-slideshow-slide av-lv6eu2oa-26700f89c18c4bd2b31aa50cc1d1fa42__2  slide-3 slide-odd'><a href=\"#untersuchungen\"  data-rel='slideshow-1' class='avia-slide-wrap '   ><img decoding=\"async\" fetchpriority=\"high\" class=\"wp-image-386 avia-img-lazy-loading-not-386\"  src=\"https:\/\/www.martinsbrunn.it\/wp-content\/uploads\/2021\/11\/martinsbrunn_home-slider-physiotherapie.jpg\" width=\"1500\" height=\"630\" title='martinsbrunn_home-slider-physiotherapie' alt=''  itemprop=\"thumbnailUrl\"  style='min-height:300px; min-width:715px; ' srcset=\"https:\/\/www.martinsbrunn.it\/wp-content\/uploads\/2021\/11\/martinsbrunn_home-slider-physiotherapie.jpg 1500w, https:\/\/www.martinsbrunn.it\/wp-content\/uploads\/2021\/11\/martinsbrunn_home-slider-physiotherapie-300x126.jpg 300w, https:\/\/www.martinsbrunn.it\/wp-content\/uploads\/2021\/11\/martinsbrunn_home-slider-physiotherapie-1030x433.jpg 1030w, https:\/\/www.martinsbrunn.it\/wp-content\/uploads\/2021\/11\/martinsbrunn_home-slider-physiotherapie-768x323.jpg 768w, https:\/\/www.martinsbrunn.it\/wp-content\/uploads\/2021\/11\/martinsbrunn_home-slider-physiotherapie-705x296.jpg 705w\" sizes=\"(max-width: 1500px) 100vw, 1500px\" \/><\/a><\/li><li  class='avia-slideshow-slide av-lv6eu2oa-26700f89c18c4bd2b31aa50cc1d1fa42__3  slide-4 slide-even'><div data-rel='slideshow-1' class='avia-slide-wrap '   ><img decoding=\"async\" fetchpriority=\"high\" class=\"wp-image-3544 avia-img-lazy-loading-not-3544\"  src=\"https:\/\/www.martinsbrunn.it\/wp-content\/uploads\/2024\/04\/Slider-Homepage.png\" width=\"1500\" height=\"630\" title='Slider Homepage' alt=''  itemprop=\"thumbnailUrl\"  style='min-height:300px; min-width:715px; ' srcset=\"https:\/\/www.martinsbrunn.it\/wp-content\/uploads\/2024\/04\/Slider-Homepage.png 1500w, https:\/\/www.martinsbrunn.it\/wp-content\/uploads\/2024\/04\/Slider-Homepage-300x126.png 300w, https:\/\/www.martinsbrunn.it\/wp-content\/uploads\/2024\/04\/Slider-Homepage-1030x433.png 1030w, https:\/\/www.martinsbrunn.it\/wp-content\/uploads\/2024\/04\/Slider-Homepage-768x323.png 768w, https:\/\/www.martinsbrunn.it\/wp-content\/uploads\/2024\/04\/Slider-Homepage-705x296.png 705w\" sizes=\"(max-width: 1500px) 100vw, 1500px\" \/><\/div><\/li><\/ul><div class='avia-slideshow-arrows avia-slideshow-controls' ><a href='#prev' class='prev-slide  avia-svg-icon avia-font-svg_entypo-fontello' data-av_svg_icon='left-open-big' data-av_iconset='svg_entypo-fontello' tabindex='-1' title=\"Prec\"><svg version=\"1.1\" xmlns=\"http:\/\/www.w3.org\/2000\/svg\" width=\"15\" height=\"32\" viewBox=\"0 0 15 32\" preserveAspectRatio=\"xMidYMid meet\" aria-labelledby='av-svg-title-1' aria-describedby='av-svg-desc-1' role=\"graphics-symbol\" aria-hidden=\"true\">\n<title id='av-svg-title-1'>Prec<\/title>\n<desc id='av-svg-desc-1'>Prec<\/desc>\n<path d=\"M14.464 27.84q0.832 0.832 0 1.536-0.832 0.832-1.536 0l-12.544-12.608q-0.768-0.768 0-1.6l12.544-12.608q0.704-0.832 1.536 0 0.832 0.704 0 1.536l-11.456 11.904z\"><\/path>\n<\/svg><span class='avia_hidden_link_text'>Prec<\/span><\/a><a href='#next' class='next-slide  avia-svg-icon avia-font-svg_entypo-fontello' data-av_svg_icon='right-open-big' data-av_iconset='svg_entypo-fontello' tabindex='-1' title=\"Succ\"><svg version=\"1.1\" xmlns=\"http:\/\/www.w3.org\/2000\/svg\" width=\"15\" height=\"32\" viewBox=\"0 0 15 32\" preserveAspectRatio=\"xMidYMid meet\" aria-labelledby='av-svg-title-2' aria-describedby='av-svg-desc-2' role=\"graphics-symbol\" aria-hidden=\"true\">\n<title id='av-svg-title-2'>Succ<\/title>\n<desc id='av-svg-desc-2'>Succ<\/desc>\n<path d=\"M0.416 27.84l11.456-11.84-11.456-11.904q-0.832-0.832 0-1.536 0.832-0.832 1.536 0l12.544 12.608q0.768 0.832 0 1.6l-12.544 12.608q-0.704 0.832-1.536 0-0.832-0.704 0-1.536z\"><\/path>\n<\/svg><span class='avia_hidden_link_text'>Succ<\/span><\/a><\/div><div class='avia-slideshow-dots avia-slideshow-controls'><a href='#1' class='goto-slide active' >1<\/a><a href='#2' class='goto-slide ' >2<\/a><a href='#3' class='goto-slide ' >3<\/a><a href='#4' class='goto-slide ' >4<\/a><\/div><\/div><\/div><div id='after_full_slider_1'  class='main_color av_default_container_wrap container_wrap fullsize'  ><div class='container av-section-cont-open' ><div class='template-page content  av-content-full alpha units'><div class='post-entry post-entry-type-page post-entry-939'><div class='entry-content-wrapper clearfix'>\n\n<style type=\"text\/css\" data-created_by=\"avia_inline_auto\" id=\"style-css-av-2yk8w3-7fcae2f0760a7136a388629f1c9d78bc\">\n#top .av-special-heading.av-2yk8w3-7fcae2f0760a7136a388629f1c9d78bc{\npadding-bottom:10px;\n}\nbody .av-special-heading.av-2yk8w3-7fcae2f0760a7136a388629f1c9d78bc .av-special-heading-tag .heading-char{\nfont-size:25px;\n}\n.av-special-heading.av-2yk8w3-7fcae2f0760a7136a388629f1c9d78bc .av-subheading{\nfont-size:24px;\n}\n<\/style>\n<div  class='av-special-heading av-2yk8w3-7fcae2f0760a7136a388629f1c9d78bc av-special-heading-h1 blockquote modern-quote modern-centered  avia-builder-el-1  el_after_av_slideshow_full  el_before_av_textblock  avia-builder-el-first '><h1 class='av-special-heading-tag '  itemprop=\"headline\"  >Benvenuti in Martinsbrunn!<\/h1><div class='av-subheading av-subheading_below'><p>Accanto alle persone<\/p>\n<\/div><div class=\"special-heading-border\"><div class=\"special-heading-inner-border\"><\/div><\/div><\/div>\n\n<style type=\"text\/css\" data-created_by=\"avia_inline_auto\" id=\"style-css-av-tblxeb-7a3d63d362fe7881f6f9b4dcf9fce89a\">\n#top .av_textblock_section.av-tblxeb-7a3d63d362fe7881f6f9b4dcf9fce89a .avia_textblock{\nfont-size:20px;\n}\n<\/style>\n<section  class='av_textblock_section av-tblxeb-7a3d63d362fe7881f6f9b4dcf9fce89a '   itemscope=\"itemscope\" itemtype=\"https:\/\/schema.org\/CreativeWork\" ><div class='avia_textblock'  itemprop=\"text\" ><p style=\"text-align: center;\">Negli ambulatori specialistici della Martinsbrunn ParkClinic offriamo assistenza sanitaria completa e individualizzata, attraverso le pi\u00f9 moderne tecniche diagnostiche.<\/p>\n<p style=\"text-align: center;\">La Struttura \u00e8 gestita dalla Fondazione S. Elisabetta. Fedeli al nostro motto: <em>&#8220;Accanto alle persone&#8221;<\/em>, assistiamo le persone nelle diverse fasi della loro vita. Dall&#8217;assistenza specialistica della ParkClinic, alla residenza per anziani fino al reparto di cure palliative.<\/p>\n<\/div><\/section>\n<div class='flex_column_table av-lpgof59a-f82ce3f12bdd7cd1d8ce8e0748db9aca sc-av_one_half av-break-at-tablet-flextable av-equal-height-column-flextable'><div  class='flex_column av-lpgof59a-f82ce3f12bdd7cd1d8ce8e0748db9aca av_one_half  avia-builder-el-3  el_after_av_textblock  el_before_av_one_half  first av-break-at-tablet flex_column_table_cell av-equal-height-column av-align-top av-hide-on-mobile  column-top-margin'     ><style type=\"text\/css\" data-created_by=\"avia_inline_auto\" id=\"style-css-av-2wxdaj-4360204196d8bb59e309e0eadfabd5d8\">\n.iconbox.av-2wxdaj-4360204196d8bb59e309e0eadfabd5d8 .iconbox_icon{\nbackground-color:#809a22;\n}\n#top #wrap_all .iconbox.av-2wxdaj-4360204196d8bb59e309e0eadfabd5d8 .iconbox_content_title{\nfont-size:34px;\n}\n.iconbox.av-2wxdaj-4360204196d8bb59e309e0eadfabd5d8 .iconbox_content_container{\nfont-size:18px;\n}\n<\/style>\n<article  id=\"box-vorsorge\"  class='iconbox iconbox_top av-2wxdaj-4360204196d8bb59e309e0eadfabd5d8  avia-builder-el-4  avia-builder-el-no-sibling  main_color'  itemscope=\"itemscope\" itemtype=\"https:\/\/schema.org\/CreativeWork\" ><div class=\"iconbox_content\"><header class=\"entry-content-header\" aria-label=\"Icona: La Martinsbrunn ParkClinic a Merano\"><div class='iconbox_icon heading-color avia-iconfont avia-font-entypo-fontello' data-av_icon='\ue8b9' data-av_iconfont='entypo-fontello'  ><\/div><h3 class='iconbox_content_title '  itemprop=\"headline\" >La Martinsbrunn ParkClinic a Merano<\/h3><\/header><div class='iconbox_content_container '  itemprop=\"text\" ><p style=\"text-align: left;\"><strong>Nei nostri ambulatori offriamo una gamma completa di prestazioni mediche.<\/strong><\/p>\n<p style=\"text-align: left;\">La Martinsbrunn ParkClinic a Merano propone consulenze specialistiche e servizi diagnostici nei settori della medicina interna, della cardiologia, della pneumologia, della dermatologia, dell&#8217;urologia, della ginecologia, della medicina complementare, dell&#8217;otorinolaringoiatria oltre che trattamenti laser.<\/p>\n<p style=\"text-align: left;\">Inoltre, vengono offerti servizi terapeutici nei settori della fisioterapia, della terapia occupazionale e della psicologia. Inoltre \u00e8 possibile eseguire prelievi del sangue e esami di laboratorio.<\/p>\n<\/div><\/div><footer class=\"entry-footer\"><\/footer><\/article><\/div>\n<div class='av-flex-placeholder'><\/div><div  class='flex_column av-lpgofd92-ec8bdcd37fda32d852f58ead06f31fe8 av_one_half  avia-builder-el-5  el_after_av_one_half  el_before_av_textblock  av-break-at-tablet flex_column_table_cell av-equal-height-column av-align-top av-hide-on-mobile  column-top-margin'     ><style type=\"text\/css\" data-created_by=\"avia_inline_auto\" id=\"style-css-av-szujvv-4af66eb2b5fa69b38b3327a9ff3bded9\">\n.iconbox.av-szujvv-4af66eb2b5fa69b38b3327a9ff3bded9 .iconbox_icon{\nbackground-color:#809a22;\n}\n#top #wrap_all .iconbox.av-szujvv-4af66eb2b5fa69b38b3327a9ff3bded9 .iconbox_content_title{\nfont-size:34px;\n}\n.iconbox.av-szujvv-4af66eb2b5fa69b38b3327a9ff3bded9 .iconbox_content_container{\nfont-size:18px;\n}\n<\/style>\n<article  id=\"box-praevention\"  class='iconbox iconbox_top av-szujvv-4af66eb2b5fa69b38b3327a9ff3bded9  avia-builder-el-6  avia-builder-el-no-sibling  main_color'  itemscope=\"itemscope\" itemtype=\"https:\/\/schema.org\/CreativeWork\" ><div class=\"iconbox_content\"><header class=\"entry-content-header\" aria-label=\"Icona: Centro di Cardiologia e Medicina Interna\"><div class='iconbox_icon heading-color avia-iconfont avia-font-entypo-fontello' data-av_icon='\ue826' data-av_iconfont='entypo-fontello'  ><\/div><h3 class='iconbox_content_title '  itemprop=\"headline\" >Centro di Cardiologia e Medicina Interna<\/h3><\/header><div class='iconbox_content_container '  itemprop=\"text\" ><p style=\"text-align: left;\"><strong>Il nostro Centro di Cardiologia e Medicina Interna offre visite specialistiche complete attraverso moderni strumenti diagnostici.<\/strong><\/p>\n<p style=\"text-align: left;\">Alla Martinsbrunn ParkClinic, il nostro team di specialisti in medicina interna, cardiologia e pneumologia propone un&#8217;ampia gamma di prestazioni.<\/p>\n<p style=\"text-align: left;\">Grazie alla collaborazione interdisciplinare garantiamo ai nostri pazienti una valutazione dettagliata del loro quadro clinico.<\/p>\n<p style=\"text-align: left;\">Oltre alle visite specialistiche, la clinica esegue check up completi nei settori della medicina interna, della cardiologia e della pneumologia.<\/p>\n<\/div><\/div><footer class=\"entry-footer\"><\/footer><\/article><\/div><\/div><!--close column table wrapper. Autoclose: 1 -->\n\n<style type=\"text\/css\" data-created_by=\"avia_inline_auto\" id=\"style-css-av-locrqu86-ab1cda29129f52cbac859e4de57941a4\">\n#top .av_textblock_section.av-locrqu86-ab1cda29129f52cbac859e4de57941a4 .avia_textblock{\nfont-size:20px;\n}\n<\/style>\n<section  class='av_textblock_section av-locrqu86-ab1cda29129f52cbac859e4de57941a4 '   itemscope=\"itemscope\" itemtype=\"https:\/\/schema.org\/CreativeWork\" ><div class='avia_textblock'  itemprop=\"text\" ><\/div><\/section>\n\n<style type=\"text\/css\" data-created_by=\"avia_inline_auto\" id=\"style-css-av-loyiwrty-e2c4b46f8ab587067e9eb3e8c7421596\">\n#top .av_textblock_section.av-loyiwrty-e2c4b46f8ab587067e9eb3e8c7421596 .avia_textblock{\nfont-size:20px;\n}\n<\/style>\n<section  class='av_textblock_section av-loyiwrty-e2c4b46f8ab587067e9eb3e8c7421596 '   itemscope=\"itemscope\" itemtype=\"https:\/\/schema.org\/CreativeWork\" ><div class='avia_textblock'  itemprop=\"text\" ><p><strong>Rimborso indiretto da parte del Servizio Sanitario dell&#8217;Alto Adige:<\/strong><\/p>\n<p>Il Servizio Sanitario Provinciale contribuisce ai costi di alcune prestazione erogate in strutture private. Per alcuni prestazioni ambulatoriali e diagnostiche \u00e8 previsto un rimborso di 50\u20ac. L&#8217;unico requisito \u00e8 la presentazione di una prescrizione medica rilasciata dall&#8217;ospedale o dal medico di famiglia. Maggiori informazioni solo disponibili <a href=\"https:\/\/home.asdaa.it\/it\/rimborso-per-prestazioni-sanitarie.asp\" target=\"_blank\" rel=\"noopener\">qui<\/a>.<\/p>\n<p>Attualmente al Martinsbrunn ParkClinic sono disponibili le seguenti prestazioni rimborsabili:<\/p>\n<\/div><\/section>\n<div class='avia-data-table-wrap av-svo0wj-d4c93b0161d0daccc812c7ab08b745ba avia_scrollable_table avia-table-1'><table  class='avia-table avia-data-table avia_pricing_default  avia-builder-el-9  el_after_av_textblock  el_before_av_layout_row  avia-builder-el-last '  itemscope=\"itemscope\" itemtype=\"https:\/\/schema.org\/Table\" ><tbody><tr class=''><td class=''>Prestazione<\/td><td class=''>Prezzo<\/td><td class=''>Rimborso indiretto<\/td><td class=''>Costo per il paziente<\/td><\/tr><tr class=''><td class=''>Gastroscopia<\/td><td class=''>240 \u20ac<br \/>\n(pi\u00f9 eventuale biopsia)<\/td><td class=''>50 \u20ac<\/td><td class=''>190 \u20ac<\/td><\/tr><tr class=''><td class=''>Colonscopia<\/td><td class=''>320\u20ac (pi\u00f9 eventuale biopsia e\/o polipectomia)<\/td><td class=''>50 \u20ac <\/td><td class=''>270 \u20ac<\/td><\/tr><tr class=''><td class=''>Visita dermatologica<\/td><td class=''>130 \u20ac<\/td><td class=''>50 \u20ac<\/td><td class=''>80 \u20ac<\/td><\/tr><tr class=''><td class=''>Visita otorinolaringoiatrica<\/td><td class=''>90 \u20ac<\/td><td class=''>50 \u20ac<\/td><td class=''>40 \u20ac<\/td><\/tr><tr class=''><td class=''>Visita gastroenterologica<\/td><td class=''>130\u20ac<\/td><td class=''>50\u20ac<\/td><td class=''>80\u20ac<\/td><\/tr><tr class=''><td class=''>Visita neurochirurgica<\/td><td class=''>150\u20ac<\/td><td class=''>50\u20ac<\/td><td class=''>100\u20ac<\/td><\/tr><tr class=''><td class=''>Visita neurologica<\/td><td class=''>140\u20ac<\/td><td class=''>50\u20ac<\/td><td class=''>90\u20ac<\/td><\/tr><tr class=''><td class=''>Visita ortopedica <\/td><td class=''>115\u20ac<\/td><td class=''>50\u20ac<\/td><td class=''>65\u20ac<\/td><\/tr><tr class=''><td class=''>Visita urologica<\/td><td class=''>170\u20ac<\/td><td class=''>50\u20ac<\/td><td class=''>120\u20ac<\/td><\/tr><tr class=''><td class=''>Visita oculistica<\/td><td class=''>120\u20ac<\/td><td class=''>50\u20ac<\/td><td class=''>70\u20ac<\/td><\/tr><tr class=''><td class=''>Visita cardiologica con ecg<\/td><td class=''>140\u20ac<\/td><td class=''>50\u20ac<\/td><td class=''>90\u20ac<\/td><\/tr><tr class=''><td class=''>Ecocolordoppler dei tronchi sovraaortici<\/td><td class=''>120\u20ac<\/td><td class=''>50\u20ac<\/td><td class=''>70\u20ac<\/td><\/tr><\/tbody><\/table><\/div>\n<\/div><\/div><\/div><!-- close content main div --><\/div><\/div><div id='foto-tab'  class='av-layout-grid-container av-7by9n-243a78a0465e88383e965ac012ec7d3b entry-content-wrapper main_color av-flex-cells  avia-builder-el-10  el_after_av_table  el_before_av_codeblock  grid-row-not-first av-mini-hide container_wrap fullsize'  >\n<div class='flex_cell av-k9k57n-77fb9bf8a29b6f1c4edfa8d08045be82 av-gridrow-cell av_one_full no_margin  avia-builder-el-11  avia-builder-el-no-sibling '  ><div class='flex_cell_inner'>\n<style type=\"text\/css\" data-created_by=\"avia_inline_auto\" id=\"style-css-av-m5gv2isl-2af3dfb0682159c791abf2034d9c4707\">\n#top .avia-gallery.av-m5gv2isl-2af3dfb0682159c791abf2034d9c4707 .avia-gallery-thumb a{\nwidth:12.5%;\n}\n<\/style>\n<div  class='avia-gallery av-m5gv2isl-2af3dfb0682159c791abf2034d9c4707 avia_animate_when_visible  avia-builder-el-12  avia-builder-el-no-sibling  foto-tab deactivate_avia_lazyload avia-gallery-animate avia-gallery-1'  itemprop=\"image\" itemscope=\"itemscope\" itemtype=\"https:\/\/schema.org\/ImageObject\" ><meta itemprop=\"contentURL\" content=\"https:\/\/www.martinsbrunn.it\/it\/\"><div class='avia-gallery-thumb'><a href=\"https:\/\/www.martinsbrunn.it\/it\/#pneumologia-e-allergologia\" data-srcset=\"https:\/\/www.martinsbrunn.it\/wp-content\/uploads\/2022\/01\/pneumologie_DSC06317.jpg 1030w, https:\/\/www.martinsbrunn.it\/wp-content\/uploads\/2022\/01\/pneumologie_DSC06317-300x200.jpg 300w, https:\/\/www.martinsbrunn.it\/wp-content\/uploads\/2022\/01\/pneumologie_DSC06317-768x512.jpg 768w, https:\/\/www.martinsbrunn.it\/wp-content\/uploads\/2022\/01\/pneumologie_DSC06317-705x470.jpg 705w\" data-sizes=\"(max-width: 1030px) 100vw, 1030px\" data-rel='gallery-1' data-prev-img='https:\/\/www.martinsbrunn.it\/wp-content\/uploads\/2022\/01\/pneumologie_DSC06317-495x400.jpg' class='first_thumb custom_link ' data-onclick='1' title='pneumologie_DSC06317'  itemprop=\"thumbnailUrl\"  ><img decoding=\"async\" fetchpriority=\"high\" class=\"wp-image-701 avia-img-lazy-loading-not-701\"   src=\"https:\/\/www.martinsbrunn.it\/wp-content\/uploads\/2022\/01\/pneumologie_DSC06317-495x400.jpg\" width=\"495\" height=\"400\"  title='pneumologie_DSC06317' alt='' srcset=\"https:\/\/www.martinsbrunn.it\/wp-content\/uploads\/2022\/01\/pneumologie_DSC06317-495x400.jpg 495w, https:\/\/www.martinsbrunn.it\/wp-content\/uploads\/2022\/01\/pneumologie_DSC06317-845x684.jpg 845w\" sizes=\"(max-width: 495px) 100vw, 495px\" \/><div class='big-prev-fake'><img decoding=\"async\" loading=\"lazy\" class=\"wp-image-701 avia-img-lazy-loading-701\"  width=\"495\" height=\"400\" src=\"https:\/\/www.martinsbrunn.it\/wp-content\/uploads\/2022\/01\/pneumologie_DSC06317-495x400.jpg\" title='pneumologie_DSC06317' alt='' srcset=\"https:\/\/www.martinsbrunn.it\/wp-content\/uploads\/2022\/01\/pneumologie_DSC06317-495x400.jpg 495w, https:\/\/www.martinsbrunn.it\/wp-content\/uploads\/2022\/01\/pneumologie_DSC06317-845x684.jpg 845w\" sizes=\"auto, (max-width: 495px) 100vw, 495px\" \/><\/div><\/a><a href=\"https:\/\/www.martinsbrunn.it\/wp-content\/uploads\/2025\/10\/5.jpg\" data-srcset=\"https:\/\/www.martinsbrunn.it\/wp-content\/uploads\/2025\/10\/5.jpg 1030w, https:\/\/www.martinsbrunn.it\/wp-content\/uploads\/2025\/10\/5-300x200.jpg 300w, https:\/\/www.martinsbrunn.it\/wp-content\/uploads\/2025\/10\/5-768x512.jpg 768w, https:\/\/www.martinsbrunn.it\/wp-content\/uploads\/2025\/10\/5-705x470.jpg 705w\" data-sizes=\"(max-width: 1030px) 100vw, 1030px\" data-rel='gallery-1' data-prev-img='https:\/\/www.martinsbrunn.it\/wp-content\/uploads\/2025\/10\/5-495x400.jpg' class='custom_link ' data-onclick='2' title='5'  itemprop=\"thumbnailUrl\"  ><img decoding=\"async\" fetchpriority=\"high\" class=\"wp-image-4873 avia-img-lazy-loading-not-4873\"   src=\"https:\/\/www.martinsbrunn.it\/wp-content\/uploads\/2025\/10\/5-495x400.jpg\" width=\"495\" height=\"400\"  title='5' alt='' srcset=\"https:\/\/www.martinsbrunn.it\/wp-content\/uploads\/2025\/10\/5-495x400.jpg 495w, https:\/\/www.martinsbrunn.it\/wp-content\/uploads\/2025\/10\/5-845x684.jpg 845w\" sizes=\"(max-width: 495px) 100vw, 495px\" \/><div class='big-prev-fake'><img decoding=\"async\" loading=\"lazy\" class=\"wp-image-4873 avia-img-lazy-loading-4873\"  width=\"495\" height=\"400\" src=\"https:\/\/www.martinsbrunn.it\/wp-content\/uploads\/2025\/10\/5-495x400.jpg\" title='5' alt='' srcset=\"https:\/\/www.martinsbrunn.it\/wp-content\/uploads\/2025\/10\/5-495x400.jpg 495w, https:\/\/www.martinsbrunn.it\/wp-content\/uploads\/2025\/10\/5-845x684.jpg 845w\" sizes=\"auto, (max-width: 495px) 100vw, 495px\" \/><\/div><\/a><a href=\"https:\/\/www.martinsbrunn.it\/it\/#dermatologia\" data-srcset=\"https:\/\/www.martinsbrunn.it\/wp-content\/uploads\/2022\/01\/dermatologie_DSC06243.jpg 1030w, https:\/\/www.martinsbrunn.it\/wp-content\/uploads\/2022\/01\/dermatologie_DSC06243-300x200.jpg 300w, https:\/\/www.martinsbrunn.it\/wp-content\/uploads\/2022\/01\/dermatologie_DSC06243-768x512.jpg 768w, https:\/\/www.martinsbrunn.it\/wp-content\/uploads\/2022\/01\/dermatologie_DSC06243-705x470.jpg 705w\" data-sizes=\"(max-width: 1030px) 100vw, 1030px\" data-rel='gallery-1' data-prev-img='https:\/\/www.martinsbrunn.it\/wp-content\/uploads\/2022\/01\/dermatologie_DSC06243-495x400.jpg' class='custom_link ' data-onclick='3' title='dermatologie_DSC06243'  itemprop=\"thumbnailUrl\"  ><img decoding=\"async\" fetchpriority=\"high\" class=\"wp-image-679 avia-img-lazy-loading-not-679\"   src=\"https:\/\/www.martinsbrunn.it\/wp-content\/uploads\/2022\/01\/dermatologie_DSC06243-495x400.jpg\" width=\"495\" height=\"400\"  title='dermatologie_DSC06243' alt='' srcset=\"https:\/\/www.martinsbrunn.it\/wp-content\/uploads\/2022\/01\/dermatologie_DSC06243-495x400.jpg 495w, https:\/\/www.martinsbrunn.it\/wp-content\/uploads\/2022\/01\/dermatologie_DSC06243-845x684.jpg 845w\" sizes=\"(max-width: 495px) 100vw, 495px\" \/><div class='big-prev-fake'><img decoding=\"async\" loading=\"lazy\" class=\"wp-image-679 avia-img-lazy-loading-679\"  width=\"495\" height=\"400\" src=\"https:\/\/www.martinsbrunn.it\/wp-content\/uploads\/2022\/01\/dermatologie_DSC06243-495x400.jpg\" title='dermatologie_DSC06243' alt='' srcset=\"https:\/\/www.martinsbrunn.it\/wp-content\/uploads\/2022\/01\/dermatologie_DSC06243-495x400.jpg 495w, https:\/\/www.martinsbrunn.it\/wp-content\/uploads\/2022\/01\/dermatologie_DSC06243-845x684.jpg 845w\" sizes=\"auto, (max-width: 495px) 100vw, 495px\" \/><\/div><\/a><a href=\"https:\/\/www.martinsbrunn.it\/it\/#pneumologia-e-allergologia\" data-srcset=\"https:\/\/www.martinsbrunn.it\/wp-content\/uploads\/2022\/01\/pneumologie_DSC06310.jpg 1030w, https:\/\/www.martinsbrunn.it\/wp-content\/uploads\/2022\/01\/pneumologie_DSC06310-300x200.jpg 300w, https:\/\/www.martinsbrunn.it\/wp-content\/uploads\/2022\/01\/pneumologie_DSC06310-768x512.jpg 768w, https:\/\/www.martinsbrunn.it\/wp-content\/uploads\/2022\/01\/pneumologie_DSC06310-705x470.jpg 705w\" data-sizes=\"(max-width: 1030px) 100vw, 1030px\" data-rel='gallery-1' data-prev-img='https:\/\/www.martinsbrunn.it\/wp-content\/uploads\/2022\/01\/pneumologie_DSC06310-495x400.jpg' class='custom_link ' data-onclick='4' title='pneumologie_DSC06310'  itemprop=\"thumbnailUrl\"  ><img decoding=\"async\" fetchpriority=\"high\" class=\"wp-image-699 avia-img-lazy-loading-not-699\"   src=\"https:\/\/www.martinsbrunn.it\/wp-content\/uploads\/2022\/01\/pneumologie_DSC06310-495x400.jpg\" width=\"495\" height=\"400\"  title='pneumologie_DSC06310' alt='' srcset=\"https:\/\/www.martinsbrunn.it\/wp-content\/uploads\/2022\/01\/pneumologie_DSC06310-495x400.jpg 495w, https:\/\/www.martinsbrunn.it\/wp-content\/uploads\/2022\/01\/pneumologie_DSC06310-845x684.jpg 845w\" sizes=\"(max-width: 495px) 100vw, 495px\" \/><div class='big-prev-fake'><img decoding=\"async\" loading=\"lazy\" class=\"wp-image-699 avia-img-lazy-loading-699\"  width=\"495\" height=\"400\" src=\"https:\/\/www.martinsbrunn.it\/wp-content\/uploads\/2022\/01\/pneumologie_DSC06310-495x400.jpg\" title='pneumologie_DSC06310' alt='' srcset=\"https:\/\/www.martinsbrunn.it\/wp-content\/uploads\/2022\/01\/pneumologie_DSC06310-495x400.jpg 495w, https:\/\/www.martinsbrunn.it\/wp-content\/uploads\/2022\/01\/pneumologie_DSC06310-845x684.jpg 845w\" sizes=\"auto, (max-width: 495px) 100vw, 495px\" \/><\/div><\/a><a href=\"https:\/\/www.martinsbrunn.it\/it\/#medicina-complementare\" data-srcset=\"https:\/\/www.martinsbrunn.it\/wp-content\/uploads\/2022\/01\/komplementaermedizin_DSC06373.jpg 1030w, https:\/\/www.martinsbrunn.it\/wp-content\/uploads\/2022\/01\/komplementaermedizin_DSC06373-300x200.jpg 300w, https:\/\/www.martinsbrunn.it\/wp-content\/uploads\/2022\/01\/komplementaermedizin_DSC06373-768x512.jpg 768w, https:\/\/www.martinsbrunn.it\/wp-content\/uploads\/2022\/01\/komplementaermedizin_DSC06373-705x470.jpg 705w\" data-sizes=\"(max-width: 1030px) 100vw, 1030px\" data-rel='gallery-1' data-prev-img='https:\/\/www.martinsbrunn.it\/wp-content\/uploads\/2022\/01\/komplementaermedizin_DSC06373-495x400.jpg' class='custom_link ' data-onclick='5' title='komplementaermedizin_DSC06373'  itemprop=\"thumbnailUrl\"  ><img decoding=\"async\" fetchpriority=\"high\" class=\"wp-image-695 avia-img-lazy-loading-not-695\"   src=\"https:\/\/www.martinsbrunn.it\/wp-content\/uploads\/2022\/01\/komplementaermedizin_DSC06373-495x400.jpg\" width=\"495\" height=\"400\"  title='komplementaermedizin_DSC06373' alt='' srcset=\"https:\/\/www.martinsbrunn.it\/wp-content\/uploads\/2022\/01\/komplementaermedizin_DSC06373-495x400.jpg 495w, https:\/\/www.martinsbrunn.it\/wp-content\/uploads\/2022\/01\/komplementaermedizin_DSC06373-845x684.jpg 845w\" sizes=\"(max-width: 495px) 100vw, 495px\" \/><div class='big-prev-fake'><img decoding=\"async\" loading=\"lazy\" class=\"wp-image-695 avia-img-lazy-loading-695\"  width=\"495\" height=\"400\" src=\"https:\/\/www.martinsbrunn.it\/wp-content\/uploads\/2022\/01\/komplementaermedizin_DSC06373-495x400.jpg\" title='komplementaermedizin_DSC06373' alt='' srcset=\"https:\/\/www.martinsbrunn.it\/wp-content\/uploads\/2022\/01\/komplementaermedizin_DSC06373-495x400.jpg 495w, https:\/\/www.martinsbrunn.it\/wp-content\/uploads\/2022\/01\/komplementaermedizin_DSC06373-845x684.jpg 845w\" sizes=\"auto, (max-width: 495px) 100vw, 495px\" \/><\/div><\/a><a href=\"https:\/\/www.martinsbrunn.it\/it\/#medicina-complementare\" data-srcset=\"https:\/\/www.martinsbrunn.it\/wp-content\/uploads\/2022\/01\/komplementaermedizin_DSC06289.jpg 533w, https:\/\/www.martinsbrunn.it\/wp-content\/uploads\/2022\/01\/komplementaermedizin_DSC06289-200x300.jpg 200w, https:\/\/www.martinsbrunn.it\/wp-content\/uploads\/2022\/01\/komplementaermedizin_DSC06289-470x705.jpg 470w\" data-sizes=\"(max-width: 533px) 100vw, 533px\" data-rel='gallery-1' data-prev-img='https:\/\/www.martinsbrunn.it\/wp-content\/uploads\/2022\/01\/komplementaermedizin_DSC06289-495x400.jpg' class='custom_link ' data-onclick='6' title='komplementaermedizin_DSC06289'  itemprop=\"thumbnailUrl\"  ><img decoding=\"async\" fetchpriority=\"high\" class=\"wp-image-691 avia-img-lazy-loading-not-691\"   src=\"https:\/\/www.martinsbrunn.it\/wp-content\/uploads\/2022\/01\/komplementaermedizin_DSC06289-495x400.jpg\" width=\"495\" height=\"400\"  title='komplementaermedizin_DSC06289' alt='' srcset=\"https:\/\/www.martinsbrunn.it\/wp-content\/uploads\/2022\/01\/komplementaermedizin_DSC06289-495x400.jpg 495w, https:\/\/www.martinsbrunn.it\/wp-content\/uploads\/2022\/01\/komplementaermedizin_DSC06289-533x430.jpg 533w\" sizes=\"(max-width: 495px) 100vw, 495px\" \/><div class='big-prev-fake'><img decoding=\"async\" loading=\"lazy\" class=\"wp-image-691 avia-img-lazy-loading-691\"  width=\"495\" height=\"400\" src=\"https:\/\/www.martinsbrunn.it\/wp-content\/uploads\/2022\/01\/komplementaermedizin_DSC06289-495x400.jpg\" title='komplementaermedizin_DSC06289' alt='' srcset=\"https:\/\/www.martinsbrunn.it\/wp-content\/uploads\/2022\/01\/komplementaermedizin_DSC06289-495x400.jpg 495w, https:\/\/www.martinsbrunn.it\/wp-content\/uploads\/2022\/01\/komplementaermedizin_DSC06289-533x430.jpg 533w\" sizes=\"auto, (max-width: 495px) 100vw, 495px\" \/><\/div><\/a><a href=\"https:\/\/www.martinsbrunn.it\/wp-content\/uploads\/2025\/10\/4.jpg\" data-srcset=\"https:\/\/www.martinsbrunn.it\/wp-content\/uploads\/2025\/10\/4.jpg 1030w, https:\/\/www.martinsbrunn.it\/wp-content\/uploads\/2025\/10\/4-300x200.jpg 300w, https:\/\/www.martinsbrunn.it\/wp-content\/uploads\/2025\/10\/4-768x512.jpg 768w, https:\/\/www.martinsbrunn.it\/wp-content\/uploads\/2025\/10\/4-705x470.jpg 705w\" data-sizes=\"(max-width: 1030px) 100vw, 1030px\" data-rel='gallery-1' data-prev-img='https:\/\/www.martinsbrunn.it\/wp-content\/uploads\/2025\/10\/4-495x400.jpg' class='custom_link ' data-onclick='7' title='4'  itemprop=\"thumbnailUrl\"  ><img decoding=\"async\" fetchpriority=\"high\" class=\"wp-image-4875 avia-img-lazy-loading-not-4875\"   src=\"https:\/\/www.martinsbrunn.it\/wp-content\/uploads\/2025\/10\/4-495x400.jpg\" width=\"495\" height=\"400\"  title='4' alt='' srcset=\"https:\/\/www.martinsbrunn.it\/wp-content\/uploads\/2025\/10\/4-495x400.jpg 495w, https:\/\/www.martinsbrunn.it\/wp-content\/uploads\/2025\/10\/4-845x684.jpg 845w\" sizes=\"(max-width: 495px) 100vw, 495px\" \/><div class='big-prev-fake'><img decoding=\"async\" loading=\"lazy\" class=\"wp-image-4875 avia-img-lazy-loading-4875\"  width=\"495\" height=\"400\" src=\"https:\/\/www.martinsbrunn.it\/wp-content\/uploads\/2025\/10\/4-495x400.jpg\" title='4' alt='' srcset=\"https:\/\/www.martinsbrunn.it\/wp-content\/uploads\/2025\/10\/4-495x400.jpg 495w, https:\/\/www.martinsbrunn.it\/wp-content\/uploads\/2025\/10\/4-845x684.jpg 845w\" sizes=\"auto, (max-width: 495px) 100vw, 495px\" \/><\/div><\/a><a href=\"https:\/\/www.martinsbrunn.it\/it\/#ginecologia\" data-srcset=\"https:\/\/www.martinsbrunn.it\/wp-content\/uploads\/2022\/01\/gynaekologie_DSC06634.jpg 1030w, https:\/\/www.martinsbrunn.it\/wp-content\/uploads\/2022\/01\/gynaekologie_DSC06634-300x200.jpg 300w, https:\/\/www.martinsbrunn.it\/wp-content\/uploads\/2022\/01\/gynaekologie_DSC06634-768x512.jpg 768w, https:\/\/www.martinsbrunn.it\/wp-content\/uploads\/2022\/01\/gynaekologie_DSC06634-705x470.jpg 705w\" data-sizes=\"(max-width: 1030px) 100vw, 1030px\" data-rel='gallery-1' data-prev-img='https:\/\/www.martinsbrunn.it\/wp-content\/uploads\/2022\/01\/gynaekologie_DSC06634-495x400.jpg' class='custom_link ' data-onclick='8' title='gynaekologie_DSC06634'  itemprop=\"thumbnailUrl\"  ><img decoding=\"async\" fetchpriority=\"high\" class=\"wp-image-681 avia-img-lazy-loading-not-681\"   src=\"https:\/\/www.martinsbrunn.it\/wp-content\/uploads\/2022\/01\/gynaekologie_DSC06634-495x400.jpg\" width=\"495\" height=\"400\"  title='gynaekologie_DSC06634' alt='' srcset=\"https:\/\/www.martinsbrunn.it\/wp-content\/uploads\/2022\/01\/gynaekologie_DSC06634-495x400.jpg 495w, https:\/\/www.martinsbrunn.it\/wp-content\/uploads\/2022\/01\/gynaekologie_DSC06634-845x684.jpg 845w\" sizes=\"(max-width: 495px) 100vw, 495px\" \/><div class='big-prev-fake'><img decoding=\"async\" loading=\"lazy\" class=\"wp-image-681 avia-img-lazy-loading-681\"  width=\"495\" height=\"400\" src=\"https:\/\/www.martinsbrunn.it\/wp-content\/uploads\/2022\/01\/gynaekologie_DSC06634-495x400.jpg\" title='gynaekologie_DSC06634' alt='' srcset=\"https:\/\/www.martinsbrunn.it\/wp-content\/uploads\/2022\/01\/gynaekologie_DSC06634-495x400.jpg 495w, https:\/\/www.martinsbrunn.it\/wp-content\/uploads\/2022\/01\/gynaekologie_DSC06634-845x684.jpg 845w\" sizes=\"auto, (max-width: 495px) 100vw, 495px\" \/><\/div><\/a><a href=\"https:\/\/www.martinsbrunn.it\/it\/#dermatologia\" data-srcset=\"https:\/\/www.martinsbrunn.it\/wp-content\/uploads\/2022\/01\/dermatologie_DSC06208.jpg 1030w, https:\/\/www.martinsbrunn.it\/wp-content\/uploads\/2022\/01\/dermatologie_DSC06208-300x200.jpg 300w, https:\/\/www.martinsbrunn.it\/wp-content\/uploads\/2022\/01\/dermatologie_DSC06208-768x512.jpg 768w, https:\/\/www.martinsbrunn.it\/wp-content\/uploads\/2022\/01\/dermatologie_DSC06208-705x470.jpg 705w\" data-sizes=\"(max-width: 1030px) 100vw, 1030px\" data-rel='gallery-1' data-prev-img='https:\/\/www.martinsbrunn.it\/wp-content\/uploads\/2022\/01\/dermatologie_DSC06208-495x400.jpg' class='first_thumb custom_link ' data-onclick='9' title='dermatologie_DSC06208'  itemprop=\"thumbnailUrl\"  ><img decoding=\"async\" fetchpriority=\"high\" class=\"wp-image-677 avia-img-lazy-loading-not-677\"   src=\"https:\/\/www.martinsbrunn.it\/wp-content\/uploads\/2022\/01\/dermatologie_DSC06208-495x400.jpg\" width=\"495\" height=\"400\"  title='dermatologie_DSC06208' alt='' srcset=\"https:\/\/www.martinsbrunn.it\/wp-content\/uploads\/2022\/01\/dermatologie_DSC06208-495x400.jpg 495w, https:\/\/www.martinsbrunn.it\/wp-content\/uploads\/2022\/01\/dermatologie_DSC06208-845x684.jpg 845w\" sizes=\"(max-width: 495px) 100vw, 495px\" \/><div class='big-prev-fake'><img decoding=\"async\" loading=\"lazy\" class=\"wp-image-677 avia-img-lazy-loading-677\"  width=\"495\" height=\"400\" src=\"https:\/\/www.martinsbrunn.it\/wp-content\/uploads\/2022\/01\/dermatologie_DSC06208-495x400.jpg\" title='dermatologie_DSC06208' alt='' srcset=\"https:\/\/www.martinsbrunn.it\/wp-content\/uploads\/2022\/01\/dermatologie_DSC06208-495x400.jpg 495w, https:\/\/www.martinsbrunn.it\/wp-content\/uploads\/2022\/01\/dermatologie_DSC06208-845x684.jpg 845w\" sizes=\"auto, (max-width: 495px) 100vw, 495px\" \/><\/div><\/a><a href=\"https:\/\/www.martinsbrunn.it\/it\/#urologia\" data-srcset=\"https:\/\/www.martinsbrunn.it\/wp-content\/uploads\/2025\/01\/MK_Rani_Matto_Urologie_Patientengespraech.jpg 1030w, https:\/\/www.martinsbrunn.it\/wp-content\/uploads\/2025\/01\/MK_Rani_Matto_Urologie_Patientengespraech-300x217.jpg 300w, https:\/\/www.martinsbrunn.it\/wp-content\/uploads\/2025\/01\/MK_Rani_Matto_Urologie_Patientengespraech-768x555.jpg 768w, https:\/\/www.martinsbrunn.it\/wp-content\/uploads\/2025\/01\/MK_Rani_Matto_Urologie_Patientengespraech-705x509.jpg 705w\" data-sizes=\"(max-width: 1030px) 100vw, 1030px\" data-rel='gallery-1' data-prev-img='https:\/\/www.martinsbrunn.it\/wp-content\/uploads\/2025\/01\/MK_Rani_Matto_Urologie_Patientengespraech-495x400.jpg' class='custom_link ' data-onclick='10' title='Dr. Matteo Rani Patientengespr\u00e4ch Urologie'  itemprop=\"thumbnailUrl\"  ><img decoding=\"async\" fetchpriority=\"high\" class=\"wp-image-4281 avia-img-lazy-loading-not-4281\"   src=\"https:\/\/www.martinsbrunn.it\/wp-content\/uploads\/2025\/01\/MK_Rani_Matto_Urologie_Patientengespraech-495x400.jpg\" width=\"495\" height=\"400\"  title='Dr. Matteo Rani Patientengespr\u00e4ch Urologie' alt='' srcset=\"https:\/\/www.martinsbrunn.it\/wp-content\/uploads\/2025\/01\/MK_Rani_Matto_Urologie_Patientengespraech-495x400.jpg 495w, https:\/\/www.martinsbrunn.it\/wp-content\/uploads\/2025\/01\/MK_Rani_Matto_Urologie_Patientengespraech-845x684.jpg 845w\" sizes=\"(max-width: 495px) 100vw, 495px\" \/><div class='big-prev-fake'><img decoding=\"async\" loading=\"lazy\" class=\"wp-image-4281 avia-img-lazy-loading-4281\"  width=\"495\" height=\"400\" src=\"https:\/\/www.martinsbrunn.it\/wp-content\/uploads\/2025\/01\/MK_Rani_Matto_Urologie_Patientengespraech-495x400.jpg\" title='Dr. Matteo Rani Patientengespr\u00e4ch Urologie' alt='' srcset=\"https:\/\/www.martinsbrunn.it\/wp-content\/uploads\/2025\/01\/MK_Rani_Matto_Urologie_Patientengespraech-495x400.jpg 495w, https:\/\/www.martinsbrunn.it\/wp-content\/uploads\/2025\/01\/MK_Rani_Matto_Urologie_Patientengespraech-845x684.jpg 845w\" sizes=\"auto, (max-width: 495px) 100vw, 495px\" \/><\/div><\/a><a href=\"https:\/\/www.martinsbrunn.it\/it\/#traumatologia-e-ortopedia\" data-srcset=\"https:\/\/www.martinsbrunn.it\/wp-content\/uploads\/2025\/01\/Ortho.jpg 1030w, https:\/\/www.martinsbrunn.it\/wp-content\/uploads\/2025\/01\/Ortho-300x200.jpg 300w, https:\/\/www.martinsbrunn.it\/wp-content\/uploads\/2025\/01\/Ortho-768x512.jpg 768w, https:\/\/www.martinsbrunn.it\/wp-content\/uploads\/2025\/01\/Ortho-705x470.jpg 705w\" data-sizes=\"(max-width: 1030px) 100vw, 1030px\" data-rel='gallery-1' data-prev-img='https:\/\/www.martinsbrunn.it\/wp-content\/uploads\/2025\/01\/Ortho-495x400.jpg' class='custom_link ' data-onclick='11' title='Dr. Lukas Johannes Valtiner ortopedia'  itemprop=\"thumbnailUrl\"  ><img decoding=\"async\" fetchpriority=\"high\" class=\"wp-image-4286 avia-img-lazy-loading-not-4286\"   src=\"https:\/\/www.martinsbrunn.it\/wp-content\/uploads\/2025\/01\/Ortho-495x400.jpg\" width=\"495\" height=\"400\"  title='Dr. Lukas Johannes Valtiner ortopedia' alt='' srcset=\"https:\/\/www.martinsbrunn.it\/wp-content\/uploads\/2025\/01\/Ortho-495x400.jpg 495w, https:\/\/www.martinsbrunn.it\/wp-content\/uploads\/2025\/01\/Ortho-845x684.jpg 845w\" sizes=\"(max-width: 495px) 100vw, 495px\" \/><div class='big-prev-fake'><img decoding=\"async\" loading=\"lazy\" class=\"wp-image-4286 avia-img-lazy-loading-4286\"  width=\"495\" height=\"400\" src=\"https:\/\/www.martinsbrunn.it\/wp-content\/uploads\/2025\/01\/Ortho-495x400.jpg\" title='Dr. Lukas Johannes Valtiner ortopedia' alt='' srcset=\"https:\/\/www.martinsbrunn.it\/wp-content\/uploads\/2025\/01\/Ortho-495x400.jpg 495w, https:\/\/www.martinsbrunn.it\/wp-content\/uploads\/2025\/01\/Ortho-845x684.jpg 845w\" sizes=\"auto, (max-width: 495px) 100vw, 495px\" \/><\/div><\/a><a href=\"https:\/\/www.martinsbrunn.it\/wp-content\/uploads\/2025\/10\/3.jpg\" data-srcset=\"https:\/\/www.martinsbrunn.it\/wp-content\/uploads\/2025\/10\/3.jpg 1030w, https:\/\/www.martinsbrunn.it\/wp-content\/uploads\/2025\/10\/3-300x200.jpg 300w, https:\/\/www.martinsbrunn.it\/wp-content\/uploads\/2025\/10\/3-768x512.jpg 768w, https:\/\/www.martinsbrunn.it\/wp-content\/uploads\/2025\/10\/3-705x470.jpg 705w\" data-sizes=\"(max-width: 1030px) 100vw, 1030px\" data-rel='gallery-1' data-prev-img='https:\/\/www.martinsbrunn.it\/wp-content\/uploads\/2025\/10\/3-495x400.jpg' class='custom_link ' data-onclick='12' title='3'  itemprop=\"thumbnailUrl\"  ><img decoding=\"async\" fetchpriority=\"high\" class=\"wp-image-4870 avia-img-lazy-loading-not-4870\"   src=\"https:\/\/www.martinsbrunn.it\/wp-content\/uploads\/2025\/10\/3-495x400.jpg\" width=\"495\" height=\"400\"  title='3' alt='' srcset=\"https:\/\/www.martinsbrunn.it\/wp-content\/uploads\/2025\/10\/3-495x400.jpg 495w, https:\/\/www.martinsbrunn.it\/wp-content\/uploads\/2025\/10\/3-845x684.jpg 845w\" sizes=\"(max-width: 495px) 100vw, 495px\" \/><div class='big-prev-fake'><img decoding=\"async\" loading=\"lazy\" class=\"wp-image-4870 avia-img-lazy-loading-4870\"  width=\"495\" height=\"400\" src=\"https:\/\/www.martinsbrunn.it\/wp-content\/uploads\/2025\/10\/3-495x400.jpg\" title='3' alt='' srcset=\"https:\/\/www.martinsbrunn.it\/wp-content\/uploads\/2025\/10\/3-495x400.jpg 495w, https:\/\/www.martinsbrunn.it\/wp-content\/uploads\/2025\/10\/3-845x684.jpg 845w\" sizes=\"auto, (max-width: 495px) 100vw, 495px\" \/><\/div><\/a><a href=\"https:\/\/www.martinsbrunn.it\/wp-content\/uploads\/2025\/10\/Bildreihe-startseite-1.jpg\" data-srcset=\"https:\/\/www.martinsbrunn.it\/wp-content\/uploads\/2025\/10\/Bildreihe-startseite-1.jpg 1030w, https:\/\/www.martinsbrunn.it\/wp-content\/uploads\/2025\/10\/Bildreihe-startseite-1-300x200.jpg 300w, https:\/\/www.martinsbrunn.it\/wp-content\/uploads\/2025\/10\/Bildreihe-startseite-1-768x512.jpg 768w, https:\/\/www.martinsbrunn.it\/wp-content\/uploads\/2025\/10\/Bildreihe-startseite-1-705x470.jpg 705w\" data-sizes=\"(max-width: 1030px) 100vw, 1030px\" data-rel='gallery-1' data-prev-img='https:\/\/www.martinsbrunn.it\/wp-content\/uploads\/2025\/10\/Bildreihe-startseite-1-495x400.jpg' class='custom_link ' data-onclick='13' title='Bildreihe startseite'  itemprop=\"thumbnailUrl\"  ><img decoding=\"async\" fetchpriority=\"high\" class=\"wp-image-4879 avia-img-lazy-loading-not-4879\"   src=\"https:\/\/www.martinsbrunn.it\/wp-content\/uploads\/2025\/10\/Bildreihe-startseite-1-495x400.jpg\" width=\"495\" height=\"400\"  title='Bildreihe startseite' alt='Ergotherapeutin Simone Schwarz' srcset=\"https:\/\/www.martinsbrunn.it\/wp-content\/uploads\/2025\/10\/Bildreihe-startseite-1-495x400.jpg 495w, https:\/\/www.martinsbrunn.it\/wp-content\/uploads\/2025\/10\/Bildreihe-startseite-1-845x684.jpg 845w\" sizes=\"(max-width: 495px) 100vw, 495px\" \/><div class='big-prev-fake'><img decoding=\"async\" loading=\"lazy\" class=\"wp-image-4879 avia-img-lazy-loading-4879\"  width=\"495\" height=\"400\" src=\"https:\/\/www.martinsbrunn.it\/wp-content\/uploads\/2025\/10\/Bildreihe-startseite-1-495x400.jpg\" title='Bildreihe startseite' alt='Ergotherapeutin Simone Schwarz' srcset=\"https:\/\/www.martinsbrunn.it\/wp-content\/uploads\/2025\/10\/Bildreihe-startseite-1-495x400.jpg 495w, https:\/\/www.martinsbrunn.it\/wp-content\/uploads\/2025\/10\/Bildreihe-startseite-1-845x684.jpg 845w\" sizes=\"auto, (max-width: 495px) 100vw, 495px\" \/><\/div><\/a><a href=\"https:\/\/www.martinsbrunn.it\/wp-content\/uploads\/2025\/10\/1.jpg\" data-srcset=\"https:\/\/www.martinsbrunn.it\/wp-content\/uploads\/2025\/10\/1.jpg 1030w, https:\/\/www.martinsbrunn.it\/wp-content\/uploads\/2025\/10\/1-300x200.jpg 300w, https:\/\/www.martinsbrunn.it\/wp-content\/uploads\/2025\/10\/1-768x512.jpg 768w, https:\/\/www.martinsbrunn.it\/wp-content\/uploads\/2025\/10\/1-705x470.jpg 705w\" data-sizes=\"(max-width: 1030px) 100vw, 1030px\" data-rel='gallery-1' data-prev-img='https:\/\/www.martinsbrunn.it\/wp-content\/uploads\/2025\/10\/1-495x400.jpg' class='custom_link ' data-onclick='14' title='1'  itemprop=\"thumbnailUrl\"  ><img decoding=\"async\" fetchpriority=\"high\" class=\"wp-image-4866 avia-img-lazy-loading-not-4866\"   src=\"https:\/\/www.martinsbrunn.it\/wp-content\/uploads\/2025\/10\/1-495x400.jpg\" width=\"495\" height=\"400\"  title='1' alt='' srcset=\"https:\/\/www.martinsbrunn.it\/wp-content\/uploads\/2025\/10\/1-495x400.jpg 495w, https:\/\/www.martinsbrunn.it\/wp-content\/uploads\/2025\/10\/1-845x684.jpg 845w\" sizes=\"(max-width: 495px) 100vw, 495px\" \/><div class='big-prev-fake'><img decoding=\"async\" loading=\"lazy\" class=\"wp-image-4866 avia-img-lazy-loading-4866\"  width=\"495\" height=\"400\" src=\"https:\/\/www.martinsbrunn.it\/wp-content\/uploads\/2025\/10\/1-495x400.jpg\" title='1' alt='' srcset=\"https:\/\/www.martinsbrunn.it\/wp-content\/uploads\/2025\/10\/1-495x400.jpg 495w, https:\/\/www.martinsbrunn.it\/wp-content\/uploads\/2025\/10\/1-845x684.jpg 845w\" sizes=\"auto, (max-width: 495px) 100vw, 495px\" \/><\/div><\/a><a href=\"https:\/\/www.martinsbrunn.it\/wp-content\/uploads\/2025\/06\/GartnerAugenheilkunde.jpg\" data-srcset=\"https:\/\/www.martinsbrunn.it\/wp-content\/uploads\/2025\/06\/GartnerAugenheilkunde.jpg 1030w, https:\/\/www.martinsbrunn.it\/wp-content\/uploads\/2025\/06\/GartnerAugenheilkunde-300x200.jpg 300w, https:\/\/www.martinsbrunn.it\/wp-content\/uploads\/2025\/06\/GartnerAugenheilkunde-768x512.jpg 768w, https:\/\/www.martinsbrunn.it\/wp-content\/uploads\/2025\/06\/GartnerAugenheilkunde-705x470.jpg 705w\" data-sizes=\"(max-width: 1030px) 100vw, 1030px\" data-rel='gallery-1' data-prev-img='https:\/\/www.martinsbrunn.it\/wp-content\/uploads\/2025\/06\/GartnerAugenheilkunde-495x400.jpg' class='custom_link ' data-onclick='15' title='GartnerAugenheilkunde'  itemprop=\"thumbnailUrl\"  ><img decoding=\"async\" fetchpriority=\"high\" class=\"wp-image-4691 avia-img-lazy-loading-not-4691\"   src=\"https:\/\/www.martinsbrunn.it\/wp-content\/uploads\/2025\/06\/GartnerAugenheilkunde-495x400.jpg\" width=\"495\" height=\"400\"  title='GartnerAugenheilkunde' alt='' srcset=\"https:\/\/www.martinsbrunn.it\/wp-content\/uploads\/2025\/06\/GartnerAugenheilkunde-495x400.jpg 495w, https:\/\/www.martinsbrunn.it\/wp-content\/uploads\/2025\/06\/GartnerAugenheilkunde-845x684.jpg 845w\" sizes=\"(max-width: 495px) 100vw, 495px\" \/><div class='big-prev-fake'><img decoding=\"async\" loading=\"lazy\" class=\"wp-image-4691 avia-img-lazy-loading-4691\"  width=\"495\" height=\"400\" src=\"https:\/\/www.martinsbrunn.it\/wp-content\/uploads\/2025\/06\/GartnerAugenheilkunde-495x400.jpg\" title='GartnerAugenheilkunde' alt='' srcset=\"https:\/\/www.martinsbrunn.it\/wp-content\/uploads\/2025\/06\/GartnerAugenheilkunde-495x400.jpg 495w, https:\/\/www.martinsbrunn.it\/wp-content\/uploads\/2025\/06\/GartnerAugenheilkunde-845x684.jpg 845w\" sizes=\"auto, (max-width: 495px) 100vw, 495px\" \/><\/div><\/a><a href=\"https:\/\/www.martinsbrunn.it\/wp-content\/uploads\/2025\/10\/Bildreihe-startseite.jpg\" data-srcset=\"https:\/\/www.martinsbrunn.it\/wp-content\/uploads\/2025\/10\/Bildreihe-startseite.jpg 1030w, https:\/\/www.martinsbrunn.it\/wp-content\/uploads\/2025\/10\/Bildreihe-startseite-300x200.jpg 300w, https:\/\/www.martinsbrunn.it\/wp-content\/uploads\/2025\/10\/Bildreihe-startseite-768x512.jpg 768w, https:\/\/www.martinsbrunn.it\/wp-content\/uploads\/2025\/10\/Bildreihe-startseite-705x470.jpg 705w\" data-sizes=\"(max-width: 1030px) 100vw, 1030px\" data-rel='gallery-1' data-prev-img='https:\/\/www.martinsbrunn.it\/wp-content\/uploads\/2025\/10\/Bildreihe-startseite-495x400.jpg' class='custom_link ' data-onclick='16' title='Bildreihe startseite'  itemprop=\"thumbnailUrl\"  ><img decoding=\"async\" fetchpriority=\"high\" class=\"wp-image-4877 avia-img-lazy-loading-not-4877\"   src=\"https:\/\/www.martinsbrunn.it\/wp-content\/uploads\/2025\/10\/Bildreihe-startseite-495x400.jpg\" width=\"495\" height=\"400\"  title='Bildreihe startseite' alt='' srcset=\"https:\/\/www.martinsbrunn.it\/wp-content\/uploads\/2025\/10\/Bildreihe-startseite-495x400.jpg 495w, https:\/\/www.martinsbrunn.it\/wp-content\/uploads\/2025\/10\/Bildreihe-startseite-845x684.jpg 845w\" sizes=\"(max-width: 495px) 100vw, 495px\" \/><div class='big-prev-fake'><img decoding=\"async\" loading=\"lazy\" class=\"wp-image-4877 avia-img-lazy-loading-4877\"  width=\"495\" height=\"400\" src=\"https:\/\/www.martinsbrunn.it\/wp-content\/uploads\/2025\/10\/Bildreihe-startseite-495x400.jpg\" title='Bildreihe startseite' alt='' srcset=\"https:\/\/www.martinsbrunn.it\/wp-content\/uploads\/2025\/10\/Bildreihe-startseite-495x400.jpg 495w, https:\/\/www.martinsbrunn.it\/wp-content\/uploads\/2025\/10\/Bildreihe-startseite-845x684.jpg 845w\" sizes=\"auto, (max-width: 495px) 100vw, 495px\" \/><\/div><\/a><\/div><\/div>\n<\/div><\/div>\n<\/div><div id='after_grid_row_1'  class='main_color av_default_container_wrap container_wrap fullsize'  ><div class='container av-section-cont-open' ><div class='template-page content  av-content-full alpha units'><div class='post-entry post-entry-type-page post-entry-939'><div class='entry-content-wrapper clearfix'>\n\n<\/div><\/div><\/div><!-- close content main div --><\/div><\/div><div id='untersuchungen'  class='av-tab-section-container entry-content-wrapper main_color av-tab-no-transition av-tab-content-auto  av-tab-above-content  avia-builder-el-14  el_after_av_codeblock  el_before_av_section  tab-section-not-first container_wrap fullsize'  ><div class='av-tab-section-outer-container av-jx4p6r-a75ee5a2003c6c67215aaff6bd4eb4a9'><div class='av-tab-section-tab-title-container avia-tab-title-padding-default' role='tablist'><a href='#esami-del-sangue' data-av-tab-section-title='1' class='av-section-tab-title av-active-tab-title no-scroll av-lrhyfhav-9109114e800ec7d468d10277b0acf4e8 av-tab-no-icon av-tab-with-image noHover ' role='tab' tabindex='0' aria-controls='av-tab-section-1-1'><span class='av-tab-section-image' style='background-image: url(https:\/\/www.martinsbrunn.it\/wp-content\/uploads\/2024\/01\/Labor-blutabnahme-180x180.png);'><\/span><span class='av-outer-tab-title'><span class='av-inner-tab-title'>Esami del sangue<\/span><\/span><span class=\"av-tab-arrow-container\"><span><\/span><\/span><\/a><a href='#radiologia' data-av-tab-section-title='2' class='av-section-tab-title  av-ld8p1r4z-853e456c58c1a120b57b8ca4640f2e49 av-tab-no-icon av-tab-with-image noHover ' role='tab' tabindex='0' aria-controls='av-tab-section-1-2'><span class='av-tab-section-image' style='background-image: url(https:\/\/www.martinsbrunn.it\/wp-content\/uploads\/2024\/01\/Radiologie-180x180.png);'><\/span><span class='av-outer-tab-title'><span class='av-inner-tab-title'>Radiologia<\/span><\/span><span class=\"av-tab-arrow-container\"><span><\/span><\/span><\/a><a href='#checkup' data-av-tab-section-title='3' class='av-section-tab-title  av-ingysz-08fc4c67c607c9dfb0d0919d0776726a av-tab-no-icon av-tab-with-image noHover ' role='tab' tabindex='0' aria-controls='av-tab-section-1-3'><span class='av-tab-section-image' style='background-image: url(https:\/\/www.martinsbrunn.it\/wp-content\/uploads\/2021\/11\/checkup-180x180.png);'><\/span><span class='av-outer-tab-title'><span class='av-inner-tab-title'>Checkup<\/span><\/span><span class=\"av-tab-arrow-container\"><span><\/span><\/span><\/a><a href='#oculistica' data-av-tab-section-title='4' class='av-section-tab-title  av-ld8p1r4z-194-323826dc47cc8b60c85141e96b6d8489 av-tab-no-icon av-tab-with-image noHover ' role='tab' tabindex='0' aria-controls='av-tab-section-1-4'><span class='av-tab-section-image' style='background-image: url(https:\/\/www.martinsbrunn.it\/wp-content\/uploads\/2024\/01\/Augenheilkunde-180x180.png);'><\/span><span class='av-outer-tab-title'><span class='av-inner-tab-title'>Oculistica<\/span><\/span><span class=\"av-tab-arrow-container\"><span><\/span><\/span><\/a><a href='#dermatologia' data-av-tab-section-title='5' class='av-section-tab-title  av-ha3rmz-8543ca4eccc9e4102c4babccc7eaa25a av-tab-no-icon av-tab-with-image noHover ' role='tab' tabindex='0' aria-controls='av-tab-section-1-5'><span class='av-tab-section-image' style='background-image: url(https:\/\/www.martinsbrunn.it\/wp-content\/uploads\/2021\/11\/dermatologie-180x180.png);'><\/span><span class='av-outer-tab-title'><span class='av-inner-tab-title'>Dermatologia<\/span><\/span><span class=\"av-tab-arrow-container\"><span><\/span><\/span><\/a><a href='#cardiologia-e-medicina-interna' data-av-tab-section-title='6' class='av-section-tab-title  av-lrhyieqv-4076561f1fc150d6d4f7457c5bbb7ed6 av-tab-no-icon av-tab-with-image noHover ' role='tab' tabindex='0' aria-controls='av-tab-section-1-6'><span class='av-tab-section-image' style='background-image: url(https:\/\/www.martinsbrunn.it\/wp-content\/uploads\/2024\/01\/Kardiologie-180x180.png);'><\/span><span class='av-outer-tab-title'><span class='av-inner-tab-title'>Cardiologia e medicina interna<\/span><\/span><span class=\"av-tab-arrow-container\"><span><\/span><\/span><\/a><a href='#medicina-nutrizionale' data-av-tab-section-title='7' class='av-section-tab-title  av-ld8p1r4z-190-7c3ec01b01f118923fe96c82a46ed389 av-tab-no-icon av-tab-with-image noHover ' role='tab' tabindex='0' aria-controls='av-tab-section-1-7'><span class='av-tab-section-image' style='background-image: url(https:\/\/www.martinsbrunn.it\/wp-content\/uploads\/2024\/01\/Ernaehrungsberatung-180x180.png);'><\/span><span class='av-outer-tab-title'><span class='av-inner-tab-title'>Medicina nutrizionale<\/span><\/span><span class=\"av-tab-arrow-container\"><span><\/span><\/span><\/a><a href='#pneumologia-e-allergologia' data-av-tab-section-title='8' class='av-section-tab-title  av-eyranv-7a987031d990b5ea1b95b41c5a4a346c av-tab-no-icon av-tab-with-image noHover ' role='tab' tabindex='0' aria-controls='av-tab-section-1-8'><span class='av-tab-section-image' style='background-image: url(https:\/\/www.martinsbrunn.it\/wp-content\/uploads\/2021\/11\/pneumologie-180x180.png);'><\/span><span class='av-outer-tab-title'><span class='av-inner-tab-title'>Pneumologia e allergologia<\/span><\/span><span class=\"av-tab-arrow-container\"><span><\/span><\/span><\/a><a href='#pediatria' data-av-tab-section-title='9' class='av-section-tab-title  av-lozlkkns-770636e312e11d62f16552353cbaca0b av-tab-no-icon av-tab-with-image noHover ' role='tab' tabindex='0' aria-controls='av-tab-section-1-9'><span class='av-tab-section-image' style='background-image: url(https:\/\/www.martinsbrunn.it\/wp-content\/uploads\/2023\/11\/paediatrie-180x180.png);'><\/span><span class='av-outer-tab-title'><span class='av-inner-tab-title'>Pediatria<\/span><\/span><span class=\"av-tab-arrow-container\"><span><\/span><\/span><\/a><a href='#pneumologia-per-bambini' data-av-tab-section-title='10' class='av-section-tab-title  av-ld8p75ih-b818847c5f21260f723eebc1c12356ea av-tab-no-icon av-tab-with-image noHover ' role='tab' tabindex='0' aria-controls='av-tab-section-1-10'><span class='av-tab-section-image' style='background-image: url(https:\/\/www.martinsbrunn.it\/wp-content\/uploads\/2023\/01\/kinderpneumologie-180x180.png);'><\/span><span class='av-outer-tab-title'><span class='av-inner-tab-title'>Pneumologia per bambini<\/span><\/span><span class=\"av-tab-arrow-container\"><span><\/span><\/span><\/a><a href='#gastroenterologia' data-av-tab-section-title='11' class='av-section-tab-title  av-ld8owcu1-37cf1528be197a7adecef0a36e5e4569 av-tab-no-icon av-tab-with-image noHover ' role='tab' tabindex='0' aria-controls='av-tab-section-1-11'><span class='av-tab-section-image' style='background-image: url(https:\/\/www.martinsbrunn.it\/wp-content\/uploads\/2024\/01\/Gastroenterologie-180x180.png);'><\/span><span class='av-outer-tab-title'><span class='av-inner-tab-title'>Gastroenterologia<\/span><\/span><span class=\"av-tab-arrow-container\"><span><\/span><\/span><\/a><a href='#endoscopia' data-av-tab-section-title='12' class='av-section-tab-title  av-cgsmub-a001e093ef60a911a35f0ba3f0a34065 av-tab-no-icon av-tab-with-image noHover ' role='tab' tabindex='0' aria-controls='av-tab-section-1-12'><span class='av-tab-section-image' style='background-image: url(https:\/\/www.martinsbrunn.it\/wp-content\/uploads\/2022\/08\/endoskopie-180x180.png);'><\/span><span class='av-outer-tab-title'><span class='av-inner-tab-title'>Endoscopia<\/span><\/span><span class=\"av-tab-arrow-container\"><span><\/span><\/span><\/a><a href='#chirurgia-generale' data-av-tab-section-title='13' class='av-section-tab-title  av-lrhyfydh-888dddcf7d17198cbd3f347010eec98b av-tab-no-icon av-tab-with-image noHover ' role='tab' tabindex='0' aria-controls='av-tab-section-1-13'><span class='av-tab-section-image' style='background-image: url(https:\/\/www.martinsbrunn.it\/wp-content\/uploads\/2024\/01\/Allgemeine_Chirurgie-180x180.png);'><\/span><span class='av-outer-tab-title'><span class='av-inner-tab-title'>Chirurgia generale<\/span><\/span><span class=\"av-tab-arrow-container\"><span><\/span><\/span><\/a><a href='#flebologia' data-av-tab-section-title='14' class='av-section-tab-title  av-lf6jdvll-4b4a5c549e30976721fdb6d434d53a73 av-tab-no-icon av-tab-with-image noHover ' role='tab' tabindex='0' aria-controls='av-tab-section-1-14'><span class='av-tab-section-image' style='background-image: url(https:\/\/www.martinsbrunn.it\/wp-content\/uploads\/2021\/11\/phleobologie-180x180.png);'><\/span><span class='av-outer-tab-title'><span class='av-inner-tab-title'>Flebologia<\/span><\/span><span class=\"av-tab-arrow-container\"><span><\/span><\/span><\/a><a href='#medicina-complementare' data-av-tab-section-title='15' class='av-section-tab-title  av-lrhyitng-2289d3cf1ef1aa02afd7900e29b4a8f0 av-tab-no-icon av-tab-with-image noHover ' role='tab' tabindex='0' aria-controls='av-tab-section-1-15'><span class='av-tab-section-image' style='background-image: url(https:\/\/www.martinsbrunn.it\/wp-content\/uploads\/2024\/01\/Komplementaermedizin-180x180.png);'><\/span><span class='av-outer-tab-title'><span class='av-inner-tab-title'>Medicina Complementare<\/span><\/span><span class=\"av-tab-arrow-container\"><span><\/span><\/span><\/a><a href='#neurochirurgia' data-av-tab-section-title='16' class='av-section-tab-title  av-ld8p4n6w-66df8e09b4aa35fec1ffa9e4df19b3a6 av-tab-no-icon av-tab-with-image noHover ' role='tab' tabindex='0' aria-controls='av-tab-section-1-16'><span class='av-tab-section-image' style='background-image: url(https:\/\/www.martinsbrunn.it\/wp-content\/uploads\/2024\/01\/neurochirurgie-180x180.png);'><\/span><span class='av-outer-tab-title'><span class='av-inner-tab-title'>Neurochirurgia<\/span><\/span><span class=\"av-tab-arrow-container\"><span><\/span><\/span><\/a><a href='#traumatologia-e-ortopedia' data-av-tab-section-title='17' class='av-section-tab-title  av-lrhyjn9v-60ad0847b7f9fd090896bbbdd22d7853 av-tab-no-icon av-tab-with-image noHover ' role='tab' tabindex='0' aria-controls='av-tab-section-1-17'><span class='av-tab-section-image' style='background-image: url(https:\/\/www.martinsbrunn.it\/wp-content\/uploads\/2024\/01\/Orthopaedie-180x180.png);'><\/span><span class='av-outer-tab-title'><span class='av-inner-tab-title'>Traumatologia e ortopedia<\/span><\/span><span class=\"av-tab-arrow-container\"><span><\/span><\/span><\/a><a href='#ginecologia' data-av-tab-section-title='18' class='av-section-tab-title  av-7w86qz-3537adf3904605cfa7a40d04c8bf9304 av-tab-no-icon av-tab-with-image noHover ' role='tab' tabindex='0' aria-controls='av-tab-section-1-18'><span class='av-tab-section-image' style='background-image: url(https:\/\/www.martinsbrunn.it\/wp-content\/uploads\/2021\/11\/gynaekologie-180x180.png);'><\/span><span class='av-outer-tab-title'><span class='av-inner-tab-title'>Ginecologia<\/span><\/span><span class=\"av-tab-arrow-container\"><span><\/span><\/span><\/a><a href='#urologia' data-av-tab-section-title='19' class='av-section-tab-title  av-lrhylt3z-fed031122427532941e0c0b11ed932a3 av-tab-no-icon av-tab-with-image noHover ' role='tab' tabindex='0' aria-controls='av-tab-section-1-19'><span class='av-tab-section-image' style='background-image: url(https:\/\/www.martinsbrunn.it\/wp-content\/uploads\/2024\/01\/Urologie-180x180.png);'><\/span><span class='av-outer-tab-title'><span class='av-inner-tab-title'>Urologia<\/span><\/span><span class=\"av-tab-arrow-container\"><span><\/span><\/span><\/a><a href='#otorinolaringoiatria' data-av-tab-section-title='20' class='av-section-tab-title  av-lrhyhz2e-8206b941aed46b6546cd55b0026bac3a av-tab-no-icon av-tab-with-image noHover ' role='tab' tabindex='0' aria-controls='av-tab-section-1-20'><span class='av-tab-section-image' style='background-image: url(https:\/\/www.martinsbrunn.it\/wp-content\/uploads\/2024\/01\/HNO-180x180.png);'><\/span><span class='av-outer-tab-title'><span class='av-inner-tab-title'>Otorinolaringoiatria<\/span><\/span><span class=\"av-tab-arrow-container\"><span><\/span><\/span><\/a><a href='#ecografia' data-av-tab-section-title='21' class='av-section-tab-title  av-lrhylei1-b5eaeda5ed7da8e63a60498532d01a88 av-tab-no-icon av-tab-with-image noHover ' role='tab' tabindex='0' aria-controls='av-tab-section-1-21'><span class='av-tab-section-image' style='background-image: url(https:\/\/www.martinsbrunn.it\/wp-content\/uploads\/2024\/01\/Ultraschall-180x180.png);'><\/span><span class='av-outer-tab-title'><span class='av-inner-tab-title'>Ecografia<\/span><\/span><span class=\"av-tab-arrow-container\"><span><\/span><\/span><\/a><a href='#neurologia' data-av-tab-section-title='22' class='av-section-tab-title  av-lrhylei1-7-41ed60425239bb40d8f09276621ca720 av-tab-no-icon av-tab-with-image noHover ' role='tab' tabindex='0' aria-controls='av-tab-section-1-22'><span class='av-tab-section-image' style='background-image: url(https:\/\/www.martinsbrunn.it\/wp-content\/uploads\/2025\/05\/neurologie-180x180.png);'><\/span><span class='av-outer-tab-title'><span class='av-inner-tab-title'>Neurologia<\/span><\/span><span class=\"av-tab-arrow-container\"><span><\/span><\/span><\/a><a href='#psichiatria-e-psicoterapia' data-av-tab-section-title='23' class='av-section-tab-title  av-lrhyk1qr-5f31d2a390b88bf15b7ef860ec6445b5 av-tab-no-icon av-tab-with-image noHover ' role='tab' tabindex='0' aria-controls='av-tab-section-1-23'><span class='av-tab-section-image' style='background-image: url(https:\/\/www.martinsbrunn.it\/wp-content\/uploads\/2024\/01\/Psychologie-180x180.png);'><\/span><span class='av-outer-tab-title'><span class='av-inner-tab-title'>Psichiatria e psicoterapia<\/span><\/span><span class=\"av-tab-arrow-container\"><span><\/span><\/span><\/a><a href='#laserterapia' data-av-tab-section-title='24' class='av-section-tab-title  av-4kh0l7-13251d2c6af72d6759ec127c60ac43a7 av-tab-no-icon av-tab-with-image noHover ' role='tab' tabindex='0' aria-controls='av-tab-section-1-24'><span class='av-tab-section-image' style='background-image: url(https:\/\/www.martinsbrunn.it\/wp-content\/uploads\/2021\/11\/lasertherapie-180x180.png);'><\/span><span class='av-outer-tab-title'><span class='av-inner-tab-title'>Laserterapia<\/span><\/span><span class=\"av-tab-arrow-container\"><span><\/span><\/span><\/a><a href='#ergoterapia' data-av-tab-section-title='25' class='av-section-tab-title  av-lrhygqjb-ef902a860da760d8cfc1b1f82c04f978 av-tab-no-icon av-tab-with-image noHover ' role='tab' tabindex='0' aria-controls='av-tab-section-1-25'><span class='av-tab-section-image' style='background-image: url(https:\/\/www.martinsbrunn.it\/wp-content\/uploads\/2024\/01\/Ergotherapie-180x180.png);'><\/span><span class='av-outer-tab-title'><span class='av-inner-tab-title'>Ergoterapia<\/span><\/span><span class=\"av-tab-arrow-container\"><span><\/span><\/span><\/a><a href='#fisioterapia' data-av-tab-section-title='26' class='av-section-tab-title  av-2p1msb-0bc0bdc872bf439dba7fee7970db3621 av-tab-no-icon av-tab-with-image noHover ' role='tab' tabindex='0' aria-controls='av-tab-section-1-26'><span class='av-tab-section-image' style='background-image: url(https:\/\/www.martinsbrunn.it\/wp-content\/uploads\/2021\/11\/physiotherapie-180x180.png);'><\/span><span class='av-outer-tab-title'><span class='av-inner-tab-title'>Fisioterapia<\/span><\/span><span class=\"av-tab-arrow-container\"><span><\/span><\/span><\/a><a href='#salute-a-tutto-tondo' data-av-tab-section-title='27' class='av-section-tab-title  av-1tcg83-96f3b255fbfc430be7deab6264cbbfea av-tab-no-icon av-tab-with-image noHover ' role='tab' tabindex='0' aria-controls='av-tab-section-1-27'><span class='av-tab-section-image' style='background-image: url(https:\/\/www.martinsbrunn.it\/wp-content\/uploads\/2021\/11\/gesundheitstraining-180x180.png);'><\/span><span class='av-outer-tab-title'><span class='av-inner-tab-title'>Salute a tutto tondo<\/span><\/span><span class=\"av-tab-arrow-container\"><span><\/span><\/span><\/a><a href='#logopedia' data-av-tab-section-title='28' class='av-section-tab-title  av-ld8p1r4z-187-53d64dae5e37604baf06b42c708755ce av-tab-no-icon av-tab-with-image noHover ' role='tab' tabindex='0' aria-controls='av-tab-section-1-28'><span class='av-tab-section-image' style='background-image: url(https:\/\/www.martinsbrunn.it\/wp-content\/uploads\/2021\/11\/logopaedie-180x180.png);'><\/span><span class='av-outer-tab-title'><span class='av-inner-tab-title'>Logopedia<\/span><\/span><span class=\"av-tab-arrow-container\"><span><\/span><\/span><\/a><\/div><div class='avia-slideshow-arrows av-tabsection-arrow' ><a href='#prev' class='prev-slide av_prev_tab_section av-tab-section-slide avia-svg-icon avia-font-svg_entypo-fontello' data-av_svg_icon='left-open-big' data-av_iconset='svg_entypo-fontello' tabindex='-1' title=\"Prec\"><svg version=\"1.1\" xmlns=\"http:\/\/www.w3.org\/2000\/svg\" width=\"15\" height=\"32\" viewBox=\"0 0 15 32\" preserveAspectRatio=\"xMidYMid meet\" aria-labelledby='av-svg-title-3' aria-describedby='av-svg-desc-3' role=\"graphics-symbol\" aria-hidden=\"true\">\n<title id='av-svg-title-3'>Prec<\/title>\n<desc id='av-svg-desc-3'>Prec<\/desc>\n<path d=\"M14.464 27.84q0.832 0.832 0 1.536-0.832 0.832-1.536 0l-12.544-12.608q-0.768-0.768 0-1.6l12.544-12.608q0.704-0.832 1.536 0 0.832 0.704 0 1.536l-11.456 11.904z\"><\/path>\n<\/svg><span class='avia_hidden_link_text'>Prec<\/span><\/a><a href='#next' class='next-slide av_next_tab_section av-tab-section-slide avia-svg-icon avia-font-svg_entypo-fontello' data-av_svg_icon='right-open-big' data-av_iconset='svg_entypo-fontello' tabindex='-1' title=\"Succ\"><svg version=\"1.1\" xmlns=\"http:\/\/www.w3.org\/2000\/svg\" width=\"15\" height=\"32\" viewBox=\"0 0 15 32\" preserveAspectRatio=\"xMidYMid meet\" aria-labelledby='av-svg-title-4' aria-describedby='av-svg-desc-4' role=\"graphics-symbol\" aria-hidden=\"true\">\n<title id='av-svg-title-4'>Succ<\/title>\n<desc id='av-svg-desc-4'>Succ<\/desc>\n<path d=\"M0.416 27.84l11.456-11.84-11.456-11.904q-0.832-0.832 0-1.536 0.832-0.832 1.536 0l12.544 12.608q0.768 0.832 0 1.6l-12.544 12.608q-0.704 0.832-1.536 0-0.832-0.704 0-1.536z\"><\/path>\n<\/svg><span class='avia_hidden_link_text'>Succ<\/span><\/a><\/div><div class='av-tab-section-inner-container avia-section-default' style='width:2800vw; left:0%;'><span class=\"av_prev_tab_section av_tab_navigation\"><\/span><span class=\"av_next_tab_section av_tab_navigation\"><\/span>\n\n<style type=\"text\/css\" data-created_by=\"avia_inline_auto\" id=\"style-css-av-lrhyfhav-9109114e800ec7d468d10277b0acf4e8\">\n.av-layout-tab.av-lrhyfhav-9109114e800ec7d468d10277b0acf4e8{\nvertical-align:top;\n}\n<\/style>\n<div id='av-tab-section-1-1' class='av-layout-tab av-lrhyfhav-9109114e800ec7d468d10277b0acf4e8 av-animation-delay-container  avia-builder-el-15  el_before_av_tab_sub_section  avia-builder-el-first  av-active-tab-content __av_init_open ' data-av-deeplink-tabs=\"\" data-av-tab-section-content=\"1\" data-tab-section-id=\"esami-del-sangue\"><div class=\"av-layout-tab-inner\"><div class=\"container\"><p><div  class='flex_column av-jqpqdf-355723932c7248cfeac0fe70f0aa1d20 av_one_fourth  avia-builder-el-16  el_before_av_three_fourth  avia-builder-el-first  first flex_column_div  '     ><p><section  class='avia-team-member av-jn6mr7-48184abfc8bae519661d16d2add1c80d  avia-builder-el-17  el_before_av_hr  avia-builder-el-first '  itemscope=\"itemscope\" itemtype=\"https:\/\/schema.org\/Person\" ><div class=\"team-img-container\"><img decoding=\"async\" fetchpriority=\"high\" class='wp-image-544 avia-img-lazy-loading-not-544 avia_image avia_image_team' src=\"https:\/\/www.martinsbrunn.it\/wp-content\/uploads\/2022\/01\/martinsbrunn_blutuntersuchung.jpg\" alt=''  itemprop=\"image\"   height=\"500\" width=\"500\" srcset=\"https:\/\/www.martinsbrunn.it\/wp-content\/uploads\/2022\/01\/martinsbrunn_blutuntersuchung.jpg 500w, https:\/\/www.martinsbrunn.it\/wp-content\/uploads\/2022\/01\/martinsbrunn_blutuntersuchung-300x300.jpg 300w, https:\/\/www.martinsbrunn.it\/wp-content\/uploads\/2022\/01\/martinsbrunn_blutuntersuchung-80x80.jpg 80w, https:\/\/www.martinsbrunn.it\/wp-content\/uploads\/2022\/01\/martinsbrunn_blutuntersuchung-36x36.jpg 36w, https:\/\/www.martinsbrunn.it\/wp-content\/uploads\/2022\/01\/martinsbrunn_blutuntersuchung-180x180.jpg 180w\" sizes=\"(max-width: 500px) 100vw, 500px\" \/><\/div><span class='hidden team-member-affiliation'  itemprop=\"affiliation\" >Martinsbrunn ParkClinic<\/span><\/section><br \/>\n\n<style type=\"text\/css\" data-created_by=\"avia_inline_auto\" id=\"style-css-av-jg0577-e9e267dd90d4e79b8f9dbc550e92e338\">\n#top .hr.hr-invisible.av-jg0577-e9e267dd90d4e79b8f9dbc550e92e338{\nheight:20px;\n}\n<\/style>\n<div  class='hr av-jg0577-e9e267dd90d4e79b8f9dbc550e92e338 hr-invisible  avia-builder-el-18  el_after_av_team_member  avia-builder-el-last '><span class='hr-inner '><span class=\"hr-inner-style\"><\/span><\/span><\/div><\/p><\/div><div  class='flex_column av-ja2im3-4d4df1c6d56a78c8736ad4bddee26a5a av_three_fourth  avia-builder-el-19  el_after_av_one_fourth  avia-builder-el-last  flex_column_div  '     ><section  class='av_textblock_section av-ltcoz4sf-67823e6fa6e4c3057af5372f8f7ad16a '   itemscope=\"itemscope\" itemtype=\"https:\/\/schema.org\/CreativeWork\" ><div class='avia_textblock'  itemprop=\"text\" ><h3>Esami del sangue<\/h3>\n<p>In collaborazione con il laboratorio privato Labormed, la Martinsbrunn ParkClinic ha istituito un punto di prelievo per le analisi di sangue, urine e feci. Dietro impegnativa medica tutti gli esami di laboratorio sono offerti alle stesse condizioni vigenti presso ospedali e distretti sanitari.<\/p>\n<p>Per effettuare prelievi del sangue \u00e8 necessaria la prenotazione.<br \/>\n<a href=\"https:\/\/www.labormedservizi.it\/MBBooking\/\" target=\"_blank\" rel=\"noopener\">Cliccare qui per accedere al sistema di prenotazione.<\/a><\/p>\n<p><strong>I nostri orari di apertura (da luned\u00ec a venerd\u00ec):<\/strong><\/p>\n<ul>\n<li>L&#8217;accettazione per il prelievo di sangue convenzionato e privato \u00e8 possibile dalle ore 7.00 alle ore 9.00.<\/li>\n<li>Si prega di portare l&#8217;impegnativa in forma cartacea.<\/li>\n<\/ul>\n<\/div><\/section><\/div><\/p>\n<\/div><\/div><\/div>\n<style type=\"text\/css\" data-created_by=\"avia_inline_auto\" id=\"style-css-av-ld8p1r4z-853e456c58c1a120b57b8ca4640f2e49\">\n.av-layout-tab.av-ld8p1r4z-853e456c58c1a120b57b8ca4640f2e49{\nvertical-align:top;\n}\n<\/style>\n<div id='av-tab-section-1-2' class='av-layout-tab av-ld8p1r4z-853e456c58c1a120b57b8ca4640f2e49 av-animation-delay-container  avia-builder-el-21  el_after_av_tab_sub_section  el_before_av_tab_sub_section  ' data-av-deeplink-tabs=\"\" data-av-tab-section-content=\"2\" data-tab-section-id=\"radiologia\"><div class=\"av-layout-tab-inner\"><div class=\"container\"><p><div  class='flex_column av-j69n57-e477cacb28ed09a265df3d4e1a83a45f av_one_fourth  avia-builder-el-22  el_before_av_three_fourth  avia-builder-el-first  first flex_column_div  '     ><p><section  class='avia-team-member av-ld8p2lr7-3c7660badc7ab1f301ec50e3eaee92a2  avia-builder-el-23  el_before_av_hr  avia-builder-el-first '  itemscope=\"itemscope\" itemtype=\"https:\/\/schema.org\/Person\" ><div class=\"team-img-container\"><img decoding=\"async\" fetchpriority=\"high\" class='wp-image-2308 avia-img-lazy-loading-not-2308 avia_image avia_image_team' src=\"https:\/\/www.martinsbrunn.it\/wp-content\/uploads\/2023\/06\/Lukas_1000px-300x300.jpeg\" alt='Dr. Lukas Egger'  itemprop=\"image\"   height=\"300\" width=\"300\" srcset=\"https:\/\/www.martinsbrunn.it\/wp-content\/uploads\/2023\/06\/Lukas_1000px-300x300.jpeg 300w, https:\/\/www.martinsbrunn.it\/wp-content\/uploads\/2023\/06\/Lukas_1000px-80x80.jpeg 80w, https:\/\/www.martinsbrunn.it\/wp-content\/uploads\/2023\/06\/Lukas_1000px-768x768.jpeg 768w, https:\/\/www.martinsbrunn.it\/wp-content\/uploads\/2023\/06\/Lukas_1000px-36x36.jpeg 36w, https:\/\/www.martinsbrunn.it\/wp-content\/uploads\/2023\/06\/Lukas_1000px-180x180.jpeg 180w, https:\/\/www.martinsbrunn.it\/wp-content\/uploads\/2023\/06\/Lukas_1000px-705x705.jpeg 705w, https:\/\/www.martinsbrunn.it\/wp-content\/uploads\/2023\/06\/Lukas_1000px.jpeg 800w\" sizes=\"(max-width: 300px) 100vw, 300px\" \/><\/div><h3 class='team-member-name '  itemprop=\"name\" >Dr. Lukas Egger<\/h3><div class='team-member-job-title '  itemprop=\"jobTitle\" >Radiologia<\/div><span class='hidden team-member-affiliation'  itemprop=\"affiliation\" >Martinsbrunn ParkClinic<\/span><\/section><br \/>\n\n<style type=\"text\/css\" data-created_by=\"avia_inline_auto\" id=\"style-css-av-ixcl9v-b74033f9e01c75f599d06c8c74898662\">\n#top .hr.hr-invisible.av-ixcl9v-b74033f9e01c75f599d06c8c74898662{\nheight:20px;\n}\n<\/style>\n<div  class='hr av-ixcl9v-b74033f9e01c75f599d06c8c74898662 hr-invisible  avia-builder-el-24  el_after_av_team_member  avia-builder-el-last '><span class='hr-inner '><span class=\"hr-inner-style\"><\/span><\/span><\/div><\/p><\/div><div  class='flex_column av-iqhm2j-f442798072bfe1f7face21ec57a2db07 av_three_fourth  avia-builder-el-25  el_after_av_one_fourth  avia-builder-el-last  flex_column_div  '     ><section  class='av_textblock_section av-ld8p36mv-bb4221398502f9c3768bcb2dac375286 '   itemscope=\"itemscope\" itemtype=\"https:\/\/schema.org\/CreativeWork\" ><div class='avia_textblock'  itemprop=\"text\" ><h3>Radiologia<\/h3>\n<p>La radiologia si basa sulle informazioni di immagini fornite da technologie differenti tra cui per esempio la risonanza magnetica, ecografie e raggi convenzionali. La radiologia svolge un ruolo centrale nell&#8217;individuazione precoce, nella diagnosi e nel monitoraggio di alcune malattie.<\/p>\n<p>A partire da settembre 2023 offriamo le seguenti prestazioni:<\/p>\n<\/div><\/section><br \/>\n\n<style type=\"text\/css\" data-created_by=\"avia_inline_auto\" id=\"style-css-av-llf9fagl-9bd03f27ed0dcfc3c3ce28005d2ec225\">\n#top .togglecontainer.av-llf9fagl-9bd03f27ed0dcfc3c3ce28005d2ec225 p.toggler{\nbackground-color:#ffffff;\n}\n#top .togglecontainer.av-llf9fagl-9bd03f27ed0dcfc3c3ce28005d2ec225 p.toggler.activeTitle{\nbackground-color:#dee7c1;\n}\n#top .togglecontainer.av-llf9fagl-9bd03f27ed0dcfc3c3ce28005d2ec225 p.toggler .toggle_icon{\ncolor:#333333;\nborder-color:#333333;\n}\n#top .togglecontainer.av-llf9fagl-9bd03f27ed0dcfc3c3ce28005d2ec225 p.toggler .toggle_icon > span{\ncolor:#333333;\nborder-color:#333333;\n}\n#top .togglecontainer.av-llf9fagl-9bd03f27ed0dcfc3c3ce28005d2ec225 .toggle_wrap .toggle_content{\nbackground-color:#ffffff;\n}\n<\/style>\n<div  class='togglecontainer av-llf9fagl-9bd03f27ed0dcfc3c3ce28005d2ec225 av-minimal-toggle  avia-builder-el-27  el_after_av_textblock  avia-builder-el-last  toggle_close_all' >\n<section class='av_toggle_section av-llf85kqn-364ec18a4778491c21f47a0f02e3a6a8'  itemscope=\"itemscope\" itemtype=\"https:\/\/schema.org\/CreativeWork\" ><div role=\"tablist\" class=\"single_toggle\" data-tags=\"{Tutto} \"  ><p id='toggle-toggle-id-1' data-fake-id='#toggle-id-1' class='toggler  av-title-above '  itemprop=\"headline\"  role='tab' tabindex='0' aria-controls='toggle-id-1' data-slide-speed=\"200\" data-title=\"Risonanza magnetica\" data-title-open=\"\" data-aria_collapsed=\"Clicca per espandere: Risonanza magnetica\" data-aria_expanded=\"Fare clic per chiudere: Risonanza magnetica\">Risonanza magnetica<span class=\"toggle_icon\"><span class=\"vert_icon\"><\/span><span class=\"hor_icon\"><\/span><\/span><\/p><div id='toggle-id-1' aria-labelledby='toggle-toggle-id-1' role='region' class='toggle_wrap  av-title-above'  ><div class='toggle_content invers-color '  itemprop=\"text\" ><p>La risonanza magnetica \u00e8 la procedura standard per l&#8217;esame dei tessuti molli. \u00c8 possibile ottenere immagini dettagliate delle articolazioni (ad esempio ginocchio, spalla, anca), della colonna vertebrale, degli organi dell&#8217;addome superiore o del cervello. Un vantaggio significativo di questo esame \u00e8 che non richiede l&#8217;uso di raggi X.<\/p>\n<\/div><\/div><\/div><\/section>\n<section class='av_toggle_section av-llf91xkg-5946dd3386025e2098d935d2225caa26'  itemscope=\"itemscope\" itemtype=\"https:\/\/schema.org\/CreativeWork\" ><div role=\"tablist\" class=\"single_toggle\" data-tags=\"{Tutto} \"  ><p id='toggle-toggle-id-2' data-fake-id='#toggle-id-2' class='toggler  av-title-above '  itemprop=\"headline\"  role='tab' tabindex='0' aria-controls='toggle-id-2' data-slide-speed=\"200\" data-title=\"Radiografie convenzionali\" data-title-open=\"\" data-aria_collapsed=\"Clicca per espandere: Radiografie convenzionali\" data-aria_expanded=\"Fare clic per chiudere: Radiografie convenzionali\">Radiografie convenzionali<span class=\"toggle_icon\"><span class=\"vert_icon\"><\/span><span class=\"hor_icon\"><\/span><\/span><\/p><div id='toggle-id-2' aria-labelledby='toggle-toggle-id-2' role='region' class='toggle_wrap  av-title-above'  ><div class='toggle_content invers-color '  itemprop=\"text\" ><p>Le radiografie convenzionali sono spesso il primo strumento diagnostico per chiarire i quadri clinici muscolo-scheletrici, come le alterazioni di ossa e articolazioni.<\/p>\n<\/div><\/div><\/div><\/section>\n<section class='av_toggle_section av-llf9f4y9-bceb767bb35f9714cd63999b5c12ec91'  itemscope=\"itemscope\" itemtype=\"https:\/\/schema.org\/CreativeWork\" ><div role=\"tablist\" class=\"single_toggle\" data-tags=\"{Tutto} \"  ><p id='toggle-toggle-id-3' data-fake-id='#toggle-id-3' class='toggler  av-title-above '  itemprop=\"headline\"  role='tab' tabindex='0' aria-controls='toggle-id-3' data-slide-speed=\"200\" data-title=\"Diagnostica a ultrasuoni\" data-title-open=\"\" data-aria_collapsed=\"Clicca per espandere: Diagnostica a ultrasuoni\" data-aria_expanded=\"Fare clic per chiudere: Diagnostica a ultrasuoni\">Diagnostica a ultrasuoni<span class=\"toggle_icon\"><span class=\"vert_icon\"><\/span><span class=\"hor_icon\"><\/span><\/span><\/p><div id='toggle-id-3' aria-labelledby='toggle-toggle-id-3' role='region' class='toggle_wrap  av-title-above'  ><div class='toggle_content invers-color '  itemprop=\"text\" ><p>Questa procedura non espone il paziente a radiazioni ionizzanti. In questo modo, ad esempio, \u00e8 possibile esaminare gli organi della parte superiore dell&#8217;addome.<\/p>\n<\/div><\/div><\/div><\/section>\n<\/div><\/p><\/div><\/p>\n<\/div><\/div><\/div>\n<style type=\"text\/css\" data-created_by=\"avia_inline_auto\" id=\"style-css-av-ingysz-08fc4c67c607c9dfb0d0919d0776726a\">\n.av-layout-tab.av-ingysz-08fc4c67c607c9dfb0d0919d0776726a{\nvertical-align:top;\n}\n<\/style>\n<div id='av-tab-section-1-3' class='av-layout-tab av-ingysz-08fc4c67c607c9dfb0d0919d0776726a av-animation-delay-container  avia-builder-el-28  el_after_av_tab_sub_section  el_before_av_tab_sub_section  ' data-av-deeplink-tabs=\"\" data-av-tab-section-content=\"3\" data-tab-section-id=\"checkup\"><div class=\"av-layout-tab-inner\"><div class=\"container\"><p><div  class='flex_column av-ifycir-968b9d3200aa24626bb79be6334b28c9 av_one_fourth  avia-builder-el-29  el_before_av_three_fourth  avia-builder-el-first  first flex_column_div  '     ><\/div><div  class='flex_column av-ib3gzv-5bdad9746965af6c3116338f0a47b2be av_three_fourth  avia-builder-el-30  el_after_av_one_fourth  avia-builder-el-last  flex_column_div  '     ><section  class='av_textblock_section av-i4ggtv-6365a1e755caa9eb6b008e83f37e0e20 '   itemscope=\"itemscope\" itemtype=\"https:\/\/schema.org\/CreativeWork\" ><div class='avia_textblock'  itemprop=\"text\" ><h3>Checkup<\/h3>\n<p><span style=\"font-size: 16px;\">Martinsbrunn ParkClinic offre diversi Check-Up individualizzati<\/span><\/p>\n<\/div><\/section><br \/>\n\n<style type=\"text\/css\" data-created_by=\"avia_inline_auto\" id=\"style-css-av-llf40job-a31721f269057b4f4a8ab16ba31e917c\">\n#top .togglecontainer.av-llf40job-a31721f269057b4f4a8ab16ba31e917c p.toggler{\nbackground-color:#ffffff;\n}\n#top .togglecontainer.av-llf40job-a31721f269057b4f4a8ab16ba31e917c p.toggler.activeTitle{\nbackground-color:#dee7c1;\n}\n#top .togglecontainer.av-llf40job-a31721f269057b4f4a8ab16ba31e917c p.toggler .toggle_icon{\ncolor:#333333;\nborder-color:#333333;\n}\n#top .togglecontainer.av-llf40job-a31721f269057b4f4a8ab16ba31e917c p.toggler .toggle_icon > span{\ncolor:#333333;\nborder-color:#333333;\n}\n#top .togglecontainer.av-llf40job-a31721f269057b4f4a8ab16ba31e917c .toggle_wrap .toggle_content{\nbackground-color:#ffffff;\n}\n<\/style>\n<div  class='togglecontainer av-llf40job-a31721f269057b4f4a8ab16ba31e917c av-minimal-toggle  avia-builder-el-32  el_after_av_textblock  avia-builder-el-last  toggle_close_all' >\n<section class='av_toggle_section av-llf405x7-9ed1cb32e27a723b9813c813aa7eaf43'  itemscope=\"itemscope\" itemtype=\"https:\/\/schema.org\/CreativeWork\" ><div role=\"tablist\" class=\"single_toggle\" data-tags=\"{Tutto} \"  ><p id='toggle-toggle-id-4' data-fake-id='#toggle-id-4' class='toggler  av-title-above '  itemprop=\"headline\"  role='tab' tabindex='0' aria-controls='toggle-id-4' data-slide-speed=\"200\" data-title=\"Check up personalizzato dal Dr. Christian Raffeiner\" data-title-open=\"\" data-aria_collapsed=\"Clicca per espandere: Check up personalizzato dal Dr. Christian Raffeiner\" data-aria_expanded=\"Fare clic per chiudere: Check up personalizzato dal Dr. Christian Raffeiner\">Check up personalizzato dal Dr. Christian Raffeiner<span class=\"toggle_icon\"><span class=\"vert_icon\"><\/span><span class=\"hor_icon\"><\/span><\/span><\/p><div id='toggle-id-4' aria-labelledby='toggle-toggle-id-4' role='region' class='toggle_wrap  av-title-above'  ><div class='toggle_content invers-color '  itemprop=\"text\" ><p>Il Dr. Christian Raffeiner offre visite e check up personalizzati. Dopo una dettagliata anamnesi su malattie precedenti, stile di vita e rischi familiari, segue una visita in cui vengono rilevati parametri fisici, ad esempio la pressione sanguigna, effettuato un ECG, la misurazione della composizione corporea (misurazione BIA) e l&#8217;analisi di alcuni valori del sangue. A seconda dell&#8217;et\u00e0 e del rischio o delle anomalie riscontrate nell&#8217;esame di base, possono essere aggiunti ulteriori esami (ad esempio un&#8217;ecografia degli organi addominali e dei vasi del collo). Nel corso di un approfondito colloquio conclusivo, il medico spiega infine i risultati e, se necessario, concorda con il paziente la pianificazione di ulteriori accertamenti.<\/p>\n<\/div><\/div><\/div><\/section>\n<section class='av_toggle_section av-hzr0ir-71a42db21ca602a9708a1321d9076437'  itemscope=\"itemscope\" itemtype=\"https:\/\/schema.org\/CreativeWork\" ><div role=\"tablist\" class=\"single_toggle\" data-tags=\"{Tutto} \"  ><p id='toggle-toggle-id-5' data-fake-id='#toggle-id-5' class='toggler  av-title-above '  itemprop=\"headline\"  role='tab' tabindex='0' aria-controls='toggle-id-5' data-slide-speed=\"200\" data-title=\"Check up cardiologico\/medicina interna\" data-title-open=\"\" data-aria_collapsed=\"Clicca per espandere: Check up cardiologico\/medicina interna\" data-aria_expanded=\"Fare clic per chiudere: Check up cardiologico\/medicina interna\">Check up cardiologico\/medicina interna<span class=\"toggle_icon\"><span class=\"vert_icon\"><\/span><span class=\"hor_icon\"><\/span><\/span><\/p><div id='toggle-id-5' aria-labelledby='toggle-toggle-id-5' role='region' class='toggle_wrap  av-title-above'  ><div class='toggle_content invers-color '  itemprop=\"text\" ><p>Le prestazioni offerte dalla dottoressa Karin Steckholzer comprendono l&#8217;esame completo degli organi interni, del fegato, del pancreas, della tiroide, del cuore e dei vasi del collo.<\/p>\n<p>In caso di anomalie, l&#8217;esame pu\u00f2 essere integrato da servizi diagnostici specifici per ottenere una diagnosi completa.<\/p>\n<\/div><\/div><\/div><\/section>\n<section class='av_toggle_section av-llf7lxox-ac0261225f88e148549223b11bf2933a'  itemscope=\"itemscope\" itemtype=\"https:\/\/schema.org\/CreativeWork\" ><div role=\"tablist\" class=\"single_toggle\" data-tags=\"{Tutto} \"  ><p id='toggle-toggle-id-6' data-fake-id='#toggle-id-6' class='toggler  av-title-above '  itemprop=\"headline\"  role='tab' tabindex='0' aria-controls='toggle-id-6' data-slide-speed=\"200\" data-title=\"Check up cardiologico\" data-title-open=\"\" data-aria_collapsed=\"Clicca per espandere: Check up cardiologico\" data-aria_expanded=\"Fare clic per chiudere: Check up cardiologico\">Check up cardiologico<span class=\"toggle_icon\"><span class=\"vert_icon\"><\/span><span class=\"hor_icon\"><\/span><\/span><\/p><div id='toggle-id-6' aria-labelledby='toggle-toggle-id-6' role='region' class='toggle_wrap  av-title-above'  ><div class='toggle_content invers-color '  itemprop=\"text\" ><p>La Dr. Martina Hainz, specialista in cardiologia, fornisce visite cardiologiche complete. Oltre alla visita cardiologica con ECG, vengono eseguite sia l\u2019ecografia cardiaca sia l\u2019ecografia dei vasi del collo.<\/p>\n<p>In caso di anomalie, l\u2019esame pu\u00f2 essere integrato da servizi diagnostici specifici per ottenere una diagnosi completa.<\/p>\n<\/div><\/div><\/div><\/section>\n<section class='av_toggle_section av-llf7m89u-8471b08c2bb1c641f0c40c3f4fda5128'  itemscope=\"itemscope\" itemtype=\"https:\/\/schema.org\/CreativeWork\" ><div role=\"tablist\" class=\"single_toggle\" data-tags=\"{Tutto} \"  ><p id='toggle-toggle-id-7' data-fake-id='#toggle-id-7' class='toggler  av-title-above '  itemprop=\"headline\"  role='tab' tabindex='0' aria-controls='toggle-id-7' data-slide-speed=\"200\" data-title=\"Check up pneumologico post Covid\" data-title-open=\"\" data-aria_collapsed=\"Clicca per espandere: Check up pneumologico post Covid\" data-aria_expanded=\"Fare clic per chiudere: Check up pneumologico post Covid\">Check up pneumologico post Covid<span class=\"toggle_icon\"><span class=\"vert_icon\"><\/span><span class=\"hor_icon\"><\/span><\/span><\/p><div id='toggle-id-7' aria-labelledby='toggle-toggle-id-7' role='region' class='toggle_wrap  av-title-above'  ><div class='toggle_content invers-color '  itemprop=\"text\" ><p>Lo pneumologo Dr. Andreas Marseiler offre un Check Up\u00a0 completo per valutare la funzionalit\u00e0 polmonare in caso di pregressa infezione da Covid. Queste le prestazioni comprese nel pacchetto: misurazione della capacit\u00e0 di diffusione polmonare, della forza respiratoria, dell\u2019impegno respiratorio e della resistenza delle vie aeree, spirometria, ecg, test da sforzo, RX del torace ed ecografia polmonare.<\/p>\n<\/div><\/div><\/div><\/section>\n<section class='av_toggle_section av-llf405x7-191-470f6c52be51c3a8c6f1d212452c798a'  itemscope=\"itemscope\" itemtype=\"https:\/\/schema.org\/CreativeWork\" ><div role=\"tablist\" class=\"single_toggle\" data-tags=\"{Tutto} \"  ><p id='toggle-toggle-id-8' data-fake-id='#toggle-id-8' class='toggler  av-title-above '  itemprop=\"headline\"  role='tab' tabindex='0' aria-controls='toggle-id-8' data-slide-speed=\"200\" data-title=\"Check up urologico 45+\" data-title-open=\"\" data-aria_collapsed=\"Clicca per espandere: Check up urologico 45+\" data-aria_expanded=\"Fare clic per chiudere: Check up urologico 45+\">Check up urologico 45+<span class=\"toggle_icon\"><span class=\"vert_icon\"><\/span><span class=\"hor_icon\"><\/span><\/span><\/p><div id='toggle-id-8' aria-labelledby='toggle-toggle-id-8' role='region' class='toggle_wrap  av-title-above'  ><div class='toggle_content invers-color '  itemprop=\"text\" ><p>Il Dr. Matteo Rani, specialista in Urologia, esegue una visita comprensiva di indagini ecografiche (reno-vescicale, testicolare, prostatica trans-rettale) previa esecuzione di esami di laboratorio (sangue e urine). Tale check up consente un&#8217;eventuale diagnosi precoce del tumore prostatico e la pianificazione ed esecuzione di approfondimenti diagnostici, laddove vi fosse il sospetto di una delle principali patologie di interesse urologico. Il tumore prostatico, seconda malattia pi\u00f9 diffusa nell&#8217;uomo, \u00e8 completamente asintomatico nelle prime fasi della sua evoluzione e una diagnosi precoce consente di aumentare notevolmente le probabilit\u00e0 di eradicarlo con la giusta terapia.<\/p>\n<\/div><\/div><\/div><\/section>\n<\/div><\/p><\/div><\/p>\n<\/div><\/div><\/div>\n<style type=\"text\/css\" data-created_by=\"avia_inline_auto\" id=\"style-css-av-ld8p1r4z-194-323826dc47cc8b60c85141e96b6d8489\">\n.av-layout-tab.av-ld8p1r4z-194-323826dc47cc8b60c85141e96b6d8489{\nvertical-align:top;\n}\n<\/style>\n<div id='av-tab-section-1-4' class='av-layout-tab av-ld8p1r4z-194-323826dc47cc8b60c85141e96b6d8489 av-animation-delay-container  avia-builder-el-33  el_after_av_tab_sub_section  el_before_av_tab_sub_section  ' data-av-deeplink-tabs=\"\" data-av-tab-section-content=\"4\" data-tab-section-id=\"oculistica\"><div class=\"av-layout-tab-inner\"><div class=\"container\"><p><div  class='flex_column av-ht2w8b-ed2d8e380f35d0f124d966526906b241 av_one_fourth  avia-builder-el-34  el_before_av_three_fourth  avia-builder-el-first  first flex_column_div  '     ><p><section  class='avia-team-member av-ld8p2lr7-193-0d64a69d653b47d5af252aad928dce50  avia-builder-el-35  el_before_av_team_member  avia-builder-el-first '  itemscope=\"itemscope\" itemtype=\"https:\/\/schema.org\/Person\" ><div class=\"team-img-container\"><img decoding=\"async\" fetchpriority=\"high\" class='wp-image-2305 avia-img-lazy-loading-not-2305 avia_image avia_image_team' src=\"https:\/\/www.martinsbrunn.it\/wp-content\/uploads\/2023\/06\/4E4A2181_1000px-300x300.jpeg\" alt='Dr. Hans Peter \u00dcberbacher'  itemprop=\"image\"   height=\"300\" width=\"300\" srcset=\"https:\/\/www.martinsbrunn.it\/wp-content\/uploads\/2023\/06\/4E4A2181_1000px-300x300.jpeg 300w, https:\/\/www.martinsbrunn.it\/wp-content\/uploads\/2023\/06\/4E4A2181_1000px-80x80.jpeg 80w, https:\/\/www.martinsbrunn.it\/wp-content\/uploads\/2023\/06\/4E4A2181_1000px-768x768.jpeg 768w, https:\/\/www.martinsbrunn.it\/wp-content\/uploads\/2023\/06\/4E4A2181_1000px-36x36.jpeg 36w, https:\/\/www.martinsbrunn.it\/wp-content\/uploads\/2023\/06\/4E4A2181_1000px-180x180.jpeg 180w, https:\/\/www.martinsbrunn.it\/wp-content\/uploads\/2023\/06\/4E4A2181_1000px-705x705.jpeg 705w, https:\/\/www.martinsbrunn.it\/wp-content\/uploads\/2023\/06\/4E4A2181_1000px.jpeg 800w\" sizes=\"(max-width: 300px) 100vw, 300px\" \/><\/div><h3 class='team-member-name '  itemprop=\"name\" >Dr. Hans Peter \u00dcberbacher<\/h3><div class='team-member-job-title '  itemprop=\"jobTitle\" >Oculistica<\/div><span class='hidden team-member-affiliation'  itemprop=\"affiliation\" >Martinsbrunn ParkClinic<\/span><\/section><br \/>\n<section  class='avia-team-member av-m7ewsrsa-f16ebf6be64615196889aa68aff6a776  avia-builder-el-36  el_after_av_team_member  el_before_av_hr '  itemscope=\"itemscope\" itemtype=\"https:\/\/schema.org\/Person\" ><div class=\"team-img-container\"><img decoding=\"async\" fetchpriority=\"high\" class='wp-image-4319 avia-img-lazy-loading-not-4319 avia_image avia_image_team' src=\"https:\/\/www.martinsbrunn.it\/wp-content\/uploads\/2025\/01\/Dr.-Gartner-300x300.jpg\" alt='Dr. Manfred Gartner'  itemprop=\"image\"   height=\"300\" width=\"300\" srcset=\"https:\/\/www.martinsbrunn.it\/wp-content\/uploads\/2025\/01\/Dr.-Gartner-300x300.jpg 300w, https:\/\/www.martinsbrunn.it\/wp-content\/uploads\/2025\/01\/Dr.-Gartner-80x80.jpg 80w, https:\/\/www.martinsbrunn.it\/wp-content\/uploads\/2025\/01\/Dr.-Gartner-36x36.jpg 36w, https:\/\/www.martinsbrunn.it\/wp-content\/uploads\/2025\/01\/Dr.-Gartner-180x180.jpg 180w, https:\/\/www.martinsbrunn.it\/wp-content\/uploads\/2025\/01\/Dr.-Gartner.jpg 687w\" sizes=\"(max-width: 300px) 100vw, 300px\" \/><\/div><h3 class='team-member-name '  itemprop=\"name\" >Dr. Manfred Gartner<\/h3><div class='team-member-job-title '  itemprop=\"jobTitle\" >Oculistica<\/div><span class='hidden team-member-affiliation'  itemprop=\"affiliation\" >Martinsbrunn ParkClinic<\/span><\/section><br \/>\n\n<style type=\"text\/css\" data-created_by=\"avia_inline_auto\" id=\"style-css-av-ho05iz-9e48c484695b2a1cc19b1706e3076b9f\">\n#top .hr.hr-invisible.av-ho05iz-9e48c484695b2a1cc19b1706e3076b9f{\nheight:20px;\n}\n<\/style>\n<div  class='hr av-ho05iz-9e48c484695b2a1cc19b1706e3076b9f hr-invisible  avia-builder-el-37  el_after_av_team_member  avia-builder-el-last '><span class='hr-inner '><span class=\"hr-inner-style\"><\/span><\/span><\/div><\/p><\/div><div  class='flex_column av-he913f-8cf961f5cab8809bd592856fd8f66c8b av_three_fourth  avia-builder-el-38  el_after_av_one_fourth  avia-builder-el-last  flex_column_div  '     ><section  class='av_textblock_section av-ld8p36mv-192-f4bad4597ab2f6e6b9a2dd44aa06720c '   itemscope=\"itemscope\" itemtype=\"https:\/\/schema.org\/CreativeWork\" ><div class='avia_textblock'  itemprop=\"text\" ><h3>Oculistica<\/h3>\n<p>I nostri occhi sono uno degli organi sensoriali pi\u00f9 preziosi: ci permettono non solo di vedere, ma sono anche fondamentali per l\u2019orientamento e la comunicazione nella vita quotidiana.<br \/>\nNel nostro reparto di Oculistica, il Dr. Manfred Gartner e il Dr. Hans Peter \u00dcberbacher, entrambi medici specialisti con anni di esperienza, si prendono cura della vostra salute visiva con competenza e attenzione.<\/p>\n<p><strong>Perch\u00e9 la prevenzione regolare \u00e8 cos\u00ec importante:<\/strong><br \/>\nGi\u00e0 a partire dai 40 anni possono comparire i primi cambiamenti legati all\u2019et\u00e0, come ad esempio un aumento della pressione oculare \u2013 un potenziale fattore di rischio per il glaucoma.<br \/>\nPer questo motivo, i nostri specialisti raccomandano un controllo oculistico annuale per una diagnosi precoce e una prevenzione efficace.<\/p>\n<p>Anche i pazienti pi\u00f9 giovani affetti da miopia dovrebbero sottoporsi regolarmente a controlli: un esame preventivo della retina pu\u00f2 aiutare a individuare tempestivamente alterazioni pericolose ed evitare complicazioni come il distacco della retina.<\/p>\n<p><strong>Il nostro obiettivo:<\/strong><br \/>\nPreservare a lungo la vostra capacit\u00e0 visiva e accompagnarvi al meglio con diagnostica moderna, esperienza medica e assistenza personalizzata.<\/p>\n<p><a href=\"https:\/\/www.martinsbrunn.it\/it\/oculista-merano\/\">continua a leggere<\/a><\/p>\n<\/div><\/section><\/div><\/p>\n<\/div><\/div><\/div>\n<style type=\"text\/css\" data-created_by=\"avia_inline_auto\" id=\"style-css-av-ha3rmz-8543ca4eccc9e4102c4babccc7eaa25a\">\n.av-layout-tab.av-ha3rmz-8543ca4eccc9e4102c4babccc7eaa25a{\nvertical-align:top;\n}\n<\/style>\n<div id='av-tab-section-1-5' class='av-layout-tab av-ha3rmz-8543ca4eccc9e4102c4babccc7eaa25a av-animation-delay-container  avia-builder-el-40  el_after_av_tab_sub_section  el_before_av_tab_sub_section  ' data-av-deeplink-tabs=\"\" data-av-tab-section-content=\"5\" data-tab-section-id=\"dermatologia\"><div class=\"av-layout-tab-inner\"><div class=\"container\"><p><div  class='flex_column av-h3j7fn-5da3302d264e6d750ff43c2b4f23b4fd av_one_fourth  avia-builder-el-41  el_before_av_three_fourth  avia-builder-el-first  first flex_column_div  '     ><p><section  class='avia-team-member av-ljebz93x-00dd6c321870e6f287dd21ae78607762  avia-builder-el-42  el_before_av_hr  avia-builder-el-first '  itemscope=\"itemscope\" itemtype=\"https:\/\/schema.org\/Person\" ><div class=\"team-img-container\"><img decoding=\"async\" fetchpriority=\"high\" class='wp-image-2310 avia-img-lazy-loading-not-2310 avia_image avia_image_team' src=\"https:\/\/www.martinsbrunn.it\/wp-content\/uploads\/2023\/06\/4E4A2617_1000px-300x300.jpeg\" alt='Dr. Relja Stankovic'  itemprop=\"image\"   height=\"300\" width=\"300\" srcset=\"https:\/\/www.martinsbrunn.it\/wp-content\/uploads\/2023\/06\/4E4A2617_1000px-300x300.jpeg 300w, https:\/\/www.martinsbrunn.it\/wp-content\/uploads\/2023\/06\/4E4A2617_1000px-80x80.jpeg 80w, https:\/\/www.martinsbrunn.it\/wp-content\/uploads\/2023\/06\/4E4A2617_1000px-768x768.jpeg 768w, https:\/\/www.martinsbrunn.it\/wp-content\/uploads\/2023\/06\/4E4A2617_1000px-36x36.jpeg 36w, https:\/\/www.martinsbrunn.it\/wp-content\/uploads\/2023\/06\/4E4A2617_1000px-180x180.jpeg 180w, https:\/\/www.martinsbrunn.it\/wp-content\/uploads\/2023\/06\/4E4A2617_1000px-705x705.jpeg 705w, https:\/\/www.martinsbrunn.it\/wp-content\/uploads\/2023\/06\/4E4A2617_1000px.jpeg 800w\" sizes=\"(max-width: 300px) 100vw, 300px\" \/><\/div><h3 class='team-member-name '  itemprop=\"name\" >Dr. Relja Stankovic<\/h3><div class='team-member-job-title '  itemprop=\"jobTitle\" >Dermatologia<\/div><span class='hidden team-member-affiliation'  itemprop=\"affiliation\" >Martinsbrunn ParkClinic<\/span><\/section><br \/>\n\n<style type=\"text\/css\" data-created_by=\"avia_inline_auto\" id=\"style-css-av-gyjm5n-33990138632f40f29431b3979319c911\">\n#top .hr.hr-invisible.av-gyjm5n-33990138632f40f29431b3979319c911{\nheight:20px;\n}\n<\/style>\n<div  class='hr av-gyjm5n-33990138632f40f29431b3979319c911 hr-invisible  avia-builder-el-43  el_after_av_team_member  avia-builder-el-last '><span class='hr-inner '><span class=\"hr-inner-style\"><\/span><\/span><\/div><\/p><\/div><div  class='flex_column av-guiaob-bc8f5b58234a56ffc781d2630466100c av_three_fourth  avia-builder-el-44  el_after_av_one_fourth  avia-builder-el-last  flex_column_div  '     ><section  class='av_textblock_section av-gn901f-3c5dd6c219f5c74026349455610ec8f5 '   itemscope=\"itemscope\" itemtype=\"https:\/\/schema.org\/CreativeWork\" ><div class='avia_textblock'  itemprop=\"text\" ><h3>Dermatologia<\/h3>\n<p>Le visite dermatologiche sono una aspetto importante della prevenzione dei tumori. Oltre agli esami preventivi, il nostro specialista in dermatologia Dr. Relja Stankovic offre, presso Martinsbrunn ParkClinic, visite, consulenze e piccoli interventi chirurgici.<\/p>\n<p><strong>Le nostre prestazioni:<\/strong><\/p>\n<ul>\n<li>Visita dei nevi con mappatura fotografica<\/li>\n<li>Visita dell\u2019epidermide per individuare eventuali lesioni<\/li>\n<li>Visita dermoestetica<\/li>\n<li>Visita per problemi dei capelli e delle unghie<\/li>\n<li>Visita per la diagnosi delle malattie veneree<\/li>\n<li>Visita per ulcere e alterazioni benigne e maligne dell\u2019epidermide<\/li>\n<li>Interventi estetici per l\u2019eliminazione di lesioni (nevi, cisti, verruche, lipomi)<\/li>\n<li>Trattamento chirurgico dell\u2019unghia incarnita<\/li>\n<li>Biopsie cutanee ed eliminazione cicatrici<\/li>\n<li>Criochirurgia e curettage (raschiatura)<\/li>\n<li>Elettrocoagulazione ed escissione \u201cshave\u201d<\/li>\n<li>Micro-decapitazione chirurgica di tumori della pelle<\/li>\n<li>Capillaroscopia<\/li>\n<li>Incisione e drenaggio<\/li>\n<li>Trattamento delle rughe del viso con Plexr<\/li>\n<\/ul>\n<\/div><\/section><\/div><\/p>\n<\/div><\/div><\/div>\n<style type=\"text\/css\" data-created_by=\"avia_inline_auto\" id=\"style-css-av-lrhyieqv-4076561f1fc150d6d4f7457c5bbb7ed6\">\n.av-layout-tab.av-lrhyieqv-4076561f1fc150d6d4f7457c5bbb7ed6{\nvertical-align:top;\n}\n<\/style>\n<div id='av-tab-section-1-6' class='av-layout-tab av-lrhyieqv-4076561f1fc150d6d4f7457c5bbb7ed6 av-animation-delay-container  avia-builder-el-46  el_after_av_tab_sub_section  el_before_av_tab_sub_section  ' data-av-deeplink-tabs=\"\" data-av-tab-section-content=\"6\" data-tab-section-id=\"cardiologia-e-medicina-interna\"><div class=\"av-layout-tab-inner\"><div class=\"container\"><p><div  class='flex_column av-gg92lf-027defd4ac2839123237bda0bb3c8ef6 av_one_fourth  avia-builder-el-47  el_before_av_three_fourth  avia-builder-el-first  first flex_column_div  '     ><p><section  class='avia-team-member av-ljebzpu5-cc128d6533b3f4ceea8ea405b8580e3d  avia-builder-el-48  el_before_av_team_member  avia-builder-el-first '  itemscope=\"itemscope\" itemtype=\"https:\/\/schema.org\/Person\" ><div class=\"team-img-container\"><img decoding=\"async\" fetchpriority=\"high\" class='wp-image-2312 avia-img-lazy-loading-not-2312 avia_image avia_image_team' src=\"https:\/\/www.martinsbrunn.it\/wp-content\/uploads\/2023\/06\/4E4A1434_1000px-300x300.jpeg\" alt='Dr. Karin Steckholzer'  itemprop=\"image\"   height=\"300\" width=\"300\" srcset=\"https:\/\/www.martinsbrunn.it\/wp-content\/uploads\/2023\/06\/4E4A1434_1000px-300x300.jpeg 300w, https:\/\/www.martinsbrunn.it\/wp-content\/uploads\/2023\/06\/4E4A1434_1000px-80x80.jpeg 80w, https:\/\/www.martinsbrunn.it\/wp-content\/uploads\/2023\/06\/4E4A1434_1000px-768x768.jpeg 768w, https:\/\/www.martinsbrunn.it\/wp-content\/uploads\/2023\/06\/4E4A1434_1000px-36x36.jpeg 36w, https:\/\/www.martinsbrunn.it\/wp-content\/uploads\/2023\/06\/4E4A1434_1000px-180x180.jpeg 180w, https:\/\/www.martinsbrunn.it\/wp-content\/uploads\/2023\/06\/4E4A1434_1000px-705x705.jpeg 705w, https:\/\/www.martinsbrunn.it\/wp-content\/uploads\/2023\/06\/4E4A1434_1000px.jpeg 800w\" sizes=\"(max-width: 300px) 100vw, 300px\" \/><\/div><h3 class='team-member-name '  itemprop=\"name\" >Dr. Karin Steckholzer<\/h3><div class='team-member-job-title '  itemprop=\"jobTitle\" >Cardiologia e medicina interna<\/div><span class='hidden team-member-affiliation'  itemprop=\"affiliation\" >Martinsbrunn ParkClinic<\/span><\/section><br \/>\n<section  class='avia-team-member av-lf2k3ppt-79a0b97cd7f99a1169742d69eb3ade5b  avia-builder-el-49  el_after_av_team_member  el_before_av_team_member '  itemscope=\"itemscope\" itemtype=\"https:\/\/schema.org\/Person\" ><div class=\"team-img-container\"><img decoding=\"async\" fetchpriority=\"high\" class='wp-image-2315 avia-img-lazy-loading-not-2315 avia_image avia_image_team' src=\"https:\/\/www.martinsbrunn.it\/wp-content\/uploads\/2023\/06\/4E4A4364_1000px-300x300.jpeg\" alt='Dr. Martina Hainz'  itemprop=\"image\"   height=\"300\" width=\"300\" srcset=\"https:\/\/www.martinsbrunn.it\/wp-content\/uploads\/2023\/06\/4E4A4364_1000px-300x300.jpeg 300w, https:\/\/www.martinsbrunn.it\/wp-content\/uploads\/2023\/06\/4E4A4364_1000px-80x80.jpeg 80w, https:\/\/www.martinsbrunn.it\/wp-content\/uploads\/2023\/06\/4E4A4364_1000px-768x768.jpeg 768w, https:\/\/www.martinsbrunn.it\/wp-content\/uploads\/2023\/06\/4E4A4364_1000px-36x36.jpeg 36w, https:\/\/www.martinsbrunn.it\/wp-content\/uploads\/2023\/06\/4E4A4364_1000px-180x180.jpeg 180w, https:\/\/www.martinsbrunn.it\/wp-content\/uploads\/2023\/06\/4E4A4364_1000px-705x705.jpeg 705w, https:\/\/www.martinsbrunn.it\/wp-content\/uploads\/2023\/06\/4E4A4364_1000px.jpeg 800w\" sizes=\"(max-width: 300px) 100vw, 300px\" \/><\/div><h3 class='team-member-name '  itemprop=\"name\" >Dr. Martina Hainz<\/h3><div class='team-member-job-title '  itemprop=\"jobTitle\" >Cardiologia<\/div><span class='hidden team-member-affiliation'  itemprop=\"affiliation\" >Martinsbrunn ParkClinic<\/span><\/section><br \/>\n<section  class='avia-team-member av-ljecs0fm-25e19320f6e7fd51300b81c583b6ea2a  avia-builder-el-50  el_after_av_team_member  el_before_av_hr '  itemscope=\"itemscope\" itemtype=\"https:\/\/schema.org\/Person\" ><div class=\"team-img-container\"><img decoding=\"async\" fetchpriority=\"high\" class='wp-image-2317 avia-img-lazy-loading-not-2317 avia_image avia_image_team' src=\"https:\/\/www.martinsbrunn.it\/wp-content\/uploads\/2023\/06\/4E4A4396_1000px-300x300.jpeg\" alt='Dr. Christoph Mulser'  itemprop=\"image\"   height=\"300\" width=\"300\" srcset=\"https:\/\/www.martinsbrunn.it\/wp-content\/uploads\/2023\/06\/4E4A4396_1000px-300x300.jpeg 300w, https:\/\/www.martinsbrunn.it\/wp-content\/uploads\/2023\/06\/4E4A4396_1000px-80x80.jpeg 80w, https:\/\/www.martinsbrunn.it\/wp-content\/uploads\/2023\/06\/4E4A4396_1000px-768x768.jpeg 768w, https:\/\/www.martinsbrunn.it\/wp-content\/uploads\/2023\/06\/4E4A4396_1000px-36x36.jpeg 36w, https:\/\/www.martinsbrunn.it\/wp-content\/uploads\/2023\/06\/4E4A4396_1000px-180x180.jpeg 180w, https:\/\/www.martinsbrunn.it\/wp-content\/uploads\/2023\/06\/4E4A4396_1000px-705x705.jpeg 705w, https:\/\/www.martinsbrunn.it\/wp-content\/uploads\/2023\/06\/4E4A4396_1000px.jpeg 800w\" sizes=\"(max-width: 300px) 100vw, 300px\" \/><\/div><h3 class='team-member-name '  itemprop=\"name\" >Dr. Christoph Mulser<\/h3><div class='team-member-job-title '  itemprop=\"jobTitle\" >Cardiologia e medicina interna<\/div><span class='hidden team-member-affiliation'  itemprop=\"affiliation\" >Martinsbrunn ParkClinic<\/span><\/section><br \/>\n\n<style type=\"text\/css\" data-created_by=\"avia_inline_auto\" id=\"style-css-av-ga8jub-86b4d8f22a21f909520e0b4a1378f5ad\">\n#top .hr.hr-invisible.av-ga8jub-86b4d8f22a21f909520e0b4a1378f5ad{\nheight:20px;\n}\n<\/style>\n<div  class='hr av-ga8jub-86b4d8f22a21f909520e0b4a1378f5ad hr-invisible  avia-builder-el-51  el_after_av_team_member  avia-builder-el-last '><span class='hr-inner '><span class=\"hr-inner-style\"><\/span><\/span><\/div><\/p><\/div><div  class='flex_column av-g68d97-a5426b83a2e040ae41049ea5966de7ab av_three_fourth  avia-builder-el-52  el_after_av_one_fourth  avia-builder-el-last  flex_column_div  '     ><section  class='av_textblock_section av-g0594z-451a748657861a73125f271726c5a580 '   itemscope=\"itemscope\" itemtype=\"https:\/\/schema.org\/CreativeWork\" ><div class='avia_textblock'  itemprop=\"text\" ><h3>Cardiologia e Medicina interna<\/h3>\n<p>L&#8217;\u00e9quipe dei medici della Martinsbrunn ParkClinic offre visite complete e una diagnostica di alta qualit\u00e0 nelle branche di cardiologia e della medicina interna.<\/p>\n<p><strong>Pacchetti Check-Up:<\/strong><\/p>\n<\/div><\/section><br \/>\n\n<style type=\"text\/css\" data-created_by=\"avia_inline_auto\" id=\"style-css-av-lmpw9ewv-dd72c0c89bdd18cdd9256e2f10e96ae6\">\n#top .togglecontainer.av-lmpw9ewv-dd72c0c89bdd18cdd9256e2f10e96ae6 p.toggler{\nbackground-color:#ffffff;\n}\n#top .togglecontainer.av-lmpw9ewv-dd72c0c89bdd18cdd9256e2f10e96ae6 p.toggler.activeTitle{\nbackground-color:#dee7c1;\n}\n#top .togglecontainer.av-lmpw9ewv-dd72c0c89bdd18cdd9256e2f10e96ae6 p.toggler .toggle_icon{\ncolor:#333333;\nborder-color:#333333;\n}\n#top .togglecontainer.av-lmpw9ewv-dd72c0c89bdd18cdd9256e2f10e96ae6 p.toggler .toggle_icon > span{\ncolor:#333333;\nborder-color:#333333;\n}\n#top .togglecontainer.av-lmpw9ewv-dd72c0c89bdd18cdd9256e2f10e96ae6 .toggle_wrap .toggle_content{\nbackground-color:#ffffff;\n}\n<\/style>\n<div  class='togglecontainer av-lmpw9ewv-dd72c0c89bdd18cdd9256e2f10e96ae6 av-minimal-toggle  avia-builder-el-54  el_after_av_textblock  el_before_av_textblock  toggle_close_all' >\n<section class='av_toggle_section av-1ks9bf-7b3ce5a3bed87563e6598809038586f9'  itemscope=\"itemscope\" itemtype=\"https:\/\/schema.org\/CreativeWork\" ><div role=\"tablist\" class=\"single_toggle\" data-tags=\"{Tutto} \"  ><p id='toggle-toggle-id-9' data-fake-id='#toggle-id-9' class='toggler  av-title-above '  itemprop=\"headline\"  role='tab' tabindex='0' aria-controls='toggle-id-9' data-slide-speed=\"200\" data-title=\"Check Up cardiologico\/medicina interna\" data-title-open=\"\" data-aria_collapsed=\"Clicca per espandere: Check Up cardiologico\/medicina interna\" data-aria_expanded=\"Fare clic per chiudere: Check Up cardiologico\/medicina interna\">Check Up cardiologico\/medicina interna<span class=\"toggle_icon\"><span class=\"vert_icon\"><\/span><span class=\"hor_icon\"><\/span><\/span><\/p><div id='toggle-id-9' aria-labelledby='toggle-toggle-id-9' role='region' class='toggle_wrap  av-title-above'  ><div class='toggle_content invers-color '  itemprop=\"text\" ><p>Le prestazioni offerte dalla Dr. Karin Steckholzer comprendono l&#8217;esame completo degli organi interni, del fegato, del pancreas, della tiroide, del cuore e dei vasi del collo.<\/p>\n<p>In caso di anomalie, l&#8217;esame pu\u00f2 essere integrato da ulteriori accertamenti finalizzati ad ottenere una diagnosi competa.<\/p>\n<\/div><\/div><\/div><\/section>\n<section class='av_toggle_section av-lmpw9dr5-8c8673911122ca5ea69598d777e37f6b'  itemscope=\"itemscope\" itemtype=\"https:\/\/schema.org\/CreativeWork\" ><div role=\"tablist\" class=\"single_toggle\" data-tags=\"{Tutto} \"  ><p id='toggle-toggle-id-10' data-fake-id='#toggle-id-10' class='toggler  av-title-above '  itemprop=\"headline\"  role='tab' tabindex='0' aria-controls='toggle-id-10' data-slide-speed=\"200\" data-title=\"Check-Up cardiologico\" data-title-open=\"\" data-aria_collapsed=\"Clicca per espandere: Check-Up cardiologico\" data-aria_expanded=\"Fare clic per chiudere: Check-Up cardiologico\">Check-Up cardiologico<span class=\"toggle_icon\"><span class=\"vert_icon\"><\/span><span class=\"hor_icon\"><\/span><\/span><\/p><div id='toggle-id-10' aria-labelledby='toggle-toggle-id-10' role='region' class='toggle_wrap  av-title-above'  ><div class='toggle_content invers-color '  itemprop=\"text\" ><p>La Dr. Martina Hainz, specialista in cardiologia, effettua visite cardiologiche complete. Oltre alla visita cardiologica con ECG, vengono eseguite l&#8217;ecografia cardiaca e l&#8217;ecografia dei vasi del collo.<\/p>\n<p>In caso di anomalie, l&#8217;esame pu\u00f2 essere integrato da ulteriori accertamenti finalizzati ad ottenere una diagnosi competa.<\/p>\n<\/div><\/div><\/div><\/section>\n<\/div><br \/>\n<section  class='av_textblock_section av-fpkxs3-6944d9832b16e19c9968fe24b8cb9507 '   itemscope=\"itemscope\" itemtype=\"https:\/\/schema.org\/CreativeWork\" ><div class='avia_textblock'  itemprop=\"text\" ><p><strong>Le nostre prestazioni:<\/strong><\/p>\n<ul>\n<li>Visite cardiologiche con ECG ed ecografia<\/li>\n<li>Visite internistiche con ecografia dell\u2019addome, della tiroide e dei vasi del collo<\/li>\n<li>Ecocardiografia<\/li>\n<li>ECG a riposo<\/li>\n<li>ECG sotto sforzo<\/li>\n<li>Holter ECG<\/li>\n<li>Holter pressorio<\/li>\n<li>Ecocardiografia sotto sforzo<\/li>\n<li>Misurazione indice ABI \u2013 pressione sanguigna<\/li>\n<\/ul>\n<\/div><\/section><\/p><\/div><\/p>\n<\/div><\/div><\/div>\n<style type=\"text\/css\" data-created_by=\"avia_inline_auto\" id=\"style-css-av-ld8p1r4z-190-7c3ec01b01f118923fe96c82a46ed389\">\n.av-layout-tab.av-ld8p1r4z-190-7c3ec01b01f118923fe96c82a46ed389{\nvertical-align:top;\n}\n<\/style>\n<div id='av-tab-section-1-7' class='av-layout-tab av-ld8p1r4z-190-7c3ec01b01f118923fe96c82a46ed389 av-animation-delay-container  avia-builder-el-56  el_after_av_tab_sub_section  el_before_av_tab_sub_section  ' data-av-deeplink-tabs=\"\" data-av-tab-section-content=\"7\" data-tab-section-id=\"medicina-nutrizionale\"><div class=\"av-layout-tab-inner\"><div class=\"container\"><p><div  class='flex_column av-ff1tmr-cf5e4da349a7c589fccbc9465c2b32c6 av_one_fourth  avia-builder-el-57  el_before_av_three_fourth  avia-builder-el-first  first flex_column_div  '     ><p><section  class='avia-team-member av-ld8p2lr7-189-5553c456cc4e9b4e1c6954f7d85d8c07  avia-builder-el-58  el_before_av_team_member  avia-builder-el-first '  itemscope=\"itemscope\" itemtype=\"https:\/\/schema.org\/Person\" ><div class=\"team-img-container\"><img decoding=\"async\" fetchpriority=\"high\" class='wp-image-2320 avia-img-lazy-loading-not-2320 avia_image avia_image_team' src=\"https:\/\/www.martinsbrunn.it\/wp-content\/uploads\/2023\/06\/4E4A2675_1000px-300x300.jpeg\" alt='Dr. Felizitas Radm\u00fcller'  itemprop=\"image\"   height=\"300\" width=\"300\" srcset=\"https:\/\/www.martinsbrunn.it\/wp-content\/uploads\/2023\/06\/4E4A2675_1000px-300x300.jpeg 300w, https:\/\/www.martinsbrunn.it\/wp-content\/uploads\/2023\/06\/4E4A2675_1000px-80x80.jpeg 80w, https:\/\/www.martinsbrunn.it\/wp-content\/uploads\/2023\/06\/4E4A2675_1000px-768x768.jpeg 768w, https:\/\/www.martinsbrunn.it\/wp-content\/uploads\/2023\/06\/4E4A2675_1000px-36x36.jpeg 36w, https:\/\/www.martinsbrunn.it\/wp-content\/uploads\/2023\/06\/4E4A2675_1000px-180x180.jpeg 180w, https:\/\/www.martinsbrunn.it\/wp-content\/uploads\/2023\/06\/4E4A2675_1000px-705x705.jpeg 705w, https:\/\/www.martinsbrunn.it\/wp-content\/uploads\/2023\/06\/4E4A2675_1000px.jpeg 800w\" sizes=\"(max-width: 300px) 100vw, 300px\" \/><\/div><h3 class='team-member-name '  itemprop=\"name\" >Dr. Felizitas Radm\u00fcller<\/h3><div class='team-member-job-title '  itemprop=\"jobTitle\" >Medicina nutrizionale<\/div><span class='hidden team-member-affiliation'  itemprop=\"affiliation\" >Martinsbrunn ParkClinic<\/span><\/section><br \/>\n<section  class='avia-team-member av-lqoy7mr8-153c04b34b96f455f4df0bf3435bc95b  avia-builder-el-59  el_after_av_team_member  el_before_av_hr '  itemscope=\"itemscope\" itemtype=\"https:\/\/schema.org\/Person\" ><div class=\"team-img-container\"><img decoding=\"async\" fetchpriority=\"high\" class='wp-image-2960 avia-img-lazy-loading-not-2960 avia_image avia_image_team' src=\"https:\/\/www.martinsbrunn.it\/wp-content\/uploads\/2023\/12\/Katrin.jpg\" alt='Katrin Torggler'  itemprop=\"image\"   height=\"800\" width=\"800\" srcset=\"https:\/\/www.martinsbrunn.it\/wp-content\/uploads\/2023\/12\/Katrin.jpg 800w, https:\/\/www.martinsbrunn.it\/wp-content\/uploads\/2023\/12\/Katrin-300x300.jpg 300w, https:\/\/www.martinsbrunn.it\/wp-content\/uploads\/2023\/12\/Katrin-80x80.jpg 80w, https:\/\/www.martinsbrunn.it\/wp-content\/uploads\/2023\/12\/Katrin-768x768.jpg 768w, https:\/\/www.martinsbrunn.it\/wp-content\/uploads\/2023\/12\/Katrin-36x36.jpg 36w, https:\/\/www.martinsbrunn.it\/wp-content\/uploads\/2023\/12\/Katrin-180x180.jpg 180w, https:\/\/www.martinsbrunn.it\/wp-content\/uploads\/2023\/12\/Katrin-705x705.jpg 705w\" sizes=\"(max-width: 800px) 100vw, 800px\" \/><\/div><h3 class='team-member-name '  itemprop=\"name\" >Katrin Torggler<\/h3><div class='team-member-job-title '  itemprop=\"jobTitle\" >Dietista<\/div><span class='hidden team-member-affiliation'  itemprop=\"affiliation\" >Martinsbrunn ParkClinic<\/span><\/section><br \/>\n\n<style type=\"text\/css\" data-created_by=\"avia_inline_auto\" id=\"style-css-av-f9vsvf-ec5eb42bad4d2a5ef63e50b5ec9429ef\">\n#top .hr.hr-invisible.av-f9vsvf-ec5eb42bad4d2a5ef63e50b5ec9429ef{\nheight:20px;\n}\n<\/style>\n<div  class='hr av-f9vsvf-ec5eb42bad4d2a5ef63e50b5ec9429ef hr-invisible  avia-builder-el-60  el_after_av_team_member  avia-builder-el-last '><span class='hr-inner '><span class=\"hr-inner-style\"><\/span><\/span><\/div><\/p><\/div><div  class='flex_column av-f2ytwr-50fe669b09d6dbdcbb7866ed21b345d6 av_three_fourth  avia-builder-el-61  el_after_av_one_fourth  avia-builder-el-last  flex_column_div  '     ><section  class='av_textblock_section av-ld8p36mv-188-076c63a6dea5c60eb534e4422a210fdc '   itemscope=\"itemscope\" itemtype=\"https:\/\/schema.org\/CreativeWork\" ><div class='avia_textblock'  itemprop=\"text\" ><h3>Medicina nutrizionale<\/h3>\n<p>La medicina nutrizionale \u00e8 una disciplina medica che utilizza le attuali conoscenze scientifiche sull&#8217;alimentazione umana per prevenire, curare e alleviare le malattie. La dottoressa Felizitas Radm\u00fcller, specialista in medicina interna con qualifica aggiuntiva in medicina nutrizionale (secondo le norme di perfezionamento dell&#8217;Associazione Medica Tedesca), sar\u00e0 lieta di consigliarvi durante una visita di medicina nutrizionale.<\/p>\n<p><a href=\"https:\/\/www.martinsbrunn.it\/it\/medicina-nutrizionale\/\">continua a leggere<\/a><\/p>\n<\/div><\/section><\/div><\/p>\n<\/div><\/div><\/div>\n<style type=\"text\/css\" data-created_by=\"avia_inline_auto\" id=\"style-css-av-eyranv-7a987031d990b5ea1b95b41c5a4a346c\">\n.av-layout-tab.av-eyranv-7a987031d990b5ea1b95b41c5a4a346c{\nvertical-align:top;\n}\n<\/style>\n<div id='av-tab-section-1-8' class='av-layout-tab av-eyranv-7a987031d990b5ea1b95b41c5a4a346c av-animation-delay-container  avia-builder-el-63  el_after_av_tab_sub_section  el_before_av_tab_sub_section  ' data-av-deeplink-tabs=\"\" data-av-tab-section-content=\"8\" data-tab-section-id=\"pneumologia-e-allergologia\"><div class=\"av-layout-tab-inner\"><div class=\"container\"><p><div  class='flex_column av-er9xwj-35c9e276c20bceff77c22829f4de0efe av_one_fourth  avia-builder-el-64  el_before_av_three_fourth  avia-builder-el-first  first flex_column_div  '     ><p><section  class='avia-team-member av-ljecun4y-679487eadfbe201a53843aad7b407d96  avia-builder-el-65  el_before_av_hr  avia-builder-el-first '  itemscope=\"itemscope\" itemtype=\"https:\/\/schema.org\/Person\" ><div class=\"team-img-container\"><img decoding=\"async\" fetchpriority=\"high\" class='wp-image-2324 avia-img-lazy-loading-not-2324 avia_image avia_image_team' src=\"https:\/\/www.martinsbrunn.it\/wp-content\/uploads\/2023\/06\/4E4A4383_1000px-300x300.jpeg\" alt='Dr. Andreas Marseiler'  itemprop=\"image\"   height=\"300\" width=\"300\" srcset=\"https:\/\/www.martinsbrunn.it\/wp-content\/uploads\/2023\/06\/4E4A4383_1000px-300x300.jpeg 300w, https:\/\/www.martinsbrunn.it\/wp-content\/uploads\/2023\/06\/4E4A4383_1000px-80x80.jpeg 80w, https:\/\/www.martinsbrunn.it\/wp-content\/uploads\/2023\/06\/4E4A4383_1000px-768x768.jpeg 768w, https:\/\/www.martinsbrunn.it\/wp-content\/uploads\/2023\/06\/4E4A4383_1000px-36x36.jpeg 36w, https:\/\/www.martinsbrunn.it\/wp-content\/uploads\/2023\/06\/4E4A4383_1000px-180x180.jpeg 180w, https:\/\/www.martinsbrunn.it\/wp-content\/uploads\/2023\/06\/4E4A4383_1000px-705x705.jpeg 705w, https:\/\/www.martinsbrunn.it\/wp-content\/uploads\/2023\/06\/4E4A4383_1000px.jpeg 800w\" sizes=\"(max-width: 300px) 100vw, 300px\" \/><\/div><h3 class='team-member-name '  itemprop=\"name\" >Dr. Andreas Marseiler<\/h3><div class='team-member-job-title '  itemprop=\"jobTitle\" >Pneumologia e allergologia<\/div><span class='hidden team-member-affiliation'  itemprop=\"affiliation\" >Martinsbrunn ParkClinic<\/span><\/section><br \/>\n\n<style type=\"text\/css\" data-created_by=\"avia_inline_auto\" id=\"style-css-av-enm5az-8fa2762539fd675cf996d3f802b68999\">\n#top .hr.hr-invisible.av-enm5az-8fa2762539fd675cf996d3f802b68999{\nheight:20px;\n}\n<\/style>\n<div  class='hr av-enm5az-8fa2762539fd675cf996d3f802b68999 hr-invisible  avia-builder-el-66  el_after_av_team_member  avia-builder-el-last '><span class='hr-inner '><span class=\"hr-inner-style\"><\/span><\/span><\/div><\/p><\/div><div  class='flex_column av-ei080j-5dc37e8a6c17b1bc2b2ff053a9cf2287 av_three_fourth  avia-builder-el-67  el_after_av_one_fourth  avia-builder-el-last  flex_column_div  '     ><section  class='av_textblock_section av-m3cw0nwx-1160e8d3593696f25f8ac51de74d4df1 '   itemscope=\"itemscope\" itemtype=\"https:\/\/schema.org\/CreativeWork\" ><div class='avia_textblock'  itemprop=\"text\" ><h3>Pneumologia e Allergologia<\/h3>\n<p>L&#8217;ambulatorio di pneumologia e allergologia della Martinsbrunn ParkClinic \u00e8 guidato dal Dr. Andreas Marseiler.<\/p>\n<p><strong>Le nostre prestazioni:<\/strong><\/p>\n<ul>\n<li>Visita specialistica<\/li>\n<li>Spirometria di base<\/li>\n<li>Spirometria con test di broncospasmolisi<\/li>\n<li>Test della metacolina (asma)<\/li>\n<li>Misurazione della capacit\u00e0 di diffusione polmonare, della forza respiratoria, dell\u2019impegno respiratorio e della resistenza delle vie aeree<\/li>\n<li>Approfondito check-up polmonare post Covid<\/li>\n<li>Rilevazione di infiammazioni delle vie aeree con misurazione nell\u2019esalato<\/li>\n<li>Monitoraggio notturno cardiorespiratorio (laboratorio del sonno)<\/li>\n<li>Accertamenti allergologici \u2013 Pricktest<\/li>\n<li>Ecografie: cuore, polmoni, torace<\/li>\n<\/ul>\n<\/div><\/section><br \/>\n\n<style type=\"text\/css\" data-created_by=\"avia_inline_auto\" id=\"style-css-av-ebz7ij-e856053dbc647d97331f0bfb434d60cb\">\n#top .togglecontainer.av-ebz7ij-e856053dbc647d97331f0bfb434d60cb p.toggler{\nbackground-color:#ffffff;\n}\n#top .togglecontainer.av-ebz7ij-e856053dbc647d97331f0bfb434d60cb p.toggler.activeTitle{\nbackground-color:#dee7c1;\n}\n#top .togglecontainer.av-ebz7ij-e856053dbc647d97331f0bfb434d60cb p.toggler .toggle_icon{\ncolor:#333333;\nborder-color:#333333;\n}\n#top .togglecontainer.av-ebz7ij-e856053dbc647d97331f0bfb434d60cb p.toggler .toggle_icon > span{\ncolor:#333333;\nborder-color:#333333;\n}\n#top .togglecontainer.av-ebz7ij-e856053dbc647d97331f0bfb434d60cb .toggle_wrap .toggle_content{\nbackground-color:#ffffff;\n}\n<\/style>\n<div  class='togglecontainer av-ebz7ij-e856053dbc647d97331f0bfb434d60cb av-minimal-toggle  avia-builder-el-69  el_after_av_textblock  avia-builder-el-last  toggle_close_all' >\n<section class='av_toggle_section av-e7r47f-e82a982081737265cf9e31d2bbad61c8'  itemscope=\"itemscope\" itemtype=\"https:\/\/schema.org\/CreativeWork\" ><div role=\"tablist\" class=\"single_toggle\" data-tags=\"{Tutto} \"  ><p id='toggle-toggle-id-11' data-fake-id='#toggle-id-11' class='toggler  av-title-above '  itemprop=\"headline\"  role='tab' tabindex='0' aria-controls='toggle-id-11' data-slide-speed=\"200\" data-title=\"Dr. Andreas Marseiler pu\u00f2 essere di aiuto in presenza dei seguenti disturbi:\" data-title-open=\"\" data-aria_collapsed=\"Clicca per espandere: Dr. Andreas Marseiler pu\u00f2 essere di aiuto in presenza dei seguenti disturbi:\" data-aria_expanded=\"Fare clic per chiudere: Dr. Andreas Marseiler pu\u00f2 essere di aiuto in presenza dei seguenti disturbi:\">Dr. Andreas Marseiler pu\u00f2 essere di aiuto in presenza dei seguenti disturbi:<span class=\"toggle_icon\"><span class=\"vert_icon\"><\/span><span class=\"hor_icon\"><\/span><\/span><\/p><div id='toggle-id-11' aria-labelledby='toggle-toggle-id-11' role='region' class='toggle_wrap  av-title-above'  ><div class='toggle_content invers-color '  itemprop=\"text\" ><ul>\n<li>Problemi cardiaco-polmonari in fumatori o in caso di bronchiti croniche<\/li>\n<li>Tosse o catarro acuti o cronici<\/li>\n<li>Malattia polmonare ostruttiva cronica (COPD)<\/li>\n<li>Infezioni delle vie polmonari, influenza, infiammazioni polmonari<\/li>\n<li>Asma, sibili respiratori<\/li>\n<li>Dispnea, dispnea sotto sforzo<\/li>\n<li>Allergie, raffreddori, affezioni allergiche delle vie respiratorie<\/li>\n<li>Noduli polmonari: pareri su immagini radiologiche o TAC<\/li>\n<li>Versamento pleurico, insufficienza cardiaca-polmonare<\/li>\n<li>Interstiziopatia (fibrosi polmonare, asbestosi, silicosi\u2026)<\/li>\n<li>Malattie respiratorie correlate al sonno, russamento, apnee notturne<\/li>\n<li>Dolori al petto, reflusso, oppressione al petto o alla gola, dolori costali<\/li>\n<li>Visite preoperatorie, ottimizzazione terapie<\/li>\n<li>Riabilitazione polmonare<\/li>\n<\/ul>\n<\/div><\/div><\/div><\/section>\n<\/div><\/p><\/div><\/p>\n<\/div><\/div><\/div>\n<style type=\"text\/css\" data-created_by=\"avia_inline_auto\" id=\"style-css-av-lozlkkns-770636e312e11d62f16552353cbaca0b\">\n.av-layout-tab.av-lozlkkns-770636e312e11d62f16552353cbaca0b{\nvertical-align:top;\n}\n<\/style>\n<div id='av-tab-section-1-9' class='av-layout-tab av-lozlkkns-770636e312e11d62f16552353cbaca0b av-animation-delay-container  avia-builder-el-70  el_after_av_tab_sub_section  el_before_av_tab_sub_section  ' data-av-deeplink-tabs=\"\" data-av-tab-section-content=\"9\" data-tab-section-id=\"pediatria\"><div class=\"av-layout-tab-inner\"><div class=\"container\"><p><div  class='flex_column av-1e5xub-362758dad4a34fc43dc505bdaa53629f av_one_fourth  avia-builder-el-71  el_before_av_three_fourth  avia-builder-el-first  first flex_column_div  '     ><p><section  class='avia-team-member av-ljecun4y-184-3b5a79d0d07c66d591ff95bf09fa8a48  avia-builder-el-72  el_before_av_hr  avia-builder-el-first '  itemscope=\"itemscope\" itemtype=\"https:\/\/schema.org\/Person\" ><div class=\"team-img-container\"><img decoding=\"async\" fetchpriority=\"high\" class='wp-image-2326 avia-img-lazy-loading-not-2326 avia_image avia_image_team' src=\"https:\/\/www.martinsbrunn.it\/wp-content\/uploads\/2023\/06\/4E4A4355_1000px.jpeg\" alt='Dr. Tobias Ehrenreich'  itemprop=\"image\"   height=\"800\" width=\"800\" srcset=\"https:\/\/www.martinsbrunn.it\/wp-content\/uploads\/2023\/06\/4E4A4355_1000px.jpeg 800w, https:\/\/www.martinsbrunn.it\/wp-content\/uploads\/2023\/06\/4E4A4355_1000px-300x300.jpeg 300w, https:\/\/www.martinsbrunn.it\/wp-content\/uploads\/2023\/06\/4E4A4355_1000px-80x80.jpeg 80w, https:\/\/www.martinsbrunn.it\/wp-content\/uploads\/2023\/06\/4E4A4355_1000px-768x768.jpeg 768w, https:\/\/www.martinsbrunn.it\/wp-content\/uploads\/2023\/06\/4E4A4355_1000px-36x36.jpeg 36w, https:\/\/www.martinsbrunn.it\/wp-content\/uploads\/2023\/06\/4E4A4355_1000px-180x180.jpeg 180w, https:\/\/www.martinsbrunn.it\/wp-content\/uploads\/2023\/06\/4E4A4355_1000px-705x705.jpeg 705w\" sizes=\"(max-width: 800px) 100vw, 800px\" \/><\/div><h3 class='team-member-name '  itemprop=\"name\" >Dr. Tobias Ehrenreich<\/h3><div class='team-member-job-title '  itemprop=\"jobTitle\" >Pediatria<\/div><span class='hidden team-member-affiliation'  itemprop=\"affiliation\" >Martinsbrunn ParkClinic<\/span><\/section><br \/>\n\n<style type=\"text\/css\" data-created_by=\"avia_inline_auto\" id=\"style-css-av-dr90uz-a4aeefbba5b5ce103190d32bf80ec8d9\">\n#top .hr.hr-invisible.av-dr90uz-a4aeefbba5b5ce103190d32bf80ec8d9{\nheight:20px;\n}\n<\/style>\n<div  class='hr av-dr90uz-a4aeefbba5b5ce103190d32bf80ec8d9 hr-invisible  avia-builder-el-73  el_after_av_team_member  avia-builder-el-last '><span class='hr-inner '><span class=\"hr-inner-style\"><\/span><\/span><\/div><\/p><\/div><div  class='flex_column av-dkzmnv-2d967857f19a4eb801a42a3f6bb475e7 av_three_fourth  avia-builder-el-74  el_after_av_one_fourth  avia-builder-el-last  flex_column_div  '     ><section  class='av_textblock_section av-lozll9f8-bebe5c80cdd6717acb876ab2eaa2a61d '   itemscope=\"itemscope\" itemtype=\"https:\/\/schema.org\/CreativeWork\" ><div class='avia_textblock'  itemprop=\"text\" ><h3>Pediatria<\/h3>\n<p>Nel nostro reparto di pediatria ci occupiamo della salute e dello sviluppo dei nostri pazienti pi\u00f9 piccoli. Il nostro specialista, il Dr.Tobias Ehrenreich, \u00e8 a disposizione per aiutare voi e il vostro bambino, sia per i controlli periodici previsti dai protocolli sanitari, che per consigli sulle vaccinazioni o per il trattamento di malattie acute e croniche.<\/p>\n<\/div><\/section><\/div><\/p>\n<\/div><\/div><\/div>\n<style type=\"text\/css\" data-created_by=\"avia_inline_auto\" id=\"style-css-av-ld8p75ih-b818847c5f21260f723eebc1c12356ea\">\n.av-layout-tab.av-ld8p75ih-b818847c5f21260f723eebc1c12356ea{\nvertical-align:top;\n}\n<\/style>\n<div id='av-tab-section-1-10' class='av-layout-tab av-ld8p75ih-b818847c5f21260f723eebc1c12356ea av-animation-delay-container  avia-builder-el-76  el_after_av_tab_sub_section  el_before_av_tab_sub_section  ' data-av-deeplink-tabs=\"\" data-av-tab-section-content=\"10\" data-tab-section-id=\"pneumologia-per-bambini\"><div class=\"av-layout-tab-inner\"><div class=\"container\"><p><div  class='flex_column av-dg4kyr-4385d575851cac300b2efa6c01f413dc av_one_fourth  avia-builder-el-77  el_before_av_three_fourth  avia-builder-el-first  first flex_column_div  '     ><p><section  class='avia-team-member av-ld8p8d09-bb5c1f6bc28976a2f482bb97b3a8f0d3  avia-builder-el-78  el_before_av_hr  avia-builder-el-first '  itemscope=\"itemscope\" itemtype=\"https:\/\/schema.org\/Person\" ><div class=\"team-img-container\"><img decoding=\"async\" fetchpriority=\"high\" class='wp-image-2326 avia-img-lazy-loading-not-2326 avia_image avia_image_team' src=\"https:\/\/www.martinsbrunn.it\/wp-content\/uploads\/2023\/06\/4E4A4355_1000px-300x300.jpeg\" alt='Dr. Tobias Ehrenreich'  itemprop=\"image\"   height=\"300\" width=\"300\" srcset=\"https:\/\/www.martinsbrunn.it\/wp-content\/uploads\/2023\/06\/4E4A4355_1000px-300x300.jpeg 300w, https:\/\/www.martinsbrunn.it\/wp-content\/uploads\/2023\/06\/4E4A4355_1000px-80x80.jpeg 80w, https:\/\/www.martinsbrunn.it\/wp-content\/uploads\/2023\/06\/4E4A4355_1000px-768x768.jpeg 768w, https:\/\/www.martinsbrunn.it\/wp-content\/uploads\/2023\/06\/4E4A4355_1000px-36x36.jpeg 36w, https:\/\/www.martinsbrunn.it\/wp-content\/uploads\/2023\/06\/4E4A4355_1000px-180x180.jpeg 180w, https:\/\/www.martinsbrunn.it\/wp-content\/uploads\/2023\/06\/4E4A4355_1000px-705x705.jpeg 705w, https:\/\/www.martinsbrunn.it\/wp-content\/uploads\/2023\/06\/4E4A4355_1000px.jpeg 800w\" sizes=\"(max-width: 300px) 100vw, 300px\" \/><\/div><h3 class='team-member-name '  itemprop=\"name\" >Dr. Tobias Ehrenreich<\/h3><div class='team-member-job-title '  itemprop=\"jobTitle\" >Pneumologia pediatrica<\/div><span class='hidden team-member-affiliation'  itemprop=\"affiliation\" >Martinsbrunn ParkClinic<\/span><\/section><br \/>\n\n<style type=\"text\/css\" data-created_by=\"avia_inline_auto\" id=\"style-css-av-dd98ab-06186000341ed4a4da6740ef4454c00f\">\n#top .hr.hr-invisible.av-dd98ab-06186000341ed4a4da6740ef4454c00f{\nheight:20px;\n}\n<\/style>\n<div  class='hr av-dd98ab-06186000341ed4a4da6740ef4454c00f hr-invisible  avia-builder-el-79  el_after_av_team_member  avia-builder-el-last '><span class='hr-inner '><span class=\"hr-inner-style\"><\/span><\/span><\/div><\/p><\/div><div  class='flex_column av-d4ujoj-c8151a71994cef70769ce8d8fa36537a av_three_fourth  avia-builder-el-80  el_after_av_one_fourth  avia-builder-el-last  flex_column_div  '     ><section  class='av_textblock_section av-ld8p8lmc-9ced6e7206cadaf250d0142824257090 '   itemscope=\"itemscope\" itemtype=\"https:\/\/schema.org\/CreativeWork\" ><div class='avia_textblock'  itemprop=\"text\" ><h3>Pneumologia pediatrica<\/h3>\n<p>Il Dr.Tobias Ehrenreich, pediatra con specializzazione in pneumologia pediatrica, offre presso la Martinsbrunn Parkclinic una valutazione completa e trattamenti specifici per patologie pneumologiche o allergologiche in bambini e adolescenti.<\/p>\n<p>Il quadro clinico e la sintomatologia pi\u00f9 comunemente riferita comprende asma bronchiale, bronchite ostruttiva ricorrente, tosse cronica, difficolt\u00e0 respiratoria dipendente dallo sforzo, febbre da fieno e allergie alimentari. A seconda dei sintomi segnalati, vengono eseguiti specifici esami volti a formulare la diagnosi e il relativo piano di trattamento individuale.<\/p>\n<p>\u00c8 possibile eseguire i seguenti accertamenti diagnostici:<\/p>\n<\/div><\/section><br \/>\n\n<style type=\"text\/css\" data-created_by=\"avia_inline_auto\" id=\"style-css-av-lf6st5if-89429a3f62558039ebf6bdf55261665f\">\n#top .togglecontainer.av-lf6st5if-89429a3f62558039ebf6bdf55261665f p.toggler{\nbackground-color:#ffffff;\n}\n#top .togglecontainer.av-lf6st5if-89429a3f62558039ebf6bdf55261665f p.toggler.activeTitle{\nbackground-color:#dee7c1;\n}\n#top .togglecontainer.av-lf6st5if-89429a3f62558039ebf6bdf55261665f p.toggler .toggle_icon{\ncolor:#333333;\nborder-color:#333333;\n}\n#top .togglecontainer.av-lf6st5if-89429a3f62558039ebf6bdf55261665f p.toggler .toggle_icon > span{\ncolor:#333333;\nborder-color:#333333;\n}\n#top .togglecontainer.av-lf6st5if-89429a3f62558039ebf6bdf55261665f .toggle_wrap .toggle_content{\nbackground-color:#ffffff;\n}\n<\/style>\n<div  class='togglecontainer av-lf6st5if-89429a3f62558039ebf6bdf55261665f av-minimal-toggle  avia-builder-el-82  el_after_av_textblock  el_before_av_textblock  toggle_close_all' >\n<section class='av_toggle_section av-lf6srdaz-68124063f4651060972dee0a286281b0'  itemscope=\"itemscope\" itemtype=\"https:\/\/schema.org\/CreativeWork\" ><div role=\"tablist\" class=\"single_toggle\" data-tags=\"{Tutto} \"  ><p id='toggle-toggle-id-12' data-fake-id='#toggle-id-12' class='toggler  av-title-above '  itemprop=\"headline\"  role='tab' tabindex='0' aria-controls='toggle-id-12' data-slide-speed=\"200\" data-title=\"Funzione polmonare (spirometria, body-pletismografia)\" data-title-open=\"\" data-aria_collapsed=\"Clicca per espandere: Funzione polmonare (spirometria, body-pletismografia)\" data-aria_expanded=\"Fare clic per chiudere: Funzione polmonare (spirometria, body-pletismografia)\">Funzione polmonare (spirometria, body-pletismografia)<span class=\"toggle_icon\"><span class=\"vert_icon\"><\/span><span class=\"hor_icon\"><\/span><\/span><\/p><div id='toggle-id-12' aria-labelledby='toggle-toggle-id-12' role='region' class='toggle_wrap  av-title-above'  ><div class='toggle_content invers-color '  itemprop=\"text\" ><p>La spirometria consente di accertare un\u2019eventuale ostruzione del flusso respiratorio, come nel caso dell&#8217;asma bronchiale. Se l&#8217;asma bronchiale \u00e8 nota, la spirometria \u00e8 una parte fondamentale del follow-up. Nella maggior parte dei casi i risultati ottenuti con la spirometria sono integrati dalla broncodilatazione (inalazione standardizzata di un farmaco che dilata le vie aeree).<\/p>\n<p>La body-pletismografia aiuta a distinguere tra malattia polmonare ostruttiva e restrittiva. Inoltre \u00e8 possibile misurare l&#8217;iperinflazione polmonare.<\/p>\n<\/div><\/div><\/div><\/section>\n<section class='av_toggle_section av-lf6ss24e-374fdf5da316bd61de4b97d3b8d0978e'  itemscope=\"itemscope\" itemtype=\"https:\/\/schema.org\/CreativeWork\" ><div role=\"tablist\" class=\"single_toggle\" data-tags=\"{Tutto} \"  ><p id='toggle-toggle-id-13' data-fake-id='#toggle-id-13' class='toggler  av-title-above '  itemprop=\"headline\"  role='tab' tabindex='0' aria-controls='toggle-id-13' data-slide-speed=\"200\" data-title=\"Misurazione dell\u2019infiammazione delle vie aeree (infiammometria)\" data-title-open=\"\" data-aria_collapsed=\"Clicca per espandere: Misurazione dell\u2019infiammazione delle vie aeree (infiammometria)\" data-aria_expanded=\"Fare clic per chiudere: Misurazione dell\u2019infiammazione delle vie aeree (infiammometria)\">Misurazione dell\u2019infiammazione delle vie aeree (infiammometria)<span class=\"toggle_icon\"><span class=\"vert_icon\"><\/span><span class=\"hor_icon\"><\/span><\/span><\/p><div id='toggle-id-13' aria-labelledby='toggle-toggle-id-13' role='region' class='toggle_wrap  av-title-above'  ><div class='toggle_content invers-color '  itemprop=\"text\" ><p>La misurazione della quantit\u00e0 di ossido nitrico nell&#8217;aria espirata (FeNO) consente di avere importanti indicazioni sull&#8217;attivit\u00e0 infiammatoria nei bronchi e pu\u00f2 essere utile nella gestione della terapia.<\/p>\n<\/div><\/div><\/div><\/section>\n<section class='av_toggle_section av-lf6ssldb-d338f3a2f41d13b0d823f725a3a144b4'  itemscope=\"itemscope\" itemtype=\"https:\/\/schema.org\/CreativeWork\" ><div role=\"tablist\" class=\"single_toggle\" data-tags=\"{Tutto} \"  ><p id='toggle-toggle-id-14' data-fake-id='#toggle-id-14' class='toggler  av-title-above '  itemprop=\"headline\"  role='tab' tabindex='0' aria-controls='toggle-id-14' data-slide-speed=\"200\" data-title=\"Test di provocazione\" data-title-open=\"\" data-aria_collapsed=\"Clicca per espandere: Test di provocazione\" data-aria_expanded=\"Fare clic per chiudere: Test di provocazione\">Test di provocazione<span class=\"toggle_icon\"><span class=\"vert_icon\"><\/span><span class=\"hor_icon\"><\/span><\/span><\/p><div id='toggle-id-14' aria-labelledby='toggle-toggle-id-14' role='region' class='toggle_wrap  av-title-above'  ><div class='toggle_content invers-color '  itemprop=\"text\" ><p>Poich\u00e9 la misurazione della funzionalit\u00e0 polmonare pu\u00f2 essere poco indicativa nell&#8217;intervallo asintomatico, sono disponibili anche procedure di provocazione fisica (esercizio su tapis roulant) e farmacologica (inalazione standardizzata di un farmaco che irrita le vie aeree).<\/p>\n<\/div><\/div><\/div><\/section>\n<section class='av_toggle_section av-lf6st4dd-8ff5b65aa67925ebd30593236daeaacd'  itemscope=\"itemscope\" itemtype=\"https:\/\/schema.org\/CreativeWork\" ><div role=\"tablist\" class=\"single_toggle\" data-tags=\"{Tutto} \"  ><p id='toggle-toggle-id-15' data-fake-id='#toggle-id-15' class='toggler  av-title-above '  itemprop=\"headline\"  role='tab' tabindex='0' aria-controls='toggle-id-15' data-slide-speed=\"200\" data-title=\"Misurazione della capacit\u00e0 di diffusione\" data-title-open=\"\" data-aria_collapsed=\"Clicca per espandere: Misurazione della capacit\u00e0 di diffusione\" data-aria_expanded=\"Fare clic per chiudere: Misurazione della capacit\u00e0 di diffusione\">Misurazione della capacit\u00e0 di diffusione<span class=\"toggle_icon\"><span class=\"vert_icon\"><\/span><span class=\"hor_icon\"><\/span><\/span><\/p><div id='toggle-id-15' aria-labelledby='toggle-toggle-id-15' role='region' class='toggle_wrap  av-title-above'  ><div class='toggle_content invers-color '  itemprop=\"text\" ><p>Consente di avere utili informazioni sullo scambio di gas (ossigeno\/anidride carbonica) nei polmoni.<\/p>\n<\/div><\/div><\/div><\/section>\n<\/div><br \/>\n<section  class='av_textblock_section av-lf6sv6f6-4fe7d4c3f8e28053f3fea6f1b365c2b2 '   itemscope=\"itemscope\" itemtype=\"https:\/\/schema.org\/CreativeWork\" ><div class='avia_textblock'  itemprop=\"text\" ><p>Inoltre, al fine di diagnosticare eventuali allergie, sono a disposizione i seguenti accertamenti:<\/p>\n<p>Rilevamento della sensibilizzazione<\/p>\n<p>&#8211; Prick test cutaneo classico per i comuni allergeni presenti nell&#8217;aria ambiente<\/p>\n<p>&#8211; Prick-to-prick test per gli alimenti<\/p>\n<p>&#8211; Diagnostica molecolare delle allergie nel sangue<\/p>\n<p>Test di provocazione (alimenti e farmaci)<\/p>\n<\/div><\/section><\/p><\/div><\/p>\n<\/div><\/div><\/div>\n<style type=\"text\/css\" data-created_by=\"avia_inline_auto\" id=\"style-css-av-ld8owcu1-37cf1528be197a7adecef0a36e5e4569\">\n.av-layout-tab.av-ld8owcu1-37cf1528be197a7adecef0a36e5e4569{\nvertical-align:top;\n}\n<\/style>\n<div id='av-tab-section-1-11' class='av-layout-tab av-ld8owcu1-37cf1528be197a7adecef0a36e5e4569 av-animation-delay-container  avia-builder-el-84  el_after_av_tab_sub_section  el_before_av_tab_sub_section  ' data-av-deeplink-tabs=\"\" data-av-tab-section-content=\"11\" data-tab-section-id=\"gastroenterologia\"><div class=\"av-layout-tab-inner\"><div class=\"container\"><p><div  class='flex_column av-cxeo5v-9f927b6e69860259af116b417474e52b av_one_fourth  avia-builder-el-85  el_before_av_three_fourth  avia-builder-el-first  first flex_column_div  '     ><p><section  class='avia-team-member av-ld8oyfqj-4b44731a4b7edfe71eb40c9d455e284e  avia-builder-el-86  el_before_av_hr  avia-builder-el-first '  itemscope=\"itemscope\" itemtype=\"https:\/\/schema.org\/Person\" ><div class=\"team-img-container\"><img decoding=\"async\" fetchpriority=\"high\" class='wp-image-2328 avia-img-lazy-loading-not-2328 avia_image avia_image_team' src=\"https:\/\/www.martinsbrunn.it\/wp-content\/uploads\/2023\/06\/4E4A1448_1000px-300x300.jpeg\" alt='Dr. Ronald Radm\u00fcller'  itemprop=\"image\"   height=\"300\" width=\"300\" srcset=\"https:\/\/www.martinsbrunn.it\/wp-content\/uploads\/2023\/06\/4E4A1448_1000px-300x300.jpeg 300w, https:\/\/www.martinsbrunn.it\/wp-content\/uploads\/2023\/06\/4E4A1448_1000px-80x80.jpeg 80w, https:\/\/www.martinsbrunn.it\/wp-content\/uploads\/2023\/06\/4E4A1448_1000px-768x768.jpeg 768w, https:\/\/www.martinsbrunn.it\/wp-content\/uploads\/2023\/06\/4E4A1448_1000px-36x36.jpeg 36w, https:\/\/www.martinsbrunn.it\/wp-content\/uploads\/2023\/06\/4E4A1448_1000px-180x180.jpeg 180w, https:\/\/www.martinsbrunn.it\/wp-content\/uploads\/2023\/06\/4E4A1448_1000px-705x705.jpeg 705w, https:\/\/www.martinsbrunn.it\/wp-content\/uploads\/2023\/06\/4E4A1448_1000px.jpeg 800w\" sizes=\"(max-width: 300px) 100vw, 300px\" \/><\/div><h3 class='team-member-name '  itemprop=\"name\" >Dr. Ronald Radm\u00fcller<\/h3><div class='team-member-job-title '  itemprop=\"jobTitle\" >Gastroenterologia<\/div><span class='hidden team-member-affiliation'  itemprop=\"affiliation\" >Martinsbrunn ParkClinic<\/span><\/section><br \/>\n\n<style type=\"text\/css\" data-created_by=\"avia_inline_auto\" id=\"style-css-av-cse80r-4cdec8af0096a5d0877bc738043e3650\">\n#top .hr.hr-invisible.av-cse80r-4cdec8af0096a5d0877bc738043e3650{\nheight:20px;\n}\n<\/style>\n<div  class='hr av-cse80r-4cdec8af0096a5d0877bc738043e3650 hr-invisible  avia-builder-el-87  el_after_av_team_member  avia-builder-el-last '><span class='hr-inner '><span class=\"hr-inner-style\"><\/span><\/span><\/div><\/p><\/div><div  class='flex_column av-cmuujv-d4402a4d7ab393d8e127439ddde92bba av_three_fourth  avia-builder-el-88  el_after_av_one_fourth  avia-builder-el-last  flex_column_div  '     ><section  class='av_textblock_section av-ld8ox7l5-77561dd85cdd44b0dc00fb69b109c96e '   itemscope=\"itemscope\" itemtype=\"https:\/\/schema.org\/CreativeWork\" ><div class='avia_textblock'  itemprop=\"text\" ><h3>Gastroenterologia<\/h3>\n<p>La gastroenterologia \u00e8 una specialit\u00e0 ad ampio raggio che si occupa die ingagini sugli organi digestivi: esofago, stomaco, intestino, fegato, cistifellea, dotti bilari e pancreas. Il Dr. Ronald Radm\u00fcller, specialista in gastroenterologia presso la Martinsbrunn ParkClinic, sar\u00e0 lieto di fornirvi consulenza nel corso di una visita medica specialistica.<\/p>\n<h4>Le nostre prestazioni:<\/h4>\n<ul>\n<li>Visita gastroenterologica<\/li>\n<li>Gastroscopia (esofago-gastro-duodenoscopia)<\/li>\n<li>Colonscopia<\/li>\n<li>Rimozione di polipo (polipectomia endoscopica)<\/li>\n<li>Ecografia (sonografia) degli organi addominali<\/li>\n<li>Diagnosi e trattamento delle malattie del fegato<\/li>\n<li>H\u00b2 breath test (intolleranza al lattosio e al fruttosio, test di sovracrescita batterica)<\/li>\n<li>Test per la ricerca di allergeni alimentari comuni attraverso PRICK-test<\/li>\n<li>Consulenza sulla sindrome dell&#8217;intestino irritabile<\/li>\n<li>Consulenza sulle malattie infiammatorie croniche dell&#8217;intestino (morbo di Crohn e colite ulcerosa)<\/li>\n<li>Esami di laboratorio (ad es. test per la celiachia, esami delle feci per la ricerca di marker infiammatori, infezioni, ecc.)<\/li>\n<\/ul>\n<p><a href=\"https:\/\/www.martinsbrunn.it\/it\/gastroenterologia\/\">continua a leggere<\/a><\/p>\n<\/div><\/section><\/div><\/p>\n<\/div><\/div><\/div>\n<style type=\"text\/css\" data-created_by=\"avia_inline_auto\" id=\"style-css-av-cgsmub-a001e093ef60a911a35f0ba3f0a34065\">\n.av-layout-tab.av-cgsmub-a001e093ef60a911a35f0ba3f0a34065{\nvertical-align:top;\n}\n<\/style>\n<div id='av-tab-section-1-12' class='av-layout-tab av-cgsmub-a001e093ef60a911a35f0ba3f0a34065 av-animation-delay-container  avia-builder-el-90  el_after_av_tab_sub_section  el_before_av_tab_sub_section  ' data-av-deeplink-tabs=\"\" data-av-tab-section-content=\"12\" data-tab-section-id=\"endoscopia\"><div class=\"av-layout-tab-inner\"><div class=\"container\"><p><div  class='flex_column av-cbcsor-0d14c78fb43e8965c928fe695a2044e5 av_one_fourth  avia-builder-el-91  el_before_av_one_fourth  avia-builder-el-first  first flex_column_div  '     ><p><section  class='avia-team-member av-l70f0miy-6f1570a5ee7eb70a8f440ec2078e76b4  avia-builder-el-92  el_before_av_hr  avia-builder-el-first '  itemscope=\"itemscope\" itemtype=\"https:\/\/schema.org\/Person\" ><div class=\"team-img-container\"><img decoding=\"async\" fetchpriority=\"high\" class='wp-image-2386 avia-img-lazy-loading-not-2386 avia_image avia_image_team' src=\"https:\/\/www.martinsbrunn.it\/wp-content\/uploads\/2023\/07\/4E4A4780-300x300.jpg\" alt='Dr. Christian Raffeiner'  itemprop=\"image\"   height=\"300\" width=\"300\" srcset=\"https:\/\/www.martinsbrunn.it\/wp-content\/uploads\/2023\/07\/4E4A4780-300x300.jpg 300w, https:\/\/www.martinsbrunn.it\/wp-content\/uploads\/2023\/07\/4E4A4780-80x80.jpg 80w, https:\/\/www.martinsbrunn.it\/wp-content\/uploads\/2023\/07\/4E4A4780-768x768.jpg 768w, https:\/\/www.martinsbrunn.it\/wp-content\/uploads\/2023\/07\/4E4A4780-36x36.jpg 36w, https:\/\/www.martinsbrunn.it\/wp-content\/uploads\/2023\/07\/4E4A4780-180x180.jpg 180w, https:\/\/www.martinsbrunn.it\/wp-content\/uploads\/2023\/07\/4E4A4780-705x705.jpg 705w, https:\/\/www.martinsbrunn.it\/wp-content\/uploads\/2023\/07\/4E4A4780.jpg 800w\" sizes=\"(max-width: 300px) 100vw, 300px\" \/><\/div><h3 class='team-member-name '  itemprop=\"name\" >Dr. Christian Raffeiner<\/h3><div class='team-member-job-title '  itemprop=\"jobTitle\" >Endoscopia<\/div><span class='hidden team-member-affiliation'  itemprop=\"affiliation\" >Martinsbrunn ParkClinic<\/span><\/section><br \/>\n\n<style type=\"text\/css\" data-created_by=\"avia_inline_auto\" id=\"style-css-av-c8j46z-9bb0947da15e9180dec27113d0ccf07b\">\n#top .hr.hr-invisible.av-c8j46z-9bb0947da15e9180dec27113d0ccf07b{\nheight:20px;\n}\n<\/style>\n<div  class='hr av-c8j46z-9bb0947da15e9180dec27113d0ccf07b hr-invisible  avia-builder-el-93  el_after_av_team_member  avia-builder-el-last '><span class='hr-inner '><span class=\"hr-inner-style\"><\/span><\/span><\/div><\/p><\/div><div  class='flex_column av-bzpeoz-d3dfa5777e05f7aec70ac742b8fae6c3 av_one_fourth  avia-builder-el-94  el_after_av_one_fourth  el_before_av_three_fourth  flex_column_div  '     ><p><section  class='avia-team-member av-leo5ewew-8d0cd5088cda985301ca77c88fc0d98e  avia-builder-el-95  el_before_av_hr  avia-builder-el-first '  itemscope=\"itemscope\" itemtype=\"https:\/\/schema.org\/Person\" ><div class=\"team-img-container\"><img decoding=\"async\" fetchpriority=\"high\" class='wp-image-2328 avia-img-lazy-loading-not-2328 avia_image avia_image_team' src=\"https:\/\/www.martinsbrunn.it\/wp-content\/uploads\/2023\/06\/4E4A1448_1000px-300x300.jpeg\" alt='Dr. Ronald Radm\u00fcller'  itemprop=\"image\"   height=\"300\" width=\"300\" srcset=\"https:\/\/www.martinsbrunn.it\/wp-content\/uploads\/2023\/06\/4E4A1448_1000px-300x300.jpeg 300w, https:\/\/www.martinsbrunn.it\/wp-content\/uploads\/2023\/06\/4E4A1448_1000px-80x80.jpeg 80w, https:\/\/www.martinsbrunn.it\/wp-content\/uploads\/2023\/06\/4E4A1448_1000px-768x768.jpeg 768w, https:\/\/www.martinsbrunn.it\/wp-content\/uploads\/2023\/06\/4E4A1448_1000px-36x36.jpeg 36w, https:\/\/www.martinsbrunn.it\/wp-content\/uploads\/2023\/06\/4E4A1448_1000px-180x180.jpeg 180w, https:\/\/www.martinsbrunn.it\/wp-content\/uploads\/2023\/06\/4E4A1448_1000px-705x705.jpeg 705w, https:\/\/www.martinsbrunn.it\/wp-content\/uploads\/2023\/06\/4E4A1448_1000px.jpeg 800w\" sizes=\"(max-width: 300px) 100vw, 300px\" \/><\/div><h3 class='team-member-name '  itemprop=\"name\" >Dr. Ronald Radm\u00fcller<\/h3><div class='team-member-job-title '  itemprop=\"jobTitle\" >Endoscopia<\/div><span class='hidden team-member-affiliation'  itemprop=\"affiliation\" >Martinsbrunn ParkClinic<\/span><\/section><br \/>\n\n<style type=\"text\/css\" data-created_by=\"avia_inline_auto\" id=\"style-css-av-btioy3-be100d8f9069b43e393e32aa86c5e16f\">\n#top .hr.hr-invisible.av-btioy3-be100d8f9069b43e393e32aa86c5e16f{\nheight:20px;\n}\n<\/style>\n<div  class='hr av-btioy3-be100d8f9069b43e393e32aa86c5e16f hr-invisible  avia-builder-el-96  el_after_av_team_member  avia-builder-el-last '><span class='hr-inner '><span class=\"hr-inner-style\"><\/span><\/span><\/div><\/p><\/div><div  class='flex_column av-bp3kjv-6565b85ab7ba3192d38fb5321a10d8e5 av_three_fourth  avia-builder-el-97  el_after_av_one_fourth  avia-builder-el-last  first flex_column_div  column-top-margin'     ><section  class='av_textblock_section av-leo5dl33-527dde7a47800cec405f6cdd47446b27 '   itemscope=\"itemscope\" itemtype=\"https:\/\/schema.org\/CreativeWork\" ><div class='avia_textblock'  itemprop=\"text\" ><h3>Endoscopia e<br \/>\ndiagnostica gastroenterologica<\/h3>\n<p>La gastroscopia e la colonscopia sono accertamenti fondamentali per la diagnosi delle malattie gastrointestinali. Con la gastroscopia \u00e8 possibile esaminare l&#8217;esofago, lo stomaco e il duodeno. Al fine di prevenire la nausea, viene applicato alla laringe un anestetico locale. La colonscopia consente di esaminare l&#8217;intero intestino crasso e la giunzione dell&#8217;intestino tenue con l&#8217;intestino crasso.<\/p>\n<p>Nell\u2019ambito delle visite gastroenterologiche i nostri specialisti Dr. Christian Raffeiner e Dr. Ronald Radm\u00fcller valutano le malattie del tratto gastrointestinale. I disturbi lamentati pi\u00f9 frequentemente sono dolore allo stomaco e addominale o la sindrome dell&#8217;intestino irritabile.<\/p>\n<\/div><\/section><\/div><\/p>\n<\/div><\/div><\/div>\n<style type=\"text\/css\" data-created_by=\"avia_inline_auto\" id=\"style-css-av-lrhyfydh-888dddcf7d17198cbd3f347010eec98b\">\n.av-layout-tab.av-lrhyfydh-888dddcf7d17198cbd3f347010eec98b{\nvertical-align:top;\n}\n<\/style>\n<div id='av-tab-section-1-13' class='av-layout-tab av-lrhyfydh-888dddcf7d17198cbd3f347010eec98b av-animation-delay-container  avia-builder-el-99  el_after_av_tab_sub_section  el_before_av_tab_sub_section  ' data-av-deeplink-tabs=\"\" data-av-tab-section-content=\"13\" data-tab-section-id=\"chirurgia-generale\"><div class=\"av-layout-tab-inner\"><div class=\"container\"><p><div  class='flex_column av-15azl7-776838aac4c2ec1f46efcff374afb4a3 av_one_fourth  avia-builder-el-100  el_before_av_three_fourth  avia-builder-el-first  first flex_column_div  '     ><p><section  class='avia-team-member av-l70f0bnv-70f45790f7d6da38800047c95493267d  avia-builder-el-101  el_before_av_hr  avia-builder-el-first '  itemscope=\"itemscope\" itemtype=\"https:\/\/schema.org\/Person\" ><div class=\"team-img-container\"><img decoding=\"async\" fetchpriority=\"high\" class='wp-image-2386 avia-img-lazy-loading-not-2386 avia_image avia_image_team' src=\"https:\/\/www.martinsbrunn.it\/wp-content\/uploads\/2023\/07\/4E4A4780-300x300.jpg\" alt='Dr. Christian Raffeiner'  itemprop=\"image\"   height=\"300\" width=\"300\" srcset=\"https:\/\/www.martinsbrunn.it\/wp-content\/uploads\/2023\/07\/4E4A4780-300x300.jpg 300w, https:\/\/www.martinsbrunn.it\/wp-content\/uploads\/2023\/07\/4E4A4780-80x80.jpg 80w, https:\/\/www.martinsbrunn.it\/wp-content\/uploads\/2023\/07\/4E4A4780-768x768.jpg 768w, https:\/\/www.martinsbrunn.it\/wp-content\/uploads\/2023\/07\/4E4A4780-36x36.jpg 36w, https:\/\/www.martinsbrunn.it\/wp-content\/uploads\/2023\/07\/4E4A4780-180x180.jpg 180w, https:\/\/www.martinsbrunn.it\/wp-content\/uploads\/2023\/07\/4E4A4780-705x705.jpg 705w, https:\/\/www.martinsbrunn.it\/wp-content\/uploads\/2023\/07\/4E4A4780.jpg 800w\" sizes=\"(max-width: 300px) 100vw, 300px\" \/><\/div><h3 class='team-member-name '  itemprop=\"name\" >Dr. Christian Raffeiner<\/h3><div class='team-member-job-title '  itemprop=\"jobTitle\" >Chirurgia generale<\/div><span class='hidden team-member-affiliation'  itemprop=\"affiliation\" >Martinsbrunn ParkClinic<\/span><\/section><br \/>\n\n<style type=\"text\/css\" data-created_by=\"avia_inline_auto\" id=\"style-css-av-bcqzx7-22e5ceed776e58f42f7efa15a76c53cd\">\n#top .hr.hr-invisible.av-bcqzx7-22e5ceed776e58f42f7efa15a76c53cd{\nheight:20px;\n}\n<\/style>\n<div  class='hr av-bcqzx7-22e5ceed776e58f42f7efa15a76c53cd hr-invisible  avia-builder-el-102  el_after_av_team_member  avia-builder-el-last '><span class='hr-inner '><span class=\"hr-inner-style\"><\/span><\/span><\/div><\/p><\/div><div  class='flex_column av-143luz-6a3703b651642474aeae0c0cf321d36f av_three_fourth  avia-builder-el-103  el_after_av_one_fourth  avia-builder-el-last  flex_column_div  '     ><section  class='av_textblock_section av-b0c7tf-3816af078eba1795fb2f52e0c46db71c '   itemscope=\"itemscope\" itemtype=\"https:\/\/schema.org\/CreativeWork\" ><div class='avia_textblock'  itemprop=\"text\" ><h3>Chirurgia generale<\/h3>\n<p>Il dott. Christian Raffeiner, specialista in chirurgia generale, offre presso la Martinsbrunn Parkclinic visite nell\u2019ambito della chirurgia generale, della medicina vascolare e della proctologia.<\/p>\n<\/div><\/section><br \/>\n\n<style type=\"text\/css\" data-created_by=\"avia_inline_auto\" id=\"style-css-av-l6ywjha0-59e8ed8fa2c2d81e86077ac117eca950\">\n#top .togglecontainer.av-l6ywjha0-59e8ed8fa2c2d81e86077ac117eca950 p.toggler{\nbackground-color:#ffffff;\n}\n#top .togglecontainer.av-l6ywjha0-59e8ed8fa2c2d81e86077ac117eca950 p.toggler.activeTitle{\nbackground-color:#dee7c1;\n}\n#top .togglecontainer.av-l6ywjha0-59e8ed8fa2c2d81e86077ac117eca950 p.toggler .toggle_icon{\ncolor:#333333;\nborder-color:#333333;\n}\n#top .togglecontainer.av-l6ywjha0-59e8ed8fa2c2d81e86077ac117eca950 p.toggler .toggle_icon > span{\ncolor:#333333;\nborder-color:#333333;\n}\n#top .togglecontainer.av-l6ywjha0-59e8ed8fa2c2d81e86077ac117eca950 .toggle_wrap .toggle_content{\nbackground-color:#ffffff;\n}\n<\/style>\n<div  class='togglecontainer av-l6ywjha0-59e8ed8fa2c2d81e86077ac117eca950 av-minimal-toggle  avia-builder-el-105  el_after_av_textblock  avia-builder-el-last  toggle_close_all' >\n<section class='av_toggle_section av-3vtwj-9a1132f1134801c30d6bb1e5ac9f8a4c'  itemscope=\"itemscope\" itemtype=\"https:\/\/schema.org\/CreativeWork\" ><div role=\"tablist\" class=\"single_toggle\" data-tags=\"{Tutto} \"  ><p id='toggle-toggle-id-16' data-fake-id='#toggle-id-16' class='toggler  av-title-above '  itemprop=\"headline\"  role='tab' tabindex='0' aria-controls='toggle-id-16' data-slide-speed=\"200\" data-title=\"Visite chirurgiche\" data-title-open=\"\" data-aria_collapsed=\"Clicca per espandere: Visite chirurgiche\" data-aria_expanded=\"Fare clic per chiudere: Visite chirurgiche\">Visite chirurgiche<span class=\"toggle_icon\"><span class=\"vert_icon\"><\/span><span class=\"hor_icon\"><\/span><\/span><\/p><div id='toggle-id-16' aria-labelledby='toggle-toggle-id-16' role='region' class='toggle_wrap  av-title-above'  ><div class='toggle_content invers-color '  itemprop=\"text\" ><p>Oltre al trattamento conservativo di patologie di natura chirurgica generale , il Dott. Raffeiner offre una vasta gamma di interventi chirurgici minori. Questi sono effettuati in regime ambulatoriale.<\/p>\n<p>Le piccole procedure chirurgiche con anestesia locale includono la cura delle ferite acute e croniche, la rimozione di alterazioni e tumori cutanei, la rimozione di tessuti molli e tumori adiposi, la rimozione delle ghiandole sebacee o sudoripare infiammate, la chirurgia e il follow-up delle fistole del coccige, rimozione dei linfonodi, l\u2019incisione o rimozione di focolai infiammatori (ascessi), la plastica del lobo dell\u2019orecchio, il trattamento chirurgico dell\u2019unghia incarnita, le ernie minori della parete addominale e i piccoli interventi sul retto.<\/p>\n<p>Gli interventi con anestesia generale comprendono la rimozione di grandi alterazioni cutanee, sottocutanee e muscolari, la chirurgia della parete addominale e le ernie inguinali, la chirurgia della cistifellea, gli Interventi alla tiroide e il trattamento chirurgico delle emorroidi.<\/p>\n<\/div><\/div><\/div><\/section>\n<section class='av_toggle_section av-aovpib-865fb6a6e7dffc57eaa27b897c1acc86'  itemscope=\"itemscope\" itemtype=\"https:\/\/schema.org\/CreativeWork\" ><div role=\"tablist\" class=\"single_toggle\" data-tags=\"{Tutto} \"  ><p id='toggle-toggle-id-17' data-fake-id='#toggle-id-17' class='toggler  av-title-above '  itemprop=\"headline\"  role='tab' tabindex='0' aria-controls='toggle-id-17' data-slide-speed=\"200\" data-title=\"Visite proctologiche\" data-title-open=\"\" data-aria_collapsed=\"Clicca per espandere: Visite proctologiche\" data-aria_expanded=\"Fare clic per chiudere: Visite proctologiche\">Visite proctologiche<span class=\"toggle_icon\"><span class=\"vert_icon\"><\/span><span class=\"hor_icon\"><\/span><\/span><\/p><div id='toggle-id-17' aria-labelledby='toggle-toggle-id-17' role='region' class='toggle_wrap  av-title-above'  ><div class='toggle_content invers-color '  itemprop=\"text\" ><p>La proctologia si occupa dei cambiamenti del retto e del canale anale. I sintomi pi\u00f9 comuni vanno dal semplice prurito, al bruciore, dolore, sanguinamento fino alla formazione di vescicole, alla sensazione di pressione nel retto e incontinenza.<\/p>\n<\/div><\/div><\/div><\/section>\n<\/div><\/p><\/div><\/p>\n<\/div><\/div><\/div>\n<style type=\"text\/css\" data-created_by=\"avia_inline_auto\" id=\"style-css-av-lf6jdvll-4b4a5c549e30976721fdb6d434d53a73\">\n.av-layout-tab.av-lf6jdvll-4b4a5c549e30976721fdb6d434d53a73{\nvertical-align:top;\n}\n<\/style>\n<div id='av-tab-section-1-14' class='av-layout-tab av-lf6jdvll-4b4a5c549e30976721fdb6d434d53a73 av-animation-delay-container  avia-builder-el-106  el_after_av_tab_sub_section  el_before_av_tab_sub_section  ' data-av-deeplink-tabs=\"\" data-av-tab-section-content=\"14\" data-tab-section-id=\"flebologia\"><div class=\"av-layout-tab-inner\"><div class=\"container\"><p><div  class='flex_column av-ag0l2z-cf051126b8a3adc3af3b887687a24fa8 av_one_fourth  avia-builder-el-107  el_before_av_three_fourth  avia-builder-el-first  first flex_column_div  '     ><p><section  class='avia-team-member av-l70f0bnv-183-75900bbebd2fd59ee12797b02a2ca9d3  avia-builder-el-108  el_before_av_hr  avia-builder-el-first '  itemscope=\"itemscope\" itemtype=\"https:\/\/schema.org\/Person\" ><div class=\"team-img-container\"><img decoding=\"async\" fetchpriority=\"high\" class='wp-image-524 avia-img-lazy-loading-not-524 avia_image avia_image_team' src=\"https:\/\/www.martinsbrunn.it\/wp-content\/uploads\/2022\/01\/martinsbrunn_phlebologie-Brigitte_Portraet1.jpg\" alt='Dr. Brigitte S\u00f6lva'  itemprop=\"image\"   height=\"500\" width=\"500\" srcset=\"https:\/\/www.martinsbrunn.it\/wp-content\/uploads\/2022\/01\/martinsbrunn_phlebologie-Brigitte_Portraet1.jpg 500w, https:\/\/www.martinsbrunn.it\/wp-content\/uploads\/2022\/01\/martinsbrunn_phlebologie-Brigitte_Portraet1-300x300.jpg 300w, https:\/\/www.martinsbrunn.it\/wp-content\/uploads\/2022\/01\/martinsbrunn_phlebologie-Brigitte_Portraet1-80x80.jpg 80w, https:\/\/www.martinsbrunn.it\/wp-content\/uploads\/2022\/01\/martinsbrunn_phlebologie-Brigitte_Portraet1-36x36.jpg 36w, https:\/\/www.martinsbrunn.it\/wp-content\/uploads\/2022\/01\/martinsbrunn_phlebologie-Brigitte_Portraet1-180x180.jpg 180w\" sizes=\"(max-width: 500px) 100vw, 500px\" \/><\/div><h3 class='team-member-name '  itemprop=\"name\" >Dr. Brigitte S\u00f6lva<\/h3><div class='team-member-job-title '  itemprop=\"jobTitle\" >Flebologia<\/div><span class='hidden team-member-affiliation'  itemprop=\"affiliation\" >Martinsbrunn ParkClinic<\/span><\/section><br \/>\n\n<style type=\"text\/css\" data-created_by=\"avia_inline_auto\" id=\"style-css-av-abomvv-ee2d5b682a31ca4d3410ddae0f1e1309\">\n#top .hr.hr-invisible.av-abomvv-ee2d5b682a31ca4d3410ddae0f1e1309{\nheight:20px;\n}\n<\/style>\n<div  class='hr av-abomvv-ee2d5b682a31ca4d3410ddae0f1e1309 hr-invisible  avia-builder-el-109  el_after_av_team_member  avia-builder-el-last '><span class='hr-inner '><span class=\"hr-inner-style\"><\/span><\/span><\/div><\/p><\/div><div  class='flex_column av-10eec3-11eb458d39d36a72206c78f3f1eb1982 av_three_fourth  avia-builder-el-110  el_after_av_one_fourth  avia-builder-el-last  flex_column_div  '     ><section  class='av_textblock_section av-lf6jek7z-2fa93b1569f6e1bc437074677a651e73 '   itemscope=\"itemscope\" itemtype=\"https:\/\/schema.org\/CreativeWork\" ><div class='avia_textblock'  itemprop=\"text\" ><h3>Flebologia<\/h3>\n<p>La flebologia si occupa delle diagnosi e del trattamento delle patologie che interessano le vene, in particolare vene varicose, teleangectasie, flebiti, trombosi delle vene delle gambe.<\/p>\n<p><strong>I nostri servizi:<\/strong><\/p>\n<ul>\n<li>Visita flebologica<\/li>\n<li>Ecocolordoppler venoso e arterioso degli arti inferiori<\/li>\n<li>Scleroterapia delle vene<\/li>\n<\/ul>\n<\/div><\/section><\/div><\/p>\n<\/div><\/div><\/div>\n<style type=\"text\/css\" data-created_by=\"avia_inline_auto\" id=\"style-css-av-lrhyitng-2289d3cf1ef1aa02afd7900e29b4a8f0\">\n.av-layout-tab.av-lrhyitng-2289d3cf1ef1aa02afd7900e29b4a8f0{\nvertical-align:top;\n}\n<\/style>\n<div id='av-tab-section-1-15' class='av-layout-tab av-lrhyitng-2289d3cf1ef1aa02afd7900e29b4a8f0 av-animation-delay-container  avia-builder-el-112  el_after_av_tab_sub_section  el_before_av_tab_sub_section  ' data-av-deeplink-tabs=\"\" data-av-tab-section-content=\"15\" data-tab-section-id=\"medicina-complementare\"><div class=\"av-layout-tab-inner\"><div class=\"container\"><p><div  class='flex_column av-a09ji3-7568c8ddbc16d3a3278c6b3f0e7f99da av_one_fourth  avia-builder-el-113  el_before_av_three_fourth  avia-builder-el-first  first flex_column_div  '     ><p><section  class='avia-team-member av-ljed15vp-330c082ffe4807ccef7e6e3ad0652bc9  avia-builder-el-114  el_before_av_team_member  avia-builder-el-first '  itemscope=\"itemscope\" itemtype=\"https:\/\/schema.org\/Person\" ><div class=\"team-img-container\"><img decoding=\"async\" fetchpriority=\"high\" class='wp-image-2330 avia-img-lazy-loading-not-2330 avia_image avia_image_team' src=\"https:\/\/www.martinsbrunn.it\/wp-content\/uploads\/2023\/06\/4E4A1362_1000px-300x300.jpeg\" alt='Dr. Agnes Z\u00f6ggeler'  itemprop=\"image\"   height=\"300\" width=\"300\" srcset=\"https:\/\/www.martinsbrunn.it\/wp-content\/uploads\/2023\/06\/4E4A1362_1000px-300x300.jpeg 300w, https:\/\/www.martinsbrunn.it\/wp-content\/uploads\/2023\/06\/4E4A1362_1000px-80x80.jpeg 80w, https:\/\/www.martinsbrunn.it\/wp-content\/uploads\/2023\/06\/4E4A1362_1000px-768x768.jpeg 768w, https:\/\/www.martinsbrunn.it\/wp-content\/uploads\/2023\/06\/4E4A1362_1000px-36x36.jpeg 36w, https:\/\/www.martinsbrunn.it\/wp-content\/uploads\/2023\/06\/4E4A1362_1000px-180x180.jpeg 180w, https:\/\/www.martinsbrunn.it\/wp-content\/uploads\/2023\/06\/4E4A1362_1000px-705x705.jpeg 705w, https:\/\/www.martinsbrunn.it\/wp-content\/uploads\/2023\/06\/4E4A1362_1000px.jpeg 800w\" sizes=\"(max-width: 300px) 100vw, 300px\" \/><\/div><h3 class='team-member-name '  itemprop=\"name\" >Dr. Agnes Z\u00f6ggeler<\/h3><div class='team-member-job-title '  itemprop=\"jobTitle\" >Medicina Complementare<\/div><span class='hidden team-member-affiliation'  itemprop=\"affiliation\" >Martinsbrunn ParkClinic<\/span><\/section><br \/>\n<section  class='avia-team-member av-ljed1jur-4505656365f57e7d31cc8f30585beab8  avia-builder-el-115  el_after_av_team_member  el_before_av_hr '  itemscope=\"itemscope\" itemtype=\"https:\/\/schema.org\/Person\" ><div class=\"team-img-container\"><img decoding=\"async\" fetchpriority=\"high\" class='wp-image-2332 avia-img-lazy-loading-not-2332 avia_image avia_image_team' src=\"https:\/\/www.martinsbrunn.it\/wp-content\/uploads\/2023\/06\/Dr.-Karmen-Sanoll_1000px-300x300.jpeg\" alt='Dr. Karmen Sanoll'  itemprop=\"image\"   height=\"300\" width=\"300\" srcset=\"https:\/\/www.martinsbrunn.it\/wp-content\/uploads\/2023\/06\/Dr.-Karmen-Sanoll_1000px-300x300.jpeg 300w, https:\/\/www.martinsbrunn.it\/wp-content\/uploads\/2023\/06\/Dr.-Karmen-Sanoll_1000px-80x80.jpeg 80w, https:\/\/www.martinsbrunn.it\/wp-content\/uploads\/2023\/06\/Dr.-Karmen-Sanoll_1000px-768x768.jpeg 768w, https:\/\/www.martinsbrunn.it\/wp-content\/uploads\/2023\/06\/Dr.-Karmen-Sanoll_1000px-36x36.jpeg 36w, https:\/\/www.martinsbrunn.it\/wp-content\/uploads\/2023\/06\/Dr.-Karmen-Sanoll_1000px-180x180.jpeg 180w, https:\/\/www.martinsbrunn.it\/wp-content\/uploads\/2023\/06\/Dr.-Karmen-Sanoll_1000px-705x705.jpeg 705w, https:\/\/www.martinsbrunn.it\/wp-content\/uploads\/2023\/06\/Dr.-Karmen-Sanoll_1000px.jpeg 800w\" sizes=\"(max-width: 300px) 100vw, 300px\" \/><\/div><h3 class='team-member-name '  itemprop=\"name\" >Dr. Karmen Sanoll<\/h3><div class='team-member-job-title '  itemprop=\"jobTitle\" >Medicina Complementare<\/div><span class='hidden team-member-affiliation'  itemprop=\"affiliation\" >Martinsbrunn ParkClinic<\/span><\/section><br \/>\n\n<style type=\"text\/css\" data-created_by=\"avia_inline_auto\" id=\"style-css-av-9u3sh7-253b94ec8742459073efe70ff33072e2\">\n#top .hr.hr-invisible.av-9u3sh7-253b94ec8742459073efe70ff33072e2{\nheight:20px;\n}\n<\/style>\n<div  class='hr av-9u3sh7-253b94ec8742459073efe70ff33072e2 hr-invisible  avia-builder-el-116  el_after_av_team_member  avia-builder-el-last '><span class='hr-inner '><span class=\"hr-inner-style\"><\/span><\/span><\/div><\/p><\/div><div  class='flex_column av-9qccpf-dcb3846488aa03243d4ce78a0b988ed1 av_three_fourth  avia-builder-el-117  el_after_av_one_fourth  avia-builder-el-last  flex_column_div  '     ><section  class='av_textblock_section av-9gjbln-fc0646af80c5a864ae2171167f4dbe4a '   itemscope=\"itemscope\" itemtype=\"https:\/\/schema.org\/CreativeWork\" ><div class='avia_textblock'  itemprop=\"text\" ><h3>Medicina complementare<\/h3>\n<p>Presso la Martinsbrunn ParkClinic le nostre specialiste in anestesia, la Dr. Karmen Sanoll e la Dr. Agnes Z\u00f6ggeler, propongono metodi di cura complementari e terapie naturali, metodi di rilassamento, nonch\u00e9 agopuntura e fitoterapia, settori della medicina antroposofica e tradizionale cinese, che affiancano la &#8220;medicina convenzionale&#8221; per aiutare a ritrovare il giusto benessere.<\/p>\n<p>Anche in ambito preventivo, per i disturbi acuti e cronici e in oncologia, sono disponibili terapie di supporto.<\/p>\n<\/div><\/section><br \/>\n\n<style type=\"text\/css\" data-created_by=\"avia_inline_auto\" id=\"style-css-av-9f6chf-402ea74f9db8093de3292a2feac278e3\">\n#top .togglecontainer.av-9f6chf-402ea74f9db8093de3292a2feac278e3 p.toggler{\nbackground-color:#ffffff;\n}\n#top .togglecontainer.av-9f6chf-402ea74f9db8093de3292a2feac278e3 p.toggler.activeTitle{\nbackground-color:#dee7c1;\n}\n#top .togglecontainer.av-9f6chf-402ea74f9db8093de3292a2feac278e3 p.toggler .toggle_icon{\ncolor:#333333;\nborder-color:#333333;\n}\n#top .togglecontainer.av-9f6chf-402ea74f9db8093de3292a2feac278e3 p.toggler .toggle_icon > span{\ncolor:#333333;\nborder-color:#333333;\n}\n#top .togglecontainer.av-9f6chf-402ea74f9db8093de3292a2feac278e3 .toggle_wrap .toggle_content{\nbackground-color:#ffffff;\n}\n<\/style>\n<div  class='togglecontainer av-9f6chf-402ea74f9db8093de3292a2feac278e3 av-minimal-toggle  avia-builder-el-119  el_after_av_textblock  avia-builder-el-last  toggle_close_all' >\n<section class='av_toggle_section av-96cf9n-4b7898a04fd9d8f158b78c308e5af8e1'  itemscope=\"itemscope\" itemtype=\"https:\/\/schema.org\/CreativeWork\" ><div role=\"tablist\" class=\"single_toggle\" data-tags=\"{Tutto} \"  ><p id='toggle-toggle-id-18' data-fake-id='#toggle-id-18' class='toggler  activeTitle av-title-above '  itemprop=\"headline\"  role='tab' tabindex='0' aria-controls='toggle-id-18' data-slide-speed=\"200\" data-title=\"Indicazioni terapeutiche\" data-title-open=\"\" data-aria_collapsed=\"Clicca per espandere: Indicazioni terapeutiche\" data-aria_expanded=\"Fare clic per chiudere: Indicazioni terapeutiche\">Indicazioni terapeutiche<span class=\"toggle_icon\"><span class=\"vert_icon\"><\/span><span class=\"hor_icon\"><\/span><\/span><\/p><div id='toggle-id-18' aria-labelledby='toggle-toggle-id-18' role='region' class='toggle_wrap  active_tc av-title-above' style='display:block;' ><div class='toggle_content invers-color '  itemprop=\"text\" ><ul>\n<li>Trattamento di dolori acuti e cronici<\/li>\n<li>Allergie<\/li>\n<li>Disturbi ginecologici<\/li>\n<li>\u00a0Terapia di sostegno durante la gravidanza<\/li>\n<li>Problemi di infertilit\u00e0<\/li>\n<li>Malattie cardiovascolari<\/li>\n<li>Depressione<\/li>\n<li>Malattie internistiche<\/li>\n<li>Terapia di supporto a riabilitazione e fisioterapia<\/li>\n<\/ul>\n<\/div><\/div><\/div><\/section>\n<section class='av_toggle_section av-932kzf-030f2aa557f58df7dea49e54144949e2'  itemscope=\"itemscope\" itemtype=\"https:\/\/schema.org\/CreativeWork\" ><div role=\"tablist\" class=\"single_toggle\" data-tags=\"{Tutto} \"  ><p id='toggle-toggle-id-19' data-fake-id='#toggle-id-19' class='toggler  av-title-above '  itemprop=\"headline\"  role='tab' tabindex='0' aria-controls='toggle-id-19' data-slide-speed=\"200\" data-title=\"Terapie\" data-title-open=\"\" data-aria_collapsed=\"Clicca per espandere: Terapie\" data-aria_expanded=\"Fare clic per chiudere: Terapie\">Terapie<span class=\"toggle_icon\"><span class=\"vert_icon\"><\/span><span class=\"hor_icon\"><\/span><\/span><\/p><div id='toggle-id-19' aria-labelledby='toggle-toggle-id-19' role='region' class='toggle_wrap  av-title-above'  ><div class='toggle_content invers-color '  itemprop=\"text\" ><p>I metodi di trattamento della medicina complementare sono molteplici e vengono adattati alle esigenze dei pazienti dopo un primo consulto. Le prestazioni offerte dalla Martinsbrunn ParkClinic vanno dall&#8217;agopuntura (agopuntura corporea e auricolare, elettro e laser agopuntura), alla moxibustione, alla coppettazione, alla medicina ortomolecolare, alla fitoterapia e alla laserterapia intravascolare ed epicutanea.<\/p>\n<\/div><\/div><\/div><\/section>\n<\/div><\/p><\/div><\/p>\n<\/div><\/div><\/div>\n<style type=\"text\/css\" data-created_by=\"avia_inline_auto\" id=\"style-css-av-ld8p4n6w-66df8e09b4aa35fec1ffa9e4df19b3a6\">\n.av-layout-tab.av-ld8p4n6w-66df8e09b4aa35fec1ffa9e4df19b3a6{\nvertical-align:top;\n}\n<\/style>\n<div id='av-tab-section-1-16' class='av-layout-tab av-ld8p4n6w-66df8e09b4aa35fec1ffa9e4df19b3a6 av-animation-delay-container  avia-builder-el-120  el_after_av_tab_sub_section  el_before_av_tab_sub_section  ' data-av-deeplink-tabs=\"\" data-av-tab-section-content=\"16\" data-tab-section-id=\"neurochirurgia\"><div class=\"av-layout-tab-inner\"><div class=\"container\"><p><div  class='flex_column av-8vjemz-66b56b6611fc4c9b5949370eca54a668 av_one_fourth  avia-builder-el-121  el_before_av_three_fourth  avia-builder-el-first  first flex_column_div  '     ><p><section  class='avia-team-member av-ld8p5j9v-a18e299b4e439bb6f2447ca388d23514  avia-builder-el-122  el_before_av_hr  avia-builder-el-first '  itemscope=\"itemscope\" itemtype=\"https:\/\/schema.org\/Person\" ><div class=\"team-img-container\"><img decoding=\"async\" fetchpriority=\"high\" class='wp-image-1747 avia-img-lazy-loading-not-1747 avia_image avia_image_team' src=\"https:\/\/www.martinsbrunn.it\/wp-content\/uploads\/2023\/01\/martinsbrunn_neurologie-romagna.png\" alt='Dr. Alexander Romagna'  itemprop=\"image\"   height=\"500\" width=\"500\" srcset=\"https:\/\/www.martinsbrunn.it\/wp-content\/uploads\/2023\/01\/martinsbrunn_neurologie-romagna.png 500w, https:\/\/www.martinsbrunn.it\/wp-content\/uploads\/2023\/01\/martinsbrunn_neurologie-romagna-300x300.png 300w, https:\/\/www.martinsbrunn.it\/wp-content\/uploads\/2023\/01\/martinsbrunn_neurologie-romagna-80x80.png 80w, https:\/\/www.martinsbrunn.it\/wp-content\/uploads\/2023\/01\/martinsbrunn_neurologie-romagna-36x36.png 36w, https:\/\/www.martinsbrunn.it\/wp-content\/uploads\/2023\/01\/martinsbrunn_neurologie-romagna-180x180.png 180w\" sizes=\"(max-width: 500px) 100vw, 500px\" \/><\/div><h3 class='team-member-name '  itemprop=\"name\" >Dr. Alexander Romagna<\/h3><div class='team-member-job-title '  itemprop=\"jobTitle\" >Neurochirurgia<\/div><span class='hidden team-member-affiliation'  itemprop=\"affiliation\" >Martinsbrunn ParkClinic<\/span><\/section><br \/>\n\n<style type=\"text\/css\" data-created_by=\"avia_inline_auto\" id=\"style-css-av-8nb2ff-aac92c8177021408aa343fd22252c685\">\n#top .hr.hr-invisible.av-8nb2ff-aac92c8177021408aa343fd22252c685{\nheight:20px;\n}\n<\/style>\n<div  class='hr av-8nb2ff-aac92c8177021408aa343fd22252c685 hr-invisible  avia-builder-el-123  el_after_av_team_member  avia-builder-el-last '><span class='hr-inner '><span class=\"hr-inner-style\"><\/span><\/span><\/div><\/p><\/div><div  class='flex_column av-8k8fej-f57fe6cd24405240bed610dfc4f576c8 av_three_fourth  avia-builder-el-124  el_after_av_one_fourth  avia-builder-el-last  flex_column_div  '     ><section  class='av_textblock_section av-ld8p61y9-4334fcda22d1d30d7103e179e73a7049 '   itemscope=\"itemscope\" itemtype=\"https:\/\/schema.org\/CreativeWork\" ><div class='avia_textblock'  itemprop=\"text\" ><h3>Neurochirurgia<\/h3>\n<p>Il Dr. Alexander Romagna offre diagnosi ed ampio trattamento in particolar modo di patologie spinali come: l&#8217;ernia al disco, la stenosi del canale vertebrale e l&#8217;instabilit\u00e0 della colonna vertebrale.<\/p>\n<p>Eventuali infiltrazioni e operazioni alla colonna vertebrale possono essere fatte presso la clinica Santa Maria a Bolzano.<\/p>\n<\/div><\/section><\/div><\/p>\n<\/div><\/div><\/div>\n<style type=\"text\/css\" data-created_by=\"avia_inline_auto\" id=\"style-css-av-lrhyjn9v-60ad0847b7f9fd090896bbbdd22d7853\">\n.av-layout-tab.av-lrhyjn9v-60ad0847b7f9fd090896bbbdd22d7853{\nvertical-align:top;\n}\n<\/style>\n<div id='av-tab-section-1-17' class='av-layout-tab av-lrhyjn9v-60ad0847b7f9fd090896bbbdd22d7853 av-animation-delay-container  avia-builder-el-126  el_after_av_tab_sub_section  el_before_av_tab_sub_section  ' data-av-deeplink-tabs=\"\" data-av-tab-section-content=\"17\" data-tab-section-id=\"traumatologia-e-ortopedia\"><div class=\"av-layout-tab-inner\"><div class=\"container\"><p><div  class='flex_column av-8esz4z-2cf9e5273913ec20569617da9945281d av_one_fourth  avia-builder-el-127  el_before_av_three_fourth  avia-builder-el-first  first flex_column_div  '     ><p><section  class='avia-team-member av-lq12gpsg-7e510ded5ac13b0dd1c2f28d93e477c8  avia-builder-el-128  el_before_av_team_member  avia-builder-el-first '  itemscope=\"itemscope\" itemtype=\"https:\/\/schema.org\/Person\" ><div class=\"team-img-container\"><img decoding=\"async\" fetchpriority=\"high\" class='wp-image-2847 avia-img-lazy-loading-not-2847 avia_image avia_image_team' src=\"https:\/\/www.martinsbrunn.it\/wp-content\/uploads\/2023\/12\/2.jpg\" alt='Dr. Michael Raffl'  itemprop=\"image\"   height=\"800\" width=\"800\" srcset=\"https:\/\/www.martinsbrunn.it\/wp-content\/uploads\/2023\/12\/2.jpg 800w, https:\/\/www.martinsbrunn.it\/wp-content\/uploads\/2023\/12\/2-300x300.jpg 300w, https:\/\/www.martinsbrunn.it\/wp-content\/uploads\/2023\/12\/2-80x80.jpg 80w, https:\/\/www.martinsbrunn.it\/wp-content\/uploads\/2023\/12\/2-768x768.jpg 768w, https:\/\/www.martinsbrunn.it\/wp-content\/uploads\/2023\/12\/2-36x36.jpg 36w, https:\/\/www.martinsbrunn.it\/wp-content\/uploads\/2023\/12\/2-180x180.jpg 180w, https:\/\/www.martinsbrunn.it\/wp-content\/uploads\/2023\/12\/2-705x705.jpg 705w\" sizes=\"(max-width: 800px) 100vw, 800px\" \/><\/div><h3 class='team-member-name '  itemprop=\"name\" >Dr. Michael Raffl<\/h3><div class='team-member-job-title '  itemprop=\"jobTitle\" >Specialista in Ortopedia e Traumatologia<\/div><span class='hidden team-member-affiliation'  itemprop=\"affiliation\" >Martinsbrunn ParkClinic<\/span><\/section><br \/>\n<section  class='avia-team-member av-lq12iggk-124a389e0bcba14301e25eeb459f7a46  avia-builder-el-129  el_after_av_team_member  el_before_av_team_member '  itemscope=\"itemscope\" itemtype=\"https:\/\/schema.org\/Person\" ><div class=\"team-img-container\"><img decoding=\"async\" fetchpriority=\"high\" class='wp-image-2849 avia-img-lazy-loading-not-2849 avia_image avia_image_team' src=\"https:\/\/www.martinsbrunn.it\/wp-content\/uploads\/2023\/12\/3.jpg\" alt='Dr. Martin Kinigadner'  itemprop=\"image\"   height=\"800\" width=\"800\" srcset=\"https:\/\/www.martinsbrunn.it\/wp-content\/uploads\/2023\/12\/3.jpg 800w, https:\/\/www.martinsbrunn.it\/wp-content\/uploads\/2023\/12\/3-300x300.jpg 300w, https:\/\/www.martinsbrunn.it\/wp-content\/uploads\/2023\/12\/3-80x80.jpg 80w, https:\/\/www.martinsbrunn.it\/wp-content\/uploads\/2023\/12\/3-768x768.jpg 768w, https:\/\/www.martinsbrunn.it\/wp-content\/uploads\/2023\/12\/3-36x36.jpg 36w, https:\/\/www.martinsbrunn.it\/wp-content\/uploads\/2023\/12\/3-180x180.jpg 180w, https:\/\/www.martinsbrunn.it\/wp-content\/uploads\/2023\/12\/3-705x705.jpg 705w\" sizes=\"(max-width: 800px) 100vw, 800px\" \/><\/div><h3 class='team-member-name '  itemprop=\"name\" >Dr. Martin Kinigadner<\/h3><div class='team-member-job-title '  itemprop=\"jobTitle\" >Specialista in Ortopedia e Traumatologia<\/div><span class='hidden team-member-affiliation'  itemprop=\"affiliation\" >Martinsbrunn ParkClinic<\/span><\/section><br \/>\n<section  class='avia-team-member av-lzseg27t-b44ce48a558dfb4373a81851b2d2e755  avia-builder-el-130  el_after_av_team_member  el_before_av_hr '  itemscope=\"itemscope\" itemtype=\"https:\/\/schema.org\/Person\" ><div class=\"team-img-container\"><img decoding=\"async\" fetchpriority=\"high\" class='wp-image-3841 avia-img-lazy-loading-not-3841 avia_image avia_image_team' src=\"https:\/\/www.martinsbrunn.it\/wp-content\/uploads\/2024\/08\/Valtiner.jpg\" alt='Dr. Lukas Valtiner'  itemprop=\"image\"   height=\"687\" width=\"687\" srcset=\"https:\/\/www.martinsbrunn.it\/wp-content\/uploads\/2024\/08\/Valtiner.jpg 687w, https:\/\/www.martinsbrunn.it\/wp-content\/uploads\/2024\/08\/Valtiner-300x300.jpg 300w, https:\/\/www.martinsbrunn.it\/wp-content\/uploads\/2024\/08\/Valtiner-80x80.jpg 80w, https:\/\/www.martinsbrunn.it\/wp-content\/uploads\/2024\/08\/Valtiner-36x36.jpg 36w, https:\/\/www.martinsbrunn.it\/wp-content\/uploads\/2024\/08\/Valtiner-180x180.jpg 180w\" sizes=\"(max-width: 687px) 100vw, 687px\" \/><\/div><h3 class='team-member-name '  itemprop=\"name\" >Dr. Lukas Valtiner<\/h3><div class='team-member-job-title '  itemprop=\"jobTitle\" >Specialista in Ortopedia e Traumatologia<\/div><span class='hidden team-member-affiliation'  itemprop=\"affiliation\" >Martinsbrunn ParkClinic<\/span><\/section><br \/>\n\n<style type=\"text\/css\" data-created_by=\"avia_inline_auto\" id=\"style-css-av-89k7m3-22f6cc4157b591097e2a9c6fddf6c298\">\n#top .hr.hr-invisible.av-89k7m3-22f6cc4157b591097e2a9c6fddf6c298{\nheight:20px;\n}\n<\/style>\n<div  class='hr av-89k7m3-22f6cc4157b591097e2a9c6fddf6c298 hr-invisible  avia-builder-el-131  el_after_av_team_member  avia-builder-el-last '><span class='hr-inner '><span class=\"hr-inner-style\"><\/span><\/span><\/div><\/p><\/div><div  class='flex_column av-7ztzl7-da7bcaa8dccb685357993d89d7233727 av_three_fourth  avia-builder-el-132  el_after_av_one_fourth  avia-builder-el-last  flex_column_div  '     ><section  class='av_textblock_section av-l8d1xk42-c0b68b018a2b944e22bab209d8e02aed '   itemscope=\"itemscope\" itemtype=\"https:\/\/schema.org\/CreativeWork\" ><div class='avia_textblock'  itemprop=\"text\" ><h3>Traumatologia e ortopedia<\/h3>\n<p>L&#8217;ortopedia si occupa della diagnosi, del trattamento, della riabilitazione e della prevenzione delle alterazioni patologiche dell&#8217;apparato muscolo-scheletrico. Un&#8217;anamnesi dettagliata e un esame fisico approfondito forniscono informazioni importanti sull&#8217;origine dei disturbi di natura ortopedica. Per una diagnosi pi\u00f9 approfondita, \u00e8 possibile ricorrere alla diagnostica ad ultrasuoni gi\u00e0 nel corso della visita. In stretta collaborazione con il reparto di radiologia, \u00e8 possibile effettuare radiografie, risonanze magnetiche e tomografia assiale computerizzata (TAC) per alcuni quesiti.<\/p>\n<p>La Martinsbrunn Parkclinic \u00e8 specializzata nel trattamento conservativo delle patologie ortopediche. Professionisti di comprovata esperienza utilizzano efficaci tecniche di mobilizzazione e manipolazione, nonch\u00e9 procedure mininvasive, come infiltrazioni di farmaci e iniezioni mirate, con l\u2019obiettivo di alleviare il pi\u00f9 rapidamente possibile il dolore e contenere o risolvere le limitazioni di movimento.<\/p>\n<p>Qualora tuttavia il trattamento chirurgico dovesse essere inevitabile, le opzioni vengono discusse in dettaglio al fine di decidere quale trattamento \u00e8 pi\u00f9 sensato per il singolo paziente.<\/p>\n<p>I nostri servizi:<\/p>\n<ul>\n<li>Visite specialistiche, anche con il supporto di esami ecografici<\/li>\n<li>Visite chirurgiche e traumatologiche<\/li>\n<li>Infiltrazioni di PRP<\/li>\n<li>Infiltrazioni di cortisone e\/o acido ialuronico<\/li>\n<li>Punture articolari<\/li>\n<\/ul>\n<\/div><\/section><\/div><\/p>\n<\/div><\/div><\/div>\n<style type=\"text\/css\" data-created_by=\"avia_inline_auto\" id=\"style-css-av-7w86qz-3537adf3904605cfa7a40d04c8bf9304\">\n.av-layout-tab.av-7w86qz-3537adf3904605cfa7a40d04c8bf9304{\nvertical-align:top;\n}\n<\/style>\n<div id='av-tab-section-1-18' class='av-layout-tab av-7w86qz-3537adf3904605cfa7a40d04c8bf9304 av-animation-delay-container  avia-builder-el-134  el_after_av_tab_sub_section  el_before_av_tab_sub_section  ' data-av-deeplink-tabs=\"\" data-av-tab-section-content=\"18\" data-tab-section-id=\"ginecologia\"><div class=\"av-layout-tab-inner\"><div class=\"container\"><p><div  class='flex_column av-7mqbnf-e75fe70f6e2229c9ef05c26e8d5c3d18 av_one_fourth  avia-builder-el-135  el_before_av_three_fourth  avia-builder-el-first  first flex_column_div  '     ><p><section  class='avia-team-member av-m8fnkmnj-cc6276cf9197e1f835e178192100af0f  avia-builder-el-136  el_before_av_team_member  avia-builder-el-first '  itemscope=\"itemscope\" itemtype=\"https:\/\/schema.org\/Person\" ><div class=\"team-img-container\"><img decoding=\"async\" fetchpriority=\"high\" class='wp-image-4445 avia-img-lazy-loading-not-4445 avia_image avia_image_team' src=\"https:\/\/www.martinsbrunn.it\/wp-content\/uploads\/2025\/03\/Portraet-Sara-300x300.png\" alt='Dr. Sara Auer'  itemprop=\"image\"   height=\"300\" width=\"300\" srcset=\"https:\/\/www.martinsbrunn.it\/wp-content\/uploads\/2025\/03\/Portraet-Sara-300x300.png 300w, https:\/\/www.martinsbrunn.it\/wp-content\/uploads\/2025\/03\/Portraet-Sara-80x80.png 80w, https:\/\/www.martinsbrunn.it\/wp-content\/uploads\/2025\/03\/Portraet-Sara-768x768.png 768w, https:\/\/www.martinsbrunn.it\/wp-content\/uploads\/2025\/03\/Portraet-Sara-36x36.png 36w, https:\/\/www.martinsbrunn.it\/wp-content\/uploads\/2025\/03\/Portraet-Sara-180x180.png 180w, https:\/\/www.martinsbrunn.it\/wp-content\/uploads\/2025\/03\/Portraet-Sara-705x705.png 705w, https:\/\/www.martinsbrunn.it\/wp-content\/uploads\/2025\/03\/Portraet-Sara.png 800w\" sizes=\"(max-width: 300px) 100vw, 300px\" \/><\/div><h3 class='team-member-name '  itemprop=\"name\" >Dr. Sara Auer<\/h3><div class='team-member-job-title '  itemprop=\"jobTitle\" >Ginecologia<\/div><span class='hidden team-member-affiliation'  itemprop=\"affiliation\" >Martinsbrunn ParkClinic<\/span><\/section><br \/>\n<section  class='avia-team-member av-m8fnldnp-464df45d2f9eddac3eef07771a9eedc6  avia-builder-el-137  el_after_av_team_member  el_before_av_team_member '  itemscope=\"itemscope\" itemtype=\"https:\/\/schema.org\/Person\" ><div class=\"team-img-container\"><img decoding=\"async\" fetchpriority=\"high\" class='wp-image-4443 avia-img-lazy-loading-not-4443 avia_image avia_image_team' src=\"https:\/\/www.martinsbrunn.it\/wp-content\/uploads\/2025\/03\/Portraet-Christine-300x300.jpg\" alt='Dr. Christine Arquin'  itemprop=\"image\"   height=\"300\" width=\"300\" srcset=\"https:\/\/www.martinsbrunn.it\/wp-content\/uploads\/2025\/03\/Portraet-Christine-300x300.jpg 300w, https:\/\/www.martinsbrunn.it\/wp-content\/uploads\/2025\/03\/Portraet-Christine-80x80.jpg 80w, https:\/\/www.martinsbrunn.it\/wp-content\/uploads\/2025\/03\/Portraet-Christine-768x768.jpg 768w, https:\/\/www.martinsbrunn.it\/wp-content\/uploads\/2025\/03\/Portraet-Christine-36x36.jpg 36w, https:\/\/www.martinsbrunn.it\/wp-content\/uploads\/2025\/03\/Portraet-Christine-180x180.jpg 180w, https:\/\/www.martinsbrunn.it\/wp-content\/uploads\/2025\/03\/Portraet-Christine-705x705.jpg 705w, https:\/\/www.martinsbrunn.it\/wp-content\/uploads\/2025\/03\/Portraet-Christine.jpg 800w\" sizes=\"(max-width: 300px) 100vw, 300px\" \/><\/div><h3 class='team-member-name '  itemprop=\"name\" >Dr. Christine Arquin<\/h3><div class='team-member-job-title '  itemprop=\"jobTitle\" >Ginecologia<\/div><span class='hidden team-member-affiliation'  itemprop=\"affiliation\" >Martinsbrunn ParkClinic<\/span><\/section><br \/>\n<section  class='avia-team-member av-m8fnlqwl-b7c2299731c7c7c95f56d8d4dc7eff1e  avia-builder-el-138  el_after_av_team_member  el_before_av_hr '  itemscope=\"itemscope\" itemtype=\"https:\/\/schema.org\/Person\" ><div class=\"team-img-container\"><img decoding=\"async\" fetchpriority=\"high\" class='wp-image-4447 avia-img-lazy-loading-not-4447 avia_image avia_image_team' src=\"https:\/\/www.martinsbrunn.it\/wp-content\/uploads\/2025\/03\/Design-ohne-Titel-300x300.png\" alt='Dr. Alberta Dibiasi'  itemprop=\"image\"   height=\"300\" width=\"300\" srcset=\"https:\/\/www.martinsbrunn.it\/wp-content\/uploads\/2025\/03\/Design-ohne-Titel-300x300.png 300w, https:\/\/www.martinsbrunn.it\/wp-content\/uploads\/2025\/03\/Design-ohne-Titel-80x80.png 80w, https:\/\/www.martinsbrunn.it\/wp-content\/uploads\/2025\/03\/Design-ohne-Titel-768x768.png 768w, https:\/\/www.martinsbrunn.it\/wp-content\/uploads\/2025\/03\/Design-ohne-Titel-36x36.png 36w, https:\/\/www.martinsbrunn.it\/wp-content\/uploads\/2025\/03\/Design-ohne-Titel-180x180.png 180w, https:\/\/www.martinsbrunn.it\/wp-content\/uploads\/2025\/03\/Design-ohne-Titel-705x705.png 705w, https:\/\/www.martinsbrunn.it\/wp-content\/uploads\/2025\/03\/Design-ohne-Titel.png 800w\" sizes=\"(max-width: 300px) 100vw, 300px\" \/><\/div><h3 class='team-member-name '  itemprop=\"name\" >Dr. Alberta Dibiasi<\/h3><div class='team-member-job-title '  itemprop=\"jobTitle\" >Ginecologia<\/div><span class='hidden team-member-affiliation'  itemprop=\"affiliation\" >Martinsbrunn ParkClinic<\/span><\/section><br \/>\n\n<style type=\"text\/css\" data-created_by=\"avia_inline_auto\" id=\"style-css-av-7jkekj-13be949c911aa18089b9864efcf3008d\">\n#top .hr.hr-invisible.av-7jkekj-13be949c911aa18089b9864efcf3008d{\nheight:20px;\n}\n<\/style>\n<div  class='hr av-7jkekj-13be949c911aa18089b9864efcf3008d hr-invisible  avia-builder-el-139  el_after_av_team_member  avia-builder-el-last '><span class='hr-inner '><span class=\"hr-inner-style\"><\/span><\/span><\/div><\/p><\/div><div  class='flex_column av-7etikb-4501e87c4504457ad86cd1561c80d121 av_three_fourth  avia-builder-el-140  el_after_av_one_fourth  avia-builder-el-last  flex_column_div  '     ><section  class='av_textblock_section av-75mmiz-aec947ec834d9fe94b74a608b9a2f630 '   itemscope=\"itemscope\" itemtype=\"https:\/\/schema.org\/CreativeWork\" ><div class='avia_textblock'  itemprop=\"text\" ><h3>Ambulatorio ginecologico<\/h3>\n<p>Presso Martinsbrunn ParkClinic, le specialiste in ginecologia Dr. Sara Auer e Dr. Christine Arquin offrono un&#8217;ampia gamma di accertamenti ginecologici .<\/p>\n<p><strong>Le nostre prestazioni:<\/strong><\/p>\n<ul>\n<li>Visite ginecologiche preventive<\/li>\n<li>Chiarimenti su referti Pap-Test<\/li>\n<li>Prevenzione e assistenza in gravidanza<\/li>\n<li>Desiderio di maternit\u00e0 \u2013 consulenze e terapie<\/li>\n<li>Contraccezione<\/li>\n<li>Colloquio per adolescenti<\/li>\n<li>Consulenza in caso di emorragie<\/li>\n<li>Consulenze e terapie per disagi in menopausa<\/li>\n<li>Consulenze e terapie in caso di incontinenza urinaria<\/li>\n<\/ul>\n<\/div><\/section><\/div><\/p>\n<\/div><\/div><\/div>\n<style type=\"text\/css\" data-created_by=\"avia_inline_auto\" id=\"style-css-av-lrhylt3z-fed031122427532941e0c0b11ed932a3\">\n.av-layout-tab.av-lrhylt3z-fed031122427532941e0c0b11ed932a3{\nvertical-align:top;\n}\n<\/style>\n<div id='av-tab-section-1-19' class='av-layout-tab av-lrhylt3z-fed031122427532941e0c0b11ed932a3 av-animation-delay-container  avia-builder-el-142  el_after_av_tab_sub_section  el_before_av_tab_sub_section  ' data-av-deeplink-tabs=\"\" data-av-tab-section-content=\"19\" data-tab-section-id=\"urologia\"><div class=\"av-layout-tab-inner\"><div class=\"container\"><p><div  class='flex_column av-2ivk3-d709022a0136402c1fc8683f7e89846d av_one_fourth  avia-builder-el-143  el_before_av_three_fourth  avia-builder-el-first  first flex_column_div  '     ><p><section  class='avia-team-member av-l70f0zci-61f87312c74df98370459b5d05173211  avia-builder-el-144  el_before_av_hr  avia-builder-el-first '  itemscope=\"itemscope\" itemtype=\"https:\/\/schema.org\/Person\" ><div class=\"team-img-container\"><img decoding=\"async\" fetchpriority=\"high\" class='wp-image-2384 avia-img-lazy-loading-not-2384 avia_image avia_image_team' src=\"https:\/\/www.martinsbrunn.it\/wp-content\/uploads\/2023\/07\/4E4A4806-300x300.jpg\" alt='Dr. Matteo Rani'  itemprop=\"image\"   height=\"300\" width=\"300\" srcset=\"https:\/\/www.martinsbrunn.it\/wp-content\/uploads\/2023\/07\/4E4A4806-300x300.jpg 300w, https:\/\/www.martinsbrunn.it\/wp-content\/uploads\/2023\/07\/4E4A4806-80x80.jpg 80w, https:\/\/www.martinsbrunn.it\/wp-content\/uploads\/2023\/07\/4E4A4806-768x768.jpg 768w, https:\/\/www.martinsbrunn.it\/wp-content\/uploads\/2023\/07\/4E4A4806-36x36.jpg 36w, https:\/\/www.martinsbrunn.it\/wp-content\/uploads\/2023\/07\/4E4A4806-180x180.jpg 180w, https:\/\/www.martinsbrunn.it\/wp-content\/uploads\/2023\/07\/4E4A4806-705x705.jpg 705w, https:\/\/www.martinsbrunn.it\/wp-content\/uploads\/2023\/07\/4E4A4806.jpg 800w\" sizes=\"(max-width: 300px) 100vw, 300px\" \/><\/div><h3 class='team-member-name '  itemprop=\"name\" >Dr. Matteo Rani<\/h3><div class='team-member-job-title '  itemprop=\"jobTitle\" >Urologia<\/div><span class='hidden team-member-affiliation'  itemprop=\"affiliation\" >Martinsbrunn ParkClinic<\/span><\/section><br \/>\n\n<style type=\"text\/css\" data-created_by=\"avia_inline_auto\" id=\"style-css-av-6tv88r-165600bf737a59d1f9f36978bebf74ce\">\n#top .hr.hr-invisible.av-6tv88r-165600bf737a59d1f9f36978bebf74ce{\nheight:20px;\n}\n<\/style>\n<div  class='hr av-6tv88r-165600bf737a59d1f9f36978bebf74ce hr-invisible  avia-builder-el-145  el_after_av_team_member  avia-builder-el-last '><span class='hr-inner '><span class=\"hr-inner-style\"><\/span><\/span><\/div><\/p><\/div><div  class='flex_column av-6qowi3-5c3cf7352943a9ba4976843662a73ff3 av_three_fourth  avia-builder-el-146  el_after_av_one_fourth  avia-builder-el-last  flex_column_div  '     ><section  class='av_textblock_section av-ljr5p581-de4872b4006c81b46e1fdf51629be1b6 '   itemscope=\"itemscope\" itemtype=\"https:\/\/schema.org\/CreativeWork\" ><div class='avia_textblock'  itemprop=\"text\" ><h3>Urologia<\/h3>\n<p>L\u2019urologia \u00e8 la disciplina medica e chirurgica che si occupa della prevenzione, della diagnosi, del trattamento e della riabilitazione di malattie benigne, maligne e funzionali che coinvolgono prostata, reni, vescica e organi genitali maschili.<\/p>\n<p>Presso la nostra struttura si offrono visite specialistiche e trattamenti urologici completi. Particolare attenzione \u00e8 dedicata alla prevenzione; in quest\u2019ottica offriamo un check-up urologico per gli uomini a partire dai 45 anni, che comprende visita, indagini ecografiche e esami di laboratorio.<\/p>\n<\/div><\/section><br \/>\n\n<style type=\"text\/css\" data-created_by=\"avia_inline_auto\" id=\"style-css-av-lldof49x-c12308fe795c98ea5762e6813985fb15\">\n#top .togglecontainer.av-lldof49x-c12308fe795c98ea5762e6813985fb15 p.toggler{\nbackground-color:#ffffff;\n}\n#top .togglecontainer.av-lldof49x-c12308fe795c98ea5762e6813985fb15 p.toggler.activeTitle{\nbackground-color:#dee7c1;\n}\n#top .togglecontainer.av-lldof49x-c12308fe795c98ea5762e6813985fb15 p.toggler .toggle_icon{\ncolor:#333333;\nborder-color:#333333;\n}\n#top .togglecontainer.av-lldof49x-c12308fe795c98ea5762e6813985fb15 p.toggler .toggle_icon > span{\ncolor:#333333;\nborder-color:#333333;\n}\n#top .togglecontainer.av-lldof49x-c12308fe795c98ea5762e6813985fb15 .toggle_wrap .toggle_content{\nbackground-color:#ffffff;\n}\n<\/style>\n<div  class='togglecontainer av-lldof49x-c12308fe795c98ea5762e6813985fb15 av-minimal-toggle  avia-builder-el-148  el_after_av_textblock  el_before_av_textblock  toggle_close_all' >\n<section class='av_toggle_section av-lldoa36p-4fe9eba037dbb2383dda43312a351e74'  itemscope=\"itemscope\" itemtype=\"https:\/\/schema.org\/CreativeWork\" ><div role=\"tablist\" class=\"single_toggle\" data-tags=\"{Tutto} \"  ><p id='toggle-toggle-id-20' data-fake-id='#toggle-id-20' class='toggler  av-title-above '  itemprop=\"headline\"  role='tab' tabindex='0' aria-controls='toggle-id-20' data-slide-speed=\"200\" data-title=\"Prestazioni ambulatoriali\" data-title-open=\"\" data-aria_collapsed=\"Clicca per espandere: Prestazioni ambulatoriali\" data-aria_expanded=\"Fare clic per chiudere: Prestazioni ambulatoriali\">Prestazioni ambulatoriali<span class=\"toggle_icon\"><span class=\"vert_icon\"><\/span><span class=\"hor_icon\"><\/span><\/span><\/p><div id='toggle-id-20' aria-labelledby='toggle-toggle-id-20' role='region' class='toggle_wrap  av-title-above'  ><div class='toggle_content invers-color '  itemprop=\"text\" ><ul>\n<li>Visita urologica con ecografia<\/li>\n<li>Visita andrologica<\/li>\n<li>Pacchetto Check-Up 45+<\/li>\n<li>Uretrocistoscopia<\/li>\n<li>Biopsia prostatica<\/li>\n<\/ul>\n<\/div><\/div><\/div><\/section>\n<section class='av_toggle_section av-lldoba3s-b45fbaf8e9809017c0b2642f80a9bdd3'  itemscope=\"itemscope\" itemtype=\"https:\/\/schema.org\/CreativeWork\" ><div role=\"tablist\" class=\"single_toggle\" data-tags=\"{Tutto} \"  ><p id='toggle-toggle-id-21' data-fake-id='#toggle-id-21' class='toggler  av-title-above '  itemprop=\"headline\"  role='tab' tabindex='0' aria-controls='toggle-id-21' data-slide-speed=\"200\" data-title=\"Interventi ambulatoriali (Dr. Rani in collaborazione con Marienklinik*)\" data-title-open=\"\" data-aria_collapsed=\"Clicca per espandere: Interventi ambulatoriali (Dr. Rani in collaborazione con Marienklinik*)\" data-aria_expanded=\"Fare clic per chiudere: Interventi ambulatoriali (Dr. Rani in collaborazione con Marienklinik*)\">Interventi ambulatoriali (Dr. Rani in collaborazione con Marienklinik*)<span class=\"toggle_icon\"><span class=\"vert_icon\"><\/span><span class=\"hor_icon\"><\/span><\/span><\/p><div id='toggle-id-21' aria-labelledby='toggle-toggle-id-21' role='region' class='toggle_wrap  av-title-above'  ><div class='toggle_content invers-color '  itemprop=\"text\" ><ul>\n<li>Vasectomia (Sterilizzazione)<\/li>\n<li>Frenulotomia<\/li>\n<\/ul>\n<\/div><\/div><\/div><\/section>\n<section class='av_toggle_section av-lldoevv8-ea70b6f71b46bdeb6151318e61628790'  itemscope=\"itemscope\" itemtype=\"https:\/\/schema.org\/CreativeWork\" ><div role=\"tablist\" class=\"single_toggle\" data-tags=\"{Tutto} \"  ><p id='toggle-toggle-id-22' data-fake-id='#toggle-id-22' class='toggler  av-title-above '  itemprop=\"headline\"  role='tab' tabindex='0' aria-controls='toggle-id-22' data-slide-speed=\"200\" data-title=\"Interventi chirurgici (Dr. Rani in collaborazione con Marienklinik*)\" data-title-open=\"\" data-aria_collapsed=\"Clicca per espandere: Interventi chirurgici (Dr. Rani in collaborazione con Marienklinik*)\" data-aria_expanded=\"Fare clic per chiudere: Interventi chirurgici (Dr. Rani in collaborazione con Marienklinik*)\">Interventi chirurgici (Dr. Rani in collaborazione con Marienklinik*)<span class=\"toggle_icon\"><span class=\"vert_icon\"><\/span><span class=\"hor_icon\"><\/span><\/span><\/p><div id='toggle-id-22' aria-labelledby='toggle-toggle-id-22' role='region' class='toggle_wrap  av-title-above'  ><div class='toggle_content invers-color '  itemprop=\"text\" ><ul>\n<li>URS \/ RIRS (trattamento endoscopico laser miniinvasivo della calcolosi urinaria)<\/li>\n<li>TURB (Resezione transuretrale di vescica)<\/li>\n<li>TURP (Resezione transuretrale di prostata)<\/li>\n<li>Uretrotomia endoscopica<\/li>\n<li>REZUM (trattamento miniinvasivo dell&#8217;ipertrofia prostatica a vapore acqueo)<\/li>\n<li>Circoncisione<\/li>\n<li>Resezione chirurgica di idrocele<\/li>\n<li>Resezione chirurgica di spermatocele<\/li>\n<\/ul>\n<\/div><\/div><\/div><\/section>\n<\/div><br \/>\n<section  class='av_textblock_section av-lldooxmf-a9d961f3f5098b3cbb50ec696157510c '   itemscope=\"itemscope\" itemtype=\"https:\/\/schema.org\/CreativeWork\" ><div class='avia_textblock'  itemprop=\"text\" ><p>*la programmazione degli interventi, la loro preparazione e i controlli post-operatori possono essere effettuati presso Martinsbrunn ParkClinic<\/p>\n<\/div><\/section><\/p><\/div><\/p>\n<\/div><\/div><\/div>\n<style type=\"text\/css\" data-created_by=\"avia_inline_auto\" id=\"style-css-av-lrhyhz2e-8206b941aed46b6546cd55b0026bac3a\">\n.av-layout-tab.av-lrhyhz2e-8206b941aed46b6546cd55b0026bac3a{\nvertical-align:top;\n}\n<\/style>\n<div id='av-tab-section-1-20' class='av-layout-tab av-lrhyhz2e-8206b941aed46b6546cd55b0026bac3a av-animation-delay-container  avia-builder-el-150  el_after_av_tab_sub_section  el_before_av_tab_sub_section  ' data-av-deeplink-tabs=\"\" data-av-tab-section-content=\"20\" data-tab-section-id=\"otorinolaringoiatria\"><div class=\"av-layout-tab-inner\"><div class=\"container\"><p><div  class='flex_column av-nisir-e1961fbc5cc20441ef44f82af477e066 av_one_fourth  avia-builder-el-151  el_before_av_three_fourth  avia-builder-el-first  first flex_column_div  '     ><p><section  class='avia-team-member av-6eocqr-80c55ad6fd80d932924cd2eb04386ed4  avia-builder-el-152  el_before_av_hr  avia-builder-el-first '  itemscope=\"itemscope\" itemtype=\"https:\/\/schema.org\/Person\" ><div class=\"team-img-container\"><img decoding=\"async\" fetchpriority=\"high\" class='wp-image-536 avia-img-lazy-loading-not-536 avia_image avia_image_team' src=\"https:\/\/www.martinsbrunn.it\/wp-content\/uploads\/2022\/01\/martinsbrunn_HNO-Otto_Portraet1.jpg\" alt='Dr. Otto Zimmermann'  itemprop=\"image\"   height=\"500\" width=\"500\" srcset=\"https:\/\/www.martinsbrunn.it\/wp-content\/uploads\/2022\/01\/martinsbrunn_HNO-Otto_Portraet1.jpg 500w, https:\/\/www.martinsbrunn.it\/wp-content\/uploads\/2022\/01\/martinsbrunn_HNO-Otto_Portraet1-300x300.jpg 300w, https:\/\/www.martinsbrunn.it\/wp-content\/uploads\/2022\/01\/martinsbrunn_HNO-Otto_Portraet1-80x80.jpg 80w, https:\/\/www.martinsbrunn.it\/wp-content\/uploads\/2022\/01\/martinsbrunn_HNO-Otto_Portraet1-36x36.jpg 36w, https:\/\/www.martinsbrunn.it\/wp-content\/uploads\/2022\/01\/martinsbrunn_HNO-Otto_Portraet1-180x180.jpg 180w\" sizes=\"(max-width: 500px) 100vw, 500px\" \/><\/div><h3 class='team-member-name '  itemprop=\"name\" >Dr. Otto Zimmermann<\/h3><div class='team-member-job-title '  itemprop=\"jobTitle\" >Otorinolaringoiatria<\/div><span class='hidden team-member-affiliation'  itemprop=\"affiliation\" >Martinsbrunn ParkClinic<\/span><\/section><br \/>\n\n<style type=\"text\/css\" data-created_by=\"avia_inline_auto\" id=\"style-css-av-65glub-16f5d4ed4d0aa357d68702ece3d92171\">\n#top .hr.hr-invisible.av-65glub-16f5d4ed4d0aa357d68702ece3d92171{\nheight:20px;\n}\n<\/style>\n<div  class='hr av-65glub-16f5d4ed4d0aa357d68702ece3d92171 hr-invisible  avia-builder-el-153  el_after_av_team_member  avia-builder-el-last '><span class='hr-inner '><span class=\"hr-inner-style\"><\/span><\/span><\/div><\/p><\/div><div  class='flex_column av-60dexn-8c0d521fb99f83b24c861fa628a705d9 av_three_fourth  avia-builder-el-154  el_after_av_one_fourth  avia-builder-el-last  flex_column_div  '     ><section  class='av_textblock_section av-lfl3ri5l-1707353b4cb73a513c84fd70e1612697 '   itemscope=\"itemscope\" itemtype=\"https:\/\/schema.org\/CreativeWork\" ><div class='avia_textblock'  itemprop=\"text\" ><h3>Otorinolaringoiatria<\/h3>\n<p>Il Dr. Otto Zimmermann offre consulenze e un&#8217;ampia gamma di accertamenti diagnostici per la diagnosi e la terapia delle malattie dell&#8217;area del capo e del collo.<\/p>\n<p><strong>Le nostre prestazioni:<\/strong><\/p>\n<ul>\n<li>Visita otorinolaringoiatrica<\/li>\n<li>Endoscopia della laringe<\/li>\n<li>Audiometria<\/li>\n<li>Pulizia dell\u2019orecchio<\/li>\n<li>Otorinolaringoiatria pediatrica<\/li>\n<li>Diagnosi e cura delle vertigini, del russamento e delle apnee notturne<\/li>\n<li>Trattamento della diminuzione\/perdita di udito<\/li>\n<li>Trattamento dell\u2019epistassi<\/li>\n<li>Screening del tumore laringeo nei fumatori<\/li>\n<li>Pricktest<\/li>\n<li>Trattamento dei disturbi respiratori del naso e della sinusite, delle tonsilliti croniche e delle alterazioni della mucosa del cavo orale<\/li>\n<li>Correzione delle orecchie a sventola, delle palpebre cadenti, del naso storto e dei lobi delle orecchie danneggiati<\/li>\n<\/ul>\n<\/div><\/section><\/div><\/p>\n<\/div><\/div><\/div>\n<style type=\"text\/css\" data-created_by=\"avia_inline_auto\" id=\"style-css-av-lrhylei1-b5eaeda5ed7da8e63a60498532d01a88\">\n.av-layout-tab.av-lrhylei1-b5eaeda5ed7da8e63a60498532d01a88{\nvertical-align:top;\n}\n<\/style>\n<div id='av-tab-section-1-21' class='av-layout-tab av-lrhylei1-b5eaeda5ed7da8e63a60498532d01a88 av-animation-delay-container  avia-builder-el-156  el_after_av_tab_sub_section  el_before_av_tab_sub_section  ' data-av-deeplink-tabs=\"\" data-av-tab-section-content=\"21\" data-tab-section-id=\"ecografia\"><div class=\"av-layout-tab-inner\"><div class=\"container\"><p><div  class='flex_column av-5wmx43-50f2d122ab52b015a9108dd574553b46 av_one_fourth  avia-builder-el-157  el_before_av_three_fourth  avia-builder-el-first  first flex_column_div  '     ><p><section  class='avia-team-member av-5qefbn-c139498845cdda99015cebed614d38ef  avia-builder-el-158  el_before_av_hr  avia-builder-el-first '  itemscope=\"itemscope\" itemtype=\"https:\/\/schema.org\/Person\" ><div class=\"team-img-container\"><img decoding=\"async\" fetchpriority=\"high\" class='wp-image-685 avia-img-lazy-loading-not-685 avia_image avia_image_team' src=\"https:\/\/www.martinsbrunn.it\/wp-content\/uploads\/2022\/01\/innere-medizin_DSC06458-300x200.jpg\" alt=''  itemprop=\"image\"   height=\"200\" width=\"300\" srcset=\"https:\/\/www.martinsbrunn.it\/wp-content\/uploads\/2022\/01\/innere-medizin_DSC06458-300x200.jpg 300w, https:\/\/www.martinsbrunn.it\/wp-content\/uploads\/2022\/01\/innere-medizin_DSC06458-768x512.jpg 768w, https:\/\/www.martinsbrunn.it\/wp-content\/uploads\/2022\/01\/innere-medizin_DSC06458-705x470.jpg 705w, https:\/\/www.martinsbrunn.it\/wp-content\/uploads\/2022\/01\/innere-medizin_DSC06458.jpg 1030w\" sizes=\"(max-width: 300px) 100vw, 300px\" \/><\/div><span class='hidden team-member-affiliation'  itemprop=\"affiliation\" >Martinsbrunn ParkClinic<\/span><\/section><br \/>\n\n<style type=\"text\/css\" data-created_by=\"avia_inline_auto\" id=\"style-css-av-5isodv-a8e1237491ccf52bfaa24845da867a30\">\n#top .hr.hr-invisible.av-5isodv-a8e1237491ccf52bfaa24845da867a30{\nheight:20px;\n}\n<\/style>\n<div  class='hr av-5isodv-a8e1237491ccf52bfaa24845da867a30 hr-invisible  avia-builder-el-159  el_after_av_team_member  avia-builder-el-last '><span class='hr-inner '><span class=\"hr-inner-style\"><\/span><\/span><\/div><\/p><\/div><div  class='flex_column av-5g2lir-2e7e59fbe2475a3ddbca6c55e056a2fb av_three_fourth  avia-builder-el-160  el_after_av_one_fourth  avia-builder-el-last  flex_column_div  '     ><section  class='av_textblock_section av-579yln-d56177cf19bb72a1034b6d78d7bd56f8 '   itemscope=\"itemscope\" itemtype=\"https:\/\/schema.org\/CreativeWork\" ><div class='avia_textblock'  itemprop=\"text\" ><h3>Ecografia<\/h3>\n<p>Mediante gli ultrasuoni \u00e8 possibile individuare le alterazioni patologiche o verificare il sospetto della presenza di malattie in modo rapido e senza alcun effetto collaterale. La qualit\u00e0 della diagnostica ecografica dipende dalla qualit\u00e0 del dispositivo e dall&#8217;esperienza del medico esaminatore. A tal fine, Martinsbrunn ParkClinic attribuisce grande importanza all&#8217;acquisto di apparecchi diagnostici all&#8217;avanguardia.<\/p>\n<p><strong>Il nostro team di medici offre i seguenti esami ecografici:<\/strong><\/p>\n<ul>\n<li>Addome completo o superiore<\/li>\n<li>Tiroide<\/li>\n<li>Cuore<\/li>\n<li>Doppler dei vasi del collo<\/li>\n<\/ul>\n<\/div><\/section><\/div><\/p>\n<\/div><\/div><\/div>\n<style type=\"text\/css\" data-created_by=\"avia_inline_auto\" id=\"style-css-av-lrhylei1-7-41ed60425239bb40d8f09276621ca720\">\n.av-layout-tab.av-lrhylei1-7-41ed60425239bb40d8f09276621ca720{\nvertical-align:top;\n}\n<\/style>\n<div id='av-tab-section-1-22' class='av-layout-tab av-lrhylei1-7-41ed60425239bb40d8f09276621ca720 av-animation-delay-container  avia-builder-el-162  el_after_av_tab_sub_section  el_before_av_tab_sub_section  ' data-av-deeplink-tabs=\"\" data-av-tab-section-content=\"22\" data-tab-section-id=\"neurologia\"><div class=\"av-layout-tab-inner\"><div class=\"container\"><p><div  class='flex_column av-5wmx43-6-6403a8975f6207e890f0640fe9bd9b69 av_one_fourth  avia-builder-el-163  el_before_av_three_fourth  avia-builder-el-first  first flex_column_div  '     ><p><section  class='avia-team-member av-5qefbn-5-58137b05816bb027e6b9396edc565db0  avia-builder-el-164  el_before_av_hr  avia-builder-el-first '  itemscope=\"itemscope\" itemtype=\"https:\/\/schema.org\/Person\" ><div class=\"team-img-container\"><img decoding=\"async\" fetchpriority=\"high\" class='wp-image-4546 avia-img-lazy-loading-not-4546 avia_image avia_image_team' src=\"https:\/\/www.martinsbrunn.it\/wp-content\/uploads\/2025\/04\/Dr.Laura-Ranza-1030x1030.png\" alt='Dr. Laura Lanza'  itemprop=\"image\"   height=\"1030\" width=\"1030\" srcset=\"https:\/\/www.martinsbrunn.it\/wp-content\/uploads\/2025\/04\/Dr.Laura-Ranza.png 1030w, https:\/\/www.martinsbrunn.it\/wp-content\/uploads\/2025\/04\/Dr.Laura-Ranza-300x300.png 300w, https:\/\/www.martinsbrunn.it\/wp-content\/uploads\/2025\/04\/Dr.Laura-Ranza-80x80.png 80w, https:\/\/www.martinsbrunn.it\/wp-content\/uploads\/2025\/04\/Dr.Laura-Ranza-768x768.png 768w, https:\/\/www.martinsbrunn.it\/wp-content\/uploads\/2025\/04\/Dr.Laura-Ranza-36x36.png 36w, https:\/\/www.martinsbrunn.it\/wp-content\/uploads\/2025\/04\/Dr.Laura-Ranza-180x180.png 180w, https:\/\/www.martinsbrunn.it\/wp-content\/uploads\/2025\/04\/Dr.Laura-Ranza-705x705.png 705w\" sizes=\"(max-width: 1030px) 100vw, 1030px\" \/><\/div><h3 class='team-member-name '  itemprop=\"name\" >Dr. Laura Lanza<\/h3><div class='team-member-job-title '  itemprop=\"jobTitle\" >Neurologia<\/div><span class='hidden team-member-affiliation'  itemprop=\"affiliation\" >Martinsbrunn ParkClinic<\/span><\/section><br \/>\n\n<style type=\"text\/css\" data-created_by=\"avia_inline_auto\" id=\"style-css-av-5isodv-4-fa31403bf1b11903e1d19df43dd72d19\">\n#top .hr.hr-invisible.av-5isodv-4-fa31403bf1b11903e1d19df43dd72d19{\nheight:20px;\n}\n<\/style>\n<div  class='hr av-5isodv-4-fa31403bf1b11903e1d19df43dd72d19 hr-invisible  avia-builder-el-165  el_after_av_team_member  avia-builder-el-last '><span class='hr-inner '><span class=\"hr-inner-style\"><\/span><\/span><\/div><\/p><\/div><div  class='flex_column av-5g2lir-3-8cc49d02bda55d0dd0cfc796f8c8181b av_three_fourth  avia-builder-el-166  el_after_av_one_fourth  avia-builder-el-last  flex_column_div  '     ><section  class='av_textblock_section av-579yln-2-14a63b1ebd939f78cf398d3e535ed69c '   itemscope=\"itemscope\" itemtype=\"https:\/\/schema.org\/CreativeWork\" ><div class='avia_textblock'  itemprop=\"text\" ><h3>Neurologia<\/h3>\n<p><strong>Competenza specialistica per il sistema nervoso<\/strong><\/p>\n<p>Sotto la direzione della specialista Dr. Laura Ranza, l\u2019ambulatorio di neurologia della Martinsbrunn ParkClinic si occupa di patologie che interessano cervello, midollo spinale, nervi e muscoli \u2013 come cefalee, vertigini, epilessia, demenza, Parkinson o post-ictus. Il trattamento \u00e8 ambulatoriale e personalizzato. A seconda delle necessit\u00e0, si ricorre a terapie farmacologiche, trattamenti di supporto (es. fisioterapia o ergoterapia) e alla collaborazione interdisciplinare \u2013 sempre con un approccio olistico alla salute neurologica.<\/p>\n<p><strong>Prestazioni neurologiche:<\/strong><\/p>\n<ul>\n<li>Valutazione e diagnosi neurologica<\/li>\n<li>Pianificazione e monitoraggio della terapia farmacologica<\/li>\n<li>Secondo parere specialistico in ambito neurologico<\/li>\n<li>Prescrizione di fisioterapia, ergoterapia o logopedia, se indicato<\/li>\n<li>Valutazione per trattamenti interventistici (es. infiltrazioni PRT)<\/li>\n<li>Collaborazione interdisciplinare con neurochirurgia, radiologia e ortopedia<\/li>\n<\/ul>\n<p><a href=\"https:\/\/www.martinsbrunn.it\/it\/neurologia\/\">continua a leggere<\/a><\/p>\n<\/div><\/section><\/div><\/p>\n<\/div><\/div><\/div>\n<style type=\"text\/css\" data-created_by=\"avia_inline_auto\" id=\"style-css-av-lrhyk1qr-5f31d2a390b88bf15b7ef860ec6445b5\">\n.av-layout-tab.av-lrhyk1qr-5f31d2a390b88bf15b7ef860ec6445b5{\nvertical-align:top;\n}\n<\/style>\n<div id='av-tab-section-1-23' class='av-layout-tab av-lrhyk1qr-5f31d2a390b88bf15b7ef860ec6445b5 av-animation-delay-container  avia-builder-el-168  el_after_av_tab_sub_section  el_before_av_tab_sub_section  ' data-av-deeplink-tabs=\"\" data-av-tab-section-content=\"23\" data-tab-section-id=\"psichiatria-e-psicoterapia\"><div class=\"av-layout-tab-inner\"><div class=\"container\"><p><div  class='flex_column av-529j8b-9373e8122ed4ad1e0bf3897cc65cec60 av_one_fourth  avia-builder-el-169  el_before_av_three_fourth  avia-builder-el-first  first flex_column_div  '     ><p><section  class='avia-team-member av-lsluki8e-7b03cba134d237a46fbf1e1227f91001  avia-builder-el-170  el_before_av_hr  avia-builder-el-first '  itemscope=\"itemscope\" itemtype=\"https:\/\/schema.org\/Person\" ><div class=\"team-img-container\"><img decoding=\"async\" fetchpriority=\"high\" class='wp-image-4546 avia-img-lazy-loading-not-4546 avia_image avia_image_team' src=\"https:\/\/www.martinsbrunn.it\/wp-content\/uploads\/2025\/04\/Dr.Laura-Ranza.png\" alt='Dott. Laura Lanza'  itemprop=\"image\"   height=\"1030\" width=\"1030\" srcset=\"https:\/\/www.martinsbrunn.it\/wp-content\/uploads\/2025\/04\/Dr.Laura-Ranza.png 1030w, https:\/\/www.martinsbrunn.it\/wp-content\/uploads\/2025\/04\/Dr.Laura-Ranza-300x300.png 300w, https:\/\/www.martinsbrunn.it\/wp-content\/uploads\/2025\/04\/Dr.Laura-Ranza-80x80.png 80w, https:\/\/www.martinsbrunn.it\/wp-content\/uploads\/2025\/04\/Dr.Laura-Ranza-768x768.png 768w, https:\/\/www.martinsbrunn.it\/wp-content\/uploads\/2025\/04\/Dr.Laura-Ranza-36x36.png 36w, https:\/\/www.martinsbrunn.it\/wp-content\/uploads\/2025\/04\/Dr.Laura-Ranza-180x180.png 180w, https:\/\/www.martinsbrunn.it\/wp-content\/uploads\/2025\/04\/Dr.Laura-Ranza-705x705.png 705w\" sizes=\"(max-width: 1030px) 100vw, 1030px\" \/><\/div><h3 class='team-member-name '  itemprop=\"name\" >Dott. Laura Lanza<\/h3><div class='team-member-job-title '  itemprop=\"jobTitle\" >Psichiatria e psicoterapia<\/div><span class='hidden team-member-affiliation'  itemprop=\"affiliation\" >Martinsbrunn ParkClinic<\/span><\/section><br \/>\n\n<style type=\"text\/css\" data-created_by=\"avia_inline_auto\" id=\"style-css-av-4vvjwr-ca6c4167462b7f6eb56e3b8f84de51b4\">\n#top .hr.hr-invisible.av-4vvjwr-ca6c4167462b7f6eb56e3b8f84de51b4{\nheight:20px;\n}\n<\/style>\n<div  class='hr av-4vvjwr-ca6c4167462b7f6eb56e3b8f84de51b4 hr-invisible  avia-builder-el-171  el_after_av_team_member  avia-builder-el-last '><span class='hr-inner '><span class=\"hr-inner-style\"><\/span><\/span><\/div><\/p><\/div><div  class='flex_column av-4plnyr-553ef6157a9b8efb2550fbf247893c47 av_three_fourth  avia-builder-el-172  el_after_av_one_fourth  avia-builder-el-last  flex_column_div  '     ><section  class='av_textblock_section av-lslukwco-a5cc55d54caeb014e38296f4383b8418 '   itemscope=\"itemscope\" itemtype=\"https:\/\/schema.org\/CreativeWork\" ><div class='avia_textblock'  itemprop=\"text\" ><h3>Psichiatria e psicoterapia<\/h3>\n<p><strong>Supporto ambulatoriale per la salute mentale<\/strong><\/p>\n<p>La salute mentale merita attenzione, competenza e fiducia. Presso la Martinsbrunn ParkClinic, la Dr. Laura Ranza, specialista in psichiatria con formazione aggiuntiva in psicoterapia, offre consulenze ambulatoriali per depressione, ansia, disturbi post-traumatici, burnout, disturbi psicosomatici e momenti di crisi personale. Il suo approccio integrato combina valutazioni psichiatriche, colloqui terapeutici, trattamento farmacologico e \u2013 se indicato \u2013 terapia EMDR per l\u2019elaborazione mirata dei traumi. I colloqui si svolgono in lingua italiana o tedesca. In caso di situazioni pi\u00f9 complesse, \u00e8 possibile definire un piano terapeutico condiviso con il medico di base o altri specialisti.<\/p>\n<p><strong>Le nostre prestazioni per adulti, coppie e gruppi:<\/strong><\/p>\n<ul>\n<li>Traumi (EMDR)<\/li>\n<li>Paura, panico, fobie<\/li>\n<li>Stress e burnout<\/li>\n<li>Depressione e tristezza<\/li>\n<li>Crisi esistenziali (desiderio di aver figli, malattie professionali, infortuni)<\/li>\n<li>Disturbi psicosomatici<\/li>\n<li>Crisi relazionali<\/li>\n<li>Disturbi della sessualit\u00e0<\/li>\n<li>Training su competenze sociali<\/li>\n<li>Training per rilassamento<\/li>\n<li>Training per sviluppare l\u2019attenzione<\/li>\n<\/ul>\n<p><a href=\"https:\/\/www.martinsbrunn.it\/it\/psichiatria\/\">continua a leggere<\/a><\/p>\n<\/div><\/section><\/div><\/p>\n<\/div><\/div><\/div>\n<style type=\"text\/css\" data-created_by=\"avia_inline_auto\" id=\"style-css-av-4kh0l7-13251d2c6af72d6759ec127c60ac43a7\">\n.av-layout-tab.av-4kh0l7-13251d2c6af72d6759ec127c60ac43a7{\nvertical-align:top;\n}\n<\/style>\n<div id='av-tab-section-1-24' class='av-layout-tab av-4kh0l7-13251d2c6af72d6759ec127c60ac43a7 av-animation-delay-container  avia-builder-el-174  el_after_av_tab_sub_section  el_before_av_tab_sub_section  ' data-av-deeplink-tabs=\"\" data-av-tab-section-content=\"24\" data-tab-section-id=\"laserterapia\"><div class=\"av-layout-tab-inner\"><div class=\"container\"><p><div  class='flex_column av-4ffo1f-c541ab5117bb40d6a04ed253e552308e av_one_fourth  avia-builder-el-175  el_before_av_three_fourth  avia-builder-el-first  first flex_column_div  '     ><style type=\"text\/css\" data-created_by=\"avia_inline_auto\" id=\"style-css-av-42bber-fc917f557a7c45626ffa3b0af0279fe5\">\n#top .hr.hr-invisible.av-42bber-fc917f557a7c45626ffa3b0af0279fe5{\nheight:20px;\n}\n<\/style>\n<div  class='hr av-42bber-fc917f557a7c45626ffa3b0af0279fe5 hr-invisible  avia-builder-el-176  avia-builder-el-no-sibling '><span class='hr-inner '><span class=\"hr-inner-style\"><\/span><\/span><\/div><\/div><div  class='flex_column av-1efjf-9f06eb31ea544387ad38c7424b00b73e av_three_fourth  avia-builder-el-177  el_after_av_one_fourth  avia-builder-el-last  flex_column_div  '     ><section  class='av_textblock_section av-3oklzv-dfe06466c4cd1fb7c633d156139f5dd6 '   itemscope=\"itemscope\" itemtype=\"https:\/\/schema.org\/CreativeWork\" ><div class='avia_textblock'  itemprop=\"text\" ><h3>Laserterapia<\/h3>\n<p>Presso la Martinsbrunn ParkClinic vengono offerti trattamenti dermatologici mediante laserterapia in collaborazione con la Dottoressa Baston.<\/p>\n<p><strong>I trattamenti laser sono consigliati nel caso di:<\/strong><\/p>\n<ul>\n<li>Lesioni vascolari (angiomi, couperose, capillari, rosacea)<\/li>\n<li>Lesioni pigmentate (macchie, melasma, cloasma, nevi, cheratosi)<\/li>\n<li>Neoformazioni, cisti, fibromi, verruche, cicatrici, smagliature (chirurgia laser)<\/li>\n<li>Rimozione tatuaggi<\/li>\n<li>Fotoringiovanimento<\/li>\n<li>Epilazione<\/li>\n<\/ul>\n<p>La prima visita \u00e8 gratuita; se siete interessati, potete iniziare subito il trattamento e stabilire insieme alla dottoressa il piano di cura.<\/p>\n<\/div><\/section><\/div><\/p>\n<\/div><\/div><\/div>\n<style type=\"text\/css\" data-created_by=\"avia_inline_auto\" id=\"style-css-av-lrhygqjb-ef902a860da760d8cfc1b1f82c04f978\">\n.av-layout-tab.av-lrhygqjb-ef902a860da760d8cfc1b1f82c04f978{\nvertical-align:top;\n}\n<\/style>\n<div id='av-tab-section-1-25' class='av-layout-tab av-lrhygqjb-ef902a860da760d8cfc1b1f82c04f978 av-animation-delay-container  avia-builder-el-179  el_after_av_tab_sub_section  el_before_av_tab_sub_section  ' data-av-deeplink-tabs=\"\" data-av-tab-section-content=\"25\" data-tab-section-id=\"ergoterapia\"><div class=\"av-layout-tab-inner\"><div class=\"container\"><p><div  class='flex_column av-3m9cb7-c17d984dcadc372b81ee884a43078f8c av_one_fourth  avia-builder-el-180  el_before_av_three_fourth  avia-builder-el-first  first flex_column_div  '     ><p><section  class='avia-team-member av-ljs8bhak-02af07b5b78500cc6abd784164430871  avia-builder-el-181  el_before_av_team_member  avia-builder-el-first '  itemscope=\"itemscope\" itemtype=\"https:\/\/schema.org\/Person\" ><div class=\"team-img-container\"><img decoding=\"async\" fetchpriority=\"high\" class='wp-image-2335 avia-img-lazy-loading-not-2335 avia_image avia_image_team' src=\"https:\/\/www.martinsbrunn.it\/wp-content\/uploads\/2023\/06\/4E4A1468_1000px-300x300.jpeg\" alt='Carolin Gamper'  itemprop=\"image\"   height=\"300\" width=\"300\" srcset=\"https:\/\/www.martinsbrunn.it\/wp-content\/uploads\/2023\/06\/4E4A1468_1000px-300x300.jpeg 300w, https:\/\/www.martinsbrunn.it\/wp-content\/uploads\/2023\/06\/4E4A1468_1000px-80x80.jpeg 80w, https:\/\/www.martinsbrunn.it\/wp-content\/uploads\/2023\/06\/4E4A1468_1000px-768x768.jpeg 768w, https:\/\/www.martinsbrunn.it\/wp-content\/uploads\/2023\/06\/4E4A1468_1000px-36x36.jpeg 36w, https:\/\/www.martinsbrunn.it\/wp-content\/uploads\/2023\/06\/4E4A1468_1000px-180x180.jpeg 180w, https:\/\/www.martinsbrunn.it\/wp-content\/uploads\/2023\/06\/4E4A1468_1000px-705x705.jpeg 705w, https:\/\/www.martinsbrunn.it\/wp-content\/uploads\/2023\/06\/4E4A1468_1000px.jpeg 800w\" sizes=\"(max-width: 300px) 100vw, 300px\" \/><\/div><h3 class='team-member-name '  itemprop=\"name\" >Carolin Gamper<\/h3><div class='team-member-job-title '  itemprop=\"jobTitle\" >Ergoterapia<\/div><span class='hidden team-member-affiliation'  itemprop=\"affiliation\" >Martinsbrunn ParkClinic<\/span><\/section><br \/>\n<section  class='avia-team-member av-ljs8e3qf-e63b9c7d452cd553b925092d91ef946f  avia-builder-el-182  el_after_av_team_member  el_before_av_font_icon '  itemscope=\"itemscope\" itemtype=\"https:\/\/schema.org\/Person\" ><div class=\"team-img-container\"><img decoding=\"async\" fetchpriority=\"high\" class='wp-image-2337 avia-img-lazy-loading-not-2337 avia_image avia_image_team' src=\"https:\/\/www.martinsbrunn.it\/wp-content\/uploads\/2023\/06\/Simone_1000px-300x300.jpeg\" alt='Simone Schwarz'  itemprop=\"image\"   height=\"300\" width=\"300\" srcset=\"https:\/\/www.martinsbrunn.it\/wp-content\/uploads\/2023\/06\/Simone_1000px-300x300.jpeg 300w, https:\/\/www.martinsbrunn.it\/wp-content\/uploads\/2023\/06\/Simone_1000px-80x80.jpeg 80w, https:\/\/www.martinsbrunn.it\/wp-content\/uploads\/2023\/06\/Simone_1000px-768x768.jpeg 768w, https:\/\/www.martinsbrunn.it\/wp-content\/uploads\/2023\/06\/Simone_1000px-36x36.jpeg 36w, https:\/\/www.martinsbrunn.it\/wp-content\/uploads\/2023\/06\/Simone_1000px-180x180.jpeg 180w, https:\/\/www.martinsbrunn.it\/wp-content\/uploads\/2023\/06\/Simone_1000px-705x705.jpeg 705w, https:\/\/www.martinsbrunn.it\/wp-content\/uploads\/2023\/06\/Simone_1000px.jpeg 800w\" sizes=\"(max-width: 300px) 100vw, 300px\" \/><\/div><h3 class='team-member-name '  itemprop=\"name\" >Simone Schwarz<\/h3><div class='team-member-job-title '  itemprop=\"jobTitle\" >Ergoterapia<\/div><span class='hidden team-member-affiliation'  itemprop=\"affiliation\" >Martinsbrunn ParkClinic<\/span><\/section><br \/>\n\n<style type=\"text\/css\" data-created_by=\"avia_inline_auto\" id=\"style-css-av-3f6a7n-cd1cf0eb74719a8f9ad7584483f40fd7\">\n.av_font_icon.av-3f6a7n-cd1cf0eb74719a8f9ad7584483f40fd7 .av-icon-char{\nfont-size:40px;\nline-height:40px;\n}\n<\/style>\n<span  class='av_font_icon av-3f6a7n-cd1cf0eb74719a8f9ad7584483f40fd7 avia_animate_when_visible av-icon-style- avia-icon-pos-left avia-iconfont avia-font-entypo-fontello av-no-color avia-icon-animate'><a href='https:\/\/www.martinsbrunn.it\/wp-content\/uploads\/2021\/11\/flyer_ergotherapie_de_it.pdf'  target=\"_blank\"  rel=\"noopener noreferrer\"  class='av-icon-char' data-av_icon='\ue82d' data-av_iconfont='entypo-fontello' aria-hidden=\"false\" data-avia-icon-tooltip=\"&lt;br \/&gt;\nPDF Download&lt;br \/&gt;\n\"><\/a><\/span><br \/>\n\n<style type=\"text\/css\" data-created_by=\"avia_inline_auto\" id=\"style-css-av-3a3ckb-2d24ff2531c2843a9f425862026657f3\">\n#top .hr.hr-invisible.av-3a3ckb-2d24ff2531c2843a9f425862026657f3{\nheight:20px;\n}\n<\/style>\n<div  class='hr av-3a3ckb-2d24ff2531c2843a9f425862026657f3 hr-invisible  avia-builder-el-184  el_after_av_font_icon  avia-builder-el-last '><span class='hr-inner '><span class=\"hr-inner-style\"><\/span><\/span><\/div><\/p><\/div><div  class='flex_column av-302loj-2de162e70410e8b6cf2e00b7ff9ce049 av_three_fourth  avia-builder-el-185  el_after_av_one_fourth  avia-builder-el-last  flex_column_div  '     ><section  class='av_textblock_section av-2tzknf-a4dfbec01b29011a4948d579c940e983 '   itemscope=\"itemscope\" itemtype=\"https:\/\/schema.org\/CreativeWork\" ><div class='avia_textblock'  itemprop=\"text\" ><h3>Ergoterapia<\/h3>\n<p>L&#8217;ergoterapia \u00e8 una forma di terapia rivolta a persone di tutte le et\u00e0; persone che nella vita quotidiana sono limitate nella loro capacit\u00e0 di agire o che devono affrontare difficolt\u00e0 a causa di un incidente, di una lesione, di una malattia o di un ritardo nello sviluppo.<\/p>\n<p>L&#8217;obiettivo dell&#8217;ergoterapia \u00e8 stimolare, compensare o mantenere abilit\u00e0 fisiche, cognitive, sociali o psicologiche mancanti o perdute, al fine di consentire una partecipazione attiva alla vita quotidiana. Le nostre ergoterapiste Carolin Gamper e Simone Schwarz supportano il paziente nel reinserimento nell&#8217;ambiente sociale, professionale e domestico, e nel miglioramento della qualit\u00e0 di vita.<\/p>\n<p>Il trattamento di ergoterapia viene effettuato come terapia individuale, o come terapia in piccoli o grandi gruppi. Sono possibili anche visite a domicilio.<\/p>\n<\/div><\/section><\/div><\/p>\n<\/div><\/div><\/div>\n<style type=\"text\/css\" data-created_by=\"avia_inline_auto\" id=\"style-css-av-2p1msb-0bc0bdc872bf439dba7fee7970db3621\">\n.av-layout-tab.av-2p1msb-0bc0bdc872bf439dba7fee7970db3621{\nvertical-align:top;\n}\n<\/style>\n<div id='av-tab-section-1-26' class='av-layout-tab av-2p1msb-0bc0bdc872bf439dba7fee7970db3621 av-animation-delay-container  avia-builder-el-187  el_after_av_tab_sub_section  el_before_av_tab_sub_section  ' data-av-deeplink-tabs=\"\" data-av-tab-section-content=\"26\" data-tab-section-id=\"fisioterapia\"><div class=\"av-layout-tab-inner\"><div class=\"container\"><p><div  class='flex_column av-924oz-bc75987bfaf7ee44c9f9987cee515f28 av_one_fourth  avia-builder-el-188  el_before_av_three_fourth  avia-builder-el-first  first flex_column_div  '     ><p><section  class='avia-team-member av-8pnmb-53d9a0e262404ee9d5c84c9d10ec82a3  avia-builder-el-189  el_before_av_hr  avia-builder-el-first '  itemscope=\"itemscope\" itemtype=\"https:\/\/schema.org\/Person\" ><div class=\"team-img-container\"><img decoding=\"async\" fetchpriority=\"high\" class='wp-image-552 avia-img-lazy-loading-not-552 avia_image avia_image_team' src=\"https:\/\/www.martinsbrunn.it\/wp-content\/uploads\/2022\/01\/martinsbrunn_physiotherapie-2021.03_Martinsbrunn_440.jpg\" alt=''  itemprop=\"image\"   height=\"500\" width=\"500\" srcset=\"https:\/\/www.martinsbrunn.it\/wp-content\/uploads\/2022\/01\/martinsbrunn_physiotherapie-2021.03_Martinsbrunn_440.jpg 500w, https:\/\/www.martinsbrunn.it\/wp-content\/uploads\/2022\/01\/martinsbrunn_physiotherapie-2021.03_Martinsbrunn_440-300x300.jpg 300w, https:\/\/www.martinsbrunn.it\/wp-content\/uploads\/2022\/01\/martinsbrunn_physiotherapie-2021.03_Martinsbrunn_440-80x80.jpg 80w, https:\/\/www.martinsbrunn.it\/wp-content\/uploads\/2022\/01\/martinsbrunn_physiotherapie-2021.03_Martinsbrunn_440-36x36.jpg 36w, https:\/\/www.martinsbrunn.it\/wp-content\/uploads\/2022\/01\/martinsbrunn_physiotherapie-2021.03_Martinsbrunn_440-180x180.jpg 180w\" sizes=\"(max-width: 500px) 100vw, 500px\" \/><\/div><span class='hidden team-member-affiliation'  itemprop=\"affiliation\" >Martinsbrunn ParkClinic<\/span><\/section><br \/>\n\n<style type=\"text\/css\" data-created_by=\"avia_inline_auto\" id=\"style-css-av-28c60b-4688f687ee1715ce34e9a160487dc3e5\">\n#top .hr.hr-invisible.av-28c60b-4688f687ee1715ce34e9a160487dc3e5{\nheight:20px;\n}\n<\/style>\n<div  class='hr av-28c60b-4688f687ee1715ce34e9a160487dc3e5 hr-invisible  avia-builder-el-190  el_after_av_team_member  avia-builder-el-last '><span class='hr-inner '><span class=\"hr-inner-style\"><\/span><\/span><\/div><\/p><\/div><div  class='flex_column av-21uhyz-6f7c11fcc59fe54ec48650df96fe36b8 av_three_fourth  avia-builder-el-191  el_after_av_one_fourth  avia-builder-el-last  flex_column_div  '     ><section  class='av_textblock_section av-1z18wr-b26eb3f356f220b8c008e37fa2756e34 '   itemscope=\"itemscope\" itemtype=\"https:\/\/schema.org\/CreativeWork\" ><div class='avia_textblock'  itemprop=\"text\" ><h3>Fisioterapia<\/h3>\n<p>Grazie a un&#8217;ampia gamma di metodiche terapeutiche e alle pi\u00f9 moderne attrezzature e apparecchiature, il team di terapisti della Martinsbrunn ParkClinic \u00e8 in grado di trattare un ampio spettro di disturbi. Con l&#8217;aiuto della fisioterapia classica, della terapia manuale, della fisioterapia sportiva, del linfodrenaggio, delle tecniche osteopatiche, del taping e del kinesiotaping, nonch\u00e9 dei concetti di trattamento neurologico (Bobath), \u00e8 possibile trattare ogni tipo di dolore alle articolazioni e alla colonna vertebrale, lesioni sportive o malattie neurologiche.<\/p>\n<p>Per pazienti che non possono recarsi presso la ParkClinic per motivi clinici, offriamo anche visite a domicilio. Il progetto &#8220;Riabilitazione a domicilio&#8221; \u00e8 rivolto ai pazienti di Merano e dintorni.<\/p>\n<p><strong>Le nostre prestazioni:<\/strong><\/p>\n<ul>\n<li>Terapia manuale in caso di sintomatologie dolorose acute o croniche o in esiti di interventi chirurgici<\/li>\n<li>Linfodrenaggio manuale a seguito di infortuni recenti, dopo interventi chirurgici o patologie tumorali<\/li>\n<li>Fisioterapia sportiva in caso di disfunzioni muscolari, problemi di mobilit\u00e0, riabilitazione sportiva ecc.<\/li>\n<li>Tecar- ed elettroterapia in esiti di infortuni muscolari ma anche di sintomatologie dolorose alla schiena<\/li>\n<li>Riabilitazione neurologica in caso di patologie neurologiche come sclerosi multipla, morbo di Parkinson, ecc.<\/li>\n<\/ul>\n<\/div><\/section><\/div><\/p>\n<\/div><\/div><\/div>\n<style type=\"text\/css\" data-created_by=\"avia_inline_auto\" id=\"style-css-av-1tcg83-96f3b255fbfc430be7deab6264cbbfea\">\n.av-layout-tab.av-1tcg83-96f3b255fbfc430be7deab6264cbbfea{\nvertical-align:top;\n}\n<\/style>\n<div id='av-tab-section-1-27' class='av-layout-tab av-1tcg83-96f3b255fbfc430be7deab6264cbbfea av-animation-delay-container  avia-builder-el-193  el_after_av_tab_sub_section  el_before_av_tab_sub_section  ' data-av-deeplink-tabs=\"\" data-av-tab-section-content=\"27\" data-tab-section-id=\"salute-a-tutto-tondo\"><div class=\"av-layout-tab-inner\"><div class=\"container\"><p><div  class='flex_column av-1koldf-720d3c53e290879c05511b5475da9c53 av_one_fourth  avia-builder-el-194  el_before_av_three_fourth  avia-builder-el-first  first flex_column_div  '     ><p><section  class='avia-team-member av-1hkch7-44459a433a35c2100aa00bea78a4f07f  avia-builder-el-195  el_before_av_hr  avia-builder-el-first '  itemscope=\"itemscope\" itemtype=\"https:\/\/schema.org\/Person\" ><div class=\"team-img-container\"><img decoding=\"async\" fetchpriority=\"high\" class='wp-image-522 avia-img-lazy-loading-not-522 avia_image avia_image_team' src=\"https:\/\/www.martinsbrunn.it\/wp-content\/uploads\/2022\/01\/martinsbrunn_physiotherapie-2021.03_Martinsbrunn_065.jpg\" alt=''  itemprop=\"image\"   height=\"500\" width=\"500\" srcset=\"https:\/\/www.martinsbrunn.it\/wp-content\/uploads\/2022\/01\/martinsbrunn_physiotherapie-2021.03_Martinsbrunn_065.jpg 500w, https:\/\/www.martinsbrunn.it\/wp-content\/uploads\/2022\/01\/martinsbrunn_physiotherapie-2021.03_Martinsbrunn_065-300x300.jpg 300w, https:\/\/www.martinsbrunn.it\/wp-content\/uploads\/2022\/01\/martinsbrunn_physiotherapie-2021.03_Martinsbrunn_065-80x80.jpg 80w, https:\/\/www.martinsbrunn.it\/wp-content\/uploads\/2022\/01\/martinsbrunn_physiotherapie-2021.03_Martinsbrunn_065-36x36.jpg 36w, https:\/\/www.martinsbrunn.it\/wp-content\/uploads\/2022\/01\/martinsbrunn_physiotherapie-2021.03_Martinsbrunn_065-180x180.jpg 180w\" sizes=\"(max-width: 500px) 100vw, 500px\" \/><\/div><span class='hidden team-member-affiliation'  itemprop=\"affiliation\" >Martinsbrunn ParkClinic<\/span><\/section><br \/>\n\n<style type=\"text\/css\" data-created_by=\"avia_inline_auto\" id=\"style-css-av-17kqhn-d07ff8efb8c462c3811438b8ee4e465c\">\n#top .hr.hr-invisible.av-17kqhn-d07ff8efb8c462c3811438b8ee4e465c{\nheight:20px;\n}\n<\/style>\n<div  class='hr av-17kqhn-d07ff8efb8c462c3811438b8ee4e465c hr-invisible  avia-builder-el-196  el_after_av_team_member  avia-builder-el-last '><span class='hr-inner '><span class=\"hr-inner-style\"><\/span><\/span><\/div><\/p><\/div><div  class='flex_column av-13di1n-f3c0e384470ca8aaa27717cd4e8e37b8 av_three_fourth  avia-builder-el-197  el_after_av_one_fourth  avia-builder-el-last  flex_column_div  '     ><section  class='av_textblock_section av-lyzy3r2i-1bff5e570faa12c54f2a5ad27433f983 '   itemscope=\"itemscope\" itemtype=\"https:\/\/schema.org\/CreativeWork\" ><div class='avia_textblock'  itemprop=\"text\" ><h1>Salute a tutto tondo<\/h1>\n<h3>Allenamento di gruppo per una vita pi\u00f9 sana<\/h3>\n<h5>12 settimane dedicate alla vostra salute<\/h5>\n<p>Piacere per l&#8217;allenamento , alimentazione sana e motivazione sono gli ingredienti della ricetta di successo del nostro progetto \u201cRundum g&#8217;sund\u201d.<\/p>\n<p>Un team altamente motivato di medici, terapisti nutrizionali, fisioterapisti e coach motivazionali si \u00e8 posto l&#8217;obiettivo di migliorare lo stile di vita dei partecipanti e di aumentare la loro qualit\u00e0 di vita. Per un totale di 12 settimane, mettiamo la vostra salute al centro dell&#8217;attenzione.<\/p>\n<\/div><\/section><br \/>\n\n<style type=\"text\/css\" data-created_by=\"avia_inline_auto\" id=\"style-css-av-lyzy519q-72360321ae5ae0f19b2476556835ff2a\">\n.av_font_icon.av-lyzy519q-72360321ae5ae0f19b2476556835ff2a .av-icon-char{\nfont-size:40px;\nline-height:40px;\nwidth:40px;\n}\n<\/style>\n<span  class='av_font_icon av-lyzy519q-72360321ae5ae0f19b2476556835ff2a avia_animate_when_visible av-icon-style-border avia-icon-pos-left avia-iconfont avia-font-entypo-fontello av-no-color avia-icon-animate'><a href='https:\/\/www.martinsbrunn.it\/wp-content\/uploads\/2024\/07\/MB_2024_015_Rundum-Gsund-Handout.pdf'  target=\"_blank\"  rel=\"noopener noreferrer\"  class='av-icon-char' data-av_icon='\ue82d' data-av_iconfont='entypo-fontello' aria-hidden=\"false\" data-avia-icon-tooltip=\"&lt;br \/&gt;\nPDF Download&lt;br \/&gt;\n\"><\/a><span class='av_icon_caption av-special-font'>Flyer Rundum g\u2019sund<\/span><\/span><\/p><\/div><\/p>\n<\/div><\/div><\/div>\n<style type=\"text\/css\" data-created_by=\"avia_inline_auto\" id=\"style-css-av-ld8p1r4z-187-53d64dae5e37604baf06b42c708755ce\">\n.av-layout-tab.av-ld8p1r4z-187-53d64dae5e37604baf06b42c708755ce{\nvertical-align:top;\n}\n<\/style>\n<div id='av-tab-section-1-28' class='av-layout-tab av-ld8p1r4z-187-53d64dae5e37604baf06b42c708755ce av-animation-delay-container  avia-builder-el-200  el_after_av_tab_sub_section  avia-builder-el-last  ' data-av-deeplink-tabs=\"\" data-av-tab-section-content=\"28\" data-tab-section-id=\"logopedia\"><div class=\"av-layout-tab-inner\"><div class=\"container\"><p><div  class='flex_column av-xwqpn-39c7404ba310cf3333d7ad08a8b1c1c1 av_one_fourth  avia-builder-el-201  el_before_av_three_fourth  avia-builder-el-first  first flex_column_div  '     ><p><section  class='avia-team-member av-ld8p2lr7-186-46d98465b5ebab589ffe0219527b63df  avia-builder-el-202  el_before_av_hr  avia-builder-el-first '  itemscope=\"itemscope\" itemtype=\"https:\/\/schema.org\/Person\" ><div class=\"team-img-container\"><img decoding=\"async\" fetchpriority=\"high\" class='wp-image-2340 avia-img-lazy-loading-not-2340 avia_image avia_image_team' src=\"https:\/\/www.martinsbrunn.it\/wp-content\/uploads\/2023\/06\/4E4A4316_1000px-300x300.jpeg\" alt='Elisa Sala'  itemprop=\"image\"   height=\"300\" width=\"300\" srcset=\"https:\/\/www.martinsbrunn.it\/wp-content\/uploads\/2023\/06\/4E4A4316_1000px-300x300.jpeg 300w, https:\/\/www.martinsbrunn.it\/wp-content\/uploads\/2023\/06\/4E4A4316_1000px-80x80.jpeg 80w, https:\/\/www.martinsbrunn.it\/wp-content\/uploads\/2023\/06\/4E4A4316_1000px-768x768.jpeg 768w, https:\/\/www.martinsbrunn.it\/wp-content\/uploads\/2023\/06\/4E4A4316_1000px-36x36.jpeg 36w, https:\/\/www.martinsbrunn.it\/wp-content\/uploads\/2023\/06\/4E4A4316_1000px-180x180.jpeg 180w, https:\/\/www.martinsbrunn.it\/wp-content\/uploads\/2023\/06\/4E4A4316_1000px-705x705.jpeg 705w, https:\/\/www.martinsbrunn.it\/wp-content\/uploads\/2023\/06\/4E4A4316_1000px.jpeg 800w\" sizes=\"(max-width: 300px) 100vw, 300px\" \/><\/div><h3 class='team-member-name '  itemprop=\"name\" >Elisa Sala<\/h3><div class='team-member-job-title '  itemprop=\"jobTitle\" >Logopedia<\/div><span class='hidden team-member-affiliation'  itemprop=\"affiliation\" >Martinsbrunn ParkClinic<\/span><\/section><br \/>\n\n<style type=\"text\/css\" data-created_by=\"avia_inline_auto\" id=\"style-css-av-rfnib-696da5e41c0f2a1a892ae6840a52b06d\">\n#top .hr.hr-invisible.av-rfnib-696da5e41c0f2a1a892ae6840a52b06d{\nheight:20px;\n}\n<\/style>\n<div  class='hr av-rfnib-696da5e41c0f2a1a892ae6840a52b06d hr-invisible  avia-builder-el-203  el_after_av_team_member  avia-builder-el-last '><span class='hr-inner '><span class=\"hr-inner-style\"><\/span><\/span><\/div><\/p><\/div><div  class='flex_column av-kace3-a7dbe583069ce8b8ea147b4160b66568 av_three_fourth  avia-builder-el-204  el_after_av_one_fourth  avia-builder-el-last  flex_column_div  '     ><section  class='av_textblock_section av-ld8p36mv-185-476fe8864e11e9254162ca27d79309f0 '   itemscope=\"itemscope\" itemtype=\"https:\/\/schema.org\/CreativeWork\" ><div class='avia_textblock'  itemprop=\"text\" ><h3>Logopedia<\/h3>\n<p>Nella Martinsbrunn ParkClinic la logopedista Elisa Sala offre consulenza e trattamento dettagliato per bambini, adolescenti e adulti con disturbi della voce, del linguaggio, dell&#8217;articolazione, della deglutizione, della comunicazione e disturbi myofunzionali.<\/p>\n<h4>Trattamento logopedico per bambini e adolescenti<\/h4>\n<\/div><\/section><br \/>\n\n<style type=\"text\/css\" data-created_by=\"avia_inline_auto\" id=\"style-css-av-ldojezux-155c9100a02ac631ec4063ebd17c2a9c\">\n#top .togglecontainer.av-ldojezux-155c9100a02ac631ec4063ebd17c2a9c p.toggler{\nbackground-color:#ffffff;\n}\n#top .togglecontainer.av-ldojezux-155c9100a02ac631ec4063ebd17c2a9c p.toggler.activeTitle{\nbackground-color:#dee7c1;\n}\n#top .togglecontainer.av-ldojezux-155c9100a02ac631ec4063ebd17c2a9c p.toggler .toggle_icon{\ncolor:#333333;\nborder-color:#333333;\n}\n#top .togglecontainer.av-ldojezux-155c9100a02ac631ec4063ebd17c2a9c p.toggler .toggle_icon > span{\ncolor:#333333;\nborder-color:#333333;\n}\n#top .togglecontainer.av-ldojezux-155c9100a02ac631ec4063ebd17c2a9c .toggle_wrap .toggle_content{\nbackground-color:#ffffff;\n}\n<\/style>\n<div  class='togglecontainer av-ldojezux-155c9100a02ac631ec4063ebd17c2a9c av-minimal-toggle  avia-builder-el-206  el_after_av_textblock  el_before_av_textblock  toggle_close_all' >\n<section class='av_toggle_section av-ldoiyejx-246ae694af002475a035332eb837428b'  itemscope=\"itemscope\" itemtype=\"https:\/\/schema.org\/CreativeWork\" ><div role=\"tablist\" class=\"single_toggle\" data-tags=\"{Tutto} \"  ><p id='toggle-toggle-id-23' data-fake-id='#toggle-id-23' class='toggler  av-title-above '  itemprop=\"headline\"  role='tab' tabindex='0' aria-controls='toggle-id-23' data-slide-speed=\"200\" data-title=\"Ritardi e disturbi del linguaggio\" data-title-open=\"\" data-aria_collapsed=\"Clicca per espandere: Ritardi e disturbi del linguaggio\" data-aria_expanded=\"Fare clic per chiudere: Ritardi e disturbi del linguaggio\">Ritardi e disturbi del linguaggio<span class=\"toggle_icon\"><span class=\"vert_icon\"><\/span><span class=\"hor_icon\"><\/span><\/span><\/p><div id='toggle-id-23' aria-labelledby='toggle-toggle-id-23' role='region' class='toggle_wrap  av-title-above'  ><div class='toggle_content invers-color '  itemprop=\"text\" ><ul>\n<li>deficit del vocabolario e\/o della grammatica<\/li>\n<li>deficit della pronuncia e\/o delle capacit\u00e0 metafonologiche<\/li>\n<li>deficit delle capacit\u00e0 narrative e\/o della comprensione verbale<\/li>\n<\/ul>\n<\/div><\/div><\/div><\/section>\n<section class='av_toggle_section av-ldoj140t-602d6913d30058c15a6ab35344da7aa6'  itemscope=\"itemscope\" itemtype=\"https:\/\/schema.org\/CreativeWork\" ><div role=\"tablist\" class=\"single_toggle\" data-tags=\"{Tutto} \"  ><p id='toggle-toggle-id-24' data-fake-id='#toggle-id-24' class='toggler  av-title-above '  itemprop=\"headline\"  role='tab' tabindex='0' aria-controls='toggle-id-24' data-slide-speed=\"200\" data-title=\"Dislalia (difficolt\u00e0 di pronuncia)\" data-title-open=\"\" data-aria_collapsed=\"Clicca per espandere: Dislalia (difficolt\u00e0 di pronuncia)\" data-aria_expanded=\"Fare clic per chiudere: Dislalia (difficolt\u00e0 di pronuncia)\">Dislalia (difficolt\u00e0 di pronuncia)<span class=\"toggle_icon\"><span class=\"vert_icon\"><\/span><span class=\"hor_icon\"><\/span><\/span><\/p><div id='toggle-id-24' aria-labelledby='toggle-toggle-id-24' role='region' class='toggle_wrap  av-title-above'  ><div class='toggle_content invers-color '  itemprop=\"text\" ><ul>\n<li>difficolt\u00e0 o incapacit\u00e0 di pronunciare determinati suoni in determinati contesti fonetici-fonologici<\/li>\n<li>omissioni e\/o sostituzioni del fonema target come ad esempio &#8220;cavolo&#8221; per &#8220;tavolo&#8221; o &#8220;simmia&#8221; per &#8220;scimmia&#8221;<\/li>\n<\/ul>\n<\/div><\/div><\/div><\/section>\n<section class='av_toggle_section av-ldoj659u-2de291151c1b8786f6b11a62f3ed0b23'  itemscope=\"itemscope\" itemtype=\"https:\/\/schema.org\/CreativeWork\" ><div role=\"tablist\" class=\"single_toggle\" data-tags=\"{Tutto} \"  ><p id='toggle-toggle-id-25' data-fake-id='#toggle-id-25' class='toggler  av-title-above '  itemprop=\"headline\"  role='tab' tabindex='0' aria-controls='toggle-id-25' data-slide-speed=\"200\" data-title=\"Aprassia verbale infantile\" data-title-open=\"\" data-aria_collapsed=\"Clicca per espandere: Aprassia verbale infantile\" data-aria_expanded=\"Fare clic per chiudere: Aprassia verbale infantile\">Aprassia verbale infantile<span class=\"toggle_icon\"><span class=\"vert_icon\"><\/span><span class=\"hor_icon\"><\/span><\/span><\/p><div id='toggle-id-25' aria-labelledby='toggle-toggle-id-25' role='region' class='toggle_wrap  av-title-above'  ><div class='toggle_content invers-color '  itemprop=\"text\" ><ul>\n<li>disturbo della produzione dei fonemi per anomalie nell&#8217;iniziazione, coordinazione o della ssequenzialit\u00e0 dei movimenti muscolari<\/li>\n<li>vocabolario attivo inadeguato per l&#8217;et\u00e0, parole idiosincratiche e inventario fonetico ridotto<\/li>\n<li>movimenti di ricerca articolatoria<\/li>\n<\/ul>\n<\/div><\/div><\/div><\/section>\n<section class='av_toggle_section av-ldoj6vwu-bb9f3d1e2f3d9fa8ae2085e83b2df363'  itemscope=\"itemscope\" itemtype=\"https:\/\/schema.org\/CreativeWork\" ><div role=\"tablist\" class=\"single_toggle\" data-tags=\"{Tutto} \"  ><p id='toggle-toggle-id-26' data-fake-id='#toggle-id-26' class='toggler  av-title-above '  itemprop=\"headline\"  role='tab' tabindex='0' aria-controls='toggle-id-26' data-slide-speed=\"200\" data-title=\"Disturbo miofunzionale\" data-title-open=\"\" data-aria_collapsed=\"Clicca per espandere: Disturbo miofunzionale\" data-aria_expanded=\"Fare clic per chiudere: Disturbo miofunzionale\">Disturbo miofunzionale<span class=\"toggle_icon\"><span class=\"vert_icon\"><\/span><span class=\"hor_icon\"><\/span><\/span><\/p><div id='toggle-id-26' aria-labelledby='toggle-toggle-id-26' role='region' class='toggle_wrap  av-title-above'  ><div class='toggle_content invers-color '  itemprop=\"text\" ><p>\u2022 deglutizione atipica in presenza di interventi odontoiatrici mirati<br \/>\n\u2022 posizione patologica della lingua<br \/>\n\u2022 ipotonia della muscolatura buccale e facciale<\/p>\n<\/div><\/div><\/div><\/section>\n<section class='av_toggle_section av-ldoj85zb-c963745e90fbe70297b3e419ed9fc162'  itemscope=\"itemscope\" itemtype=\"https:\/\/schema.org\/CreativeWork\" ><div role=\"tablist\" class=\"single_toggle\" data-tags=\"{Tutto} \"  ><p id='toggle-toggle-id-27' data-fake-id='#toggle-id-27' class='toggler  av-title-above '  itemprop=\"headline\"  role='tab' tabindex='0' aria-controls='toggle-id-27' data-slide-speed=\"200\" data-title=\"Balbuzie\" data-title-open=\"\" data-aria_collapsed=\"Clicca per espandere: Balbuzie\" data-aria_expanded=\"Fare clic per chiudere: Balbuzie\">Balbuzie<span class=\"toggle_icon\"><span class=\"vert_icon\"><\/span><span class=\"hor_icon\"><\/span><\/span><\/p><div id='toggle-id-27' aria-labelledby='toggle-toggle-id-27' role='region' class='toggle_wrap  av-title-above'  ><div class='toggle_content invers-color '  itemprop=\"text\" ><ul>\n<li>disordine nel ritmo della parola a causa di arresti, ripetizioni e\/o prolungamenti di un suono<\/li>\n<li>blocchi udibili e silenti e\/o circonlocuzioni per evitare le parole temute<\/li>\n<\/ul>\n<\/div><\/div><\/div><\/section>\n<section class='av_toggle_section av-ldojb2io-c48ca8818e94ddd6f9a2d8407550301c'  itemscope=\"itemscope\" itemtype=\"https:\/\/schema.org\/CreativeWork\" ><div role=\"tablist\" class=\"single_toggle\" data-tags=\"{Tutto} \"  ><p id='toggle-toggle-id-28' data-fake-id='#toggle-id-28' class='toggler  av-title-above '  itemprop=\"headline\"  role='tab' tabindex='0' aria-controls='toggle-id-28' data-slide-speed=\"200\" data-title=\"Disfonia infantile\" data-title-open=\"\" data-aria_collapsed=\"Clicca per espandere: Disfonia infantile\" data-aria_expanded=\"Fare clic per chiudere: Disfonia infantile\">Disfonia infantile<span class=\"toggle_icon\"><span class=\"vert_icon\"><\/span><span class=\"hor_icon\"><\/span><\/span><\/p><div id='toggle-id-28' aria-labelledby='toggle-toggle-id-28' role='region' class='toggle_wrap  av-title-above'  ><div class='toggle_content invers-color '  itemprop=\"text\" ><ul>\n<li>afonia e\/o sensazione di corpo estraneo in gola<\/li>\n<li>variazione del timbro vocale e\/o difficolt\u00e0 respiratorie<\/li>\n<li>voce rauca, gola secca, fatica fonatoria<\/li>\n<\/ul>\n<\/div><\/div><\/div><\/section>\n<section class='av_toggle_section av-ldojckr6-c831ae51ae3232be1da7759dc8f72f96'  itemscope=\"itemscope\" itemtype=\"https:\/\/schema.org\/CreativeWork\" ><div role=\"tablist\" class=\"single_toggle\" data-tags=\"{Tutto} \"  ><p id='toggle-toggle-id-29' data-fake-id='#toggle-id-29' class='toggler  av-title-above '  itemprop=\"headline\"  role='tab' tabindex='0' aria-controls='toggle-id-29' data-slide-speed=\"200\" data-title=\"Difficolt\u00e0 a livello pragmatico ad esempio nello spettro autistico o nella sindrome di Down\" data-title-open=\"\" data-aria_collapsed=\"Clicca per espandere: Difficolt\u00e0 a livello pragmatico ad esempio nello spettro autistico o nella sindrome di Down\" data-aria_expanded=\"Fare clic per chiudere: Difficolt\u00e0 a livello pragmatico ad esempio nello spettro autistico o nella sindrome di Down\">Difficolt\u00e0 a livello pragmatico ad esempio nello spettro autistico o nella sindrome di Down<span class=\"toggle_icon\"><span class=\"vert_icon\"><\/span><span class=\"hor_icon\"><\/span><\/span><\/p><div id='toggle-id-29' aria-labelledby='toggle-toggle-id-29' role='region' class='toggle_wrap  av-title-above'  ><div class='toggle_content invers-color '  itemprop=\"text\" ><ul>\n<li>mancanza dell&#8217;attenzione condivisa, dell&#8217;iniziativa verbale e delle regole di scambio comunicativo<\/li>\n<li>mancanza dell&#8217;acquisizione del linguaggio orale come strumento comunicativo<\/li>\n<\/ul>\n<\/div><\/div><\/div><\/section>\n<section class='av_toggle_section av-ldojdaas-3d32d8738591ff61014ff348763ba0f8'  itemscope=\"itemscope\" itemtype=\"https:\/\/schema.org\/CreativeWork\" ><div role=\"tablist\" class=\"single_toggle\" data-tags=\"{Tutto} \"  ><p id='toggle-toggle-id-30' data-fake-id='#toggle-id-30' class='toggler  av-title-above '  itemprop=\"headline\"  role='tab' tabindex='0' aria-controls='toggle-id-30' data-slide-speed=\"200\" data-title=\"Disturbo dell\u2019udito\" data-title-open=\"\" data-aria_collapsed=\"Clicca per espandere: Disturbo dell\u2019udito\" data-aria_expanded=\"Fare clic per chiudere: Disturbo dell\u2019udito\">Disturbo dell\u2019udito<span class=\"toggle_icon\"><span class=\"vert_icon\"><\/span><span class=\"hor_icon\"><\/span><\/span><\/p><div id='toggle-id-30' aria-labelledby='toggle-toggle-id-30' role='region' class='toggle_wrap  av-title-above'  ><div class='toggle_content invers-color '  itemprop=\"text\" ><p>\u2022 difficolt\u00e0 nella identificazione e nella discriminazione di fonemi, parole e rumori in seguito a difficolt\u00e0 uditive (ad esempio rieducazione uditiva in pazienti con impianto cocleare)<\/p>\n<\/div><\/div><\/div><\/section>\n<section class='av_toggle_section av-ldojerfz-0a5638502585f6d7c43c5ead3a41c767'  itemscope=\"itemscope\" itemtype=\"https:\/\/schema.org\/CreativeWork\" ><div role=\"tablist\" class=\"single_toggle\" data-tags=\"{Tutto} \"  ><p id='toggle-toggle-id-31' data-fake-id='#toggle-id-31' class='toggler  av-title-above '  itemprop=\"headline\"  role='tab' tabindex='0' aria-controls='toggle-id-31' data-slide-speed=\"200\" data-title=\"Difficolt\u00e0 nella discriminazione uditiva e memoria uditiva (a breve medio termine)\" data-title-open=\"\" data-aria_collapsed=\"Clicca per espandere: Difficolt\u00e0 nella discriminazione uditiva e memoria uditiva (a breve medio termine)\" data-aria_expanded=\"Fare clic per chiudere: Difficolt\u00e0 nella discriminazione uditiva e memoria uditiva (a breve medio termine)\">Difficolt\u00e0 nella discriminazione uditiva e memoria uditiva (a breve medio termine)<span class=\"toggle_icon\"><span class=\"vert_icon\"><\/span><span class=\"hor_icon\"><\/span><\/span><\/p><div id='toggle-id-31' aria-labelledby='toggle-toggle-id-31' role='region' class='toggle_wrap  av-title-above'  ><div class='toggle_content invers-color '  itemprop=\"text\" ><ul>\n<li>deficit nella memorizzazione di materiale uditivo precedentemente ascoltato come ad esempio sillabe, parole, frasi o rime<\/li>\n<li>frequente sostituzione di fonemi uditivamente simili (ad esempio \/p\/, \/b\/ che si differenziano per il tratto sordo\/sonoro)<\/li>\n<\/ul>\n<\/div><\/div><\/div><\/section>\n<\/div><br \/>\n<section  class='av_textblock_section av-ldojic08-4bc32a50657dab84d7a2158e35c91af4 '   itemscope=\"itemscope\" itemtype=\"https:\/\/schema.org\/CreativeWork\" ><div class='avia_textblock'  itemprop=\"text\" ><h4>Trattamento logopedico per adulti<\/h4>\n<\/div><\/section><br \/>\n\n<style type=\"text\/css\" data-created_by=\"avia_inline_auto\" id=\"style-css-av-ldojut6x-9dff575a3e4d191671e731b279067750\">\n#top .togglecontainer.av-ldojut6x-9dff575a3e4d191671e731b279067750 p.toggler{\nbackground-color:#ffffff;\n}\n#top .togglecontainer.av-ldojut6x-9dff575a3e4d191671e731b279067750 p.toggler.activeTitle{\nbackground-color:#dee7c1;\n}\n#top .togglecontainer.av-ldojut6x-9dff575a3e4d191671e731b279067750 p.toggler .toggle_icon{\ncolor:#333333;\nborder-color:#333333;\n}\n#top .togglecontainer.av-ldojut6x-9dff575a3e4d191671e731b279067750 p.toggler .toggle_icon > span{\ncolor:#333333;\nborder-color:#333333;\n}\n#top .togglecontainer.av-ldojut6x-9dff575a3e4d191671e731b279067750 .toggle_wrap .toggle_content{\nbackground-color:#ffffff;\n}\n<\/style>\n<div  class='togglecontainer av-ldojut6x-9dff575a3e4d191671e731b279067750 av-minimal-toggle  avia-builder-el-208  el_after_av_textblock  avia-builder-el-last  toggle_close_all' >\n<section class='av_toggle_section av-ldojjtrx-2739ef2f2adc3b5f62c3703c8d044c30'  itemscope=\"itemscope\" itemtype=\"https:\/\/schema.org\/CreativeWork\" ><div role=\"tablist\" class=\"single_toggle\" data-tags=\"{Tutto} \"  ><p id='toggle-toggle-id-32' data-fake-id='#toggle-id-32' class='toggler  av-title-above '  itemprop=\"headline\"  role='tab' tabindex='0' aria-controls='toggle-id-32' data-slide-speed=\"200\" data-title=\"Aprassia verbale acquisita\" data-title-open=\"\" data-aria_collapsed=\"Clicca per espandere: Aprassia verbale acquisita\" data-aria_expanded=\"Fare clic per chiudere: Aprassia verbale acquisita\">Aprassia verbale acquisita<span class=\"toggle_icon\"><span class=\"vert_icon\"><\/span><span class=\"hor_icon\"><\/span><\/span><\/p><div id='toggle-id-32' aria-labelledby='toggle-toggle-id-32' role='region' class='toggle_wrap  av-title-above'  ><div class='toggle_content invers-color '  itemprop=\"text\" ><ul>\n<li>difficolt\u00e0 nella programmazione ed esecuzione di movimenti articolatori volontari<\/li>\n<li>movimenti di ricerca articolatoria<\/li>\n<li>distorsioni di vocali e\/o consonanti<\/li>\n<li>difficolt\u00e0 direttamente proporzionali alla difficolt\u00e0 articolatoria e alla lunghezza della parola o frase da produrre<\/li>\n<\/ul>\n<\/div><\/div><\/div><\/section>\n<section class='av_toggle_section av-ldojkncc-6f1002173da491294ba4794263284017'  itemscope=\"itemscope\" itemtype=\"https:\/\/schema.org\/CreativeWork\" ><div role=\"tablist\" class=\"single_toggle\" data-tags=\"{Tutto} \"  ><p id='toggle-toggle-id-33' data-fake-id='#toggle-id-33' class='toggler  av-title-above '  itemprop=\"headline\"  role='tab' tabindex='0' aria-controls='toggle-id-33' data-slide-speed=\"200\" data-title=\"Afasia\" data-title-open=\"\" data-aria_collapsed=\"Clicca per espandere: Afasia\" data-aria_expanded=\"Fare clic per chiudere: Afasia\">Afasia<span class=\"toggle_icon\"><span class=\"vert_icon\"><\/span><span class=\"hor_icon\"><\/span><\/span><\/p><div id='toggle-id-33' aria-labelledby='toggle-toggle-id-33' role='region' class='toggle_wrap  av-title-above'  ><div class='toggle_content invers-color '  itemprop=\"text\" ><ul>\n<li>deficit a livello lessicale-semantico e\/o morfo-sintattico<\/li>\n<li>difficolt\u00e0 nella comprensione del linguaggio parlato e\/o scritto<\/li>\n<li>deficit nella produzione scritta<\/li>\n<\/ul>\n<\/div><\/div><\/div><\/section>\n<section class='av_toggle_section av-ldojq258-7be706956dbc1801567e1bd7eadcee79'  itemscope=\"itemscope\" itemtype=\"https:\/\/schema.org\/CreativeWork\" ><div role=\"tablist\" class=\"single_toggle\" data-tags=\"{Tutto} \"  ><p id='toggle-toggle-id-34' data-fake-id='#toggle-id-34' class='toggler  av-title-above '  itemprop=\"headline\"  role='tab' tabindex='0' aria-controls='toggle-id-34' data-slide-speed=\"200\" data-title=\"Disartria e disartrofonia\" data-title-open=\"\" data-aria_collapsed=\"Clicca per espandere: Disartria e disartrofonia\" data-aria_expanded=\"Fare clic per chiudere: Disartria e disartrofonia\">Disartria e disartrofonia<span class=\"toggle_icon\"><span class=\"vert_icon\"><\/span><span class=\"hor_icon\"><\/span><\/span><\/p><div id='toggle-id-34' aria-labelledby='toggle-toggle-id-34' role='region' class='toggle_wrap  av-title-above'  ><div class='toggle_content invers-color '  itemprop=\"text\" ><ul>\n<li>difficolt\u00e0 dell\u2019articolazione, della voce e\/o della respirazione<\/li>\n<li>difficolt\u00e0 nel controllo della muscolatura fono-articolatoria, della prosodia e\/o dell&#8217;intensit\u00e0 della voce di fonazione<\/li>\n<\/ul>\n<\/div><\/div><\/div><\/section>\n<section class='av_toggle_section av-ldojrcxp-4539631081ed917d39b6817bb786f1e9'  itemscope=\"itemscope\" itemtype=\"https:\/\/schema.org\/CreativeWork\" ><div role=\"tablist\" class=\"single_toggle\" data-tags=\"{Tutto} \"  ><p id='toggle-toggle-id-35' data-fake-id='#toggle-id-35' class='toggler  av-title-above '  itemprop=\"headline\"  role='tab' tabindex='0' aria-controls='toggle-id-35' data-slide-speed=\"200\" data-title=\"Disfonia\" data-title-open=\"\" data-aria_collapsed=\"Clicca per espandere: Disfonia\" data-aria_expanded=\"Fare clic per chiudere: Disfonia\">Disfonia<span class=\"toggle_icon\"><span class=\"vert_icon\"><\/span><span class=\"hor_icon\"><\/span><\/span><\/p><div id='toggle-id-35' aria-labelledby='toggle-toggle-id-35' role='region' class='toggle_wrap  av-title-above'  ><div class='toggle_content invers-color '  itemprop=\"text\" ><ul>\n<li>voce rauca, insufficiente idratazione delle corde vocali (gola secca), fatica fonatoria<\/li>\n<li>afonia, sensazione di corpo estraneo in gola, raucedine<\/li>\n<li>difficolt\u00e0 respiratorie e\/o variazione del timbro vocale<\/li>\n<\/ul>\n<\/div><\/div><\/div><\/section>\n<section class='av_toggle_section av-ldojszyk-f3e468f687591087c44e0d1286ea3f2d'  itemscope=\"itemscope\" itemtype=\"https:\/\/schema.org\/CreativeWork\" ><div role=\"tablist\" class=\"single_toggle\" data-tags=\"{Tutto} \"  ><p id='toggle-toggle-id-36' data-fake-id='#toggle-id-36' class='toggler  av-title-above '  itemprop=\"headline\"  role='tab' tabindex='0' aria-controls='toggle-id-36' data-slide-speed=\"200\" data-title=\"Disfagia\" data-title-open=\"\" data-aria_collapsed=\"Clicca per espandere: Disfagia\" data-aria_expanded=\"Fare clic per chiudere: Disfagia\">Disfagia<span class=\"toggle_icon\"><span class=\"vert_icon\"><\/span><span class=\"hor_icon\"><\/span><\/span><\/p><div id='toggle-id-36' aria-labelledby='toggle-toggle-id-36' role='region' class='toggle_wrap  av-title-above'  ><div class='toggle_content invers-color '  itemprop=\"text\" ><ul>\n<li>riflesso deglutitorio rallentato, faticoso o assente<\/li>\n<li>tosse frequente durante o dopo il pasto<\/li>\n<li>voce gorgogliante dopo il pasto<\/li>\n<li>difficolt\u00e0 deglutitorie con determinate consistenze alimentari (ad esempio cibi secchi)<\/li>\n<\/ul>\n<\/div><\/div><\/div><\/section>\n<section class='av_toggle_section av-ldojturf-700febb3a58589a130e7a61f16f21899'  itemscope=\"itemscope\" itemtype=\"https:\/\/schema.org\/CreativeWork\" ><div role=\"tablist\" class=\"single_toggle\" data-tags=\"{Tutto} \"  ><p id='toggle-toggle-id-37' data-fake-id='#toggle-id-37' class='toggler  av-title-above '  itemprop=\"headline\"  role='tab' tabindex='0' aria-controls='toggle-id-37' data-slide-speed=\"200\" data-title=\"Balbuzie\" data-title-open=\"\" data-aria_collapsed=\"Clicca per espandere: Balbuzie\" data-aria_expanded=\"Fare clic per chiudere: Balbuzie\">Balbuzie<span class=\"toggle_icon\"><span class=\"vert_icon\"><\/span><span class=\"hor_icon\"><\/span><\/span><\/p><div id='toggle-id-37' aria-labelledby='toggle-toggle-id-37' role='region' class='toggle_wrap  av-title-above'  ><div class='toggle_content invers-color '  itemprop=\"text\" ><ul>\n<li>disordine nel ritmo della parola a causa di arresti, ripetizioni e\/o prolungamenti di un suono<\/li>\n<li>blocchi udibili e silenti e\/o circonlocuzioni per evitare le parole temute<\/li>\n<\/ul>\n<\/div><\/div><\/div><\/section>\n<section class='av_toggle_section av-ldojuoq6-0121b58a3d9dca56c1c55b3369499476'  itemscope=\"itemscope\" itemtype=\"https:\/\/schema.org\/CreativeWork\" ><div role=\"tablist\" class=\"single_toggle\" data-tags=\"{Tutto} \"  ><p id='toggle-toggle-id-38' data-fake-id='#toggle-id-38' class='toggler  av-title-above '  itemprop=\"headline\"  role='tab' tabindex='0' aria-controls='toggle-id-38' data-slide-speed=\"200\" data-title=\"Disturbi dell \u2019udito\" data-title-open=\"\" data-aria_collapsed=\"Clicca per espandere: Disturbi dell \u2019udito\" data-aria_expanded=\"Fare clic per chiudere: Disturbi dell \u2019udito\">Disturbi dell \u2019udito<span class=\"toggle_icon\"><span class=\"vert_icon\"><\/span><span class=\"hor_icon\"><\/span><\/span><\/p><div id='toggle-id-38' aria-labelledby='toggle-toggle-id-38' role='region' class='toggle_wrap  av-title-above'  ><div class='toggle_content invers-color '  itemprop=\"text\" ><p>\u2022 difficolt\u00e0 nell\u2019identificazione e nella discriminazione di fonemi, parole e rumori in seguito a difficolt\u00e0 uditive (ad esempio rieducazione uditiva in pazienti con impianto cocleare)<\/p>\n<\/div><\/div><\/div><\/section>\n<\/div><\/p><\/div><\/p>\n<\/div><\/div><\/div><\/div><\/div><\/div><div id='av_section_1'  class='avia-section av-gxrcb-ddb5ae4611772b3772ea12d5817f8ff3 alternate_color avia-section-default avia-no-border-styling  avia-builder-el-209  el_after_av_tab_section  avia-builder-el-last  avia-bg-style-scroll container_wrap fullsize'  ><div class='container av-section-cont-open' ><div class='template-page content  av-content-full alpha units'><div class='post-entry post-entry-type-page post-entry-939'><div class='entry-content-wrapper clearfix'>\n<div  id=\"av-sc-portfolio-1\"  class=\"av-portfolio-grid-sorting-container\"><div class='sort_width_container  av-sort-yes' data-portfolio-id='1' ><div id='js_sort_items' ><div class='sort_by_cat '><a href=\"#\" data-filter=\"all_sort\" class=\"all_sort_button active_sort\"><span class=\"inner_sort_button\"><span>Tutto<\/span><small class=\"av-cat-count\"> 3 <\/small><\/span><\/a><span class=\"text-sep palliativ-care-it_sort_sep\">\/<\/span><a href=\"#\" data-filter=\"palliativ-care-it_sort\" class=\"palliativ-care-it_sort_button\" ><span class=\"inner_sort_button\"><span>Palliativ Care<\/span><small class=\"av-cat-count\"> 1 <\/small><\/span><\/a><span class=\"text-sep senioren-und-pflegeresidenz-it_sort_sep\">\/<\/span><a href=\"#\" data-filter=\"senioren-und-pflegeresidenz-it_sort\" class=\"senioren-und-pflegeresidenz-it_sort_button\" ><span class=\"inner_sort_button\"><span>Residenza per anziani<\/span><small class=\"av-cat-count\"> 1 <\/small><\/span><\/a><span class=\"text-sep ueber-uns-it_sort_sep\">\/<\/span><a href=\"#\" data-filter=\"ueber-uns-it_sort\" class=\"ueber-uns-it_sort_button\" ><span class=\"inner_sort_button\"><span>\u00dcber uns<\/span><small class=\"av-cat-count\"> 1 <\/small><\/span><\/a><\/div><\/div><\/div><div  class=' grid-sort-container isotope   no_margin-container with-title-container grid-total-odd grid-col-4 grid-links-' data-portfolio-id='1'><div data-ajax-id='867' class=' grid-entry flex_column isotope-item all_sort no_margin post-entry post-entry-867 grid-entry-overview grid-loop-1 grid-parity-odd  senioren-und-pflegeresidenz-it_sort  av_one_fourth first default_av_fullwidth '><article class='main_color inner-entry'  itemscope=\"itemscope\" itemtype=\"https:\/\/schema.org\/CreativeWork\" ><a href=\"https:\/\/www.martinsbrunn.it\/it\/fondazione-s-elisabetta\/residenza-per-anziani\/\" title='Residenza per anziani'  data-rel='grid-1' class='grid-image avia-hover-fx'> <img decoding=\"async\" fetchpriority=\"high\" width=\"260\" height=\"185\" src=\"https:\/\/www.martinsbrunn.it\/wp-content\/uploads\/2022\/06\/Seniorenwohnheim-260x185.png\" class=\"wp-image-4275 avia-img-lazy-loading-not-4275 attachment-portfolio_small size-portfolio_small wp-post-image\" alt=\"\" \/><\/a><div class='grid-content'><div class='avia-arrow'><\/div><header class=\"entry-content-header\" aria-label=\"Portfolio: Residenza per anziani\"><h3 class='grid-entry-title entry-title '  itemprop=\"headline\" ><a href='https:\/\/www.martinsbrunn.it\/it\/fondazione-s-elisabetta\/residenza-per-anziani\/' title='Residenza per anziani'>Residenza per anziani<\/a><\/h3><\/header><\/div><footer class=\"entry-footer\"><\/footer><\/article><\/div><div data-ajax-id='838' class=' grid-entry flex_column isotope-item all_sort no_margin post-entry post-entry-838 grid-entry-overview grid-loop-2 grid-parity-even  palliativ-care-it_sort  av_one_fourth  default_av_fullwidth '><article class='main_color inner-entry'  itemscope=\"itemscope\" itemtype=\"https:\/\/schema.org\/CreativeWork\" ><a href=\"https:\/\/www.martinsbrunn.it\/it\/fondazione-s-elisabetta\/palliativ-care\/\" title='Palliativ Care'  data-rel='grid-1' class='grid-image avia-hover-fx'> <img decoding=\"async\" fetchpriority=\"high\" width=\"260\" height=\"185\" src=\"https:\/\/www.martinsbrunn.it\/wp-content\/uploads\/2022\/06\/slider-palliativ-260x185.jpg\" class=\"wp-image-4886 avia-img-lazy-loading-not-4886 attachment-portfolio_small size-portfolio_small wp-post-image\" alt=\"\" \/><\/a><div class='grid-content'><div class='avia-arrow'><\/div><header class=\"entry-content-header\" aria-label=\"Portfolio: Palliativ Care\"><h3 class='grid-entry-title entry-title '  itemprop=\"headline\" ><a href='https:\/\/www.martinsbrunn.it\/it\/fondazione-s-elisabetta\/palliativ-care\/' title='Palliativ Care'>Palliativ Care<\/a><\/h3><\/header><\/div><footer class=\"entry-footer\"><\/footer><\/article><\/div><div data-ajax-id='817' class=' grid-entry flex_column isotope-item all_sort no_margin post-entry post-entry-817 grid-entry-overview grid-loop-3 grid-parity-odd  post-entry-last  ueber-uns-it_sort  av_one_fourth  default_av_fullwidth '><article class='main_color inner-entry'  itemscope=\"itemscope\" itemtype=\"https:\/\/schema.org\/CreativeWork\" ><a href=\"https:\/\/www.martinsbrunn.it\/it\/fondazione-s-elisabetta\/chi-siamo\/\" title='Chi siamo'  data-rel='grid-1' class='grid-image avia-hover-fx'> <img decoding=\"async\" fetchpriority=\"high\" width=\"260\" height=\"185\" src=\"https:\/\/www.martinsbrunn.it\/wp-content\/uploads\/2021\/11\/martinsbrunn_titel-ueber-uns-260x185.jpg\" class=\"wp-image-276 avia-img-lazy-loading-not-276 attachment-portfolio_small size-portfolio_small wp-post-image\" alt=\"Chi siamo\" \/><\/a><div class='grid-content'><div class='avia-arrow'><\/div><header class=\"entry-content-header\" aria-label=\"Portfolio: Chi siamo\"><h3 class='grid-entry-title entry-title '  itemprop=\"headline\" ><a href='https:\/\/www.martinsbrunn.it\/it\/fondazione-s-elisabetta\/chi-siamo\/' title='Chi siamo'>Chi siamo<\/a><\/h3><\/header><\/div><footer class=\"entry-footer\"><\/footer><\/article><\/div><\/div><\/div>   <!--   class=\"av-portfolio-grid-sorting-container\"  -->\n<\/p>\n","protected":false},"excerpt":{"rendered":"","protected":false},"author":1,"featured_media":4883,"parent":0,"menu_order":0,"comment_status":"closed","ping_status":"closed","template":"","meta":{"footnotes":""},"class_list":["post-939","page","type-page","status-publish","has-post-thumbnail","hentry"],"yoast_head":"<!-- This site is optimized with the Yoast SEO Premium plugin v27.5 (Yoast SEO v27.5) - https:\/\/yoast.com\/product\/yoast-seo-premium-wordpress\/ -->\n<title>ParkClinic - Martinsbrunn ParkClinic<\/title>\n<meta name=\"description\" content=\"ParkClinic Martinsbrunn: Accanto alle persone. Negli ambulatori specialistici della Martinsbrunn ParkClinic offriamo assistenza sanitaria ...\" \/>\n<meta name=\"robots\" content=\"index, follow, max-snippet:-1, max-image-preview:large, max-video-preview:-1\" \/>\n<link rel=\"canonical\" href=\"https:\/\/www.martinsbrunn.it\/it\/\" \/>\n<meta property=\"og:locale\" content=\"it_IT\" \/>\n<meta property=\"og:type\" content=\"article\" \/>\n<meta property=\"og:title\" content=\"ParkClinic\" \/>\n<meta property=\"og:description\" content=\"ParkClinic Martinsbrunn: Accanto alle persone. Negli ambulatori specialistici della Martinsbrunn ParkClinic offriamo assistenza sanitaria ...\" \/>\n<meta property=\"og:url\" content=\"https:\/\/www.martinsbrunn.it\/it\/\" \/>\n<meta property=\"og:site_name\" content=\"Martinsbrunn ParkClinic\" \/>\n<meta property=\"article:publisher\" content=\"https:\/\/www.facebook.com\/martinsbrunn.parkclinic\" \/>\n<meta property=\"article:modified_time\" content=\"2026-04-29T07:17:09+00:00\" \/>\n<meta property=\"og:image\" content=\"https:\/\/www.martinsbrunn.it\/wp-content\/uploads\/2025\/10\/Logo.jpg\" \/>\n\t<meta property=\"og:image:width\" content=\"1030\" \/>\n\t<meta property=\"og:image:height\" content=\"687\" \/>\n\t<meta property=\"og:image:type\" content=\"image\/jpeg\" \/>\n<meta name=\"twitter:card\" content=\"summary_large_image\" \/>\n<script type=\"application\/ld+json\" class=\"yoast-schema-graph\">{\"@context\":\"https:\\\/\\\/schema.org\",\"@graph\":[{\"@type\":\"WebPage\",\"@id\":\"https:\\\/\\\/www.martinsbrunn.it\\\/it\\\/\",\"url\":\"https:\\\/\\\/www.martinsbrunn.it\\\/it\\\/\",\"name\":\"ParkClinic - Martinsbrunn ParkClinic\",\"isPartOf\":{\"@id\":\"https:\\\/\\\/www.martinsbrunn.it\\\/it\\\/#website\"},\"primaryImageOfPage\":{\"@id\":\"https:\\\/\\\/www.martinsbrunn.it\\\/it\\\/#primaryimage\"},\"image\":{\"@id\":\"https:\\\/\\\/www.martinsbrunn.it\\\/it\\\/#primaryimage\"},\"thumbnailUrl\":\"https:\\\/\\\/www.martinsbrunn.it\\\/wp-content\\\/uploads\\\/2025\\\/10\\\/Logo.jpg\",\"datePublished\":\"2022-06-10T07:00:35+00:00\",\"dateModified\":\"2026-04-29T07:17:09+00:00\",\"description\":\"ParkClinic Martinsbrunn: Accanto alle persone. Negli ambulatori specialistici della Martinsbrunn ParkClinic offriamo assistenza sanitaria ...\",\"breadcrumb\":{\"@id\":\"https:\\\/\\\/www.martinsbrunn.it\\\/it\\\/#breadcrumb\"},\"inLanguage\":\"it-IT\",\"potentialAction\":[{\"@type\":\"ReadAction\",\"target\":[\"https:\\\/\\\/www.martinsbrunn.it\\\/it\\\/\"]}]},{\"@type\":\"ImageObject\",\"inLanguage\":\"it-IT\",\"@id\":\"https:\\\/\\\/www.martinsbrunn.it\\\/it\\\/#primaryimage\",\"url\":\"https:\\\/\\\/www.martinsbrunn.it\\\/wp-content\\\/uploads\\\/2025\\\/10\\\/Logo.jpg\",\"contentUrl\":\"https:\\\/\\\/www.martinsbrunn.it\\\/wp-content\\\/uploads\\\/2025\\\/10\\\/Logo.jpg\",\"width\":1030,\"height\":687},{\"@type\":\"BreadcrumbList\",\"@id\":\"https:\\\/\\\/www.martinsbrunn.it\\\/it\\\/#breadcrumb\",\"itemListElement\":[{\"@type\":\"ListItem\",\"position\":1,\"name\":\"Startseite\",\"item\":\"https:\\\/\\\/www.martinsbrunn.it\\\/it\\\/parkclinic\\\/\"},{\"@type\":\"ListItem\",\"position\":2,\"name\":\"ParkClinic\"}]},{\"@type\":\"WebSite\",\"@id\":\"https:\\\/\\\/www.martinsbrunn.it\\\/it\\\/#website\",\"url\":\"https:\\\/\\\/www.martinsbrunn.it\\\/it\\\/\",\"name\":\"Martinsbrunn ParkClinic\",\"description\":\"ParkClinic | Palliative Care | Residenza per anziani\",\"publisher\":{\"@id\":\"https:\\\/\\\/www.martinsbrunn.it\\\/it\\\/#organization\"},\"potentialAction\":[{\"@type\":\"SearchAction\",\"target\":{\"@type\":\"EntryPoint\",\"urlTemplate\":\"https:\\\/\\\/www.martinsbrunn.it\\\/it\\\/?s={search_term_string}\"},\"query-input\":{\"@type\":\"PropertyValueSpecification\",\"valueRequired\":true,\"valueName\":\"search_term_string\"}}],\"inLanguage\":\"it-IT\"},{\"@type\":\"Organization\",\"@id\":\"https:\\\/\\\/www.martinsbrunn.it\\\/it\\\/#organization\",\"name\":\"Martinsbrunn ParkClinic\",\"url\":\"https:\\\/\\\/www.martinsbrunn.it\\\/it\\\/\",\"logo\":{\"@type\":\"ImageObject\",\"inLanguage\":\"it-IT\",\"@id\":\"https:\\\/\\\/www.martinsbrunn.it\\\/it\\\/#\\\/schema\\\/logo\\\/image\\\/\",\"url\":\"https:\\\/\\\/www.martinsbrunn.it\\\/wp-content\\\/uploads\\\/2022\\\/06\\\/martinsbrunn_logo-credits.png\",\"contentUrl\":\"https:\\\/\\\/www.martinsbrunn.it\\\/wp-content\\\/uploads\\\/2022\\\/06\\\/martinsbrunn_logo-credits.png\",\"width\":1030,\"height\":687,\"caption\":\"Martinsbrunn ParkClinic\"},\"image\":{\"@id\":\"https:\\\/\\\/www.martinsbrunn.it\\\/it\\\/#\\\/schema\\\/logo\\\/image\\\/\"},\"sameAs\":[\"https:\\\/\\\/www.facebook.com\\\/martinsbrunn.parkclinic\",\"https:\\\/\\\/www.instagram.com\\\/martinsbrunn.parkclinic\\\/\"]}]}<\/script>\n<!-- \/ Yoast SEO Premium plugin. -->","yoast_head_json":{"title":"ParkClinic - Martinsbrunn ParkClinic","description":"ParkClinic Martinsbrunn: Accanto alle persone. Negli ambulatori specialistici della Martinsbrunn ParkClinic offriamo assistenza sanitaria ...","robots":{"index":"index","follow":"follow","max-snippet":"max-snippet:-1","max-image-preview":"max-image-preview:large","max-video-preview":"max-video-preview:-1"},"canonical":"https:\/\/www.martinsbrunn.it\/it\/","og_locale":"it_IT","og_type":"article","og_title":"ParkClinic","og_description":"ParkClinic Martinsbrunn: Accanto alle persone. Negli ambulatori specialistici della Martinsbrunn ParkClinic offriamo assistenza sanitaria ...","og_url":"https:\/\/www.martinsbrunn.it\/it\/","og_site_name":"Martinsbrunn ParkClinic","article_publisher":"https:\/\/www.facebook.com\/martinsbrunn.parkclinic","article_modified_time":"2026-04-29T07:17:09+00:00","og_image":[{"width":1030,"height":687,"url":"https:\/\/www.martinsbrunn.it\/wp-content\/uploads\/2025\/10\/Logo.jpg","type":"image\/jpeg"}],"twitter_card":"summary_large_image","schema":{"@context":"https:\/\/schema.org","@graph":[{"@type":"WebPage","@id":"https:\/\/www.martinsbrunn.it\/it\/","url":"https:\/\/www.martinsbrunn.it\/it\/","name":"ParkClinic - Martinsbrunn ParkClinic","isPartOf":{"@id":"https:\/\/www.martinsbrunn.it\/it\/#website"},"primaryImageOfPage":{"@id":"https:\/\/www.martinsbrunn.it\/it\/#primaryimage"},"image":{"@id":"https:\/\/www.martinsbrunn.it\/it\/#primaryimage"},"thumbnailUrl":"https:\/\/www.martinsbrunn.it\/wp-content\/uploads\/2025\/10\/Logo.jpg","datePublished":"2022-06-10T07:00:35+00:00","dateModified":"2026-04-29T07:17:09+00:00","description":"ParkClinic Martinsbrunn: Accanto alle persone. Negli ambulatori specialistici della Martinsbrunn ParkClinic offriamo assistenza sanitaria ...","breadcrumb":{"@id":"https:\/\/www.martinsbrunn.it\/it\/#breadcrumb"},"inLanguage":"it-IT","potentialAction":[{"@type":"ReadAction","target":["https:\/\/www.martinsbrunn.it\/it\/"]}]},{"@type":"ImageObject","inLanguage":"it-IT","@id":"https:\/\/www.martinsbrunn.it\/it\/#primaryimage","url":"https:\/\/www.martinsbrunn.it\/wp-content\/uploads\/2025\/10\/Logo.jpg","contentUrl":"https:\/\/www.martinsbrunn.it\/wp-content\/uploads\/2025\/10\/Logo.jpg","width":1030,"height":687},{"@type":"BreadcrumbList","@id":"https:\/\/www.martinsbrunn.it\/it\/#breadcrumb","itemListElement":[{"@type":"ListItem","position":1,"name":"Startseite","item":"https:\/\/www.martinsbrunn.it\/it\/parkclinic\/"},{"@type":"ListItem","position":2,"name":"ParkClinic"}]},{"@type":"WebSite","@id":"https:\/\/www.martinsbrunn.it\/it\/#website","url":"https:\/\/www.martinsbrunn.it\/it\/","name":"Martinsbrunn ParkClinic","description":"ParkClinic | Palliative Care | Residenza per anziani","publisher":{"@id":"https:\/\/www.martinsbrunn.it\/it\/#organization"},"potentialAction":[{"@type":"SearchAction","target":{"@type":"EntryPoint","urlTemplate":"https:\/\/www.martinsbrunn.it\/it\/?s={search_term_string}"},"query-input":{"@type":"PropertyValueSpecification","valueRequired":true,"valueName":"search_term_string"}}],"inLanguage":"it-IT"},{"@type":"Organization","@id":"https:\/\/www.martinsbrunn.it\/it\/#organization","name":"Martinsbrunn ParkClinic","url":"https:\/\/www.martinsbrunn.it\/it\/","logo":{"@type":"ImageObject","inLanguage":"it-IT","@id":"https:\/\/www.martinsbrunn.it\/it\/#\/schema\/logo\/image\/","url":"https:\/\/www.martinsbrunn.it\/wp-content\/uploads\/2022\/06\/martinsbrunn_logo-credits.png","contentUrl":"https:\/\/www.martinsbrunn.it\/wp-content\/uploads\/2022\/06\/martinsbrunn_logo-credits.png","width":1030,"height":687,"caption":"Martinsbrunn ParkClinic"},"image":{"@id":"https:\/\/www.martinsbrunn.it\/it\/#\/schema\/logo\/image\/"},"sameAs":["https:\/\/www.facebook.com\/martinsbrunn.parkclinic","https:\/\/www.instagram.com\/martinsbrunn.parkclinic\/"]}]}},"_links":{"self":[{"href":"https:\/\/www.martinsbrunn.it\/it\/wp-json\/wp\/v2\/pages\/939","targetHints":{"allow":["GET"]}}],"collection":[{"href":"https:\/\/www.martinsbrunn.it\/it\/wp-json\/wp\/v2\/pages"}],"about":[{"href":"https:\/\/www.martinsbrunn.it\/it\/wp-json\/wp\/v2\/types\/page"}],"author":[{"embeddable":true,"href":"https:\/\/www.martinsbrunn.it\/it\/wp-json\/wp\/v2\/users\/1"}],"replies":[{"embeddable":true,"href":"https:\/\/www.martinsbrunn.it\/it\/wp-json\/wp\/v2\/comments?post=939"}],"version-history":[{"count":6,"href":"https:\/\/www.martinsbrunn.it\/it\/wp-json\/wp\/v2\/pages\/939\/revisions"}],"predecessor-version":[{"id":5142,"href":"https:\/\/www.martinsbrunn.it\/it\/wp-json\/wp\/v2\/pages\/939\/revisions\/5142"}],"wp:featuredmedia":[{"embeddable":true,"href":"https:\/\/www.martinsbrunn.it\/it\/wp-json\/wp\/v2\/media\/4883"}],"wp:attachment":[{"href":"https:\/\/www.martinsbrunn.it\/it\/wp-json\/wp\/v2\/media?parent=939"}],"curies":[{"name":"wp","href":"https:\/\/api.w.org\/{rel}","templated":true}]}}